{"id":12176,"date":"2025-12-10T09:40:08","date_gmt":"2025-12-10T08:40:08","guid":{"rendered":"https:\/\/castelloncycling.com\/?post_type=experiencia&#038;p=12176"},"modified":"2025-12-15T15:35:20","modified_gmt":"2025-12-15T14:35:20","slug":"cami-del-cid-i-font-dels-banys","status":"publish","type":"experiencia","link":"https:\/\/castelloncycling.com\/ca\/experiencia\/cami-del-cid-i-font-dels-banys\/","title":{"rendered":"Cam\u00ed del Cid i Font dels Banys"},"content":{"rendered":"\t\t<div data-elementor-type=\"wp-post\" data-elementor-id=\"12176\" class=\"elementor elementor-12176 elementor-12163\" data-elementor-post-type=\"experiencia\">\n\t\t\t\t<div class=\"elementor-element elementor-element-10e52610 e-flex e-con-boxed e-con e-parent\" data-id=\"10e52610\" data-element_type=\"container\">\n\t\t\t\t\t<div class=\"e-con-inner\">\n\t\t\t\t<div class=\"elementor-element elementor-element-499f9e20 elementor-widget elementor-widget-text-editor\" data-id=\"499f9e20\" data-element_type=\"widget\" data-widget_type=\"text-editor.default\">\n\t\t\t\t<div class=\"elementor-widget-container\">\n\t\t\t\t\t\t\t<p><span data-contrast=\"none\">El Cam\u00ed del Cid \u00e9s una gran ruta tur\u00edstica i cultural inspirada en les aventures de Rodrigo D\u00edaz de Vivar, el Cid Campeador, recollides al \u201cCantar de meu Cid\u201d.  <\/span><span data-ccp-props=\"{\"134233117\":false,\"134233118\":false,\"201341983\":0,\"335551550\":6,\"335551620\":6,\"335559685\":0,\"335559737\":0,\"335559738\":0,\"335559739\":160,\"335559740\":279}\"> <\/span><\/p><p><span data-contrast=\"none\">No \u00e9s una ruta hist\u00f2rica estricta, perqu\u00e8 el poema barreja fets reals amb elements literaris, per\u00f2 s\u00ed un recorregut que segueix els principals escenaris vinculats al personatge, tant documentats com a llegendaris.<\/span><span data-ccp-props=\"{\"134233117\":false,\"134233118\":false,\"201341983\":0,\"335551550\":6,\"335551620\":6,\"335559685\":0,\"335559737\":0,\"335559738\":0,\"335559739\":160,\"335559740\":279}\"> <\/span><\/p><p><span data-contrast=\"none\">\u00c9s un itinerari de m\u00e9s de 1.500 km, que travessa vuit prov\u00edncies (des de Burgos fins a Val\u00e8ncia i Alacant).<\/span><span data-ccp-props=\"{\"134233117\":false,\"134233118\":false,\"201341983\":0,\"335551550\":6,\"335551620\":6,\"335559685\":0,\"335559737\":0,\"335559738\":0,\"335559739\":160,\"335559740\":279}\"> <\/span><\/p><p><span data-contrast=\"none\">Montanejos, a l&#8217;Alt Millars, forma part del tram conegut com \u201cLa Conquesta de Val\u00e8ncia\u201d, quan el Cid avan\u00e7a per terres valencianes en la seva campanya cap a la ciutat. Parteix d&#8217;aquesta experi\u00e8ncia discorre tamb\u00e9 per l&#8217;Anell del Maestrat, esmentat en fonts medievals relacionades amb el Cid. <\/span><span data-ccp-props=\"{\"134233117\":false,\"134233118\":false,\"201341983\":0,\"335551550\":6,\"335551620\":6,\"335559685\":0,\"335559737\":0,\"335559738\":0,\"335559739\":160,\"335559740\":279}\"> <\/span><\/p><p><span data-contrast=\"none\">En aquest municipi, a m\u00e9s, hi trobem el<\/span> <a href=\"https:\/\/www.campuebla.es\/centro-btt-alto-mijares\/\"><span data-contrast=\"none\">Centre BTT Alt Millars<\/span><\/a> <span data-contrast=\"none\">, on podr\u00e0s trobar bicicletes de muntanya per llogar.<\/span> <span data-ccp-props=\"{\"134233117\":false,\"134233118\":false,\"201341983\":0,\"335551550\":6,\"335551620\":6,\"335559685\":0,\"335559737\":0,\"335559738\":0,\"335559739\":160,\"335559740\":279}\"> <\/span><\/p><p><span data-contrast=\"none\">Aqu\u00ed comen\u00e7ar\u00e0 aquesta experi\u00e8ncia exclusiva pels m\u00e9s preparats f\u00edsicament i t\u00e8cnicament.<\/span><span data-ccp-props=\"{\"134233117\":false,\"134233118\":false,\"201341983\":0,\"335551550\":6,\"335551620\":6,\"335559685\":0,\"335559737\":0,\"335559738\":0,\"335559739\":160,\"335559740\":279}\"> <\/span><\/p><p><span data-contrast=\"none\">Pur mountain bike que et dirigir\u00e0 en primer lloc per la pista que volteja la Penya del Cinglo, no sense abans visitar l&#8217;esgl\u00e9sia i la torre \u00e0rab a Montanejos, creuant tamb\u00e9 el pont amb les vistes a l&#8217;Aq\u00fceducte de San Jos\u00e9.<\/span><span data-ccp-props=\"{\"134233117\":false,\"134233118\":false,\"201341983\":0,\"335551550\":6,\"335551620\":6,\"335559685\":0,\"335559737\":0,\"335559738\":0,\"335559739\":160,\"335559740\":279}\"> <\/span><\/p><p><span data-contrast=\"none\">Arribant a Mont\u00e1n passar\u00e0s per l&#8217;Ermita de Santa B\u00e0rbara, i tamb\u00e9 visitar\u00e0s el Convent dels Pares Servites en aquesta localitat abans d&#8217;ascendir pel Cam\u00ed de Pina cap a l&#8217;Alt Rosada, en una de les parts m\u00e9s exigents d&#8217;aquesta ruta, amb 9 quil\u00f2metres pr\u00e0cticament constants de pujada.<\/span><span data-ccp-props=\"{\"134233117\":false,\"134233118\":false,\"201341983\":0,\"335551550\":6,\"335551620\":6,\"335559685\":0,\"335559737\":0,\"335559738\":0,\"335559739\":160,\"335559740\":279}\"> <\/span><\/p><p><span data-contrast=\"none\">Baixar\u00e0s fins al Pas del Barranc de la Maimona i, a partir d&#8217;all\u00e0, i de manera opcional, et recomanem pujar fins al Morr\u00f3n de Campos.<\/span><span data-ccp-props=\"{\"134233117\":false,\"134233118\":false,\"201341983\":0,\"335551550\":6,\"335551620\":6,\"335559685\":0,\"335559737\":0,\"335559738\":0,\"335559739\":160,\"335559740\":279}\"> <\/span><\/p><p><span data-contrast=\"none\">Les vistes seran incre\u00efbles despr\u00e9s d?haver afrontat un port de 6,5 quil\u00f2metres al 5,6%. L&#8217;\u00faltim tram, el d&#8217;anada i tornada al Morr\u00f3n, \u00e9s de quil\u00f2metre i mig en cada sentit, que et pots decidir saltar-te si est\u00e0s molt cansat o no tens temps, encara que, sens dubte, et recomanem l&#8217;experi\u00e8ncia. <\/span><span data-ccp-props=\"{\"134233117\":false,\"134233118\":false,\"201341983\":0,\"335551550\":6,\"335551620\":6,\"335559685\":0,\"335559737\":0,\"335559738\":0,\"335559739\":160,\"335559740\":279}\"> <\/span><\/p><p><span data-contrast=\"none\">A m\u00e9s, despr\u00e9s pr\u00e0cticament tota la ruta ser\u00e0 en baixada, cap a Los Calpes per la pista cap a Montanejos. Trobareu un mirador des del qual veureu tota la immensitat de l&#8217;Embassament d&#8217;Aren\u00f3s, a m\u00e9s del Castell de la Vi\u00f1aza. <\/span><span data-ccp-props=\"{\"134233117\":false,\"134233118\":false,\"201341983\":0,\"335551550\":6,\"335551620\":6,\"335559685\":0,\"335559737\":0,\"335559738\":0,\"335559739\":160,\"335559740\":279}\"> <\/span><\/p><p><span data-contrast=\"none\">Connectar\u00e0s amb la carretera paral\u00b7lela a l&#8217;embassament, al tram de l&#8217;Anell del Maestrat, en direcci\u00f3 cap a Puebla de Arenoso.<\/span><span data-ccp-props=\"{\"134233117\":false,\"134233118\":false,\"201341983\":0,\"335551550\":6,\"335551620\":6,\"335559685\":0,\"335559737\":0,\"335559738\":0,\"335559739\":160,\"335559740\":279}\"> <\/span><\/p><p><span data-contrast=\"none\">Al cam\u00ed passar\u00e0s pel Barranc la Vi\u00f1aza i et podr\u00e0s desviar cap al Mirador el Morr\u00f3n.<\/span><span data-ccp-props=\"{\"134233117\":false,\"134233118\":false,\"201341983\":0,\"335551550\":6,\"335551620\":6,\"335559685\":0,\"335559737\":0,\"335559738\":0,\"335559739\":160,\"335559740\":279}\"> <\/span><\/p><p><span data-contrast=\"none\">Toca reposar forces a Puebla de Arenoso on trobar\u00e0s diferents opcions de restauraci\u00f3, algunes amb vista a l&#8217;embassament, i visitar la pla\u00e7a de l&#8217;Ajuntament amb l&#8217;Esgl\u00e9sia de la Mare de D\u00e9u dels \u00c0ngels.<\/span><span data-ccp-props=\"{\"134233117\":false,\"134233118\":false,\"201341983\":0,\"335551550\":6,\"335551620\":6,\"335559685\":0,\"335559737\":0,\"335559738\":0,\"335559739\":160,\"335559740\":279}\"> <\/span><\/p><p><span data-contrast=\"none\">Quan reprenguis la ruta tornar\u00e0s per la mateixa carretera, en aquesta ocasi\u00f3 fins a Montanejos, passant pel mirador de l&#8217;Estret de Chillaocells, i baixant cap a la Font dels Banys. Una deu termal d&#8217;aig\u00fces mineromedicinals que brolla del riu Millars, amb temperatures que ronden els 25\u201340 \u00b0C segons el cabal i la temporada. Les seves aig\u00fces, riques en minerals com calci, magnesi i bicarbonats, han estat apreciades des de temps antics per les seves propietats relaxants i terap\u00e8utiques, especialment per a problemes musculars, reum\u00e0tics i de pell.    <\/span><span data-ccp-props=\"{\"134233117\":false,\"134233118\":false,\"201341983\":0,\"335551550\":6,\"335551620\":6,\"335559685\":0,\"335559737\":0,\"335559738\":0,\"335559739\":160,\"335559740\":279}\"> <\/span><\/p><p><span data-contrast=\"none\">L&#8217;entorn que l&#8217;envolta, envoltat de muntanyes i canons, converteix la font en un lloc natural emblem\u00e0tic, on el visitant pot gaudir de banys a l&#8217;aire lliure mentre us envolta el paisatge mediterrani caracter\u00edstic de la comarca de l&#8217;Alt Millars.<\/span><span data-ccp-props=\"{\"134233117\":false,\"134233118\":false,\"201341983\":0,\"335551550\":6,\"335551620\":6,\"335559685\":0,\"335559737\":0,\"335559738\":0,\"335559739\":160,\"335559740\":279}\"> <\/span><\/p><p><span data-contrast=\"none\">El sender paral\u00b7lel al riu us portar\u00e0 fins al punt d&#8217;inici de la ruta, el Centre BTT Alt Millars.<\/span><span data-ccp-props=\"{\"134233117\":false,\"134233118\":false,\"201341983\":0,\"335551550\":6,\"335551620\":6,\"335559685\":0,\"335559737\":0,\"335559738\":0,\"335559739\":160,\"335559740\":279}\"> <\/span><\/p><p><span data-contrast=\"none\">Pots completar l&#8217;experi\u00e8ncia amb un circuit al Balneari de Montanejos o, si necessites fer nit, reservar al complex tur\u00edstic<\/span> <a href=\"https:\/\/www.campuebla.es\/\"><span data-contrast=\"none\">Campuebla Apartamentos &amp; Spa<\/span><\/a> <span data-contrast=\"none\">, al mateix Centre BTT.<\/span><span data-ccp-props=\"{\"134233117\":false,\"134233118\":false,\"201341983\":0,\"335551550\":6,\"335551620\":6,\"335559685\":0,\"335559737\":0,\"335559738\":0,\"335559739\":160,\"335559740\":279}\"> <\/span><\/p><p><span data-contrast=\"none\">Un final relaxant per a una experi\u00e8ncia de muntanya inoblidable.<\/span><span data-ccp-props=\"{\"134233117\":false,\"134233118\":false,\"201341983\":0,\"335551550\":6,\"335551620\":6,\"335559685\":0,\"335559737\":0,\"335559738\":0,\"335559739\":160,\"335559740\":279}\"> <\/span><\/p>\t\t\t\t\t\t<\/div>\n\t\t\t\t<\/div>\n\t\t\t\t\t<\/div>\n\t\t\t\t<\/div>\n\t\t\t\t<\/div>\n\t\t","protected":false},"excerpt":{"rendered":"<p>El Cam\u00ed del Cid \u00e9s una gran ruta tur\u00edstica i cultural inspirada en les aventures de Rodrigo D\u00edaz de Vivar, [&hellip;]<\/p>\n","protected":false},"featured_media":12183,"template":"","meta":{"_acf_changed":false,"site-sidebar-layout":"default","site-content-layout":"","ast-site-content-layout":"","site-content-style":"default","site-sidebar-style":"default","ast-global-header-display":"","ast-banner-title-visibility":"","ast-main-header-display":"","ast-hfb-above-header-display":"","ast-hfb-below-header-display":"","ast-hfb-mobile-header-display":"","site-post-title":"","ast-breadcrumbs-content":"","ast-featured-img":"","footer-sml-layout":"","theme-transparent-header-meta":"","adv-header-id-meta":"","stick-header-meta":"","header-above-stick-meta":"","header-main-stick-meta":"","header-below-stick-meta":"","astra-migrate-meta-layouts":"default","ast-page-background-enabled":"default","ast-page-background-meta":{"desktop":{"background-color":"var(--ast-global-color-4)","background-image":"","background-repeat":"repeat","background-position":"center center","background-size":"auto","background-attachment":"scroll","background-type":"","background-media":"","overlay-type":"","overlay-color":"","overlay-opacity":"","overlay-gradient":""},"tablet":{"background-color":"","background-image":"","background-repeat":"repeat","background-position":"center center","background-size":"auto","background-attachment":"scroll","background-type":"","background-media":"","overlay-type":"","overlay-color":"","overlay-opacity":"","overlay-gradient":""},"mobile":{"background-color":"","background-image":"","background-repeat":"repeat","background-position":"center center","background-size":"auto","background-attachment":"scroll","background-type":"","background-media":"","overlay-type":"","overlay-color":"","overlay-opacity":"","overlay-gradient":""}},"ast-content-background-meta":{"desktop":{"background-color":"var(--ast-global-color-5)","background-image":"","background-repeat":"repeat","background-position":"center center","background-size":"auto","background-attachment":"scroll","background-type":"","background-media":"","overlay-type":"","overlay-color":"","overlay-opacity":"","overlay-gradient":""},"tablet":{"background-color":"var(--ast-global-color-5)","background-image":"","background-repeat":"repeat","background-position":"center center","background-size":"auto","background-attachment":"scroll","background-type":"","background-media":"","overlay-type":"","overlay-color":"","overlay-opacity":"","overlay-gradient":""},"mobile":{"background-color":"var(--ast-global-color-5)","background-image":"","background-repeat":"repeat","background-position":"center center","background-size":"auto","background-attachment":"scroll","background-type":"","background-media":"","overlay-type":"","overlay-color":"","overlay-opacity":"","overlay-gradient":""}}},"categoria-experiencia":[],"comarca":[],"class_list":["post-12176","experiencia","type-experiencia","status-publish","has-post-thumbnail","hentry"],"acf":[],"yoast_head":"<!-- This site is optimized with the Yoast SEO plugin v26.9 - https:\/\/yoast.com\/product\/yoast-seo-wordpress\/ -->\n<title>Cam\u00ed del Cid i Font dels Banys - Cicloturismo Castell\u00f3n<\/title>\n<meta name=\"description\" content=\"Cam\u00ed del Cid i Font dels Banys - Cicloturismo Castell\u00f3n Castell\u00f3n se ha convertido en un referente para ciclistas de \u00e9lite de todo el mundo.\" \/>\n<meta name=\"robots\" content=\"index, follow, max-snippet:-1, max-image-preview:large, max-video-preview:-1\" \/>\n<link rel=\"canonical\" href=\"https:\/\/castelloncycling.com\/ca\/experiencia\/cami-del-cid-i-font-dels-banys\/\" \/>\n<meta property=\"og:locale\" content=\"ca_ES\" \/>\n<meta property=\"og:type\" content=\"article\" \/>\n<meta property=\"og:title\" content=\"Cam\u00ed del Cid i Font dels Banys - Cicloturismo Castell\u00f3n\" \/>\n<meta property=\"og:description\" content=\"Cam\u00ed del Cid i Font dels Banys - Cicloturismo Castell\u00f3n Castell\u00f3n se ha convertido en un referente para ciclistas de \u00e9lite de todo el mundo.\" \/>\n<meta property=\"og:url\" content=\"https:\/\/castelloncycling.com\/ca\/experiencia\/cami-del-cid-i-font-dels-banys\/\" \/>\n<meta property=\"og:site_name\" content=\"Cicloturismo Castell\u00f3n\" \/>\n<meta property=\"article:publisher\" content=\"https:\/\/www.facebook.com\/turismodecastellon\" \/>\n<meta property=\"article:modified_time\" content=\"2025-12-15T14:35:20+00:00\" \/>\n<meta property=\"og:image\" content=\"https:\/\/castelloncycling.com\/wp-content\/uploads\/2025\/12\/Campuebla-R8-Morron-de-Campos-Bici-DSC_0319-scaled.jpg\" \/>\n\t<meta property=\"og:image:width\" content=\"2560\" \/>\n\t<meta property=\"og:image:height\" content=\"1696\" \/>\n\t<meta property=\"og:image:type\" content=\"image\/jpeg\" \/>\n<meta name=\"twitter:card\" content=\"summary_large_image\" \/>\n<meta name=\"twitter:site\" content=\"@turcastellon\" \/>\n<meta name=\"twitter:label1\" content=\"Temps estimat de lectura\" \/>\n\t<meta name=\"twitter:data1\" content=\"3 minuts\" \/>\n<script type=\"application\/ld+json\" class=\"yoast-schema-graph\">{\"@context\":\"https:\/\/schema.org\",\"@graph\":[{\"@type\":\"WebPage\",\"@id\":\"https:\/\/castelloncycling.com\/ca\/experiencia\/cami-del-cid-i-font-dels-banys\/\",\"url\":\"https:\/\/castelloncycling.com\/ca\/experiencia\/cami-del-cid-i-font-dels-banys\/\",\"name\":\"Cam\u00ed del Cid i Font dels Banys - Cicloturismo Castell\u00f3n\",\"isPartOf\":{\"@id\":\"https:\/\/castelloncycling.com\/ca\/#website\"},\"primaryImageOfPage\":{\"@id\":\"https:\/\/castelloncycling.com\/ca\/experiencia\/cami-del-cid-i-font-dels-banys\/#primaryimage\"},\"image\":{\"@id\":\"https:\/\/castelloncycling.com\/ca\/experiencia\/cami-del-cid-i-font-dels-banys\/#primaryimage\"},\"thumbnailUrl\":\"https:\/\/castelloncycling.com\/wp-content\/uploads\/2025\/12\/Campuebla-R8-Morron-de-Campos-Bici-DSC_0319-scaled.jpg\",\"datePublished\":\"2025-12-10T08:40:08+00:00\",\"dateModified\":\"2025-12-15T14:35:20+00:00\",\"description\":\"Cam\u00ed del Cid i Font dels Banys - Cicloturismo Castell\u00f3n Castell\u00f3n se ha convertido en un referente para ciclistas de \u00e9lite de todo el mundo.\",\"breadcrumb\":{\"@id\":\"https:\/\/castelloncycling.com\/ca\/experiencia\/cami-del-cid-i-font-dels-banys\/#breadcrumb\"},\"inLanguage\":\"ca\",\"potentialAction\":[{\"@type\":\"ReadAction\",\"target\":[\"https:\/\/castelloncycling.com\/ca\/experiencia\/cami-del-cid-i-font-dels-banys\/\"]}]},{\"@type\":\"ImageObject\",\"inLanguage\":\"ca\",\"@id\":\"https:\/\/castelloncycling.com\/ca\/experiencia\/cami-del-cid-i-font-dels-banys\/#primaryimage\",\"url\":\"https:\/\/castelloncycling.com\/wp-content\/uploads\/2025\/12\/Campuebla-R8-Morron-de-Campos-Bici-DSC_0319-scaled.jpg\",\"contentUrl\":\"https:\/\/castelloncycling.com\/wp-content\/uploads\/2025\/12\/Campuebla-R8-Morron-de-Campos-Bici-DSC_0319-scaled.jpg\",\"width\":2560,\"height\":1696},{\"@type\":\"BreadcrumbList\",\"@id\":\"https:\/\/castelloncycling.com\/ca\/experiencia\/cami-del-cid-i-font-dels-banys\/#breadcrumb\",\"itemListElement\":[{\"@type\":\"ListItem\",\"position\":1,\"name\":\"Inicio\",\"item\":\"https:\/\/castelloncycling.com\/ca\/inici\/\"},{\"@type\":\"ListItem\",\"position\":2,\"name\":\"Experiencias\",\"item\":\"https:\/\/castelloncycling.com\/ca\/experiencia\/\"},{\"@type\":\"ListItem\",\"position\":3,\"name\":\"Cam\u00ed del Cid i Font dels Banys\"}]},{\"@type\":\"WebSite\",\"@id\":\"https:\/\/castelloncycling.com\/ca\/#website\",\"url\":\"https:\/\/castelloncycling.com\/ca\/\",\"name\":\"Cicloturismo Castell\u00f3n\",\"description\":\"\",\"publisher\":{\"@id\":\"https:\/\/castelloncycling.com\/ca\/#organization\"},\"potentialAction\":[{\"@type\":\"SearchAction\",\"target\":{\"@type\":\"EntryPoint\",\"urlTemplate\":\"https:\/\/castelloncycling.com\/ca\/?s={search_term_string}\"},\"query-input\":{\"@type\":\"PropertyValueSpecification\",\"valueRequired\":true,\"valueName\":\"search_term_string\"}}],\"inLanguage\":\"ca\"},{\"@type\":\"Organization\",\"@id\":\"https:\/\/castelloncycling.com\/ca\/#organization\",\"name\":\"Cicloturismo Castell\u00f3n\",\"url\":\"https:\/\/castelloncycling.com\/ca\/\",\"logo\":{\"@type\":\"ImageObject\",\"inLanguage\":\"ca\",\"@id\":\"https:\/\/castelloncycling.com\/ca\/#\/schema\/logo\/image\/\",\"url\":\"https:\/\/castelloncycling.com\/wp-content\/uploads\/2025\/02\/Logo-Diputacion-y-Castellon-Cycling-scaled.png\",\"contentUrl\":\"https:\/\/castelloncycling.com\/wp-content\/uploads\/2025\/02\/Logo-Diputacion-y-Castellon-Cycling-scaled.png\",\"width\":2560,\"height\":285,\"caption\":\"Cicloturismo Castell\u00f3n\"},\"image\":{\"@id\":\"https:\/\/castelloncycling.com\/ca\/#\/schema\/logo\/image\/\"},\"sameAs\":[\"https:\/\/www.facebook.com\/turismodecastellon\",\"https:\/\/x.com\/turcastellon\",\"https:\/\/www.flickr.com\/photos\/turismodecastellon\",\"https:\/\/www.youtube.com\/user\/turismodecastellon\",\"https:\/\/www.instagram.com\/turismodecastellon\/\"]}]}<\/script>\n<!-- \/ Yoast SEO plugin. -->","yoast_head_json":{"title":"Cam\u00ed del Cid i Font dels Banys - Cicloturismo Castell\u00f3n","description":"Cam\u00ed del Cid i Font dels Banys - Cicloturismo Castell\u00f3n Castell\u00f3n se ha convertido en un referente para ciclistas de \u00e9lite de todo el mundo.","robots":{"index":"index","follow":"follow","max-snippet":"max-snippet:-1","max-image-preview":"max-image-preview:large","max-video-preview":"max-video-preview:-1"},"canonical":"https:\/\/castelloncycling.com\/ca\/experiencia\/cami-del-cid-i-font-dels-banys\/","og_locale":"ca_ES","og_type":"article","og_title":"Cam\u00ed del Cid i Font dels Banys - Cicloturismo Castell\u00f3n","og_description":"Cam\u00ed del Cid i Font dels Banys - Cicloturismo Castell\u00f3n Castell\u00f3n se ha convertido en un referente para ciclistas de \u00e9lite de todo el mundo.","og_url":"https:\/\/castelloncycling.com\/ca\/experiencia\/cami-del-cid-i-font-dels-banys\/","og_site_name":"Cicloturismo Castell\u00f3n","article_publisher":"https:\/\/www.facebook.com\/turismodecastellon","article_modified_time":"2025-12-15T14:35:20+00:00","og_image":[{"width":2560,"height":1696,"url":"https:\/\/castelloncycling.com\/wp-content\/uploads\/2025\/12\/Campuebla-R8-Morron-de-Campos-Bici-DSC_0319-scaled.jpg","type":"image\/jpeg"}],"twitter_card":"summary_large_image","twitter_site":"@turcastellon","twitter_misc":{"Temps estimat de lectura":"3 minuts"},"schema":{"@context":"https:\/\/schema.org","@graph":[{"@type":"WebPage","@id":"https:\/\/castelloncycling.com\/ca\/experiencia\/cami-del-cid-i-font-dels-banys\/","url":"https:\/\/castelloncycling.com\/ca\/experiencia\/cami-del-cid-i-font-dels-banys\/","name":"Cam\u00ed del Cid i Font dels Banys - Cicloturismo Castell\u00f3n","isPartOf":{"@id":"https:\/\/castelloncycling.com\/ca\/#website"},"primaryImageOfPage":{"@id":"https:\/\/castelloncycling.com\/ca\/experiencia\/cami-del-cid-i-font-dels-banys\/#primaryimage"},"image":{"@id":"https:\/\/castelloncycling.com\/ca\/experiencia\/cami-del-cid-i-font-dels-banys\/#primaryimage"},"thumbnailUrl":"https:\/\/castelloncycling.com\/wp-content\/uploads\/2025\/12\/Campuebla-R8-Morron-de-Campos-Bici-DSC_0319-scaled.jpg","datePublished":"2025-12-10T08:40:08+00:00","dateModified":"2025-12-15T14:35:20+00:00","description":"Cam\u00ed del Cid i Font dels Banys - Cicloturismo Castell\u00f3n Castell\u00f3n se ha convertido en un referente para ciclistas de \u00e9lite de todo el mundo.","breadcrumb":{"@id":"https:\/\/castelloncycling.com\/ca\/experiencia\/cami-del-cid-i-font-dels-banys\/#breadcrumb"},"inLanguage":"ca","potentialAction":[{"@type":"ReadAction","target":["https:\/\/castelloncycling.com\/ca\/experiencia\/cami-del-cid-i-font-dels-banys\/"]}]},{"@type":"ImageObject","inLanguage":"ca","@id":"https:\/\/castelloncycling.com\/ca\/experiencia\/cami-del-cid-i-font-dels-banys\/#primaryimage","url":"https:\/\/castelloncycling.com\/wp-content\/uploads\/2025\/12\/Campuebla-R8-Morron-de-Campos-Bici-DSC_0319-scaled.jpg","contentUrl":"https:\/\/castelloncycling.com\/wp-content\/uploads\/2025\/12\/Campuebla-R8-Morron-de-Campos-Bici-DSC_0319-scaled.jpg","width":2560,"height":1696},{"@type":"BreadcrumbList","@id":"https:\/\/castelloncycling.com\/ca\/experiencia\/cami-del-cid-i-font-dels-banys\/#breadcrumb","itemListElement":[{"@type":"ListItem","position":1,"name":"Inicio","item":"https:\/\/castelloncycling.com\/ca\/inici\/"},{"@type":"ListItem","position":2,"name":"Experiencias","item":"https:\/\/castelloncycling.com\/ca\/experiencia\/"},{"@type":"ListItem","position":3,"name":"Cam\u00ed del Cid i Font dels Banys"}]},{"@type":"WebSite","@id":"https:\/\/castelloncycling.com\/ca\/#website","url":"https:\/\/castelloncycling.com\/ca\/","name":"Cicloturismo Castell\u00f3n","description":"","publisher":{"@id":"https:\/\/castelloncycling.com\/ca\/#organization"},"potentialAction":[{"@type":"SearchAction","target":{"@type":"EntryPoint","urlTemplate":"https:\/\/castelloncycling.com\/ca\/?s={search_term_string}"},"query-input":{"@type":"PropertyValueSpecification","valueRequired":true,"valueName":"search_term_string"}}],"inLanguage":"ca"},{"@type":"Organization","@id":"https:\/\/castelloncycling.com\/ca\/#organization","name":"Cicloturismo Castell\u00f3n","url":"https:\/\/castelloncycling.com\/ca\/","logo":{"@type":"ImageObject","inLanguage":"ca","@id":"https:\/\/castelloncycling.com\/ca\/#\/schema\/logo\/image\/","url":"https:\/\/castelloncycling.com\/wp-content\/uploads\/2025\/02\/Logo-Diputacion-y-Castellon-Cycling-scaled.png","contentUrl":"https:\/\/castelloncycling.com\/wp-content\/uploads\/2025\/02\/Logo-Diputacion-y-Castellon-Cycling-scaled.png","width":2560,"height":285,"caption":"Cicloturismo Castell\u00f3n"},"image":{"@id":"https:\/\/castelloncycling.com\/ca\/#\/schema\/logo\/image\/"},"sameAs":["https:\/\/www.facebook.com\/turismodecastellon","https:\/\/x.com\/turcastellon","https:\/\/www.flickr.com\/photos\/turismodecastellon","https:\/\/www.youtube.com\/user\/turismodecastellon","https:\/\/www.instagram.com\/turismodecastellon\/"]}]}},"_links":{"self":[{"href":"https:\/\/castelloncycling.com\/ca\/wp-json\/wp\/v2\/experiencia\/12176","targetHints":{"allow":["GET"]}}],"collection":[{"href":"https:\/\/castelloncycling.com\/ca\/wp-json\/wp\/v2\/experiencia"}],"about":[{"href":"https:\/\/castelloncycling.com\/ca\/wp-json\/wp\/v2\/types\/experiencia"}],"version-history":[{"count":1,"href":"https:\/\/castelloncycling.com\/ca\/wp-json\/wp\/v2\/experiencia\/12176\/revisions"}],"predecessor-version":[{"id":12177,"href":"https:\/\/castelloncycling.com\/ca\/wp-json\/wp\/v2\/experiencia\/12176\/revisions\/12177"}],"wp:featuredmedia":[{"embeddable":true,"href":"https:\/\/castelloncycling.com\/ca\/wp-json\/wp\/v2\/media\/12183"}],"wp:attachment":[{"href":"https:\/\/castelloncycling.com\/ca\/wp-json\/wp\/v2\/media?parent=12176"}],"wp:term":[{"taxonomy":"categoria-experiencia","embeddable":true,"href":"https:\/\/castelloncycling.com\/ca\/wp-json\/wp\/v2\/categoria-experiencia?post=12176"},{"taxonomy":"comarca","embeddable":true,"href":"https:\/\/castelloncycling.com\/ca\/wp-json\/wp\/v2\/comarca?post=12176"}],"curies":[{"name":"wp","href":"https:\/\/api.w.org\/{rel}","templated":true}]}}