{"id":12271,"date":"2025-12-10T11:18:10","date_gmt":"2025-12-10T10:18:10","guid":{"rendered":"https:\/\/castelloncycling.com\/experiencia\/eurovelo-8-serra-dirta\/"},"modified":"2025-12-10T11:27:30","modified_gmt":"2025-12-10T10:27:30","slug":"eurovelo-8-serra-dirta","status":"publish","type":"experiencia","link":"https:\/\/castelloncycling.com\/ca\/experiencia\/eurovelo-8-serra-dirta\/","title":{"rendered":"EuroVelo 8 &#8211; Serra d&#8217;Irta"},"content":{"rendered":"\t\t<div data-elementor-type=\"wp-post\" data-elementor-id=\"12271\" class=\"elementor elementor-12271 elementor-12238\" data-elementor-post-type=\"experiencia\">\n\t\t\t\t<div class=\"elementor-element elementor-element-10e52610 e-flex e-con-boxed e-con e-parent\" data-id=\"10e52610\" data-element_type=\"container\">\n\t\t\t\t\t<div class=\"e-con-inner\">\n\t\t\t\t<div class=\"elementor-element elementor-element-499f9e20 elementor-widget elementor-widget-text-editor\" data-id=\"499f9e20\" data-element_type=\"widget\" data-widget_type=\"text-editor.default\">\n\t\t\t\t<div class=\"elementor-widget-container\">\n\t\t\t\t\t\t\t<p><span data-contrast=\"none\">Visita en aquesta experi\u00e8ncia l&#8217;EuroVelo 8, coneguda com a \u201cRuta Mediterr\u00e0nia\u201d. Una de les 17 rutes ciclistes de llarga dist\u00e0ncia que conformen la xarxa EuroVelo. Amb aproximadament 7.500 quil\u00f2metres, connecta Cadis, al sud d&#8217;Espanya, amb l&#8217;illa de Xipre, travessant la prov\u00edncia de Castell\u00f3 i pa\u00efsos com Fran\u00e7a, It\u00e0lia, Eslov\u00e8nia, Cro\u00e0cia, Montenegro, Alb\u00e0nia, Gr\u00e8cia i Turquia.    <\/span><span data-ccp-props=\"{\"134233117\":false,\"134233118\":false,\"201341983\":0,\"335551550\":6,\"335551620\":6,\"335559685\":0,\"335559737\":0,\"335559738\":0,\"335559739\":160,\"335559740\":279}\"> <\/span><\/p><p><span data-contrast=\"none\">Aquesta ruta ofereix una experi\u00e8ncia \u00fanica pels amants del cicloturisme, combinant paisatges costaners espectaculars, ciutats hist\u00f2riques i una rica diversitat cultural. A m\u00e9s de ser un itinerari per descobrir la bellesa de la Mediterr\u00e0nia, promou la mobilitat sostenible i el turisme responsable, convertint-se en una opci\u00f3 ideal per als que busquen aventura, natura i patrimoni en un sol recorregut. <\/span><span data-ccp-props=\"{\"134233117\":false,\"134233118\":false,\"201341983\":0,\"335551550\":6,\"335551620\":6,\"335559685\":0,\"335559737\":0,\"335559738\":0,\"335559739\":160,\"335559740\":279}\"> <\/span><\/p><p><span data-contrast=\"none\">En aquesta experi\u00e8ncia, la podr\u00e0s visitar amb una bicicleta de muntanya el\u00e8ctrica que recollir\u00e0s a<\/span> <a href=\"https:\/\/ekobikes.es\/\"><span data-contrast=\"none\">Ekobikes<\/span><\/a> <span data-contrast=\"none\">, a Pen\u00edscola.<\/span><span data-ccp-props=\"{\"134233117\":false,\"134233118\":false,\"201341983\":0,\"335551550\":6,\"335551620\":6,\"335559685\":0,\"335559737\":0,\"335559738\":0,\"335559739\":160,\"335559740\":279}\"> <\/span><\/p><p><span data-contrast=\"none\">La ruta compta amb algunes rampes molt dures al comen\u00e7ament i en la part interm\u00e8dia, que poden arribar al 15%, per la qual cosa, si vols gaudir plenament d&#8217;aquesta experi\u00e8ncia i no tens un nivell alt amb bicicleta, et recomanem llogar una el\u00e8ctrica.<\/span><span data-ccp-props=\"{\"134233117\":false,\"134233118\":false,\"201341983\":0,\"335551550\":6,\"335551620\":6,\"335559685\":0,\"335559737\":0,\"335559738\":0,\"335559739\":160,\"335559740\":279}\"> <\/span><\/p><p><span data-contrast=\"none\">Passar\u00e0s per la Torre Badum, i platges com el Pebret, el Barranc d&#8217;Irta o la Basseta, combinant \u00e0mplies pistes de terra amb trams formigonats amb tr\u00e0nsit restringit.<\/span><span data-ccp-props=\"{\"134233117\":false,\"134233118\":false,\"201341983\":0,\"335551550\":6,\"335551620\":6,\"335559685\":0,\"335559737\":0,\"335559738\":0,\"335559739\":160,\"335559740\":279}\"> <\/span><\/p><p><span data-contrast=\"none\">Pots fer una parada a mitja ruta al Restaurant Sierra de Irta o al C\u00e0mping Ribamar, on trobar\u00e0s serveis per a ciclistes, abans de tornar pel mateix cam\u00ed entre revolts, miradors i vistes incre\u00efbles al Mar Mediterrani.<\/span><span data-ccp-props=\"{\"134233117\":false,\"134233118\":false,\"201341983\":0,\"335551550\":6,\"335551620\":6,\"335559685\":0,\"335559737\":0,\"335559738\":0,\"335559739\":160,\"335559740\":279}\"> <\/span><\/p><p><span data-contrast=\"none\">La ruta anada i tornada s\u00f3n uns 32 quil\u00f2metres amb 400 metres de desnivell positiu.<\/span><span data-ccp-props=\"{\"134233117\":false,\"134233118\":false,\"201341983\":0,\"335551550\":6,\"335551620\":6,\"335559685\":0,\"335559737\":0,\"335559738\":0,\"335559739\":160,\"335559740\":279}\"> <\/span><\/p>\t\t\t\t\t\t<\/div>\n\t\t\t\t<\/div>\n\t\t\t\t\t<\/div>\n\t\t\t\t<\/div>\n\t\t\t\t<\/div>\n\t\t","protected":false},"excerpt":{"rendered":"<p>Visita en aquesta experi\u00e8ncia l&#8217;EuroVelo 8, coneguda com a \u201cRuta Mediterr\u00e0nia\u201d. Una de les 17 rutes ciclistes de llarga dist\u00e0ncia [&hellip;]<\/p>\n","protected":false},"featured_media":12253,"template":"","meta":{"_acf_changed":false,"site-sidebar-layout":"default","site-content-layout":"","ast-site-content-layout":"","site-content-style":"default","site-sidebar-style":"default","ast-global-header-display":"","ast-banner-title-visibility":"","ast-main-header-display":"","ast-hfb-above-header-display":"","ast-hfb-below-header-display":"","ast-hfb-mobile-header-display":"","site-post-title":"","ast-breadcrumbs-content":"","ast-featured-img":"","footer-sml-layout":"","theme-transparent-header-meta":"","adv-header-id-meta":"","stick-header-meta":"","header-above-stick-meta":"","header-main-stick-meta":"","header-below-stick-meta":"","astra-migrate-meta-layouts":"default","ast-page-background-enabled":"default","ast-page-background-meta":{"desktop":{"background-color":"var(--ast-global-color-4)","background-image":"","background-repeat":"repeat","background-position":"center center","background-size":"auto","background-attachment":"scroll","background-type":"","background-media":"","overlay-type":"","overlay-color":"","overlay-opacity":"","overlay-gradient":""},"tablet":{"background-color":"","background-image":"","background-repeat":"repeat","background-position":"center center","background-size":"auto","background-attachment":"scroll","background-type":"","background-media":"","overlay-type":"","overlay-color":"","overlay-opacity":"","overlay-gradient":""},"mobile":{"background-color":"","background-image":"","background-repeat":"repeat","background-position":"center center","background-size":"auto","background-attachment":"scroll","background-type":"","background-media":"","overlay-type":"","overlay-color":"","overlay-opacity":"","overlay-gradient":""}},"ast-content-background-meta":{"desktop":{"background-color":"var(--ast-global-color-5)","background-image":"","background-repeat":"repeat","background-position":"center center","background-size":"auto","background-attachment":"scroll","background-type":"","background-media":"","overlay-type":"","overlay-color":"","overlay-opacity":"","overlay-gradient":""},"tablet":{"background-color":"var(--ast-global-color-5)","background-image":"","background-repeat":"repeat","background-position":"center center","background-size":"auto","background-attachment":"scroll","background-type":"","background-media":"","overlay-type":"","overlay-color":"","overlay-opacity":"","overlay-gradient":""},"mobile":{"background-color":"var(--ast-global-color-5)","background-image":"","background-repeat":"repeat","background-position":"center center","background-size":"auto","background-attachment":"scroll","background-type":"","background-media":"","overlay-type":"","overlay-color":"","overlay-opacity":"","overlay-gradient":""}}},"categoria-experiencia":[],"comarca":[],"class_list":["post-12271","experiencia","type-experiencia","status-publish","has-post-thumbnail","hentry"],"acf":[],"yoast_head":"<!-- This site is optimized with the Yoast SEO plugin v26.9 - https:\/\/yoast.com\/product\/yoast-seo-wordpress\/ -->\n<title>EuroVelo 8 - Serra d&#039;Irta - Cicloturismo Castell\u00f3n<\/title>\n<meta name=\"description\" content=\"EuroVelo 8 - Serra d&#039;Irta - Cicloturismo Castell\u00f3n Castell\u00f3n se ha convertido en un referente para ciclistas de \u00e9lite de todo el mundo.\" \/>\n<meta name=\"robots\" content=\"index, follow, max-snippet:-1, max-image-preview:large, max-video-preview:-1\" \/>\n<link rel=\"canonical\" href=\"https:\/\/castelloncycling.com\/ca\/experiencia\/eurovelo-8-serra-dirta\/\" \/>\n<meta property=\"og:locale\" content=\"ca_ES\" \/>\n<meta property=\"og:type\" content=\"article\" \/>\n<meta property=\"og:title\" content=\"EuroVelo 8 - Serra d&#039;Irta - Cicloturismo Castell\u00f3n\" \/>\n<meta property=\"og:description\" content=\"EuroVelo 8 - Serra d&#039;Irta - Cicloturismo Castell\u00f3n Castell\u00f3n se ha convertido en un referente para ciclistas de \u00e9lite de todo el mundo.\" \/>\n<meta property=\"og:url\" content=\"https:\/\/castelloncycling.com\/ca\/experiencia\/eurovelo-8-serra-dirta\/\" \/>\n<meta property=\"og:site_name\" content=\"Cicloturismo Castell\u00f3n\" \/>\n<meta property=\"article:publisher\" content=\"https:\/\/www.facebook.com\/turismodecastellon\" \/>\n<meta property=\"article:modified_time\" content=\"2025-12-10T10:27:30+00:00\" \/>\n<meta property=\"og:image\" content=\"https:\/\/castelloncycling.com\/wp-content\/uploads\/2025\/12\/eurovelo-8-sierra-irta.jpeg\" \/>\n\t<meta property=\"og:image:width\" content=\"1200\" \/>\n\t<meta property=\"og:image:height\" content=\"1600\" \/>\n\t<meta property=\"og:image:type\" content=\"image\/jpeg\" \/>\n<meta name=\"twitter:card\" content=\"summary_large_image\" \/>\n<meta name=\"twitter:site\" content=\"@turcastellon\" \/>\n<meta name=\"twitter:label1\" content=\"Temps estimat de lectura\" \/>\n\t<meta name=\"twitter:data1\" content=\"1 minut\" \/>\n<script type=\"application\/ld+json\" class=\"yoast-schema-graph\">{\"@context\":\"https:\/\/schema.org\",\"@graph\":[{\"@type\":\"WebPage\",\"@id\":\"https:\/\/castelloncycling.com\/ca\/experiencia\/eurovelo-8-serra-dirta\/\",\"url\":\"https:\/\/castelloncycling.com\/ca\/experiencia\/eurovelo-8-serra-dirta\/\",\"name\":\"EuroVelo 8 - Serra d'Irta - Cicloturismo Castell\u00f3n\",\"isPartOf\":{\"@id\":\"https:\/\/castelloncycling.com\/ca\/#website\"},\"primaryImageOfPage\":{\"@id\":\"https:\/\/castelloncycling.com\/ca\/experiencia\/eurovelo-8-serra-dirta\/#primaryimage\"},\"image\":{\"@id\":\"https:\/\/castelloncycling.com\/ca\/experiencia\/eurovelo-8-serra-dirta\/#primaryimage\"},\"thumbnailUrl\":\"https:\/\/castelloncycling.com\/wp-content\/uploads\/2025\/12\/eurovelo-8-sierra-irta.jpeg\",\"datePublished\":\"2025-12-10T10:18:10+00:00\",\"dateModified\":\"2025-12-10T10:27:30+00:00\",\"description\":\"EuroVelo 8 - Serra d'Irta - Cicloturismo Castell\u00f3n Castell\u00f3n se ha convertido en un referente para ciclistas de \u00e9lite de todo el mundo.\",\"breadcrumb\":{\"@id\":\"https:\/\/castelloncycling.com\/ca\/experiencia\/eurovelo-8-serra-dirta\/#breadcrumb\"},\"inLanguage\":\"ca\",\"potentialAction\":[{\"@type\":\"ReadAction\",\"target\":[\"https:\/\/castelloncycling.com\/ca\/experiencia\/eurovelo-8-serra-dirta\/\"]}]},{\"@type\":\"ImageObject\",\"inLanguage\":\"ca\",\"@id\":\"https:\/\/castelloncycling.com\/ca\/experiencia\/eurovelo-8-serra-dirta\/#primaryimage\",\"url\":\"https:\/\/castelloncycling.com\/wp-content\/uploads\/2025\/12\/eurovelo-8-sierra-irta.jpeg\",\"contentUrl\":\"https:\/\/castelloncycling.com\/wp-content\/uploads\/2025\/12\/eurovelo-8-sierra-irta.jpeg\",\"width\":1200,\"height\":1600},{\"@type\":\"BreadcrumbList\",\"@id\":\"https:\/\/castelloncycling.com\/ca\/experiencia\/eurovelo-8-serra-dirta\/#breadcrumb\",\"itemListElement\":[{\"@type\":\"ListItem\",\"position\":1,\"name\":\"Inicio\",\"item\":\"https:\/\/castelloncycling.com\/ca\/inici\/\"},{\"@type\":\"ListItem\",\"position\":2,\"name\":\"Experiencias\",\"item\":\"https:\/\/castelloncycling.com\/ca\/experiencia\/\"},{\"@type\":\"ListItem\",\"position\":3,\"name\":\"EuroVelo 8 &#8211; Serra d&#8217;Irta\"}]},{\"@type\":\"WebSite\",\"@id\":\"https:\/\/castelloncycling.com\/ca\/#website\",\"url\":\"https:\/\/castelloncycling.com\/ca\/\",\"name\":\"Cicloturismo Castell\u00f3n\",\"description\":\"\",\"publisher\":{\"@id\":\"https:\/\/castelloncycling.com\/ca\/#organization\"},\"potentialAction\":[{\"@type\":\"SearchAction\",\"target\":{\"@type\":\"EntryPoint\",\"urlTemplate\":\"https:\/\/castelloncycling.com\/ca\/?s={search_term_string}\"},\"query-input\":{\"@type\":\"PropertyValueSpecification\",\"valueRequired\":true,\"valueName\":\"search_term_string\"}}],\"inLanguage\":\"ca\"},{\"@type\":\"Organization\",\"@id\":\"https:\/\/castelloncycling.com\/ca\/#organization\",\"name\":\"Cicloturismo Castell\u00f3n\",\"url\":\"https:\/\/castelloncycling.com\/ca\/\",\"logo\":{\"@type\":\"ImageObject\",\"inLanguage\":\"ca\",\"@id\":\"https:\/\/castelloncycling.com\/ca\/#\/schema\/logo\/image\/\",\"url\":\"https:\/\/castelloncycling.com\/wp-content\/uploads\/2025\/02\/Logo-Diputacion-y-Castellon-Cycling-scaled.png\",\"contentUrl\":\"https:\/\/castelloncycling.com\/wp-content\/uploads\/2025\/02\/Logo-Diputacion-y-Castellon-Cycling-scaled.png\",\"width\":2560,\"height\":285,\"caption\":\"Cicloturismo Castell\u00f3n\"},\"image\":{\"@id\":\"https:\/\/castelloncycling.com\/ca\/#\/schema\/logo\/image\/\"},\"sameAs\":[\"https:\/\/www.facebook.com\/turismodecastellon\",\"https:\/\/x.com\/turcastellon\",\"https:\/\/www.flickr.com\/photos\/turismodecastellon\",\"https:\/\/www.youtube.com\/user\/turismodecastellon\",\"https:\/\/www.instagram.com\/turismodecastellon\/\"]}]}<\/script>\n<!-- \/ Yoast SEO plugin. -->","yoast_head_json":{"title":"EuroVelo 8 - Serra d'Irta - Cicloturismo Castell\u00f3n","description":"EuroVelo 8 - Serra d'Irta - Cicloturismo Castell\u00f3n Castell\u00f3n se ha convertido en un referente para ciclistas de \u00e9lite de todo el mundo.","robots":{"index":"index","follow":"follow","max-snippet":"max-snippet:-1","max-image-preview":"max-image-preview:large","max-video-preview":"max-video-preview:-1"},"canonical":"https:\/\/castelloncycling.com\/ca\/experiencia\/eurovelo-8-serra-dirta\/","og_locale":"ca_ES","og_type":"article","og_title":"EuroVelo 8 - Serra d'Irta - Cicloturismo Castell\u00f3n","og_description":"EuroVelo 8 - Serra d'Irta - Cicloturismo Castell\u00f3n Castell\u00f3n se ha convertido en un referente para ciclistas de \u00e9lite de todo el mundo.","og_url":"https:\/\/castelloncycling.com\/ca\/experiencia\/eurovelo-8-serra-dirta\/","og_site_name":"Cicloturismo Castell\u00f3n","article_publisher":"https:\/\/www.facebook.com\/turismodecastellon","article_modified_time":"2025-12-10T10:27:30+00:00","og_image":[{"width":1200,"height":1600,"url":"https:\/\/castelloncycling.com\/wp-content\/uploads\/2025\/12\/eurovelo-8-sierra-irta.jpeg","type":"image\/jpeg"}],"twitter_card":"summary_large_image","twitter_site":"@turcastellon","twitter_misc":{"Temps estimat de lectura":"1 minut"},"schema":{"@context":"https:\/\/schema.org","@graph":[{"@type":"WebPage","@id":"https:\/\/castelloncycling.com\/ca\/experiencia\/eurovelo-8-serra-dirta\/","url":"https:\/\/castelloncycling.com\/ca\/experiencia\/eurovelo-8-serra-dirta\/","name":"EuroVelo 8 - Serra d'Irta - Cicloturismo Castell\u00f3n","isPartOf":{"@id":"https:\/\/castelloncycling.com\/ca\/#website"},"primaryImageOfPage":{"@id":"https:\/\/castelloncycling.com\/ca\/experiencia\/eurovelo-8-serra-dirta\/#primaryimage"},"image":{"@id":"https:\/\/castelloncycling.com\/ca\/experiencia\/eurovelo-8-serra-dirta\/#primaryimage"},"thumbnailUrl":"https:\/\/castelloncycling.com\/wp-content\/uploads\/2025\/12\/eurovelo-8-sierra-irta.jpeg","datePublished":"2025-12-10T10:18:10+00:00","dateModified":"2025-12-10T10:27:30+00:00","description":"EuroVelo 8 - Serra d'Irta - Cicloturismo Castell\u00f3n Castell\u00f3n se ha convertido en un referente para ciclistas de \u00e9lite de todo el mundo.","breadcrumb":{"@id":"https:\/\/castelloncycling.com\/ca\/experiencia\/eurovelo-8-serra-dirta\/#breadcrumb"},"inLanguage":"ca","potentialAction":[{"@type":"ReadAction","target":["https:\/\/castelloncycling.com\/ca\/experiencia\/eurovelo-8-serra-dirta\/"]}]},{"@type":"ImageObject","inLanguage":"ca","@id":"https:\/\/castelloncycling.com\/ca\/experiencia\/eurovelo-8-serra-dirta\/#primaryimage","url":"https:\/\/castelloncycling.com\/wp-content\/uploads\/2025\/12\/eurovelo-8-sierra-irta.jpeg","contentUrl":"https:\/\/castelloncycling.com\/wp-content\/uploads\/2025\/12\/eurovelo-8-sierra-irta.jpeg","width":1200,"height":1600},{"@type":"BreadcrumbList","@id":"https:\/\/castelloncycling.com\/ca\/experiencia\/eurovelo-8-serra-dirta\/#breadcrumb","itemListElement":[{"@type":"ListItem","position":1,"name":"Inicio","item":"https:\/\/castelloncycling.com\/ca\/inici\/"},{"@type":"ListItem","position":2,"name":"Experiencias","item":"https:\/\/castelloncycling.com\/ca\/experiencia\/"},{"@type":"ListItem","position":3,"name":"EuroVelo 8 &#8211; Serra d&#8217;Irta"}]},{"@type":"WebSite","@id":"https:\/\/castelloncycling.com\/ca\/#website","url":"https:\/\/castelloncycling.com\/ca\/","name":"Cicloturismo Castell\u00f3n","description":"","publisher":{"@id":"https:\/\/castelloncycling.com\/ca\/#organization"},"potentialAction":[{"@type":"SearchAction","target":{"@type":"EntryPoint","urlTemplate":"https:\/\/castelloncycling.com\/ca\/?s={search_term_string}"},"query-input":{"@type":"PropertyValueSpecification","valueRequired":true,"valueName":"search_term_string"}}],"inLanguage":"ca"},{"@type":"Organization","@id":"https:\/\/castelloncycling.com\/ca\/#organization","name":"Cicloturismo Castell\u00f3n","url":"https:\/\/castelloncycling.com\/ca\/","logo":{"@type":"ImageObject","inLanguage":"ca","@id":"https:\/\/castelloncycling.com\/ca\/#\/schema\/logo\/image\/","url":"https:\/\/castelloncycling.com\/wp-content\/uploads\/2025\/02\/Logo-Diputacion-y-Castellon-Cycling-scaled.png","contentUrl":"https:\/\/castelloncycling.com\/wp-content\/uploads\/2025\/02\/Logo-Diputacion-y-Castellon-Cycling-scaled.png","width":2560,"height":285,"caption":"Cicloturismo Castell\u00f3n"},"image":{"@id":"https:\/\/castelloncycling.com\/ca\/#\/schema\/logo\/image\/"},"sameAs":["https:\/\/www.facebook.com\/turismodecastellon","https:\/\/x.com\/turcastellon","https:\/\/www.flickr.com\/photos\/turismodecastellon","https:\/\/www.youtube.com\/user\/turismodecastellon","https:\/\/www.instagram.com\/turismodecastellon\/"]}]}},"_links":{"self":[{"href":"https:\/\/castelloncycling.com\/ca\/wp-json\/wp\/v2\/experiencia\/12271","targetHints":{"allow":["GET"]}}],"collection":[{"href":"https:\/\/castelloncycling.com\/ca\/wp-json\/wp\/v2\/experiencia"}],"about":[{"href":"https:\/\/castelloncycling.com\/ca\/wp-json\/wp\/v2\/types\/experiencia"}],"version-history":[{"count":3,"href":"https:\/\/castelloncycling.com\/ca\/wp-json\/wp\/v2\/experiencia\/12271\/revisions"}],"predecessor-version":[{"id":12278,"href":"https:\/\/castelloncycling.com\/ca\/wp-json\/wp\/v2\/experiencia\/12271\/revisions\/12278"}],"wp:featuredmedia":[{"embeddable":true,"href":"https:\/\/castelloncycling.com\/ca\/wp-json\/wp\/v2\/media\/12253"}],"wp:attachment":[{"href":"https:\/\/castelloncycling.com\/ca\/wp-json\/wp\/v2\/media?parent=12271"}],"wp:term":[{"taxonomy":"categoria-experiencia","embeddable":true,"href":"https:\/\/castelloncycling.com\/ca\/wp-json\/wp\/v2\/categoria-experiencia?post=12271"},{"taxonomy":"comarca","embeddable":true,"href":"https:\/\/castelloncycling.com\/ca\/wp-json\/wp\/v2\/comarca?post=12271"}],"curies":[{"name":"wp","href":"https:\/\/api.w.org\/{rel}","templated":true}]}}