{"id":12310,"date":"2025-12-10T11:41:51","date_gmt":"2025-12-10T10:41:51","guid":{"rendered":"https:\/\/castelloncycling.com\/experiencia\/riberes-de-lalt-palancia-experiencia-familiar-via-verda\/"},"modified":"2025-12-10T11:58:52","modified_gmt":"2025-12-10T10:58:52","slug":"riberes-de-lalt-palancia-experiencia-familiar-via-verda","status":"publish","type":"experiencia","link":"https:\/\/castelloncycling.com\/ca\/experiencia\/riberes-de-lalt-palancia-experiencia-familiar-via-verda\/","title":{"rendered":"Riberes de l&#8217;Alt Pal\u00e0ncia &#8211; Experi\u00e8ncia familiar + Via Verda"},"content":{"rendered":"\t\t<div data-elementor-type=\"wp-post\" data-elementor-id=\"12310\" class=\"elementor elementor-12310 elementor-12283\" data-elementor-post-type=\"experiencia\">\n\t\t\t\t<div class=\"elementor-element elementor-element-10e52610 e-flex e-con-boxed e-con e-parent\" data-id=\"10e52610\" data-element_type=\"container\">\n\t\t\t\t\t<div class=\"e-con-inner\">\n\t\t\t\t<div class=\"elementor-element elementor-element-499f9e20 elementor-widget elementor-widget-text-editor\" data-id=\"499f9e20\" data-element_type=\"widget\" data-widget_type=\"text-editor.default\">\n\t\t\t\t<div class=\"elementor-widget-container\">\n\t\t\t\t\t\t\t<p><span data-contrast=\"none\">Descobreix l&#8217;espectacularitat del Riu Pal\u00e0ncia en una ruta assequible per a tot tipus d&#8217;usuaris, especialment si es fa amb bicicleta el\u00e8ctrica.<\/span><span data-ccp-props=\"{\"134233117\":false,\"134233118\":false,\"201341983\":0,\"335551550\":6,\"335551620\":6,\"335559685\":0,\"335559737\":0,\"335559738\":0,\"335559739\":160,\"335559740\":279}\"> <\/span><\/p><p><span data-ccp-props=\"{\"134233117\":false,\"134233118\":false,\"201341983\":0,\"335551550\":6,\"335551620\":6,\"335559685\":0,\"335559737\":0,\"335559738\":0,\"335559739\":160,\"335559740\":279}\"> <\/span><\/p><p><span data-contrast=\"none\">La ruta comen\u00e7a al<\/span> <a href=\"https:\/\/www.hardacho.com\/cicloturismo-alquiler-de-bicicletas\/\"><span data-contrast=\"none\">Centre BTT Alt Pal\u00e0ncia<\/span><\/a><span data-contrast=\"none\">  on agafar\u00e0s les bicicletes, de passeig, infantils o de muntanya. No trobar\u00e0s gaire desnivell, per\u00f2 s\u00ed dues o tres rampes per a les quals recomanem bicicleta el\u00e8ctrica, especialment si no tens gaire experi\u00e8ncia amb bici i\/o si vols visitar el Castell. Recorda sol\u00b7licitar un cadenat per a la parada que far\u00e0s a Segorbe.  <\/span><span data-ccp-props=\"{\"134233117\":false,\"134233118\":false,\"201341983\":0,\"335551550\":6,\"335551620\":6,\"335559685\":0,\"335559737\":0,\"335559738\":0,\"335559739\":160,\"335559740\":279}\"> <\/span><\/p><p><span data-contrast=\"none\">Sortirem de Navajas per la Via Verda d&#8217;Ulls Negres, travessant Altura, i arribant a Segorbe.<\/span><span data-ccp-props=\"{\"134233117\":false,\"134233118\":false,\"201341983\":0,\"335551550\":6,\"335551620\":6,\"335559685\":0,\"335559737\":0,\"335559738\":0,\"335559739\":160,\"335559740\":279}\"> <\/span><\/p><p><span data-contrast=\"none\">En aquest municipi, comptem amb aparcaments per a bicicletes, estacions perqu\u00e8 puguis carregar la teva bici i ajustar-la.  <\/span><span data-ccp-props=\"{\"134233117\":false,\"134233118\":false,\"201341983\":0,\"335551550\":6,\"335551620\":6,\"335559685\":0,\"335559737\":0,\"335559738\":0,\"335559739\":160,\"335559740\":279}\"> <\/span><\/p><p><span data-contrast=\"none\">A la capital de l&#8217;Alt Pal\u00e0ncia podreu gaudir de diferents experi\u00e8ncies hist\u00f2riques, culturals i gastron\u00f2miques. Pots fer una ullada a les diferents opcions a   <\/span><a href=\"https:\/\/www.castellorutadesabor.es\/escapada\/segorbe-capital-del-alto-palancia\/\"><span data-contrast=\"none\">Castell\u00f3 Ruta del Sabor<\/span><\/a> <span data-contrast=\"none\">.<\/span> <span data-ccp-props=\"{\"134233117\":false,\"134233118\":false,\"201341983\":0,\"335551550\":6,\"335551620\":6,\"335559685\":0,\"335559737\":0,\"335559738\":0,\"335559739\":160,\"335559740\":279}\"> <\/span><\/p><p><span data-contrast=\"none\">Pedaleja per les muralles de la ciutat, pel Castell de l&#8217;Estrella o travessa el seu aq\u00fceducte medieval.<\/span><span data-ccp-props=\"{\"134233117\":false,\"134233118\":false,\"201341983\":0,\"335551550\":6,\"335551620\":6,\"335559685\":0,\"335559737\":0,\"335559738\":0,\"335559739\":160,\"335559740\":279}\"> <\/span><\/p><p><span data-contrast=\"none\">Pren-te un descans fent una visita al Museu de l&#8217;Oli que culmini amb un interessant tast, i gaudeix despr\u00e9s de la gastronomia de l&#8217;Alt Pal\u00e0ncia en algun dels restaurants de Segorbe amb experi\u00e8ncies gastron\u00f2miques plenes de trampantojos i propostes tradicionals que et sorprendran.<\/span><span data-ccp-props=\"{\"134233117\":false,\"134233118\":false,\"201341983\":0,\"335551550\":6,\"335551620\":6,\"335559685\":0,\"335559737\":0,\"335559738\":0,\"335559739\":160,\"335559740\":279}\"> <\/span><\/p><p><span data-contrast=\"none\">Toca rebaixar el menjar i posar-se a pedalar novament, en direcci\u00f3 a Soneja, a trav\u00e9s de la Via Verda d&#8217;Ulls Negres.<\/span><span data-ccp-props=\"{\"134233117\":false,\"134233118\":false,\"201341983\":0,\"335551550\":6,\"335551620\":6,\"335559685\":0,\"335559737\":0,\"335559738\":0,\"335559739\":160,\"335559740\":279}\"> <\/span><\/p><p><span data-contrast=\"none\">Sortim entre s\u00e8quies, passant pel Mol\u00ed de la Llum, cap a Villatorcas i, sempre seguint els camins de terra paral\u00b7lels al riu, fins a Geldo per visitar el Palau dels Ducs de Medinaceli.<\/span><span data-ccp-props=\"{\"134233117\":false,\"134233118\":false,\"201341983\":0,\"335551550\":6,\"335551620\":6,\"335559685\":0,\"335559737\":0,\"335559738\":0,\"335559739\":160,\"335559740\":279}\"> <\/span><\/p><p><span data-contrast=\"none\">Entrarem de nou a Segorbe per la carretera antiga, per tornar a la ribera del Pal\u00e0ncia, on trobarem la Font dels 50 Canelles, i creuarem el riu per un petit pas on la fotografia ser\u00e0 obligada.<\/span><span data-ccp-props=\"{\"134233117\":false,\"134233118\":false,\"201341983\":0,\"335551550\":6,\"335551620\":6,\"335559685\":0,\"335559737\":0,\"335559738\":0,\"335559739\":160,\"335559740\":279}\"> <\/span><\/p><p><span data-contrast=\"none\">Tornarem a Navajas per la ribera del Riu Pal\u00e0ncia, fins arribar a la coneguda zona del Salt de la N\u00favia.  <\/span><span data-ccp-props=\"{\"134233117\":false,\"134233118\":false,\"201341983\":0,\"335551550\":6,\"335551620\":6,\"335559685\":0,\"335559737\":0,\"335559738\":0,\"335559739\":160,\"335559740\":279}\"> <\/span><\/p><p><span data-contrast=\"none\">A la pujada de tornada cap al Centre BTT, tamb\u00e9 trobarem el Mirador Para\u00edso &#8211; Cascada del T\u00edo Juan.<\/span><span data-ccp-props=\"{\"134233117\":false,\"134233118\":false,\"201341983\":0,\"335551550\":6,\"335551620\":6,\"335559685\":0,\"335559737\":0,\"335559738\":0,\"335559739\":160,\"335559740\":279}\"> <\/span><\/p><p><span data-contrast=\"none\">Si et queden forces i\/o bateria, et pots acostar a veure les fonts de La Ba\u00f1ola o de Rafael.<\/span><span data-ccp-props=\"{\"134233117\":false,\"134233118\":false,\"201341983\":0,\"335551550\":6,\"335551620\":6,\"335559685\":0,\"335559737\":0,\"335559738\":0,\"335559739\":160,\"335559740\":279}\"> <\/span><\/p><p><span data-contrast=\"none\">En aquesta ruta, anir\u00e0s a una mica m\u00e9s de 40 quil\u00f2metres i uns 400 metres de desnivell positiu amb un espectacle visual i hist\u00f2ric al llarg del nostre recorregut.<\/span><span data-ccp-props=\"{\"134233117\":false,\"134233118\":false,\"201341983\":0,\"335551550\":6,\"335551620\":6,\"335559685\":0,\"335559737\":0,\"335559738\":0,\"335559739\":160,\"335559740\":279}\"> <\/span><\/p><p><span data-contrast=\"none\">Pots optar tamb\u00e9 per una alternativa m\u00e9s familiar i assequible arribant fins a Segorbe i tornant per la ribera del Pal\u00e0ncia.<\/span><\/p>\t\t\t\t\t\t<\/div>\n\t\t\t\t<\/div>\n\t\t\t\t\t<\/div>\n\t\t\t\t<\/div>\n\t\t\t\t<\/div>\n\t\t","protected":false},"excerpt":{"rendered":"<p>Descobreix l&#8217;espectacularitat del Riu Pal\u00e0ncia en una ruta assequible per a tot tipus d&#8217;usuaris, especialment si es fa amb bicicleta [&hellip;]<\/p>\n","protected":false},"featured_media":12302,"template":"","meta":{"_acf_changed":false,"site-sidebar-layout":"default","site-content-layout":"","ast-site-content-layout":"","site-content-style":"default","site-sidebar-style":"default","ast-global-header-display":"","ast-banner-title-visibility":"","ast-main-header-display":"","ast-hfb-above-header-display":"","ast-hfb-below-header-display":"","ast-hfb-mobile-header-display":"","site-post-title":"","ast-breadcrumbs-content":"","ast-featured-img":"","footer-sml-layout":"","theme-transparent-header-meta":"","adv-header-id-meta":"","stick-header-meta":"","header-above-stick-meta":"","header-main-stick-meta":"","header-below-stick-meta":"","astra-migrate-meta-layouts":"default","ast-page-background-enabled":"default","ast-page-background-meta":{"desktop":{"background-color":"var(--ast-global-color-4)","background-image":"","background-repeat":"repeat","background-position":"center center","background-size":"auto","background-attachment":"scroll","background-type":"","background-media":"","overlay-type":"","overlay-color":"","overlay-opacity":"","overlay-gradient":""},"tablet":{"background-color":"","background-image":"","background-repeat":"repeat","background-position":"center center","background-size":"auto","background-attachment":"scroll","background-type":"","background-media":"","overlay-type":"","overlay-color":"","overlay-opacity":"","overlay-gradient":""},"mobile":{"background-color":"","background-image":"","background-repeat":"repeat","background-position":"center center","background-size":"auto","background-attachment":"scroll","background-type":"","background-media":"","overlay-type":"","overlay-color":"","overlay-opacity":"","overlay-gradient":""}},"ast-content-background-meta":{"desktop":{"background-color":"var(--ast-global-color-5)","background-image":"","background-repeat":"repeat","background-position":"center center","background-size":"auto","background-attachment":"scroll","background-type":"","background-media":"","overlay-type":"","overlay-color":"","overlay-opacity":"","overlay-gradient":""},"tablet":{"background-color":"var(--ast-global-color-5)","background-image":"","background-repeat":"repeat","background-position":"center center","background-size":"auto","background-attachment":"scroll","background-type":"","background-media":"","overlay-type":"","overlay-color":"","overlay-opacity":"","overlay-gradient":""},"mobile":{"background-color":"var(--ast-global-color-5)","background-image":"","background-repeat":"repeat","background-position":"center center","background-size":"auto","background-attachment":"scroll","background-type":"","background-media":"","overlay-type":"","overlay-color":"","overlay-opacity":"","overlay-gradient":""}}},"categoria-experiencia":[],"comarca":[],"class_list":["post-12310","experiencia","type-experiencia","status-publish","has-post-thumbnail","hentry"],"acf":[],"yoast_head":"<!-- This site is optimized with the Yoast SEO plugin v26.9 - https:\/\/yoast.com\/product\/yoast-seo-wordpress\/ -->\n<title>Riberes de l&#039;Alt Pal\u00e0ncia - Experi\u00e8ncia familiar + Via Verda - Cicloturismo Castell\u00f3n<\/title>\n<meta name=\"description\" content=\"Riberes de l&#039;Alt Pal\u00e0ncia - Experi\u00e8ncia familiar + Via Verda - Cicloturismo Castell\u00f3n Castell\u00f3n se ha convertido en un referente para ciclistas de \u00e9lite de todo el mundo.\" \/>\n<meta name=\"robots\" content=\"index, follow, max-snippet:-1, max-image-preview:large, max-video-preview:-1\" \/>\n<link rel=\"canonical\" href=\"https:\/\/castelloncycling.com\/ca\/experiencia\/riberes-de-lalt-palancia-experiencia-familiar-via-verda\/\" \/>\n<meta property=\"og:locale\" content=\"ca_ES\" \/>\n<meta property=\"og:type\" content=\"article\" \/>\n<meta property=\"og:title\" content=\"Riberes de l&#039;Alt Pal\u00e0ncia - Experi\u00e8ncia familiar + Via Verda - Cicloturismo Castell\u00f3n\" \/>\n<meta property=\"og:description\" content=\"Riberes de l&#039;Alt Pal\u00e0ncia - Experi\u00e8ncia familiar + Via Verda - Cicloturismo Castell\u00f3n Castell\u00f3n se ha convertido en un referente para ciclistas de \u00e9lite de todo el mundo.\" \/>\n<meta property=\"og:url\" content=\"https:\/\/castelloncycling.com\/ca\/experiencia\/riberes-de-lalt-palancia-experiencia-familiar-via-verda\/\" \/>\n<meta property=\"og:site_name\" content=\"Cicloturismo Castell\u00f3n\" \/>\n<meta property=\"article:publisher\" content=\"https:\/\/www.facebook.com\/turismodecastellon\" \/>\n<meta property=\"article:modified_time\" content=\"2025-12-10T10:58:52+00:00\" \/>\n<meta property=\"og:image\" content=\"https:\/\/castelloncycling.com\/wp-content\/uploads\/2025\/12\/ribera1.webp\" \/>\n\t<meta property=\"og:image:width\" content=\"1200\" \/>\n\t<meta property=\"og:image:height\" content=\"840\" \/>\n\t<meta property=\"og:image:type\" content=\"image\/webp\" \/>\n<meta name=\"twitter:card\" content=\"summary_large_image\" \/>\n<meta name=\"twitter:site\" content=\"@turcastellon\" \/>\n<meta name=\"twitter:label1\" content=\"Temps estimat de lectura\" \/>\n\t<meta name=\"twitter:data1\" content=\"2 minuts\" \/>\n<script type=\"application\/ld+json\" class=\"yoast-schema-graph\">{\"@context\":\"https:\/\/schema.org\",\"@graph\":[{\"@type\":\"WebPage\",\"@id\":\"https:\/\/castelloncycling.com\/ca\/experiencia\/riberes-de-lalt-palancia-experiencia-familiar-via-verda\/\",\"url\":\"https:\/\/castelloncycling.com\/ca\/experiencia\/riberes-de-lalt-palancia-experiencia-familiar-via-verda\/\",\"name\":\"Riberes de l'Alt Pal\u00e0ncia - Experi\u00e8ncia familiar + Via Verda - Cicloturismo Castell\u00f3n\",\"isPartOf\":{\"@id\":\"https:\/\/castelloncycling.com\/ca\/#website\"},\"primaryImageOfPage\":{\"@id\":\"https:\/\/castelloncycling.com\/ca\/experiencia\/riberes-de-lalt-palancia-experiencia-familiar-via-verda\/#primaryimage\"},\"image\":{\"@id\":\"https:\/\/castelloncycling.com\/ca\/experiencia\/riberes-de-lalt-palancia-experiencia-familiar-via-verda\/#primaryimage\"},\"thumbnailUrl\":\"https:\/\/castelloncycling.com\/wp-content\/uploads\/2025\/12\/ribera1.webp\",\"datePublished\":\"2025-12-10T10:41:51+00:00\",\"dateModified\":\"2025-12-10T10:58:52+00:00\",\"description\":\"Riberes de l'Alt Pal\u00e0ncia - Experi\u00e8ncia familiar + Via Verda - Cicloturismo Castell\u00f3n Castell\u00f3n se ha convertido en un referente para ciclistas de \u00e9lite de todo el mundo.\",\"breadcrumb\":{\"@id\":\"https:\/\/castelloncycling.com\/ca\/experiencia\/riberes-de-lalt-palancia-experiencia-familiar-via-verda\/#breadcrumb\"},\"inLanguage\":\"ca\",\"potentialAction\":[{\"@type\":\"ReadAction\",\"target\":[\"https:\/\/castelloncycling.com\/ca\/experiencia\/riberes-de-lalt-palancia-experiencia-familiar-via-verda\/\"]}]},{\"@type\":\"ImageObject\",\"inLanguage\":\"ca\",\"@id\":\"https:\/\/castelloncycling.com\/ca\/experiencia\/riberes-de-lalt-palancia-experiencia-familiar-via-verda\/#primaryimage\",\"url\":\"https:\/\/castelloncycling.com\/wp-content\/uploads\/2025\/12\/ribera1.webp\",\"contentUrl\":\"https:\/\/castelloncycling.com\/wp-content\/uploads\/2025\/12\/ribera1.webp\",\"width\":1200,\"height\":840},{\"@type\":\"BreadcrumbList\",\"@id\":\"https:\/\/castelloncycling.com\/ca\/experiencia\/riberes-de-lalt-palancia-experiencia-familiar-via-verda\/#breadcrumb\",\"itemListElement\":[{\"@type\":\"ListItem\",\"position\":1,\"name\":\"Inicio\",\"item\":\"https:\/\/castelloncycling.com\/ca\/inici\/\"},{\"@type\":\"ListItem\",\"position\":2,\"name\":\"Experiencias\",\"item\":\"https:\/\/castelloncycling.com\/ca\/experiencia\/\"},{\"@type\":\"ListItem\",\"position\":3,\"name\":\"Riberes de l&#8217;Alt Pal\u00e0ncia &#8211; Experi\u00e8ncia familiar + Via Verda\"}]},{\"@type\":\"WebSite\",\"@id\":\"https:\/\/castelloncycling.com\/ca\/#website\",\"url\":\"https:\/\/castelloncycling.com\/ca\/\",\"name\":\"Cicloturismo Castell\u00f3n\",\"description\":\"\",\"publisher\":{\"@id\":\"https:\/\/castelloncycling.com\/ca\/#organization\"},\"potentialAction\":[{\"@type\":\"SearchAction\",\"target\":{\"@type\":\"EntryPoint\",\"urlTemplate\":\"https:\/\/castelloncycling.com\/ca\/?s={search_term_string}\"},\"query-input\":{\"@type\":\"PropertyValueSpecification\",\"valueRequired\":true,\"valueName\":\"search_term_string\"}}],\"inLanguage\":\"ca\"},{\"@type\":\"Organization\",\"@id\":\"https:\/\/castelloncycling.com\/ca\/#organization\",\"name\":\"Cicloturismo Castell\u00f3n\",\"url\":\"https:\/\/castelloncycling.com\/ca\/\",\"logo\":{\"@type\":\"ImageObject\",\"inLanguage\":\"ca\",\"@id\":\"https:\/\/castelloncycling.com\/ca\/#\/schema\/logo\/image\/\",\"url\":\"https:\/\/castelloncycling.com\/wp-content\/uploads\/2025\/02\/Logo-Diputacion-y-Castellon-Cycling-scaled.png\",\"contentUrl\":\"https:\/\/castelloncycling.com\/wp-content\/uploads\/2025\/02\/Logo-Diputacion-y-Castellon-Cycling-scaled.png\",\"width\":2560,\"height\":285,\"caption\":\"Cicloturismo Castell\u00f3n\"},\"image\":{\"@id\":\"https:\/\/castelloncycling.com\/ca\/#\/schema\/logo\/image\/\"},\"sameAs\":[\"https:\/\/www.facebook.com\/turismodecastellon\",\"https:\/\/x.com\/turcastellon\",\"https:\/\/www.flickr.com\/photos\/turismodecastellon\",\"https:\/\/www.youtube.com\/user\/turismodecastellon\",\"https:\/\/www.instagram.com\/turismodecastellon\/\"]}]}<\/script>\n<!-- \/ Yoast SEO plugin. -->","yoast_head_json":{"title":"Riberes de l'Alt Pal\u00e0ncia - Experi\u00e8ncia familiar + Via Verda - Cicloturismo Castell\u00f3n","description":"Riberes de l'Alt Pal\u00e0ncia - Experi\u00e8ncia familiar + Via Verda - Cicloturismo Castell\u00f3n Castell\u00f3n se ha convertido en un referente para ciclistas de \u00e9lite de todo el mundo.","robots":{"index":"index","follow":"follow","max-snippet":"max-snippet:-1","max-image-preview":"max-image-preview:large","max-video-preview":"max-video-preview:-1"},"canonical":"https:\/\/castelloncycling.com\/ca\/experiencia\/riberes-de-lalt-palancia-experiencia-familiar-via-verda\/","og_locale":"ca_ES","og_type":"article","og_title":"Riberes de l'Alt Pal\u00e0ncia - Experi\u00e8ncia familiar + Via Verda - Cicloturismo Castell\u00f3n","og_description":"Riberes de l'Alt Pal\u00e0ncia - Experi\u00e8ncia familiar + Via Verda - Cicloturismo Castell\u00f3n Castell\u00f3n se ha convertido en un referente para ciclistas de \u00e9lite de todo el mundo.","og_url":"https:\/\/castelloncycling.com\/ca\/experiencia\/riberes-de-lalt-palancia-experiencia-familiar-via-verda\/","og_site_name":"Cicloturismo Castell\u00f3n","article_publisher":"https:\/\/www.facebook.com\/turismodecastellon","article_modified_time":"2025-12-10T10:58:52+00:00","og_image":[{"width":1200,"height":840,"url":"https:\/\/castelloncycling.com\/wp-content\/uploads\/2025\/12\/ribera1.webp","type":"image\/webp"}],"twitter_card":"summary_large_image","twitter_site":"@turcastellon","twitter_misc":{"Temps estimat de lectura":"2 minuts"},"schema":{"@context":"https:\/\/schema.org","@graph":[{"@type":"WebPage","@id":"https:\/\/castelloncycling.com\/ca\/experiencia\/riberes-de-lalt-palancia-experiencia-familiar-via-verda\/","url":"https:\/\/castelloncycling.com\/ca\/experiencia\/riberes-de-lalt-palancia-experiencia-familiar-via-verda\/","name":"Riberes de l'Alt Pal\u00e0ncia - Experi\u00e8ncia familiar + Via Verda - Cicloturismo Castell\u00f3n","isPartOf":{"@id":"https:\/\/castelloncycling.com\/ca\/#website"},"primaryImageOfPage":{"@id":"https:\/\/castelloncycling.com\/ca\/experiencia\/riberes-de-lalt-palancia-experiencia-familiar-via-verda\/#primaryimage"},"image":{"@id":"https:\/\/castelloncycling.com\/ca\/experiencia\/riberes-de-lalt-palancia-experiencia-familiar-via-verda\/#primaryimage"},"thumbnailUrl":"https:\/\/castelloncycling.com\/wp-content\/uploads\/2025\/12\/ribera1.webp","datePublished":"2025-12-10T10:41:51+00:00","dateModified":"2025-12-10T10:58:52+00:00","description":"Riberes de l'Alt Pal\u00e0ncia - Experi\u00e8ncia familiar + Via Verda - Cicloturismo Castell\u00f3n Castell\u00f3n se ha convertido en un referente para ciclistas de \u00e9lite de todo el mundo.","breadcrumb":{"@id":"https:\/\/castelloncycling.com\/ca\/experiencia\/riberes-de-lalt-palancia-experiencia-familiar-via-verda\/#breadcrumb"},"inLanguage":"ca","potentialAction":[{"@type":"ReadAction","target":["https:\/\/castelloncycling.com\/ca\/experiencia\/riberes-de-lalt-palancia-experiencia-familiar-via-verda\/"]}]},{"@type":"ImageObject","inLanguage":"ca","@id":"https:\/\/castelloncycling.com\/ca\/experiencia\/riberes-de-lalt-palancia-experiencia-familiar-via-verda\/#primaryimage","url":"https:\/\/castelloncycling.com\/wp-content\/uploads\/2025\/12\/ribera1.webp","contentUrl":"https:\/\/castelloncycling.com\/wp-content\/uploads\/2025\/12\/ribera1.webp","width":1200,"height":840},{"@type":"BreadcrumbList","@id":"https:\/\/castelloncycling.com\/ca\/experiencia\/riberes-de-lalt-palancia-experiencia-familiar-via-verda\/#breadcrumb","itemListElement":[{"@type":"ListItem","position":1,"name":"Inicio","item":"https:\/\/castelloncycling.com\/ca\/inici\/"},{"@type":"ListItem","position":2,"name":"Experiencias","item":"https:\/\/castelloncycling.com\/ca\/experiencia\/"},{"@type":"ListItem","position":3,"name":"Riberes de l&#8217;Alt Pal\u00e0ncia &#8211; Experi\u00e8ncia familiar + Via Verda"}]},{"@type":"WebSite","@id":"https:\/\/castelloncycling.com\/ca\/#website","url":"https:\/\/castelloncycling.com\/ca\/","name":"Cicloturismo Castell\u00f3n","description":"","publisher":{"@id":"https:\/\/castelloncycling.com\/ca\/#organization"},"potentialAction":[{"@type":"SearchAction","target":{"@type":"EntryPoint","urlTemplate":"https:\/\/castelloncycling.com\/ca\/?s={search_term_string}"},"query-input":{"@type":"PropertyValueSpecification","valueRequired":true,"valueName":"search_term_string"}}],"inLanguage":"ca"},{"@type":"Organization","@id":"https:\/\/castelloncycling.com\/ca\/#organization","name":"Cicloturismo Castell\u00f3n","url":"https:\/\/castelloncycling.com\/ca\/","logo":{"@type":"ImageObject","inLanguage":"ca","@id":"https:\/\/castelloncycling.com\/ca\/#\/schema\/logo\/image\/","url":"https:\/\/castelloncycling.com\/wp-content\/uploads\/2025\/02\/Logo-Diputacion-y-Castellon-Cycling-scaled.png","contentUrl":"https:\/\/castelloncycling.com\/wp-content\/uploads\/2025\/02\/Logo-Diputacion-y-Castellon-Cycling-scaled.png","width":2560,"height":285,"caption":"Cicloturismo Castell\u00f3n"},"image":{"@id":"https:\/\/castelloncycling.com\/ca\/#\/schema\/logo\/image\/"},"sameAs":["https:\/\/www.facebook.com\/turismodecastellon","https:\/\/x.com\/turcastellon","https:\/\/www.flickr.com\/photos\/turismodecastellon","https:\/\/www.youtube.com\/user\/turismodecastellon","https:\/\/www.instagram.com\/turismodecastellon\/"]}]}},"_links":{"self":[{"href":"https:\/\/castelloncycling.com\/ca\/wp-json\/wp\/v2\/experiencia\/12310","targetHints":{"allow":["GET"]}}],"collection":[{"href":"https:\/\/castelloncycling.com\/ca\/wp-json\/wp\/v2\/experiencia"}],"about":[{"href":"https:\/\/castelloncycling.com\/ca\/wp-json\/wp\/v2\/types\/experiencia"}],"version-history":[{"count":1,"href":"https:\/\/castelloncycling.com\/ca\/wp-json\/wp\/v2\/experiencia\/12310\/revisions"}],"predecessor-version":[{"id":12311,"href":"https:\/\/castelloncycling.com\/ca\/wp-json\/wp\/v2\/experiencia\/12310\/revisions\/12311"}],"wp:featuredmedia":[{"embeddable":true,"href":"https:\/\/castelloncycling.com\/ca\/wp-json\/wp\/v2\/media\/12302"}],"wp:attachment":[{"href":"https:\/\/castelloncycling.com\/ca\/wp-json\/wp\/v2\/media?parent=12310"}],"wp:term":[{"taxonomy":"categoria-experiencia","embeddable":true,"href":"https:\/\/castelloncycling.com\/ca\/wp-json\/wp\/v2\/categoria-experiencia?post=12310"},{"taxonomy":"comarca","embeddable":true,"href":"https:\/\/castelloncycling.com\/ca\/wp-json\/wp\/v2\/comarca?post=12310"}],"curies":[{"name":"wp","href":"https:\/\/api.w.org\/{rel}","templated":true}]}}