{"id":12444,"date":"2025-12-10T13:23:30","date_gmt":"2025-12-10T12:23:30","guid":{"rendered":"https:\/\/castelloncycling.com\/experiencia\/via-verda-del-mar-experiencia-familiar-via-verda\/"},"modified":"2025-12-10T13:27:50","modified_gmt":"2025-12-10T12:27:50","slug":"via-verda-del-mar-experiencia-familiar-via-verda","status":"publish","type":"experiencia","link":"https:\/\/castelloncycling.com\/ca\/experiencia\/via-verda-del-mar-experiencia-familiar-via-verda\/","title":{"rendered":"Via Verda del Mar &#8211; Experi\u00e8ncia familiar + Via Verda"},"content":{"rendered":"\t\t<div data-elementor-type=\"wp-post\" data-elementor-id=\"12444\" class=\"elementor elementor-12444 elementor-12413\" data-elementor-post-type=\"experiencia\">\n\t\t\t\t<div class=\"elementor-element elementor-element-10e52610 e-flex e-con-boxed e-con e-parent\" data-id=\"10e52610\" data-element_type=\"container\">\n\t\t\t\t\t<div class=\"e-con-inner\">\n\t\t\t\t<div class=\"elementor-element elementor-element-499f9e20 elementor-widget elementor-widget-text-editor\" data-id=\"499f9e20\" data-element_type=\"widget\" data-widget_type=\"text-editor.default\">\n\t\t\t\t<div class=\"elementor-widget-container\">\n\t\t\t\t\t\t\t<p><span data-contrast=\"none\">Aquesta experi\u00e8ncia familiar amb bicicleta far\u00e0 que els teus fills s&#8217;enamorin de la bici i de les vistes que trobareu durant el recorregut.<\/span><span data-ccp-props=\"{\"335551550\":6,\"335551620\":6}\"> <\/span><\/p><p><span data-contrast=\"none\">La ruta comen\u00e7a a la botiga d&#8217;<\/span> <a href=\"https:\/\/www.ecokmbikes.com\/\"><span data-contrast=\"none\">Ecokm Bikes<\/span><\/a> <span data-contrast=\"none\">on agafar\u00e0s les teves bicicletes, de passeig, infantils o de muntanya.<\/span><span data-ccp-props=\"{\"134233117\":false,\"134233118\":false,\"201341983\":0,\"335551550\":6,\"335551620\":6,\"335559685\":0,\"335559737\":0,\"335559738\":0,\"335559739\":160,\"335559740\":279}\"> <\/span><\/p><p><span data-contrast=\"none\">Sortint de la botiga pel Passeig Mar\u00edtim de la Petxina, trobar\u00e0s de seguida a la dreta l&#8217;acc\u00e9s a la Via Verda Oropesa-Benic\u00e0ssim. Una via sense dificultat perqu\u00e8 la gaudeixis amb els m\u00e9s petits, i que pr\u00e0cticament \u00e9s un mirador constant. <\/span><span data-ccp-props=\"{\"134233117\":false,\"134233118\":false,\"201341983\":0,\"335551550\":6,\"335551620\":6,\"335559685\":0,\"335559737\":0,\"335559738\":0,\"335559739\":160,\"335559740\":279}\"> <\/span><\/p><p><span data-contrast=\"none\">Anir\u00e0s trobant vistes al Club N\u00e0utic d&#8217;Orpesa del Mar, passar\u00e0s pels t\u00fanels, o podr\u00e0s visitar la Torre de la Grossa, amb unes vistes espectaculars a la Mediterr\u00e0nia.<\/span><span data-ccp-props=\"{\"134233117\":false,\"134233118\":false,\"201341983\":0,\"335551550\":6,\"335551620\":6,\"335559685\":0,\"335559737\":0,\"335559738\":0,\"335559739\":160,\"335559740\":279}\"> <\/span><\/p><p><span data-contrast=\"none\">Entrar\u00e0s, entre congostos, platges i cales, a les urbanitzacions de Benic\u00e0ssim, passant per la Torre Colomera. Una zona de petits t\u00fanels us portar\u00e0 fins al Mirador els Canons, amb vistes a les platges de Benic\u00e0ssim.   <\/span><span data-ccp-props=\"{\"134233117\":false,\"134233118\":false,\"201341983\":0,\"335551550\":6,\"335551620\":6,\"335559685\":0,\"335559737\":0,\"335559738\":0,\"335559739\":160,\"335559740\":279}\"> <\/span><\/p><p><span data-contrast=\"none\">Podr\u00e0s continuar pel carril bici segregat que et permetr\u00e0 comptar amb vista a la Serra del Desert de les Palmes o b\u00e9 acostar-te a la Platja de Voramar.<\/span><span data-ccp-props=\"{\"134233117\":false,\"134233118\":false,\"201341983\":0,\"335551550\":6,\"335551620\":6,\"335559685\":0,\"335559737\":0,\"335559738\":0,\"335559739\":160,\"335559740\":279}\"> <\/span><\/p><p><span data-contrast=\"none\">De tornada a Oropesa del Mar, i nom\u00e9s si vols afegir una mica de desnivell positiu a la ruta, podr\u00e0s desviar-te per la Via Pista per passar pel Mirador d&#8217;Oropesa i tornar a la Via Verda del Mar.<\/span><span data-ccp-props=\"{\"134233117\":false,\"134233118\":false,\"201341983\":0,\"335551550\":6,\"335551620\":6,\"335559685\":0,\"335559737\":0,\"335559738\":0,\"335559739\":160,\"335559740\":279}\"> <\/span><\/p>\t\t\t\t\t\t<\/div>\n\t\t\t\t<\/div>\n\t\t\t\t\t<\/div>\n\t\t\t\t<\/div>\n\t\t\t\t<\/div>\n\t\t","protected":false},"excerpt":{"rendered":"<p>Aquesta experi\u00e8ncia familiar amb bicicleta far\u00e0 que els teus fills s&#8217;enamorin de la bici i de les vistes que trobareu [&hellip;]<\/p>\n","protected":false},"featured_media":12424,"template":"","meta":{"_acf_changed":false,"site-sidebar-layout":"default","site-content-layout":"","ast-site-content-layout":"","site-content-style":"default","site-sidebar-style":"default","ast-global-header-display":"","ast-banner-title-visibility":"","ast-main-header-display":"","ast-hfb-above-header-display":"","ast-hfb-below-header-display":"","ast-hfb-mobile-header-display":"","site-post-title":"","ast-breadcrumbs-content":"","ast-featured-img":"","footer-sml-layout":"","theme-transparent-header-meta":"","adv-header-id-meta":"","stick-header-meta":"","header-above-stick-meta":"","header-main-stick-meta":"","header-below-stick-meta":"","astra-migrate-meta-layouts":"default","ast-page-background-enabled":"default","ast-page-background-meta":{"desktop":{"background-color":"var(--ast-global-color-4)","background-image":"","background-repeat":"repeat","background-position":"center center","background-size":"auto","background-attachment":"scroll","background-type":"","background-media":"","overlay-type":"","overlay-color":"","overlay-opacity":"","overlay-gradient":""},"tablet":{"background-color":"","background-image":"","background-repeat":"repeat","background-position":"center center","background-size":"auto","background-attachment":"scroll","background-type":"","background-media":"","overlay-type":"","overlay-color":"","overlay-opacity":"","overlay-gradient":""},"mobile":{"background-color":"","background-image":"","background-repeat":"repeat","background-position":"center center","background-size":"auto","background-attachment":"scroll","background-type":"","background-media":"","overlay-type":"","overlay-color":"","overlay-opacity":"","overlay-gradient":""}},"ast-content-background-meta":{"desktop":{"background-color":"var(--ast-global-color-5)","background-image":"","background-repeat":"repeat","background-position":"center center","background-size":"auto","background-attachment":"scroll","background-type":"","background-media":"","overlay-type":"","overlay-color":"","overlay-opacity":"","overlay-gradient":""},"tablet":{"background-color":"var(--ast-global-color-5)","background-image":"","background-repeat":"repeat","background-position":"center center","background-size":"auto","background-attachment":"scroll","background-type":"","background-media":"","overlay-type":"","overlay-color":"","overlay-opacity":"","overlay-gradient":""},"mobile":{"background-color":"var(--ast-global-color-5)","background-image":"","background-repeat":"repeat","background-position":"center center","background-size":"auto","background-attachment":"scroll","background-type":"","background-media":"","overlay-type":"","overlay-color":"","overlay-opacity":"","overlay-gradient":""}}},"categoria-experiencia":[],"comarca":[],"class_list":["post-12444","experiencia","type-experiencia","status-publish","has-post-thumbnail","hentry"],"acf":[],"yoast_head":"<!-- This site is optimized with the Yoast SEO plugin v26.9 - https:\/\/yoast.com\/product\/yoast-seo-wordpress\/ -->\n<title>Via Verda del Mar - Experi\u00e8ncia familiar + Via Verda - Cicloturismo Castell\u00f3n<\/title>\n<meta name=\"description\" content=\"Via Verda del Mar - Experi\u00e8ncia familiar + Via Verda - Cicloturismo Castell\u00f3n Castell\u00f3n se ha convertido en un referente para ciclistas de \u00e9lite de todo el mundo.\" \/>\n<meta name=\"robots\" content=\"index, follow, max-snippet:-1, max-image-preview:large, max-video-preview:-1\" \/>\n<link rel=\"canonical\" href=\"https:\/\/castelloncycling.com\/ca\/experiencia\/via-verda-del-mar-experiencia-familiar-via-verda\/\" \/>\n<meta property=\"og:locale\" content=\"ca_ES\" \/>\n<meta property=\"og:type\" content=\"article\" \/>\n<meta property=\"og:title\" content=\"Via Verda del Mar - Experi\u00e8ncia familiar + Via Verda - Cicloturismo Castell\u00f3n\" \/>\n<meta property=\"og:description\" content=\"Via Verda del Mar - Experi\u00e8ncia familiar + Via Verda - Cicloturismo Castell\u00f3n Castell\u00f3n se ha convertido en un referente para ciclistas de \u00e9lite de todo el mundo.\" \/>\n<meta property=\"og:url\" content=\"https:\/\/castelloncycling.com\/ca\/experiencia\/via-verda-del-mar-experiencia-familiar-via-verda\/\" \/>\n<meta property=\"og:site_name\" content=\"Cicloturismo Castell\u00f3n\" \/>\n<meta property=\"article:publisher\" content=\"https:\/\/www.facebook.com\/turismodecastellon\" \/>\n<meta property=\"article:modified_time\" content=\"2025-12-10T12:27:50+00:00\" \/>\n<meta property=\"og:image\" content=\"https:\/\/castelloncycling.com\/wp-content\/uploads\/2025\/12\/WhatsApp-Image-2025-12-10-at-09.15.32-1.jpeg\" \/>\n\t<meta property=\"og:image:width\" content=\"1200\" \/>\n\t<meta property=\"og:image:height\" content=\"1600\" \/>\n\t<meta property=\"og:image:type\" content=\"image\/jpeg\" \/>\n<meta name=\"twitter:card\" content=\"summary_large_image\" \/>\n<meta name=\"twitter:site\" content=\"@turcastellon\" \/>\n<meta name=\"twitter:label1\" content=\"Temps estimat de lectura\" \/>\n\t<meta name=\"twitter:data1\" content=\"1 minut\" \/>\n<script type=\"application\/ld+json\" class=\"yoast-schema-graph\">{\"@context\":\"https:\/\/schema.org\",\"@graph\":[{\"@type\":\"WebPage\",\"@id\":\"https:\/\/castelloncycling.com\/ca\/experiencia\/via-verda-del-mar-experiencia-familiar-via-verda\/\",\"url\":\"https:\/\/castelloncycling.com\/ca\/experiencia\/via-verda-del-mar-experiencia-familiar-via-verda\/\",\"name\":\"Via Verda del Mar - Experi\u00e8ncia familiar + Via Verda - Cicloturismo Castell\u00f3n\",\"isPartOf\":{\"@id\":\"https:\/\/castelloncycling.com\/ca\/#website\"},\"primaryImageOfPage\":{\"@id\":\"https:\/\/castelloncycling.com\/ca\/experiencia\/via-verda-del-mar-experiencia-familiar-via-verda\/#primaryimage\"},\"image\":{\"@id\":\"https:\/\/castelloncycling.com\/ca\/experiencia\/via-verda-del-mar-experiencia-familiar-via-verda\/#primaryimage\"},\"thumbnailUrl\":\"https:\/\/castelloncycling.com\/wp-content\/uploads\/2025\/12\/WhatsApp-Image-2025-12-10-at-09.15.32-1.jpeg\",\"datePublished\":\"2025-12-10T12:23:30+00:00\",\"dateModified\":\"2025-12-10T12:27:50+00:00\",\"description\":\"Via Verda del Mar - Experi\u00e8ncia familiar + Via Verda - Cicloturismo Castell\u00f3n Castell\u00f3n se ha convertido en un referente para ciclistas de \u00e9lite de todo el mundo.\",\"breadcrumb\":{\"@id\":\"https:\/\/castelloncycling.com\/ca\/experiencia\/via-verda-del-mar-experiencia-familiar-via-verda\/#breadcrumb\"},\"inLanguage\":\"ca\",\"potentialAction\":[{\"@type\":\"ReadAction\",\"target\":[\"https:\/\/castelloncycling.com\/ca\/experiencia\/via-verda-del-mar-experiencia-familiar-via-verda\/\"]}]},{\"@type\":\"ImageObject\",\"inLanguage\":\"ca\",\"@id\":\"https:\/\/castelloncycling.com\/ca\/experiencia\/via-verda-del-mar-experiencia-familiar-via-verda\/#primaryimage\",\"url\":\"https:\/\/castelloncycling.com\/wp-content\/uploads\/2025\/12\/WhatsApp-Image-2025-12-10-at-09.15.32-1.jpeg\",\"contentUrl\":\"https:\/\/castelloncycling.com\/wp-content\/uploads\/2025\/12\/WhatsApp-Image-2025-12-10-at-09.15.32-1.jpeg\",\"width\":1200,\"height\":1600},{\"@type\":\"BreadcrumbList\",\"@id\":\"https:\/\/castelloncycling.com\/ca\/experiencia\/via-verda-del-mar-experiencia-familiar-via-verda\/#breadcrumb\",\"itemListElement\":[{\"@type\":\"ListItem\",\"position\":1,\"name\":\"Inicio\",\"item\":\"https:\/\/castelloncycling.com\/ca\/inici\/\"},{\"@type\":\"ListItem\",\"position\":2,\"name\":\"Experiencias\",\"item\":\"https:\/\/castelloncycling.com\/ca\/experiencia\/\"},{\"@type\":\"ListItem\",\"position\":3,\"name\":\"Via Verda del Mar &#8211; Experi\u00e8ncia familiar + Via Verda\"}]},{\"@type\":\"WebSite\",\"@id\":\"https:\/\/castelloncycling.com\/ca\/#website\",\"url\":\"https:\/\/castelloncycling.com\/ca\/\",\"name\":\"Cicloturismo Castell\u00f3n\",\"description\":\"\",\"publisher\":{\"@id\":\"https:\/\/castelloncycling.com\/ca\/#organization\"},\"potentialAction\":[{\"@type\":\"SearchAction\",\"target\":{\"@type\":\"EntryPoint\",\"urlTemplate\":\"https:\/\/castelloncycling.com\/ca\/?s={search_term_string}\"},\"query-input\":{\"@type\":\"PropertyValueSpecification\",\"valueRequired\":true,\"valueName\":\"search_term_string\"}}],\"inLanguage\":\"ca\"},{\"@type\":\"Organization\",\"@id\":\"https:\/\/castelloncycling.com\/ca\/#organization\",\"name\":\"Cicloturismo Castell\u00f3n\",\"url\":\"https:\/\/castelloncycling.com\/ca\/\",\"logo\":{\"@type\":\"ImageObject\",\"inLanguage\":\"ca\",\"@id\":\"https:\/\/castelloncycling.com\/ca\/#\/schema\/logo\/image\/\",\"url\":\"https:\/\/castelloncycling.com\/wp-content\/uploads\/2025\/02\/Logo-Diputacion-y-Castellon-Cycling-scaled.png\",\"contentUrl\":\"https:\/\/castelloncycling.com\/wp-content\/uploads\/2025\/02\/Logo-Diputacion-y-Castellon-Cycling-scaled.png\",\"width\":2560,\"height\":285,\"caption\":\"Cicloturismo Castell\u00f3n\"},\"image\":{\"@id\":\"https:\/\/castelloncycling.com\/ca\/#\/schema\/logo\/image\/\"},\"sameAs\":[\"https:\/\/www.facebook.com\/turismodecastellon\",\"https:\/\/x.com\/turcastellon\",\"https:\/\/www.flickr.com\/photos\/turismodecastellon\",\"https:\/\/www.youtube.com\/user\/turismodecastellon\",\"https:\/\/www.instagram.com\/turismodecastellon\/\"]}]}<\/script>\n<!-- \/ Yoast SEO plugin. -->","yoast_head_json":{"title":"Via Verda del Mar - Experi\u00e8ncia familiar + Via Verda - Cicloturismo Castell\u00f3n","description":"Via Verda del Mar - Experi\u00e8ncia familiar + Via Verda - Cicloturismo Castell\u00f3n Castell\u00f3n se ha convertido en un referente para ciclistas de \u00e9lite de todo el mundo.","robots":{"index":"index","follow":"follow","max-snippet":"max-snippet:-1","max-image-preview":"max-image-preview:large","max-video-preview":"max-video-preview:-1"},"canonical":"https:\/\/castelloncycling.com\/ca\/experiencia\/via-verda-del-mar-experiencia-familiar-via-verda\/","og_locale":"ca_ES","og_type":"article","og_title":"Via Verda del Mar - Experi\u00e8ncia familiar + Via Verda - Cicloturismo Castell\u00f3n","og_description":"Via Verda del Mar - Experi\u00e8ncia familiar + Via Verda - Cicloturismo Castell\u00f3n Castell\u00f3n se ha convertido en un referente para ciclistas de \u00e9lite de todo el mundo.","og_url":"https:\/\/castelloncycling.com\/ca\/experiencia\/via-verda-del-mar-experiencia-familiar-via-verda\/","og_site_name":"Cicloturismo Castell\u00f3n","article_publisher":"https:\/\/www.facebook.com\/turismodecastellon","article_modified_time":"2025-12-10T12:27:50+00:00","og_image":[{"width":1200,"height":1600,"url":"https:\/\/castelloncycling.com\/wp-content\/uploads\/2025\/12\/WhatsApp-Image-2025-12-10-at-09.15.32-1.jpeg","type":"image\/jpeg"}],"twitter_card":"summary_large_image","twitter_site":"@turcastellon","twitter_misc":{"Temps estimat de lectura":"1 minut"},"schema":{"@context":"https:\/\/schema.org","@graph":[{"@type":"WebPage","@id":"https:\/\/castelloncycling.com\/ca\/experiencia\/via-verda-del-mar-experiencia-familiar-via-verda\/","url":"https:\/\/castelloncycling.com\/ca\/experiencia\/via-verda-del-mar-experiencia-familiar-via-verda\/","name":"Via Verda del Mar - Experi\u00e8ncia familiar + Via Verda - Cicloturismo Castell\u00f3n","isPartOf":{"@id":"https:\/\/castelloncycling.com\/ca\/#website"},"primaryImageOfPage":{"@id":"https:\/\/castelloncycling.com\/ca\/experiencia\/via-verda-del-mar-experiencia-familiar-via-verda\/#primaryimage"},"image":{"@id":"https:\/\/castelloncycling.com\/ca\/experiencia\/via-verda-del-mar-experiencia-familiar-via-verda\/#primaryimage"},"thumbnailUrl":"https:\/\/castelloncycling.com\/wp-content\/uploads\/2025\/12\/WhatsApp-Image-2025-12-10-at-09.15.32-1.jpeg","datePublished":"2025-12-10T12:23:30+00:00","dateModified":"2025-12-10T12:27:50+00:00","description":"Via Verda del Mar - Experi\u00e8ncia familiar + Via Verda - Cicloturismo Castell\u00f3n Castell\u00f3n se ha convertido en un referente para ciclistas de \u00e9lite de todo el mundo.","breadcrumb":{"@id":"https:\/\/castelloncycling.com\/ca\/experiencia\/via-verda-del-mar-experiencia-familiar-via-verda\/#breadcrumb"},"inLanguage":"ca","potentialAction":[{"@type":"ReadAction","target":["https:\/\/castelloncycling.com\/ca\/experiencia\/via-verda-del-mar-experiencia-familiar-via-verda\/"]}]},{"@type":"ImageObject","inLanguage":"ca","@id":"https:\/\/castelloncycling.com\/ca\/experiencia\/via-verda-del-mar-experiencia-familiar-via-verda\/#primaryimage","url":"https:\/\/castelloncycling.com\/wp-content\/uploads\/2025\/12\/WhatsApp-Image-2025-12-10-at-09.15.32-1.jpeg","contentUrl":"https:\/\/castelloncycling.com\/wp-content\/uploads\/2025\/12\/WhatsApp-Image-2025-12-10-at-09.15.32-1.jpeg","width":1200,"height":1600},{"@type":"BreadcrumbList","@id":"https:\/\/castelloncycling.com\/ca\/experiencia\/via-verda-del-mar-experiencia-familiar-via-verda\/#breadcrumb","itemListElement":[{"@type":"ListItem","position":1,"name":"Inicio","item":"https:\/\/castelloncycling.com\/ca\/inici\/"},{"@type":"ListItem","position":2,"name":"Experiencias","item":"https:\/\/castelloncycling.com\/ca\/experiencia\/"},{"@type":"ListItem","position":3,"name":"Via Verda del Mar &#8211; Experi\u00e8ncia familiar + Via Verda"}]},{"@type":"WebSite","@id":"https:\/\/castelloncycling.com\/ca\/#website","url":"https:\/\/castelloncycling.com\/ca\/","name":"Cicloturismo Castell\u00f3n","description":"","publisher":{"@id":"https:\/\/castelloncycling.com\/ca\/#organization"},"potentialAction":[{"@type":"SearchAction","target":{"@type":"EntryPoint","urlTemplate":"https:\/\/castelloncycling.com\/ca\/?s={search_term_string}"},"query-input":{"@type":"PropertyValueSpecification","valueRequired":true,"valueName":"search_term_string"}}],"inLanguage":"ca"},{"@type":"Organization","@id":"https:\/\/castelloncycling.com\/ca\/#organization","name":"Cicloturismo Castell\u00f3n","url":"https:\/\/castelloncycling.com\/ca\/","logo":{"@type":"ImageObject","inLanguage":"ca","@id":"https:\/\/castelloncycling.com\/ca\/#\/schema\/logo\/image\/","url":"https:\/\/castelloncycling.com\/wp-content\/uploads\/2025\/02\/Logo-Diputacion-y-Castellon-Cycling-scaled.png","contentUrl":"https:\/\/castelloncycling.com\/wp-content\/uploads\/2025\/02\/Logo-Diputacion-y-Castellon-Cycling-scaled.png","width":2560,"height":285,"caption":"Cicloturismo Castell\u00f3n"},"image":{"@id":"https:\/\/castelloncycling.com\/ca\/#\/schema\/logo\/image\/"},"sameAs":["https:\/\/www.facebook.com\/turismodecastellon","https:\/\/x.com\/turcastellon","https:\/\/www.flickr.com\/photos\/turismodecastellon","https:\/\/www.youtube.com\/user\/turismodecastellon","https:\/\/www.instagram.com\/turismodecastellon\/"]}]}},"_links":{"self":[{"href":"https:\/\/castelloncycling.com\/ca\/wp-json\/wp\/v2\/experiencia\/12444","targetHints":{"allow":["GET"]}}],"collection":[{"href":"https:\/\/castelloncycling.com\/ca\/wp-json\/wp\/v2\/experiencia"}],"about":[{"href":"https:\/\/castelloncycling.com\/ca\/wp-json\/wp\/v2\/types\/experiencia"}],"version-history":[{"count":1,"href":"https:\/\/castelloncycling.com\/ca\/wp-json\/wp\/v2\/experiencia\/12444\/revisions"}],"predecessor-version":[{"id":12445,"href":"https:\/\/castelloncycling.com\/ca\/wp-json\/wp\/v2\/experiencia\/12444\/revisions\/12445"}],"wp:featuredmedia":[{"embeddable":true,"href":"https:\/\/castelloncycling.com\/ca\/wp-json\/wp\/v2\/media\/12424"}],"wp:attachment":[{"href":"https:\/\/castelloncycling.com\/ca\/wp-json\/wp\/v2\/media?parent=12444"}],"wp:term":[{"taxonomy":"categoria-experiencia","embeddable":true,"href":"https:\/\/castelloncycling.com\/ca\/wp-json\/wp\/v2\/categoria-experiencia?post=12444"},{"taxonomy":"comarca","embeddable":true,"href":"https:\/\/castelloncycling.com\/ca\/wp-json\/wp\/v2\/comarca?post=12444"}],"curies":[{"name":"wp","href":"https:\/\/api.w.org\/{rel}","templated":true}]}}