{"id":12553,"date":"2025-12-15T13:09:27","date_gmt":"2025-12-15T12:09:27","guid":{"rendered":"https:\/\/castelloncycling.com\/experiencia\/desert-dels-palmes-i-via-verda-del-mar\/"},"modified":"2025-12-15T14:56:54","modified_gmt":"2025-12-15T13:56:54","slug":"desert-dels-palmes-i-via-verda-del-mar","status":"publish","type":"experiencia","link":"https:\/\/castelloncycling.com\/ca\/experiencia\/desert-dels-palmes-i-via-verda-del-mar\/","title":{"rendered":"DESERT DELS PALMES I VIA VERDA DEL MAR"},"content":{"rendered":"\t\t<div data-elementor-type=\"wp-post\" data-elementor-id=\"12553\" class=\"elementor elementor-12553 elementor-12468\" data-elementor-post-type=\"experiencia\">\n\t\t\t\t<div class=\"elementor-element elementor-element-10e52610 e-flex e-con-boxed e-con e-parent\" data-id=\"10e52610\" data-element_type=\"container\">\n\t\t\t\t\t<div class=\"e-con-inner\">\n\t\t\t\t<div class=\"elementor-element elementor-element-499f9e20 elementor-widget elementor-widget-text-editor\" data-id=\"499f9e20\" data-element_type=\"widget\" data-widget_type=\"text-editor.default\">\n\t\t\t\t<div class=\"elementor-widget-container\">\n\t\t\t\t\t\t\t<p>Si t&#8217;allotges a Castell\u00f3 de la Plana et proposem aquesta experi\u00e8ncia per<br> viure una jornada de pur ciclisme al cor de la prov\u00edncia i en un<br> dels seus llocs m\u00e9s simb\u00f2lics per al cicloturisme.<br> Pots llogar la teva bicicleta, muscular o el\u00e8ctrica a Emebikes.<br> Et recomanem portar pedals plans o sabatilles perqu\u00e8 combinar\u00e0s<br> diferents experi\u00e8ncies tur\u00edstiques que requeriran tamb\u00e9 que camins.<br> Creuar\u00e0s Castell\u00f3 de la Plana pel seu carril bici, per sortir cap al Desert<br> de les Palmes.<br> Abans d&#8217;iniciar la vostra pujada, realitzarem una parada al Centre de<br> Interpretaci\u00f3 Castell Vell. Podr\u00e0s deixar les teves bicicletes all\u00e0, visitar el Castell <\/p><p>de Fadrell, o l&#8217;Ermita de la Magdalena, a part del mateix centre de<br> interpretaci\u00f3.<br>Continua la marxa amb una de les ascensions m\u00edtiques de la prov\u00edncia, la<br> pujada al Desert de les Palmes, on trobar\u00e0s senyalitzaci\u00f3 del que<br> t&#8217;espera a cada quil\u00f2metre.<br>Pots fer una parada al Restaurant Desert de les Palmes que<br> trobar\u00e0s en coronar, amb infraestructures i serveis per a ciclistes.<br>Descendint cap a Benic\u00e0ssim, ens dirigirem cap a Oropesa del Mar per<br> carreteres secund\u00e0ries sense tr\u00e0nsit, i que constitueixen un mirador constant.<br>Si no has fet la teva parada per menjar encara, pots consultar Castell\u00f3 Ruta<br> del Sabor i les opcions que podr\u00e0s trobar a Oropesa.<br>La tornada cap a Castell\u00f3 de la Plana \u00e9s molt m\u00e9s planera, prenent la Via<br> Verd del Mar.<br>Passar\u00e0s per la Torre de la Corda o la Torre Colomera.<br>Entre Benic\u00e0ssim i Castell\u00f3 trobar\u00e0s vials segregats que et<br> permetran arribar al teu lloc de destinaci\u00f3, EmeBikes.<\/p>\t\t\t\t\t\t<\/div>\n\t\t\t\t<\/div>\n\t\t\t\t\t<\/div>\n\t\t\t\t<\/div>\n\t\t\t\t<\/div>\n\t\t","protected":false},"excerpt":{"rendered":"<p>Si t&#8217;allotges a Castell\u00f3 de la Plana et proposem aquesta experi\u00e8ncia per viure una jornada de pur ciclisme al cor [&hellip;]<\/p>\n","protected":false},"featured_media":12483,"template":"","meta":{"_acf_changed":false,"site-sidebar-layout":"default","site-content-layout":"","ast-site-content-layout":"","site-content-style":"default","site-sidebar-style":"default","ast-global-header-display":"","ast-banner-title-visibility":"","ast-main-header-display":"","ast-hfb-above-header-display":"","ast-hfb-below-header-display":"","ast-hfb-mobile-header-display":"","site-post-title":"","ast-breadcrumbs-content":"","ast-featured-img":"","footer-sml-layout":"","theme-transparent-header-meta":"","adv-header-id-meta":"","stick-header-meta":"","header-above-stick-meta":"","header-main-stick-meta":"","header-below-stick-meta":"","astra-migrate-meta-layouts":"default","ast-page-background-enabled":"default","ast-page-background-meta":{"desktop":{"background-color":"var(--ast-global-color-4)","background-image":"","background-repeat":"repeat","background-position":"center center","background-size":"auto","background-attachment":"scroll","background-type":"","background-media":"","overlay-type":"","overlay-color":"","overlay-opacity":"","overlay-gradient":""},"tablet":{"background-color":"","background-image":"","background-repeat":"repeat","background-position":"center center","background-size":"auto","background-attachment":"scroll","background-type":"","background-media":"","overlay-type":"","overlay-color":"","overlay-opacity":"","overlay-gradient":""},"mobile":{"background-color":"","background-image":"","background-repeat":"repeat","background-position":"center center","background-size":"auto","background-attachment":"scroll","background-type":"","background-media":"","overlay-type":"","overlay-color":"","overlay-opacity":"","overlay-gradient":""}},"ast-content-background-meta":{"desktop":{"background-color":"var(--ast-global-color-5)","background-image":"","background-repeat":"repeat","background-position":"center center","background-size":"auto","background-attachment":"scroll","background-type":"","background-media":"","overlay-type":"","overlay-color":"","overlay-opacity":"","overlay-gradient":""},"tablet":{"background-color":"var(--ast-global-color-5)","background-image":"","background-repeat":"repeat","background-position":"center center","background-size":"auto","background-attachment":"scroll","background-type":"","background-media":"","overlay-type":"","overlay-color":"","overlay-opacity":"","overlay-gradient":""},"mobile":{"background-color":"var(--ast-global-color-5)","background-image":"","background-repeat":"repeat","background-position":"center center","background-size":"auto","background-attachment":"scroll","background-type":"","background-media":"","overlay-type":"","overlay-color":"","overlay-opacity":"","overlay-gradient":""}}},"categoria-experiencia":[401,413,521,522],"comarca":[],"class_list":["post-12553","experiencia","type-experiencia","status-publish","has-post-thumbnail","hentry","categoria-experiencia-cycling-ca","categoria-experiencia-parejas-ca","categoria-experiencia-per-a-grupetes","categoria-experiencia-slow-cycling-ca"],"acf":[],"yoast_head":"<!-- This site is optimized with the Yoast SEO plugin v26.9 - https:\/\/yoast.com\/product\/yoast-seo-wordpress\/ -->\n<title>DESERT DELS PALMES I VIA VERDA DEL MAR - Cicloturismo Castell\u00f3n<\/title>\n<meta name=\"description\" content=\"DESERT DELS PALMES I VIA VERDA DEL MAR - Cicloturismo Castell\u00f3n Castell\u00f3n se ha convertido en un referente para ciclistas de \u00e9lite de todo el mundo.\" \/>\n<meta name=\"robots\" content=\"index, follow, max-snippet:-1, max-image-preview:large, max-video-preview:-1\" \/>\n<link rel=\"canonical\" href=\"https:\/\/castelloncycling.com\/ca\/experiencia\/desert-dels-palmes-i-via-verda-del-mar\/\" \/>\n<meta property=\"og:locale\" content=\"ca_ES\" \/>\n<meta property=\"og:type\" content=\"article\" \/>\n<meta property=\"og:title\" content=\"DESERT DELS PALMES I VIA VERDA DEL MAR - Cicloturismo Castell\u00f3n\" \/>\n<meta property=\"og:description\" content=\"DESERT DELS PALMES I VIA VERDA DEL MAR - Cicloturismo Castell\u00f3n Castell\u00f3n se ha convertido en un referente para ciclistas de \u00e9lite de todo el mundo.\" \/>\n<meta property=\"og:url\" content=\"https:\/\/castelloncycling.com\/ca\/experiencia\/desert-dels-palmes-i-via-verda-del-mar\/\" \/>\n<meta property=\"og:site_name\" content=\"Cicloturismo Castell\u00f3n\" \/>\n<meta property=\"article:publisher\" content=\"https:\/\/www.facebook.com\/turismodecastellon\" \/>\n<meta property=\"article:modified_time\" content=\"2025-12-15T13:56:54+00:00\" \/>\n<meta property=\"og:image\" content=\"https:\/\/castelloncycling.com\/wp-content\/uploads\/2025\/12\/WhatsApp-Image-2025-12-15-at-09.23.39.jpeg\" \/>\n\t<meta property=\"og:image:width\" content=\"1600\" \/>\n\t<meta property=\"og:image:height\" content=\"1200\" \/>\n\t<meta property=\"og:image:type\" content=\"image\/jpeg\" \/>\n<meta name=\"twitter:card\" content=\"summary_large_image\" \/>\n<meta name=\"twitter:site\" content=\"@turcastellon\" \/>\n<meta name=\"twitter:label1\" content=\"Temps estimat de lectura\" \/>\n\t<meta name=\"twitter:data1\" content=\"1 minut\" \/>\n<script type=\"application\/ld+json\" class=\"yoast-schema-graph\">{\"@context\":\"https:\/\/schema.org\",\"@graph\":[{\"@type\":\"WebPage\",\"@id\":\"https:\/\/castelloncycling.com\/ca\/experiencia\/desert-dels-palmes-i-via-verda-del-mar\/\",\"url\":\"https:\/\/castelloncycling.com\/ca\/experiencia\/desert-dels-palmes-i-via-verda-del-mar\/\",\"name\":\"DESERT DELS PALMES I VIA VERDA DEL MAR - Cicloturismo Castell\u00f3n\",\"isPartOf\":{\"@id\":\"https:\/\/castelloncycling.com\/ca\/#website\"},\"primaryImageOfPage\":{\"@id\":\"https:\/\/castelloncycling.com\/ca\/experiencia\/desert-dels-palmes-i-via-verda-del-mar\/#primaryimage\"},\"image\":{\"@id\":\"https:\/\/castelloncycling.com\/ca\/experiencia\/desert-dels-palmes-i-via-verda-del-mar\/#primaryimage\"},\"thumbnailUrl\":\"https:\/\/castelloncycling.com\/wp-content\/uploads\/2025\/12\/WhatsApp-Image-2025-12-15-at-09.23.39.jpeg\",\"datePublished\":\"2025-12-15T12:09:27+00:00\",\"dateModified\":\"2025-12-15T13:56:54+00:00\",\"description\":\"DESERT DELS PALMES I VIA VERDA DEL MAR - Cicloturismo Castell\u00f3n Castell\u00f3n se ha convertido en un referente para ciclistas de \u00e9lite de todo el mundo.\",\"breadcrumb\":{\"@id\":\"https:\/\/castelloncycling.com\/ca\/experiencia\/desert-dels-palmes-i-via-verda-del-mar\/#breadcrumb\"},\"inLanguage\":\"ca\",\"potentialAction\":[{\"@type\":\"ReadAction\",\"target\":[\"https:\/\/castelloncycling.com\/ca\/experiencia\/desert-dels-palmes-i-via-verda-del-mar\/\"]}]},{\"@type\":\"ImageObject\",\"inLanguage\":\"ca\",\"@id\":\"https:\/\/castelloncycling.com\/ca\/experiencia\/desert-dels-palmes-i-via-verda-del-mar\/#primaryimage\",\"url\":\"https:\/\/castelloncycling.com\/wp-content\/uploads\/2025\/12\/WhatsApp-Image-2025-12-15-at-09.23.39.jpeg\",\"contentUrl\":\"https:\/\/castelloncycling.com\/wp-content\/uploads\/2025\/12\/WhatsApp-Image-2025-12-15-at-09.23.39.jpeg\",\"width\":1600,\"height\":1200},{\"@type\":\"BreadcrumbList\",\"@id\":\"https:\/\/castelloncycling.com\/ca\/experiencia\/desert-dels-palmes-i-via-verda-del-mar\/#breadcrumb\",\"itemListElement\":[{\"@type\":\"ListItem\",\"position\":1,\"name\":\"Inicio\",\"item\":\"https:\/\/castelloncycling.com\/ca\/inici\/\"},{\"@type\":\"ListItem\",\"position\":2,\"name\":\"Experiencias\",\"item\":\"https:\/\/castelloncycling.com\/ca\/experiencia\/\"},{\"@type\":\"ListItem\",\"position\":3,\"name\":\"DESERT DELS PALMES I VIA VERDA DEL MAR\"}]},{\"@type\":\"WebSite\",\"@id\":\"https:\/\/castelloncycling.com\/ca\/#website\",\"url\":\"https:\/\/castelloncycling.com\/ca\/\",\"name\":\"Cicloturismo Castell\u00f3n\",\"description\":\"\",\"publisher\":{\"@id\":\"https:\/\/castelloncycling.com\/ca\/#organization\"},\"potentialAction\":[{\"@type\":\"SearchAction\",\"target\":{\"@type\":\"EntryPoint\",\"urlTemplate\":\"https:\/\/castelloncycling.com\/ca\/?s={search_term_string}\"},\"query-input\":{\"@type\":\"PropertyValueSpecification\",\"valueRequired\":true,\"valueName\":\"search_term_string\"}}],\"inLanguage\":\"ca\"},{\"@type\":\"Organization\",\"@id\":\"https:\/\/castelloncycling.com\/ca\/#organization\",\"name\":\"Cicloturismo Castell\u00f3n\",\"url\":\"https:\/\/castelloncycling.com\/ca\/\",\"logo\":{\"@type\":\"ImageObject\",\"inLanguage\":\"ca\",\"@id\":\"https:\/\/castelloncycling.com\/ca\/#\/schema\/logo\/image\/\",\"url\":\"https:\/\/castelloncycling.com\/wp-content\/uploads\/2025\/02\/Logo-Diputacion-y-Castellon-Cycling-scaled.png\",\"contentUrl\":\"https:\/\/castelloncycling.com\/wp-content\/uploads\/2025\/02\/Logo-Diputacion-y-Castellon-Cycling-scaled.png\",\"width\":2560,\"height\":285,\"caption\":\"Cicloturismo Castell\u00f3n\"},\"image\":{\"@id\":\"https:\/\/castelloncycling.com\/ca\/#\/schema\/logo\/image\/\"},\"sameAs\":[\"https:\/\/www.facebook.com\/turismodecastellon\",\"https:\/\/x.com\/turcastellon\",\"https:\/\/www.flickr.com\/photos\/turismodecastellon\",\"https:\/\/www.youtube.com\/user\/turismodecastellon\",\"https:\/\/www.instagram.com\/turismodecastellon\/\"]}]}<\/script>\n<!-- \/ Yoast SEO plugin. -->","yoast_head_json":{"title":"DESERT DELS PALMES I VIA VERDA DEL MAR - Cicloturismo Castell\u00f3n","description":"DESERT DELS PALMES I VIA VERDA DEL MAR - Cicloturismo Castell\u00f3n Castell\u00f3n se ha convertido en un referente para ciclistas de \u00e9lite de todo el mundo.","robots":{"index":"index","follow":"follow","max-snippet":"max-snippet:-1","max-image-preview":"max-image-preview:large","max-video-preview":"max-video-preview:-1"},"canonical":"https:\/\/castelloncycling.com\/ca\/experiencia\/desert-dels-palmes-i-via-verda-del-mar\/","og_locale":"ca_ES","og_type":"article","og_title":"DESERT DELS PALMES I VIA VERDA DEL MAR - Cicloturismo Castell\u00f3n","og_description":"DESERT DELS PALMES I VIA VERDA DEL MAR - Cicloturismo Castell\u00f3n Castell\u00f3n se ha convertido en un referente para ciclistas de \u00e9lite de todo el mundo.","og_url":"https:\/\/castelloncycling.com\/ca\/experiencia\/desert-dels-palmes-i-via-verda-del-mar\/","og_site_name":"Cicloturismo Castell\u00f3n","article_publisher":"https:\/\/www.facebook.com\/turismodecastellon","article_modified_time":"2025-12-15T13:56:54+00:00","og_image":[{"width":1600,"height":1200,"url":"https:\/\/castelloncycling.com\/wp-content\/uploads\/2025\/12\/WhatsApp-Image-2025-12-15-at-09.23.39.jpeg","type":"image\/jpeg"}],"twitter_card":"summary_large_image","twitter_site":"@turcastellon","twitter_misc":{"Temps estimat de lectura":"1 minut"},"schema":{"@context":"https:\/\/schema.org","@graph":[{"@type":"WebPage","@id":"https:\/\/castelloncycling.com\/ca\/experiencia\/desert-dels-palmes-i-via-verda-del-mar\/","url":"https:\/\/castelloncycling.com\/ca\/experiencia\/desert-dels-palmes-i-via-verda-del-mar\/","name":"DESERT DELS PALMES I VIA VERDA DEL MAR - Cicloturismo Castell\u00f3n","isPartOf":{"@id":"https:\/\/castelloncycling.com\/ca\/#website"},"primaryImageOfPage":{"@id":"https:\/\/castelloncycling.com\/ca\/experiencia\/desert-dels-palmes-i-via-verda-del-mar\/#primaryimage"},"image":{"@id":"https:\/\/castelloncycling.com\/ca\/experiencia\/desert-dels-palmes-i-via-verda-del-mar\/#primaryimage"},"thumbnailUrl":"https:\/\/castelloncycling.com\/wp-content\/uploads\/2025\/12\/WhatsApp-Image-2025-12-15-at-09.23.39.jpeg","datePublished":"2025-12-15T12:09:27+00:00","dateModified":"2025-12-15T13:56:54+00:00","description":"DESERT DELS PALMES I VIA VERDA DEL MAR - Cicloturismo Castell\u00f3n Castell\u00f3n se ha convertido en un referente para ciclistas de \u00e9lite de todo el mundo.","breadcrumb":{"@id":"https:\/\/castelloncycling.com\/ca\/experiencia\/desert-dels-palmes-i-via-verda-del-mar\/#breadcrumb"},"inLanguage":"ca","potentialAction":[{"@type":"ReadAction","target":["https:\/\/castelloncycling.com\/ca\/experiencia\/desert-dels-palmes-i-via-verda-del-mar\/"]}]},{"@type":"ImageObject","inLanguage":"ca","@id":"https:\/\/castelloncycling.com\/ca\/experiencia\/desert-dels-palmes-i-via-verda-del-mar\/#primaryimage","url":"https:\/\/castelloncycling.com\/wp-content\/uploads\/2025\/12\/WhatsApp-Image-2025-12-15-at-09.23.39.jpeg","contentUrl":"https:\/\/castelloncycling.com\/wp-content\/uploads\/2025\/12\/WhatsApp-Image-2025-12-15-at-09.23.39.jpeg","width":1600,"height":1200},{"@type":"BreadcrumbList","@id":"https:\/\/castelloncycling.com\/ca\/experiencia\/desert-dels-palmes-i-via-verda-del-mar\/#breadcrumb","itemListElement":[{"@type":"ListItem","position":1,"name":"Inicio","item":"https:\/\/castelloncycling.com\/ca\/inici\/"},{"@type":"ListItem","position":2,"name":"Experiencias","item":"https:\/\/castelloncycling.com\/ca\/experiencia\/"},{"@type":"ListItem","position":3,"name":"DESERT DELS PALMES I VIA VERDA DEL MAR"}]},{"@type":"WebSite","@id":"https:\/\/castelloncycling.com\/ca\/#website","url":"https:\/\/castelloncycling.com\/ca\/","name":"Cicloturismo Castell\u00f3n","description":"","publisher":{"@id":"https:\/\/castelloncycling.com\/ca\/#organization"},"potentialAction":[{"@type":"SearchAction","target":{"@type":"EntryPoint","urlTemplate":"https:\/\/castelloncycling.com\/ca\/?s={search_term_string}"},"query-input":{"@type":"PropertyValueSpecification","valueRequired":true,"valueName":"search_term_string"}}],"inLanguage":"ca"},{"@type":"Organization","@id":"https:\/\/castelloncycling.com\/ca\/#organization","name":"Cicloturismo Castell\u00f3n","url":"https:\/\/castelloncycling.com\/ca\/","logo":{"@type":"ImageObject","inLanguage":"ca","@id":"https:\/\/castelloncycling.com\/ca\/#\/schema\/logo\/image\/","url":"https:\/\/castelloncycling.com\/wp-content\/uploads\/2025\/02\/Logo-Diputacion-y-Castellon-Cycling-scaled.png","contentUrl":"https:\/\/castelloncycling.com\/wp-content\/uploads\/2025\/02\/Logo-Diputacion-y-Castellon-Cycling-scaled.png","width":2560,"height":285,"caption":"Cicloturismo Castell\u00f3n"},"image":{"@id":"https:\/\/castelloncycling.com\/ca\/#\/schema\/logo\/image\/"},"sameAs":["https:\/\/www.facebook.com\/turismodecastellon","https:\/\/x.com\/turcastellon","https:\/\/www.flickr.com\/photos\/turismodecastellon","https:\/\/www.youtube.com\/user\/turismodecastellon","https:\/\/www.instagram.com\/turismodecastellon\/"]}]}},"_links":{"self":[{"href":"https:\/\/castelloncycling.com\/ca\/wp-json\/wp\/v2\/experiencia\/12553","targetHints":{"allow":["GET"]}}],"collection":[{"href":"https:\/\/castelloncycling.com\/ca\/wp-json\/wp\/v2\/experiencia"}],"about":[{"href":"https:\/\/castelloncycling.com\/ca\/wp-json\/wp\/v2\/types\/experiencia"}],"version-history":[{"count":1,"href":"https:\/\/castelloncycling.com\/ca\/wp-json\/wp\/v2\/experiencia\/12553\/revisions"}],"predecessor-version":[{"id":12554,"href":"https:\/\/castelloncycling.com\/ca\/wp-json\/wp\/v2\/experiencia\/12553\/revisions\/12554"}],"wp:featuredmedia":[{"embeddable":true,"href":"https:\/\/castelloncycling.com\/ca\/wp-json\/wp\/v2\/media\/12483"}],"wp:attachment":[{"href":"https:\/\/castelloncycling.com\/ca\/wp-json\/wp\/v2\/media?parent=12553"}],"wp:term":[{"taxonomy":"categoria-experiencia","embeddable":true,"href":"https:\/\/castelloncycling.com\/ca\/wp-json\/wp\/v2\/categoria-experiencia?post=12553"},{"taxonomy":"comarca","embeddable":true,"href":"https:\/\/castelloncycling.com\/ca\/wp-json\/wp\/v2\/comarca?post=12553"}],"curies":[{"name":"wp","href":"https:\/\/api.w.org\/{rel}","templated":true}]}}