{"id":8428,"date":"2024-10-31T11:03:46","date_gmt":"2024-10-31T11:03:46","guid":{"rendered":"https:\/\/cicloturismo.serinza.com\/rutas_cicloturista\/e2-els-murs-despada\/"},"modified":"2024-12-09T09:52:27","modified_gmt":"2024-12-09T08:52:27","slug":"e2-els-murs-despada","status":"publish","type":"rutas_cicloturista","link":"https:\/\/castelloncycling.com\/ca\/rutas_cicloturista\/e2-els-murs-despada\/","title":{"rendered":"E2. Els Murs d&#8217;Espad\u00e0"},"content":{"rendered":"<div id=\"metaslider-id-2691\" style=\"width: 100%; margin: 0 auto;\" class=\"ml-slider-3-105-0 metaslider metaslider-flex metaslider-2691 ml-slider has-dots-nav ms-theme-bitono\" role=\"region\" aria-label=\"E2. Los Muros de Espad\u00e1n\" data-height=\"800\" data-width=\"2400\">\n    <div id=\"metaslider_container_2691\">\n        <div id=\"metaslider_2691\">\n            <ul class='slides'>\n                <li style=\"display: block; width: 100%;\" class=\"slide-2710 ms-image \" aria-roledescription=\"slide\" data-date=\"2024-10-31 10:58:26\" data-filename=\"ciclismo-ermita-santa-llucia-lucia-ciclisme-ciclistas-javier-vilar-e1732053061588-960x320.jpg\" data-slide-type=\"image\"><img fetchpriority=\"high\" decoding=\"async\" src=\"https:\/\/castelloncycling.com\/wp-content\/uploads\/2024\/11\/ciclismo-ermita-santa-llucia-lucia-ciclisme-ciclistas-javier-vilar-e1732053061588-960x320.jpg\" height=\"800\" width=\"2400\" alt=\"Castell\u00f3n Cycling\" class=\"slider-2691 slide-2710 msDefaultImage\" title=\"ciclismo ermita santa llucia lucia ciclisme ciclistas javier vilar\" \/><\/li>\n                <li style=\"display: none; width: 100%;\" class=\"slide-2711 ms-image \" aria-roledescription=\"slide\" data-date=\"2024-10-31 10:58:26\" data-filename=\"512-341-max-1-512x170.jpg\" data-slide-type=\"image\"><img decoding=\"async\" src=\"https:\/\/castelloncycling.com\/wp-content\/uploads\/2024\/11\/512-341-max-1-512x170.jpg\" height=\"800\" width=\"2400\" alt=\"Castell\u00f3n Cycling\" class=\"slider-2691 slide-2711 msDefaultImage\" \/><\/li>\n                <li style=\"display: none; width: 100%;\" class=\"slide-2709 ms-image \" aria-roledescription=\"slide\" data-date=\"2024-10-31 10:58:26\" data-filename=\"pexels-fr3nks-2248713-scaled-2400x800.jpg\" data-slide-type=\"image\"><img decoding=\"async\" src=\"https:\/\/castelloncycling.com\/wp-content\/uploads\/2024\/11\/pexels-fr3nks-2248713-scaled-2400x800.jpg\" height=\"800\" width=\"2400\" alt=\"Experiencias Cicloturismo\" class=\"slider-2691 slide-2709 msDefaultImage\" \/><\/li>\n            <\/ul>\n        <\/div>\n        \n    <\/div>\n<\/div>\n","protected":false},"author":3,"featured_media":2702,"menu_order":0,"template":"","meta":{"_acf_changed":false,"site-sidebar-layout":"default","site-content-layout":"","ast-site-content-layout":"","site-content-style":"default","site-sidebar-style":"default","ast-global-header-display":"","ast-banner-title-visibility":"","ast-main-header-display":"","ast-hfb-above-header-display":"","ast-hfb-below-header-display":"","ast-hfb-mobile-header-display":"","site-post-title":"","ast-breadcrumbs-content":"","ast-featured-img":"","footer-sml-layout":"","theme-transparent-header-meta":"","adv-header-id-meta":"","stick-header-meta":"","header-above-stick-meta":"","header-main-stick-meta":"","header-below-stick-meta":"","astra-migrate-meta-layouts":"default","ast-page-background-enabled":"default","ast-page-background-meta":{"desktop":{"background-color":"var(--ast-global-color-4)","background-image":"","background-repeat":"repeat","background-position":"center center","background-size":"auto","background-attachment":"scroll","background-type":"","background-media":"","overlay-type":"","overlay-color":"","overlay-opacity":"","overlay-gradient":""},"tablet":{"background-color":"","background-image":"","background-repeat":"repeat","background-position":"center center","background-size":"auto","background-attachment":"scroll","background-type":"","background-media":"","overlay-type":"","overlay-color":"","overlay-opacity":"","overlay-gradient":""},"mobile":{"background-color":"","background-image":"","background-repeat":"repeat","background-position":"center center","background-size":"auto","background-attachment":"scroll","background-type":"","background-media":"","overlay-type":"","overlay-color":"","overlay-opacity":"","overlay-gradient":""}},"ast-content-background-meta":{"desktop":{"background-color":"var(--ast-global-color-5)","background-image":"","background-repeat":"repeat","background-position":"center center","background-size":"auto","background-attachment":"scroll","background-type":"","background-media":"","overlay-type":"","overlay-color":"","overlay-opacity":"","overlay-gradient":""},"tablet":{"background-color":"var(--ast-global-color-5)","background-image":"","background-repeat":"repeat","background-position":"center center","background-size":"auto","background-attachment":"scroll","background-type":"","background-media":"","overlay-type":"","overlay-color":"","overlay-opacity":"","overlay-gradient":""},"mobile":{"background-color":"var(--ast-global-color-5)","background-image":"","background-repeat":"repeat","background-position":"center center","background-size":"auto","background-attachment":"scroll","background-type":"","background-media":"","overlay-type":"","overlay-color":"","overlay-opacity":"","overlay-gradient":""}},"footnotes":""},"categories":[244],"tags":[],"comarca":[477],"class_list":["post-8428","rutas_cicloturista","type-rutas_cicloturista","status-publish","has-post-thumbnail","hentry","category-artana-ca","comarca-la-plana-baixa-ca"],"acf":[],"yoast_head":"<!-- This site is optimized with the Yoast SEO plugin v26.9 - https:\/\/yoast.com\/product\/yoast-seo-wordpress\/ -->\n<title>E2. Els Murs d&#039;Espad\u00e0 - Cicloturismo Castell\u00f3n<\/title>\n<meta name=\"description\" content=\"E2. Els Murs d&#039;Espad\u00e0 - Cicloturismo Castell\u00f3n Castell\u00f3n se ha convertido en un referente para ciclistas de \u00e9lite de todo el mundo.\" \/>\n<meta name=\"robots\" content=\"index, follow, max-snippet:-1, max-image-preview:large, max-video-preview:-1\" \/>\n<link rel=\"canonical\" href=\"https:\/\/castelloncycling.com\/ca\/rutas_cicloturista\/e2-els-murs-despada\/\" \/>\n<meta property=\"og:locale\" content=\"ca_ES\" \/>\n<meta property=\"og:type\" content=\"article\" \/>\n<meta property=\"og:title\" content=\"E2. Els Murs d&#039;Espad\u00e0 - Cicloturismo Castell\u00f3n\" \/>\n<meta property=\"og:description\" content=\"E2. Els Murs d&#039;Espad\u00e0 - Cicloturismo Castell\u00f3n Castell\u00f3n se ha convertido en un referente para ciclistas de \u00e9lite de todo el mundo.\" \/>\n<meta property=\"og:url\" content=\"https:\/\/castelloncycling.com\/ca\/rutas_cicloturista\/e2-els-murs-despada\/\" \/>\n<meta property=\"og:site_name\" content=\"Cicloturismo Castell\u00f3n\" \/>\n<meta property=\"article:publisher\" content=\"https:\/\/www.facebook.com\/turismodecastellon\" \/>\n<meta property=\"article:modified_time\" content=\"2024-12-09T08:52:27+00:00\" \/>\n<meta property=\"og:image\" content=\"https:\/\/castelloncycling.com\/wp-content\/uploads\/2024\/10\/alto-muro-vall-fondo.jpg\" \/>\n\t<meta property=\"og:image:width\" content=\"1200\" \/>\n\t<meta property=\"og:image:height\" content=\"675\" \/>\n\t<meta property=\"og:image:type\" content=\"image\/jpeg\" \/>\n<meta name=\"twitter:card\" content=\"summary_large_image\" \/>\n<meta name=\"twitter:site\" content=\"@turcastellon\" \/>\n<script type=\"application\/ld+json\" class=\"yoast-schema-graph\">{\"@context\":\"https:\/\/schema.org\",\"@graph\":[{\"@type\":\"WebPage\",\"@id\":\"https:\/\/castelloncycling.com\/ca\/rutas_cicloturista\/e2-els-murs-despada\/\",\"url\":\"https:\/\/castelloncycling.com\/ca\/rutas_cicloturista\/e2-els-murs-despada\/\",\"name\":\"E2. Els Murs d'Espad\u00e0 - Cicloturismo Castell\u00f3n\",\"isPartOf\":{\"@id\":\"https:\/\/castelloncycling.com\/ca\/#website\"},\"primaryImageOfPage\":{\"@id\":\"https:\/\/castelloncycling.com\/ca\/rutas_cicloturista\/e2-els-murs-despada\/#primaryimage\"},\"image\":{\"@id\":\"https:\/\/castelloncycling.com\/ca\/rutas_cicloturista\/e2-els-murs-despada\/#primaryimage\"},\"thumbnailUrl\":\"https:\/\/castelloncycling.com\/wp-content\/uploads\/2024\/10\/alto-muro-vall-fondo.jpg\",\"datePublished\":\"2024-10-31T11:03:46+00:00\",\"dateModified\":\"2024-12-09T08:52:27+00:00\",\"description\":\"E2. Els Murs d'Espad\u00e0 - Cicloturismo Castell\u00f3n Castell\u00f3n se ha convertido en un referente para ciclistas de \u00e9lite de todo el mundo.\",\"breadcrumb\":{\"@id\":\"https:\/\/castelloncycling.com\/ca\/rutas_cicloturista\/e2-els-murs-despada\/#breadcrumb\"},\"inLanguage\":\"ca\",\"potentialAction\":[{\"@type\":\"ReadAction\",\"target\":[\"https:\/\/castelloncycling.com\/ca\/rutas_cicloturista\/e2-els-murs-despada\/\"]}]},{\"@type\":\"ImageObject\",\"inLanguage\":\"ca\",\"@id\":\"https:\/\/castelloncycling.com\/ca\/rutas_cicloturista\/e2-els-murs-despada\/#primaryimage\",\"url\":\"https:\/\/castelloncycling.com\/wp-content\/uploads\/2024\/10\/alto-muro-vall-fondo.jpg\",\"contentUrl\":\"https:\/\/castelloncycling.com\/wp-content\/uploads\/2024\/10\/alto-muro-vall-fondo.jpg\",\"width\":1200,\"height\":675,\"caption\":\"E2. Los Muros de Espad\u00e1n\"},{\"@type\":\"BreadcrumbList\",\"@id\":\"https:\/\/castelloncycling.com\/ca\/rutas_cicloturista\/e2-els-murs-despada\/#breadcrumb\",\"itemListElement\":[{\"@type\":\"ListItem\",\"position\":1,\"name\":\"Inicio\",\"item\":\"https:\/\/castelloncycling.com\/ca\/inici\/\"},{\"@type\":\"ListItem\",\"position\":2,\"name\":\"E2. Els Murs d&#8217;Espad\u00e0\"}]},{\"@type\":\"WebSite\",\"@id\":\"https:\/\/castelloncycling.com\/ca\/#website\",\"url\":\"https:\/\/castelloncycling.com\/ca\/\",\"name\":\"Cicloturismo Castell\u00f3n\",\"description\":\"\",\"publisher\":{\"@id\":\"https:\/\/castelloncycling.com\/ca\/#organization\"},\"potentialAction\":[{\"@type\":\"SearchAction\",\"target\":{\"@type\":\"EntryPoint\",\"urlTemplate\":\"https:\/\/castelloncycling.com\/ca\/?s={search_term_string}\"},\"query-input\":{\"@type\":\"PropertyValueSpecification\",\"valueRequired\":true,\"valueName\":\"search_term_string\"}}],\"inLanguage\":\"ca\"},{\"@type\":\"Organization\",\"@id\":\"https:\/\/castelloncycling.com\/ca\/#organization\",\"name\":\"Cicloturismo Castell\u00f3n\",\"url\":\"https:\/\/castelloncycling.com\/ca\/\",\"logo\":{\"@type\":\"ImageObject\",\"inLanguage\":\"ca\",\"@id\":\"https:\/\/castelloncycling.com\/ca\/#\/schema\/logo\/image\/\",\"url\":\"https:\/\/castelloncycling.com\/wp-content\/uploads\/2025\/02\/Logo-Diputacion-y-Castellon-Cycling-scaled.png\",\"contentUrl\":\"https:\/\/castelloncycling.com\/wp-content\/uploads\/2025\/02\/Logo-Diputacion-y-Castellon-Cycling-scaled.png\",\"width\":2560,\"height\":285,\"caption\":\"Cicloturismo Castell\u00f3n\"},\"image\":{\"@id\":\"https:\/\/castelloncycling.com\/ca\/#\/schema\/logo\/image\/\"},\"sameAs\":[\"https:\/\/www.facebook.com\/turismodecastellon\",\"https:\/\/x.com\/turcastellon\",\"https:\/\/www.flickr.com\/photos\/turismodecastellon\",\"https:\/\/www.youtube.com\/user\/turismodecastellon\",\"https:\/\/www.instagram.com\/turismodecastellon\/\"]}]}<\/script>\n<!-- \/ Yoast SEO plugin. -->","yoast_head_json":{"title":"E2. Els Murs d'Espad\u00e0 - Cicloturismo Castell\u00f3n","description":"E2. Els Murs d'Espad\u00e0 - Cicloturismo Castell\u00f3n Castell\u00f3n se ha convertido en un referente para ciclistas de \u00e9lite de todo el mundo.","robots":{"index":"index","follow":"follow","max-snippet":"max-snippet:-1","max-image-preview":"max-image-preview:large","max-video-preview":"max-video-preview:-1"},"canonical":"https:\/\/castelloncycling.com\/ca\/rutas_cicloturista\/e2-els-murs-despada\/","og_locale":"ca_ES","og_type":"article","og_title":"E2. Els Murs d'Espad\u00e0 - Cicloturismo Castell\u00f3n","og_description":"E2. Els Murs d'Espad\u00e0 - Cicloturismo Castell\u00f3n Castell\u00f3n se ha convertido en un referente para ciclistas de \u00e9lite de todo el mundo.","og_url":"https:\/\/castelloncycling.com\/ca\/rutas_cicloturista\/e2-els-murs-despada\/","og_site_name":"Cicloturismo Castell\u00f3n","article_publisher":"https:\/\/www.facebook.com\/turismodecastellon","article_modified_time":"2024-12-09T08:52:27+00:00","og_image":[{"width":1200,"height":675,"url":"https:\/\/castelloncycling.com\/wp-content\/uploads\/2024\/10\/alto-muro-vall-fondo.jpg","type":"image\/jpeg"}],"twitter_card":"summary_large_image","twitter_site":"@turcastellon","schema":{"@context":"https:\/\/schema.org","@graph":[{"@type":"WebPage","@id":"https:\/\/castelloncycling.com\/ca\/rutas_cicloturista\/e2-els-murs-despada\/","url":"https:\/\/castelloncycling.com\/ca\/rutas_cicloturista\/e2-els-murs-despada\/","name":"E2. Els Murs d'Espad\u00e0 - Cicloturismo Castell\u00f3n","isPartOf":{"@id":"https:\/\/castelloncycling.com\/ca\/#website"},"primaryImageOfPage":{"@id":"https:\/\/castelloncycling.com\/ca\/rutas_cicloturista\/e2-els-murs-despada\/#primaryimage"},"image":{"@id":"https:\/\/castelloncycling.com\/ca\/rutas_cicloturista\/e2-els-murs-despada\/#primaryimage"},"thumbnailUrl":"https:\/\/castelloncycling.com\/wp-content\/uploads\/2024\/10\/alto-muro-vall-fondo.jpg","datePublished":"2024-10-31T11:03:46+00:00","dateModified":"2024-12-09T08:52:27+00:00","description":"E2. Els Murs d'Espad\u00e0 - Cicloturismo Castell\u00f3n Castell\u00f3n se ha convertido en un referente para ciclistas de \u00e9lite de todo el mundo.","breadcrumb":{"@id":"https:\/\/castelloncycling.com\/ca\/rutas_cicloturista\/e2-els-murs-despada\/#breadcrumb"},"inLanguage":"ca","potentialAction":[{"@type":"ReadAction","target":["https:\/\/castelloncycling.com\/ca\/rutas_cicloturista\/e2-els-murs-despada\/"]}]},{"@type":"ImageObject","inLanguage":"ca","@id":"https:\/\/castelloncycling.com\/ca\/rutas_cicloturista\/e2-els-murs-despada\/#primaryimage","url":"https:\/\/castelloncycling.com\/wp-content\/uploads\/2024\/10\/alto-muro-vall-fondo.jpg","contentUrl":"https:\/\/castelloncycling.com\/wp-content\/uploads\/2024\/10\/alto-muro-vall-fondo.jpg","width":1200,"height":675,"caption":"E2. Los Muros de Espad\u00e1n"},{"@type":"BreadcrumbList","@id":"https:\/\/castelloncycling.com\/ca\/rutas_cicloturista\/e2-els-murs-despada\/#breadcrumb","itemListElement":[{"@type":"ListItem","position":1,"name":"Inicio","item":"https:\/\/castelloncycling.com\/ca\/inici\/"},{"@type":"ListItem","position":2,"name":"E2. Els Murs d&#8217;Espad\u00e0"}]},{"@type":"WebSite","@id":"https:\/\/castelloncycling.com\/ca\/#website","url":"https:\/\/castelloncycling.com\/ca\/","name":"Cicloturismo Castell\u00f3n","description":"","publisher":{"@id":"https:\/\/castelloncycling.com\/ca\/#organization"},"potentialAction":[{"@type":"SearchAction","target":{"@type":"EntryPoint","urlTemplate":"https:\/\/castelloncycling.com\/ca\/?s={search_term_string}"},"query-input":{"@type":"PropertyValueSpecification","valueRequired":true,"valueName":"search_term_string"}}],"inLanguage":"ca"},{"@type":"Organization","@id":"https:\/\/castelloncycling.com\/ca\/#organization","name":"Cicloturismo Castell\u00f3n","url":"https:\/\/castelloncycling.com\/ca\/","logo":{"@type":"ImageObject","inLanguage":"ca","@id":"https:\/\/castelloncycling.com\/ca\/#\/schema\/logo\/image\/","url":"https:\/\/castelloncycling.com\/wp-content\/uploads\/2025\/02\/Logo-Diputacion-y-Castellon-Cycling-scaled.png","contentUrl":"https:\/\/castelloncycling.com\/wp-content\/uploads\/2025\/02\/Logo-Diputacion-y-Castellon-Cycling-scaled.png","width":2560,"height":285,"caption":"Cicloturismo Castell\u00f3n"},"image":{"@id":"https:\/\/castelloncycling.com\/ca\/#\/schema\/logo\/image\/"},"sameAs":["https:\/\/www.facebook.com\/turismodecastellon","https:\/\/x.com\/turcastellon","https:\/\/www.flickr.com\/photos\/turismodecastellon","https:\/\/www.youtube.com\/user\/turismodecastellon","https:\/\/www.instagram.com\/turismodecastellon\/"]}]}},"_links":{"self":[{"href":"https:\/\/castelloncycling.com\/ca\/wp-json\/wp\/v2\/rutas_cicloturista\/8428","targetHints":{"allow":["GET"]}}],"collection":[{"href":"https:\/\/castelloncycling.com\/ca\/wp-json\/wp\/v2\/rutas_cicloturista"}],"about":[{"href":"https:\/\/castelloncycling.com\/ca\/wp-json\/wp\/v2\/types\/rutas_cicloturista"}],"author":[{"embeddable":true,"href":"https:\/\/castelloncycling.com\/ca\/wp-json\/wp\/v2\/users\/3"}],"version-history":[{"count":1,"href":"https:\/\/castelloncycling.com\/ca\/wp-json\/wp\/v2\/rutas_cicloturista\/8428\/revisions"}],"predecessor-version":[{"id":8430,"href":"https:\/\/castelloncycling.com\/ca\/wp-json\/wp\/v2\/rutas_cicloturista\/8428\/revisions\/8430"}],"wp:featuredmedia":[{"embeddable":true,"href":"https:\/\/castelloncycling.com\/ca\/wp-json\/wp\/v2\/media\/2702"}],"wp:attachment":[{"href":"https:\/\/castelloncycling.com\/ca\/wp-json\/wp\/v2\/media?parent=8428"}],"wp:term":[{"taxonomy":"category","embeddable":true,"href":"https:\/\/castelloncycling.com\/ca\/wp-json\/wp\/v2\/categories?post=8428"},{"taxonomy":"post_tag","embeddable":true,"href":"https:\/\/castelloncycling.com\/ca\/wp-json\/wp\/v2\/tags?post=8428"},{"taxonomy":"comarca","embeddable":true,"href":"https:\/\/castelloncycling.com\/ca\/wp-json\/wp\/v2\/comarca?post=8428"}],"curies":[{"name":"wp","href":"https:\/\/api.w.org\/{rel}","templated":true}]}}