{"id":12210,"date":"2025-12-10T11:23:33","date_gmt":"2025-12-10T10:23:33","guid":{"rendered":"https:\/\/castelloncycling.com\/?post_type=experiencia&#038;p=12210"},"modified":"2025-12-10T11:23:33","modified_gmt":"2025-12-10T10:23:33","slug":"bicycles-and-giant-chairs-of-plana-de-larc","status":"publish","type":"experiencia","link":"https:\/\/castelloncycling.com\/en\/experiencia\/bicycles-and-giant-chairs-of-plana-de-larc\/","title":{"rendered":"Bicycles and giant chairs of Plana de L&#8217;arc"},"content":{"rendered":"\t\t<div data-elementor-type=\"wp-post\" data-elementor-id=\"12210\" class=\"elementor elementor-12210 elementor-12154\" data-elementor-post-type=\"experiencia\">\n\t\t\t\t<div class=\"elementor-element elementor-element-10e52610 e-flex e-con-boxed e-con e-parent\" data-id=\"10e52610\" data-element_type=\"container\">\n\t\t\t\t\t<div class=\"e-con-inner\">\n\t\t\t\t<div class=\"elementor-element elementor-element-499f9e20 elementor-widget elementor-widget-text-editor\" data-id=\"499f9e20\" data-element_type=\"widget\" data-widget_type=\"text-editor.default\">\n\t\t\t\t<div class=\"elementor-widget-container\">\n\t\t\t\t\t\t\t\n<p><span data-contrast=\"none\">Do you want to walk along ancient Roman roads, feel like a pilgrim and Gulliver at the same time on the same route? Then you are in the right place, the Plana de l&#8217;Arc. <\/span><span data-ccp-props=\"{\"134233117\":false,\"134233118\":false,\"201341983\":0,\"335551550\":6,\"335551620\":6,\"335559685\":0,\"335559737\":0,\"335559738\":0,\"335559739\":160,\"335559740\":279}\"> <\/span><\/p>\n<p><span data-contrast=\"none\">The route starts at <\/span><a href=\"https:\/\/bicirural.es\/\"><span data-contrast=\"none\">BiciRural<\/span><\/a><span data-contrast=\"none\">in the municipality of Vilafam\u00e9s.<\/span><span data-ccp-props=\"{\"134233117\":false,\"134233118\":false,\"201341983\":0,\"335551550\":6,\"335551620\":6,\"335559685\":0,\"335559737\":0,\"335559738\":0,\"335559739\":160,\"335559740\":279}\"> <\/span><\/p>\n<p><span data-contrast=\"none\">A few meters away you will find a giant chair with spectacular panoramic views.  <\/span><span data-ccp-props=\"{\"134233117\":false,\"134233118\":false,\"201341983\":0,\"335551550\":6,\"335551620\":6,\"335559685\":0,\"335559737\":0,\"335559738\":0,\"335559739\":160,\"335559740\":279}\"> <\/span><\/p>\n<p><span data-contrast=\"none\">Then, just a few kilometers away, you will find the first giant bicycle sculpture. Each of the 7 bicycles in this area is dedicated to certain values, in this case, the yellow one, to &#8220;sustainable cities and communities&#8221;. <\/span><span data-ccp-props=\"{\"134233117\":false,\"134233118\":false,\"201341983\":0,\"335551550\":6,\"335551620\":6,\"335559685\":0,\"335559737\":0,\"335559738\":0,\"335559739\":160,\"335559740\":279}\"> <\/span><\/p>\n<p><span data-contrast=\"none\">You will continue your route along rural roads to Cabanes, passing through its Roman arch, built in the 2nd century A.D. If you have the soul of a pilgrim, you can also follow the Camino de Santiago.<\/span><span data-ccp-props=\"{\"134233117\":false,\"134233118\":false,\"201341983\":0,\"335551550\":6,\"335551620\":6,\"335559685\":0,\"335559737\":0,\"335559738\":0,\"335559739\":160,\"335559740\":279}\"> <\/span><\/p>\n<p><span data-contrast=\"none\">In this municipality you will find both the green bicycle, in homage to &#8220;health and wellness&#8221;, and another giant orange chair.<\/span><span data-ccp-props=\"{\"134233117\":false,\"134233118\":false,\"201341983\":0,\"335551550\":6,\"335551620\":6,\"335559685\":0,\"335559737\":0,\"335559738\":0,\"335559739\":160,\"335559740\":279}\"> <\/span><\/p>\n<p><span data-contrast=\"none\">Depending on how much strength you have left, and\/or the battery on your electric bike, you can visit Vall d&#8217;Alba on a small climb to find another giant yellow bike in honor of &#8220;affordable and non-polluting energy&#8221;.<\/span><span data-ccp-props=\"{\"134233117\":false,\"134233118\":false,\"201341983\":0,\"335551550\":6,\"335551620\":6,\"335559685\":0,\"335559737\":0,\"335559738\":0,\"335559739\":160,\"335559740\":279}\"> <\/span><\/p>\n<p><span data-contrast=\"none\">Close your route of about 35 kilometers and just over 400 kilometers visiting the Castle of Vilafam\u00e9s and returning through its narrow streets to BiciRural.<\/span><span data-ccp-props=\"{\"134233117\":false,\"134233118\":false,\"201341983\":0,\"335551550\":6,\"335551620\":6,\"335559685\":0,\"335559737\":0,\"335559738\":0,\"335559739\":160,\"335559740\":279}\"> <\/span><\/p>\n\t\t\t\t\t\t<\/div>\n\t\t\t\t<\/div>\n\t\t\t\t\t<\/div>\n\t\t\t\t<\/div>\n\t\t\t\t<\/div>\n\t\t","protected":false},"excerpt":{"rendered":"<p>Do you want to walk along ancient Roman roads, feel like a pilgrim and Gulliver at the same time on [&hellip;]<\/p>\n","protected":false},"featured_media":12224,"template":"","meta":{"_acf_changed":false,"site-sidebar-layout":"default","site-content-layout":"","ast-site-content-layout":"","site-content-style":"default","site-sidebar-style":"default","ast-global-header-display":"","ast-banner-title-visibility":"","ast-main-header-display":"","ast-hfb-above-header-display":"","ast-hfb-below-header-display":"","ast-hfb-mobile-header-display":"","site-post-title":"","ast-breadcrumbs-content":"","ast-featured-img":"","footer-sml-layout":"","theme-transparent-header-meta":"","adv-header-id-meta":"","stick-header-meta":"","header-above-stick-meta":"","header-main-stick-meta":"","header-below-stick-meta":"","astra-migrate-meta-layouts":"default","ast-page-background-enabled":"default","ast-page-background-meta":{"desktop":{"background-color":"var(--ast-global-color-4)","background-image":"","background-repeat":"repeat","background-position":"center center","background-size":"auto","background-attachment":"scroll","background-type":"","background-media":"","overlay-type":"","overlay-color":"","overlay-opacity":"","overlay-gradient":""},"tablet":{"background-color":"","background-image":"","background-repeat":"repeat","background-position":"center center","background-size":"auto","background-attachment":"scroll","background-type":"","background-media":"","overlay-type":"","overlay-color":"","overlay-opacity":"","overlay-gradient":""},"mobile":{"background-color":"","background-image":"","background-repeat":"repeat","background-position":"center center","background-size":"auto","background-attachment":"scroll","background-type":"","background-media":"","overlay-type":"","overlay-color":"","overlay-opacity":"","overlay-gradient":""}},"ast-content-background-meta":{"desktop":{"background-color":"var(--ast-global-color-5)","background-image":"","background-repeat":"repeat","background-position":"center center","background-size":"auto","background-attachment":"scroll","background-type":"","background-media":"","overlay-type":"","overlay-color":"","overlay-opacity":"","overlay-gradient":""},"tablet":{"background-color":"var(--ast-global-color-5)","background-image":"","background-repeat":"repeat","background-position":"center center","background-size":"auto","background-attachment":"scroll","background-type":"","background-media":"","overlay-type":"","overlay-color":"","overlay-opacity":"","overlay-gradient":""},"mobile":{"background-color":"var(--ast-global-color-5)","background-image":"","background-repeat":"repeat","background-position":"center center","background-size":"auto","background-attachment":"scroll","background-type":"","background-media":"","overlay-type":"","overlay-color":"","overlay-opacity":"","overlay-gradient":""}}},"categoria-experiencia":[],"comarca":[],"class_list":["post-12210","experiencia","type-experiencia","status-publish","has-post-thumbnail","hentry"],"acf":[],"yoast_head":"<!-- This site is optimized with the Yoast SEO plugin v26.9 - https:\/\/yoast.com\/product\/yoast-seo-wordpress\/ -->\n<title>Bicycles and giant chairs of Plana de L&#039;arc - Cicloturismo Castell\u00f3n<\/title>\n<meta name=\"description\" content=\"Bicycles and giant chairs of Plana de L&#039;arc - Cicloturismo Castell\u00f3n Castell\u00f3n se ha convertido en un referente para ciclistas de \u00e9lite de todo el mundo.\" \/>\n<meta name=\"robots\" content=\"index, follow, max-snippet:-1, max-image-preview:large, max-video-preview:-1\" \/>\n<link rel=\"canonical\" href=\"https:\/\/castelloncycling.com\/en\/experiencia\/bicycles-and-giant-chairs-of-plana-de-larc\/\" \/>\n<meta property=\"og:locale\" content=\"en_US\" \/>\n<meta property=\"og:type\" content=\"article\" \/>\n<meta property=\"og:title\" content=\"Bicycles and giant chairs of Plana de L&#039;arc - Cicloturismo Castell\u00f3n\" \/>\n<meta property=\"og:description\" content=\"Bicycles and giant chairs of Plana de L&#039;arc - Cicloturismo Castell\u00f3n Castell\u00f3n se ha convertido en un referente para ciclistas de \u00e9lite de todo el mundo.\" \/>\n<meta property=\"og:url\" content=\"https:\/\/castelloncycling.com\/en\/experiencia\/bicycles-and-giant-chairs-of-plana-de-larc\/\" \/>\n<meta property=\"og:site_name\" content=\"Cicloturismo Castell\u00f3n\" \/>\n<meta property=\"article:publisher\" content=\"https:\/\/www.facebook.com\/turismodecastellon\" \/>\n<meta property=\"og:image\" content=\"https:\/\/castelloncycling.com\/wp-content\/uploads\/2025\/12\/Bici-Amarilla.jpeg\" \/>\n\t<meta property=\"og:image:width\" content=\"1600\" \/>\n\t<meta property=\"og:image:height\" content=\"1200\" \/>\n\t<meta property=\"og:image:type\" content=\"image\/jpeg\" \/>\n<meta name=\"twitter:card\" content=\"summary_large_image\" \/>\n<meta name=\"twitter:site\" content=\"@turcastellon\" \/>\n<meta name=\"twitter:label1\" content=\"Est. reading time\" \/>\n\t<meta name=\"twitter:data1\" content=\"1 minute\" \/>\n<script type=\"application\/ld+json\" class=\"yoast-schema-graph\">{\"@context\":\"https:\/\/schema.org\",\"@graph\":[{\"@type\":\"WebPage\",\"@id\":\"https:\/\/castelloncycling.com\/en\/experiencia\/bicycles-and-giant-chairs-of-plana-de-larc\/\",\"url\":\"https:\/\/castelloncycling.com\/en\/experiencia\/bicycles-and-giant-chairs-of-plana-de-larc\/\",\"name\":\"Bicycles and giant chairs of Plana de L'arc - Cicloturismo Castell\u00f3n\",\"isPartOf\":{\"@id\":\"https:\/\/castelloncycling.com\/en\/#website\"},\"primaryImageOfPage\":{\"@id\":\"https:\/\/castelloncycling.com\/en\/experiencia\/bicycles-and-giant-chairs-of-plana-de-larc\/#primaryimage\"},\"image\":{\"@id\":\"https:\/\/castelloncycling.com\/en\/experiencia\/bicycles-and-giant-chairs-of-plana-de-larc\/#primaryimage\"},\"thumbnailUrl\":\"https:\/\/castelloncycling.com\/wp-content\/uploads\/2025\/12\/Bici-Amarilla.jpeg\",\"datePublished\":\"2025-12-10T10:23:33+00:00\",\"description\":\"Bicycles and giant chairs of Plana de L'arc - Cicloturismo Castell\u00f3n Castell\u00f3n se ha convertido en un referente para ciclistas de \u00e9lite de todo el mundo.\",\"breadcrumb\":{\"@id\":\"https:\/\/castelloncycling.com\/en\/experiencia\/bicycles-and-giant-chairs-of-plana-de-larc\/#breadcrumb\"},\"inLanguage\":\"en-US\",\"potentialAction\":[{\"@type\":\"ReadAction\",\"target\":[\"https:\/\/castelloncycling.com\/en\/experiencia\/bicycles-and-giant-chairs-of-plana-de-larc\/\"]}]},{\"@type\":\"ImageObject\",\"inLanguage\":\"en-US\",\"@id\":\"https:\/\/castelloncycling.com\/en\/experiencia\/bicycles-and-giant-chairs-of-plana-de-larc\/#primaryimage\",\"url\":\"https:\/\/castelloncycling.com\/wp-content\/uploads\/2025\/12\/Bici-Amarilla.jpeg\",\"contentUrl\":\"https:\/\/castelloncycling.com\/wp-content\/uploads\/2025\/12\/Bici-Amarilla.jpeg\",\"width\":1600,\"height\":1200},{\"@type\":\"BreadcrumbList\",\"@id\":\"https:\/\/castelloncycling.com\/en\/experiencia\/bicycles-and-giant-chairs-of-plana-de-larc\/#breadcrumb\",\"itemListElement\":[{\"@type\":\"ListItem\",\"position\":1,\"name\":\"Inicio\",\"item\":\"https:\/\/castelloncycling.com\/en\/home\/\"},{\"@type\":\"ListItem\",\"position\":2,\"name\":\"Experiencias\",\"item\":\"https:\/\/castelloncycling.com\/en\/experiencia\/\"},{\"@type\":\"ListItem\",\"position\":3,\"name\":\"Bicycles and giant chairs of Plana de L&#8217;arc\"}]},{\"@type\":\"WebSite\",\"@id\":\"https:\/\/castelloncycling.com\/en\/#website\",\"url\":\"https:\/\/castelloncycling.com\/en\/\",\"name\":\"Cicloturismo Castell\u00f3n\",\"description\":\"\",\"publisher\":{\"@id\":\"https:\/\/castelloncycling.com\/en\/#organization\"},\"potentialAction\":[{\"@type\":\"SearchAction\",\"target\":{\"@type\":\"EntryPoint\",\"urlTemplate\":\"https:\/\/castelloncycling.com\/en\/?s={search_term_string}\"},\"query-input\":{\"@type\":\"PropertyValueSpecification\",\"valueRequired\":true,\"valueName\":\"search_term_string\"}}],\"inLanguage\":\"en-US\"},{\"@type\":\"Organization\",\"@id\":\"https:\/\/castelloncycling.com\/en\/#organization\",\"name\":\"Cicloturismo Castell\u00f3n\",\"url\":\"https:\/\/castelloncycling.com\/en\/\",\"logo\":{\"@type\":\"ImageObject\",\"inLanguage\":\"en-US\",\"@id\":\"https:\/\/castelloncycling.com\/en\/#\/schema\/logo\/image\/\",\"url\":\"https:\/\/castelloncycling.com\/wp-content\/uploads\/2025\/02\/Logo-Diputacion-y-Castellon-Cycling-scaled.png\",\"contentUrl\":\"https:\/\/castelloncycling.com\/wp-content\/uploads\/2025\/02\/Logo-Diputacion-y-Castellon-Cycling-scaled.png\",\"width\":2560,\"height\":285,\"caption\":\"Cicloturismo Castell\u00f3n\"},\"image\":{\"@id\":\"https:\/\/castelloncycling.com\/en\/#\/schema\/logo\/image\/\"},\"sameAs\":[\"https:\/\/www.facebook.com\/turismodecastellon\",\"https:\/\/x.com\/turcastellon\",\"https:\/\/www.flickr.com\/photos\/turismodecastellon\",\"https:\/\/www.youtube.com\/user\/turismodecastellon\",\"https:\/\/www.instagram.com\/turismodecastellon\/\"]}]}<\/script>\n<!-- \/ Yoast SEO plugin. -->","yoast_head_json":{"title":"Bicycles and giant chairs of Plana de L'arc - Cicloturismo Castell\u00f3n","description":"Bicycles and giant chairs of Plana de L'arc - Cicloturismo Castell\u00f3n Castell\u00f3n se ha convertido en un referente para ciclistas de \u00e9lite de todo el mundo.","robots":{"index":"index","follow":"follow","max-snippet":"max-snippet:-1","max-image-preview":"max-image-preview:large","max-video-preview":"max-video-preview:-1"},"canonical":"https:\/\/castelloncycling.com\/en\/experiencia\/bicycles-and-giant-chairs-of-plana-de-larc\/","og_locale":"en_US","og_type":"article","og_title":"Bicycles and giant chairs of Plana de L'arc - Cicloturismo Castell\u00f3n","og_description":"Bicycles and giant chairs of Plana de L'arc - Cicloturismo Castell\u00f3n Castell\u00f3n se ha convertido en un referente para ciclistas de \u00e9lite de todo el mundo.","og_url":"https:\/\/castelloncycling.com\/en\/experiencia\/bicycles-and-giant-chairs-of-plana-de-larc\/","og_site_name":"Cicloturismo Castell\u00f3n","article_publisher":"https:\/\/www.facebook.com\/turismodecastellon","og_image":[{"width":1600,"height":1200,"url":"https:\/\/castelloncycling.com\/wp-content\/uploads\/2025\/12\/Bici-Amarilla.jpeg","type":"image\/jpeg"}],"twitter_card":"summary_large_image","twitter_site":"@turcastellon","twitter_misc":{"Est. reading time":"1 minute"},"schema":{"@context":"https:\/\/schema.org","@graph":[{"@type":"WebPage","@id":"https:\/\/castelloncycling.com\/en\/experiencia\/bicycles-and-giant-chairs-of-plana-de-larc\/","url":"https:\/\/castelloncycling.com\/en\/experiencia\/bicycles-and-giant-chairs-of-plana-de-larc\/","name":"Bicycles and giant chairs of Plana de L'arc - Cicloturismo Castell\u00f3n","isPartOf":{"@id":"https:\/\/castelloncycling.com\/en\/#website"},"primaryImageOfPage":{"@id":"https:\/\/castelloncycling.com\/en\/experiencia\/bicycles-and-giant-chairs-of-plana-de-larc\/#primaryimage"},"image":{"@id":"https:\/\/castelloncycling.com\/en\/experiencia\/bicycles-and-giant-chairs-of-plana-de-larc\/#primaryimage"},"thumbnailUrl":"https:\/\/castelloncycling.com\/wp-content\/uploads\/2025\/12\/Bici-Amarilla.jpeg","datePublished":"2025-12-10T10:23:33+00:00","description":"Bicycles and giant chairs of Plana de L'arc - Cicloturismo Castell\u00f3n Castell\u00f3n se ha convertido en un referente para ciclistas de \u00e9lite de todo el mundo.","breadcrumb":{"@id":"https:\/\/castelloncycling.com\/en\/experiencia\/bicycles-and-giant-chairs-of-plana-de-larc\/#breadcrumb"},"inLanguage":"en-US","potentialAction":[{"@type":"ReadAction","target":["https:\/\/castelloncycling.com\/en\/experiencia\/bicycles-and-giant-chairs-of-plana-de-larc\/"]}]},{"@type":"ImageObject","inLanguage":"en-US","@id":"https:\/\/castelloncycling.com\/en\/experiencia\/bicycles-and-giant-chairs-of-plana-de-larc\/#primaryimage","url":"https:\/\/castelloncycling.com\/wp-content\/uploads\/2025\/12\/Bici-Amarilla.jpeg","contentUrl":"https:\/\/castelloncycling.com\/wp-content\/uploads\/2025\/12\/Bici-Amarilla.jpeg","width":1600,"height":1200},{"@type":"BreadcrumbList","@id":"https:\/\/castelloncycling.com\/en\/experiencia\/bicycles-and-giant-chairs-of-plana-de-larc\/#breadcrumb","itemListElement":[{"@type":"ListItem","position":1,"name":"Inicio","item":"https:\/\/castelloncycling.com\/en\/home\/"},{"@type":"ListItem","position":2,"name":"Experiencias","item":"https:\/\/castelloncycling.com\/en\/experiencia\/"},{"@type":"ListItem","position":3,"name":"Bicycles and giant chairs of Plana de L&#8217;arc"}]},{"@type":"WebSite","@id":"https:\/\/castelloncycling.com\/en\/#website","url":"https:\/\/castelloncycling.com\/en\/","name":"Cicloturismo Castell\u00f3n","description":"","publisher":{"@id":"https:\/\/castelloncycling.com\/en\/#organization"},"potentialAction":[{"@type":"SearchAction","target":{"@type":"EntryPoint","urlTemplate":"https:\/\/castelloncycling.com\/en\/?s={search_term_string}"},"query-input":{"@type":"PropertyValueSpecification","valueRequired":true,"valueName":"search_term_string"}}],"inLanguage":"en-US"},{"@type":"Organization","@id":"https:\/\/castelloncycling.com\/en\/#organization","name":"Cicloturismo Castell\u00f3n","url":"https:\/\/castelloncycling.com\/en\/","logo":{"@type":"ImageObject","inLanguage":"en-US","@id":"https:\/\/castelloncycling.com\/en\/#\/schema\/logo\/image\/","url":"https:\/\/castelloncycling.com\/wp-content\/uploads\/2025\/02\/Logo-Diputacion-y-Castellon-Cycling-scaled.png","contentUrl":"https:\/\/castelloncycling.com\/wp-content\/uploads\/2025\/02\/Logo-Diputacion-y-Castellon-Cycling-scaled.png","width":2560,"height":285,"caption":"Cicloturismo Castell\u00f3n"},"image":{"@id":"https:\/\/castelloncycling.com\/en\/#\/schema\/logo\/image\/"},"sameAs":["https:\/\/www.facebook.com\/turismodecastellon","https:\/\/x.com\/turcastellon","https:\/\/www.flickr.com\/photos\/turismodecastellon","https:\/\/www.youtube.com\/user\/turismodecastellon","https:\/\/www.instagram.com\/turismodecastellon\/"]}]}},"_links":{"self":[{"href":"https:\/\/castelloncycling.com\/en\/wp-json\/wp\/v2\/experiencia\/12210","targetHints":{"allow":["GET"]}}],"collection":[{"href":"https:\/\/castelloncycling.com\/en\/wp-json\/wp\/v2\/experiencia"}],"about":[{"href":"https:\/\/castelloncycling.com\/en\/wp-json\/wp\/v2\/types\/experiencia"}],"version-history":[{"count":1,"href":"https:\/\/castelloncycling.com\/en\/wp-json\/wp\/v2\/experiencia\/12210\/revisions"}],"predecessor-version":[{"id":12211,"href":"https:\/\/castelloncycling.com\/en\/wp-json\/wp\/v2\/experiencia\/12210\/revisions\/12211"}],"wp:featuredmedia":[{"embeddable":true,"href":"https:\/\/castelloncycling.com\/en\/wp-json\/wp\/v2\/media\/12224"}],"wp:attachment":[{"href":"https:\/\/castelloncycling.com\/en\/wp-json\/wp\/v2\/media?parent=12210"}],"wp:term":[{"taxonomy":"categoria-experiencia","embeddable":true,"href":"https:\/\/castelloncycling.com\/en\/wp-json\/wp\/v2\/categoria-experiencia?post=12210"},{"taxonomy":"comarca","embeddable":true,"href":"https:\/\/castelloncycling.com\/en\/wp-json\/wp\/v2\/comarca?post=12210"}],"curies":[{"name":"wp","href":"https:\/\/api.w.org\/{rel}","templated":true}]}}