{"id":12273,"date":"2025-12-10T11:18:10","date_gmt":"2025-12-10T10:18:10","guid":{"rendered":"https:\/\/castelloncycling.com\/experiencia\/eurovelo-8-sierra-de-irta\/"},"modified":"2025-12-10T11:27:54","modified_gmt":"2025-12-10T10:27:54","slug":"eurovelo-8-sierra-de-irta","status":"publish","type":"experiencia","link":"https:\/\/castelloncycling.com\/en\/experiencia\/eurovelo-8-sierra-de-irta\/","title":{"rendered":"EuroVelo 8 &#8211; Sierra de Irta"},"content":{"rendered":"\t\t<div data-elementor-type=\"wp-post\" data-elementor-id=\"12273\" class=\"elementor elementor-12273 elementor-12238\" data-elementor-post-type=\"experiencia\">\n\t\t\t\t<div class=\"elementor-element elementor-element-10e52610 e-flex e-con-boxed e-con e-parent\" data-id=\"10e52610\" data-element_type=\"container\">\n\t\t\t\t\t<div class=\"e-con-inner\">\n\t\t\t\t<div class=\"elementor-element elementor-element-499f9e20 elementor-widget elementor-widget-text-editor\" data-id=\"499f9e20\" data-element_type=\"widget\" data-widget_type=\"text-editor.default\">\n\t\t\t\t<div class=\"elementor-widget-container\">\n\t\t\t\t\t\t\t<p><span data-contrast=\"none\">Visit in this experience the EuroVelo 8, known as &#8220;Mediterranean Route&#8221;. One of the 17 long-distance cycling routes that make up the EuroVelo network. With approximately 7,500 kilometers, it connects Cadiz, in southern Spain, with the island of Cyprus, crossing the province of Castell\u00f3n and countries such as France, Italy, Slovenia, Croatia, Montenegro, Albania, Greece and Turkey.    <\/span><span data-ccp-props=\"{\"134233117\":false,\"134233118\":false,\"201341983\":0,\"335551550\":6,\"335551620\":6,\"335559685\":0,\"335559737\":0,\"335559738\":0,\"335559739\":160,\"335559740\":279}\"> <\/span><\/p><p><span data-contrast=\"none\">This route offers a unique experience for cycling tourism lovers, combining spectacular coastal scenery, historic cities and a rich cultural diversity. In addition to being an itinerary to discover the beauty of the Mediterranean, it promotes sustainable mobility and responsible tourism, making it an ideal option for those seeking adventure, nature and heritage in a single route. <\/span><span data-ccp-props=\"{\"134233117\":false,\"134233118\":false,\"201341983\":0,\"335551550\":6,\"335551620\":6,\"335559685\":0,\"335559737\":0,\"335559738\":0,\"335559739\":160,\"335559740\":279}\"> <\/span><\/p><p><span data-contrast=\"none\">In this experience, you will be able to visit it with an electric mountain bike that you will pick up at <\/span><a href=\"https:\/\/ekobikes.es\/\"><span data-contrast=\"none\">Ekobikes<\/span><\/a><span data-contrast=\"none\">in Pe\u00f1\u00edscola.<\/span><span data-ccp-props=\"{\"134233117\":false,\"134233118\":false,\"201341983\":0,\"335551550\":6,\"335551620\":6,\"335559685\":0,\"335559737\":0,\"335559738\":0,\"335559739\":160,\"335559740\":279}\"> <\/span><\/p><p><span data-contrast=\"none\">The route has some very hard ramps at the beginning and in the intermediate part, which can reach 15%, so if you want to fully enjoy this experience and you do not have a high level of cycling, we recommend renting an electric bike.<\/span><span data-ccp-props=\"{\"134233117\":false,\"134233118\":false,\"201341983\":0,\"335551550\":6,\"335551620\":6,\"335559685\":0,\"335559737\":0,\"335559738\":0,\"335559739\":160,\"335559740\":279}\"> <\/span><\/p><p><span data-contrast=\"none\">You will pass by the Badum Tower, and beaches such as the Pebret, Barranco de Irta or La Basseta, combining wide dirt tracks with concrete sections with restricted traffic.<\/span><span data-ccp-props=\"{\"134233117\":false,\"134233118\":false,\"201341983\":0,\"335551550\":6,\"335551620\":6,\"335559685\":0,\"335559737\":0,\"335559738\":0,\"335559739\":160,\"335559740\":279}\"> <\/span><\/p><p><span data-contrast=\"none\">You can make a mid-route stop at the Sierra de Irta Restaurant or at the Ribamar Campsite, where you will find services for cyclists, before returning along the same road between curves, viewpoints and incredible views of the Mediterranean Sea.<\/span><span data-ccp-props=\"{\"134233117\":false,\"134233118\":false,\"201341983\":0,\"335551550\":6,\"335551620\":6,\"335559685\":0,\"335559737\":0,\"335559738\":0,\"335559739\":160,\"335559740\":279}\"> <\/span><\/p><p><span data-contrast=\"none\">The roundtrip route is about 32 kilometers with 400 meters of positive elevation gain.<\/span><span data-ccp-props=\"{\"134233117\":false,\"134233118\":false,\"201341983\":0,\"335551550\":6,\"335551620\":6,\"335559685\":0,\"335559737\":0,\"335559738\":0,\"335559739\":160,\"335559740\":279}\"> <\/span><\/p>\t\t\t\t\t\t<\/div>\n\t\t\t\t<\/div>\n\t\t\t\t\t<\/div>\n\t\t\t\t<\/div>\n\t\t\t\t<\/div>\n\t\t","protected":false},"excerpt":{"rendered":"<p>Visit in this experience the EuroVelo 8, known as &#8220;Mediterranean Route&#8221;. One of the 17 long-distance cycling routes that make [&hellip;]<\/p>\n","protected":false},"featured_media":12254,"template":"","meta":{"_acf_changed":false,"site-sidebar-layout":"default","site-content-layout":"","ast-site-content-layout":"","site-content-style":"default","site-sidebar-style":"default","ast-global-header-display":"","ast-banner-title-visibility":"","ast-main-header-display":"","ast-hfb-above-header-display":"","ast-hfb-below-header-display":"","ast-hfb-mobile-header-display":"","site-post-title":"","ast-breadcrumbs-content":"","ast-featured-img":"","footer-sml-layout":"","theme-transparent-header-meta":"","adv-header-id-meta":"","stick-header-meta":"","header-above-stick-meta":"","header-main-stick-meta":"","header-below-stick-meta":"","astra-migrate-meta-layouts":"default","ast-page-background-enabled":"default","ast-page-background-meta":{"desktop":{"background-color":"var(--ast-global-color-4)","background-image":"","background-repeat":"repeat","background-position":"center center","background-size":"auto","background-attachment":"scroll","background-type":"","background-media":"","overlay-type":"","overlay-color":"","overlay-opacity":"","overlay-gradient":""},"tablet":{"background-color":"","background-image":"","background-repeat":"repeat","background-position":"center center","background-size":"auto","background-attachment":"scroll","background-type":"","background-media":"","overlay-type":"","overlay-color":"","overlay-opacity":"","overlay-gradient":""},"mobile":{"background-color":"","background-image":"","background-repeat":"repeat","background-position":"center center","background-size":"auto","background-attachment":"scroll","background-type":"","background-media":"","overlay-type":"","overlay-color":"","overlay-opacity":"","overlay-gradient":""}},"ast-content-background-meta":{"desktop":{"background-color":"var(--ast-global-color-5)","background-image":"","background-repeat":"repeat","background-position":"center center","background-size":"auto","background-attachment":"scroll","background-type":"","background-media":"","overlay-type":"","overlay-color":"","overlay-opacity":"","overlay-gradient":""},"tablet":{"background-color":"var(--ast-global-color-5)","background-image":"","background-repeat":"repeat","background-position":"center center","background-size":"auto","background-attachment":"scroll","background-type":"","background-media":"","overlay-type":"","overlay-color":"","overlay-opacity":"","overlay-gradient":""},"mobile":{"background-color":"var(--ast-global-color-5)","background-image":"","background-repeat":"repeat","background-position":"center center","background-size":"auto","background-attachment":"scroll","background-type":"","background-media":"","overlay-type":"","overlay-color":"","overlay-opacity":"","overlay-gradient":""}}},"categoria-experiencia":[],"comarca":[],"class_list":["post-12273","experiencia","type-experiencia","status-publish","has-post-thumbnail","hentry"],"acf":[],"yoast_head":"<!-- This site is optimized with the Yoast SEO plugin v26.9 - https:\/\/yoast.com\/product\/yoast-seo-wordpress\/ -->\n<title>EuroVelo 8 - Sierra de Irta - Cicloturismo Castell\u00f3n<\/title>\n<meta name=\"description\" content=\"EuroVelo 8 - Sierra de Irta - Cicloturismo Castell\u00f3n Castell\u00f3n se ha convertido en un referente para ciclistas de \u00e9lite de todo el mundo.\" \/>\n<meta name=\"robots\" content=\"index, follow, max-snippet:-1, max-image-preview:large, max-video-preview:-1\" \/>\n<link rel=\"canonical\" href=\"https:\/\/castelloncycling.com\/en\/experiencia\/eurovelo-8-sierra-de-irta\/\" \/>\n<meta property=\"og:locale\" content=\"en_US\" \/>\n<meta property=\"og:type\" content=\"article\" \/>\n<meta property=\"og:title\" content=\"EuroVelo 8 - Sierra de Irta - Cicloturismo Castell\u00f3n\" \/>\n<meta property=\"og:description\" content=\"EuroVelo 8 - Sierra de Irta - Cicloturismo Castell\u00f3n Castell\u00f3n se ha convertido en un referente para ciclistas de \u00e9lite de todo el mundo.\" \/>\n<meta property=\"og:url\" content=\"https:\/\/castelloncycling.com\/en\/experiencia\/eurovelo-8-sierra-de-irta\/\" \/>\n<meta property=\"og:site_name\" content=\"Cicloturismo Castell\u00f3n\" \/>\n<meta property=\"article:publisher\" content=\"https:\/\/www.facebook.com\/turismodecastellon\" \/>\n<meta property=\"article:modified_time\" content=\"2025-12-10T10:27:54+00:00\" \/>\n<meta property=\"og:image\" content=\"https:\/\/castelloncycling.com\/wp-content\/uploads\/2025\/12\/eurovelo-8-sierra-irta.jpeg\" \/>\n\t<meta property=\"og:image:width\" content=\"1200\" \/>\n\t<meta property=\"og:image:height\" content=\"1600\" \/>\n\t<meta property=\"og:image:type\" content=\"image\/jpeg\" \/>\n<meta name=\"twitter:card\" content=\"summary_large_image\" \/>\n<meta name=\"twitter:site\" content=\"@turcastellon\" \/>\n<meta name=\"twitter:label1\" content=\"Est. reading time\" \/>\n\t<meta name=\"twitter:data1\" content=\"1 minute\" \/>\n<script type=\"application\/ld+json\" class=\"yoast-schema-graph\">{\"@context\":\"https:\/\/schema.org\",\"@graph\":[{\"@type\":\"WebPage\",\"@id\":\"https:\/\/castelloncycling.com\/en\/experiencia\/eurovelo-8-sierra-de-irta\/\",\"url\":\"https:\/\/castelloncycling.com\/en\/experiencia\/eurovelo-8-sierra-de-irta\/\",\"name\":\"EuroVelo 8 - Sierra de Irta - Cicloturismo Castell\u00f3n\",\"isPartOf\":{\"@id\":\"https:\/\/castelloncycling.com\/en\/#website\"},\"primaryImageOfPage\":{\"@id\":\"https:\/\/castelloncycling.com\/en\/experiencia\/eurovelo-8-sierra-de-irta\/#primaryimage\"},\"image\":{\"@id\":\"https:\/\/castelloncycling.com\/en\/experiencia\/eurovelo-8-sierra-de-irta\/#primaryimage\"},\"thumbnailUrl\":\"https:\/\/castelloncycling.com\/wp-content\/uploads\/2025\/12\/eurovelo-8-sierra-irta.jpeg\",\"datePublished\":\"2025-12-10T10:18:10+00:00\",\"dateModified\":\"2025-12-10T10:27:54+00:00\",\"description\":\"EuroVelo 8 - Sierra de Irta - Cicloturismo Castell\u00f3n Castell\u00f3n se ha convertido en un referente para ciclistas de \u00e9lite de todo el mundo.\",\"breadcrumb\":{\"@id\":\"https:\/\/castelloncycling.com\/en\/experiencia\/eurovelo-8-sierra-de-irta\/#breadcrumb\"},\"inLanguage\":\"en-US\",\"potentialAction\":[{\"@type\":\"ReadAction\",\"target\":[\"https:\/\/castelloncycling.com\/en\/experiencia\/eurovelo-8-sierra-de-irta\/\"]}]},{\"@type\":\"ImageObject\",\"inLanguage\":\"en-US\",\"@id\":\"https:\/\/castelloncycling.com\/en\/experiencia\/eurovelo-8-sierra-de-irta\/#primaryimage\",\"url\":\"https:\/\/castelloncycling.com\/wp-content\/uploads\/2025\/12\/eurovelo-8-sierra-irta.jpeg\",\"contentUrl\":\"https:\/\/castelloncycling.com\/wp-content\/uploads\/2025\/12\/eurovelo-8-sierra-irta.jpeg\",\"width\":1200,\"height\":1600},{\"@type\":\"BreadcrumbList\",\"@id\":\"https:\/\/castelloncycling.com\/en\/experiencia\/eurovelo-8-sierra-de-irta\/#breadcrumb\",\"itemListElement\":[{\"@type\":\"ListItem\",\"position\":1,\"name\":\"Inicio\",\"item\":\"https:\/\/castelloncycling.com\/en\/home\/\"},{\"@type\":\"ListItem\",\"position\":2,\"name\":\"Experiencias\",\"item\":\"https:\/\/castelloncycling.com\/en\/experiencia\/\"},{\"@type\":\"ListItem\",\"position\":3,\"name\":\"EuroVelo 8 &#8211; Sierra de Irta\"}]},{\"@type\":\"WebSite\",\"@id\":\"https:\/\/castelloncycling.com\/en\/#website\",\"url\":\"https:\/\/castelloncycling.com\/en\/\",\"name\":\"Cicloturismo Castell\u00f3n\",\"description\":\"\",\"publisher\":{\"@id\":\"https:\/\/castelloncycling.com\/en\/#organization\"},\"potentialAction\":[{\"@type\":\"SearchAction\",\"target\":{\"@type\":\"EntryPoint\",\"urlTemplate\":\"https:\/\/castelloncycling.com\/en\/?s={search_term_string}\"},\"query-input\":{\"@type\":\"PropertyValueSpecification\",\"valueRequired\":true,\"valueName\":\"search_term_string\"}}],\"inLanguage\":\"en-US\"},{\"@type\":\"Organization\",\"@id\":\"https:\/\/castelloncycling.com\/en\/#organization\",\"name\":\"Cicloturismo Castell\u00f3n\",\"url\":\"https:\/\/castelloncycling.com\/en\/\",\"logo\":{\"@type\":\"ImageObject\",\"inLanguage\":\"en-US\",\"@id\":\"https:\/\/castelloncycling.com\/en\/#\/schema\/logo\/image\/\",\"url\":\"https:\/\/castelloncycling.com\/wp-content\/uploads\/2025\/02\/Logo-Diputacion-y-Castellon-Cycling-scaled.png\",\"contentUrl\":\"https:\/\/castelloncycling.com\/wp-content\/uploads\/2025\/02\/Logo-Diputacion-y-Castellon-Cycling-scaled.png\",\"width\":2560,\"height\":285,\"caption\":\"Cicloturismo Castell\u00f3n\"},\"image\":{\"@id\":\"https:\/\/castelloncycling.com\/en\/#\/schema\/logo\/image\/\"},\"sameAs\":[\"https:\/\/www.facebook.com\/turismodecastellon\",\"https:\/\/x.com\/turcastellon\",\"https:\/\/www.flickr.com\/photos\/turismodecastellon\",\"https:\/\/www.youtube.com\/user\/turismodecastellon\",\"https:\/\/www.instagram.com\/turismodecastellon\/\"]}]}<\/script>\n<!-- \/ Yoast SEO plugin. -->","yoast_head_json":{"title":"EuroVelo 8 - Sierra de Irta - Cicloturismo Castell\u00f3n","description":"EuroVelo 8 - Sierra de Irta - Cicloturismo Castell\u00f3n Castell\u00f3n se ha convertido en un referente para ciclistas de \u00e9lite de todo el mundo.","robots":{"index":"index","follow":"follow","max-snippet":"max-snippet:-1","max-image-preview":"max-image-preview:large","max-video-preview":"max-video-preview:-1"},"canonical":"https:\/\/castelloncycling.com\/en\/experiencia\/eurovelo-8-sierra-de-irta\/","og_locale":"en_US","og_type":"article","og_title":"EuroVelo 8 - Sierra de Irta - Cicloturismo Castell\u00f3n","og_description":"EuroVelo 8 - Sierra de Irta - Cicloturismo Castell\u00f3n Castell\u00f3n se ha convertido en un referente para ciclistas de \u00e9lite de todo el mundo.","og_url":"https:\/\/castelloncycling.com\/en\/experiencia\/eurovelo-8-sierra-de-irta\/","og_site_name":"Cicloturismo Castell\u00f3n","article_publisher":"https:\/\/www.facebook.com\/turismodecastellon","article_modified_time":"2025-12-10T10:27:54+00:00","og_image":[{"width":1200,"height":1600,"url":"https:\/\/castelloncycling.com\/wp-content\/uploads\/2025\/12\/eurovelo-8-sierra-irta.jpeg","type":"image\/jpeg"}],"twitter_card":"summary_large_image","twitter_site":"@turcastellon","twitter_misc":{"Est. reading time":"1 minute"},"schema":{"@context":"https:\/\/schema.org","@graph":[{"@type":"WebPage","@id":"https:\/\/castelloncycling.com\/en\/experiencia\/eurovelo-8-sierra-de-irta\/","url":"https:\/\/castelloncycling.com\/en\/experiencia\/eurovelo-8-sierra-de-irta\/","name":"EuroVelo 8 - Sierra de Irta - Cicloturismo Castell\u00f3n","isPartOf":{"@id":"https:\/\/castelloncycling.com\/en\/#website"},"primaryImageOfPage":{"@id":"https:\/\/castelloncycling.com\/en\/experiencia\/eurovelo-8-sierra-de-irta\/#primaryimage"},"image":{"@id":"https:\/\/castelloncycling.com\/en\/experiencia\/eurovelo-8-sierra-de-irta\/#primaryimage"},"thumbnailUrl":"https:\/\/castelloncycling.com\/wp-content\/uploads\/2025\/12\/eurovelo-8-sierra-irta.jpeg","datePublished":"2025-12-10T10:18:10+00:00","dateModified":"2025-12-10T10:27:54+00:00","description":"EuroVelo 8 - Sierra de Irta - Cicloturismo Castell\u00f3n Castell\u00f3n se ha convertido en un referente para ciclistas de \u00e9lite de todo el mundo.","breadcrumb":{"@id":"https:\/\/castelloncycling.com\/en\/experiencia\/eurovelo-8-sierra-de-irta\/#breadcrumb"},"inLanguage":"en-US","potentialAction":[{"@type":"ReadAction","target":["https:\/\/castelloncycling.com\/en\/experiencia\/eurovelo-8-sierra-de-irta\/"]}]},{"@type":"ImageObject","inLanguage":"en-US","@id":"https:\/\/castelloncycling.com\/en\/experiencia\/eurovelo-8-sierra-de-irta\/#primaryimage","url":"https:\/\/castelloncycling.com\/wp-content\/uploads\/2025\/12\/eurovelo-8-sierra-irta.jpeg","contentUrl":"https:\/\/castelloncycling.com\/wp-content\/uploads\/2025\/12\/eurovelo-8-sierra-irta.jpeg","width":1200,"height":1600},{"@type":"BreadcrumbList","@id":"https:\/\/castelloncycling.com\/en\/experiencia\/eurovelo-8-sierra-de-irta\/#breadcrumb","itemListElement":[{"@type":"ListItem","position":1,"name":"Inicio","item":"https:\/\/castelloncycling.com\/en\/home\/"},{"@type":"ListItem","position":2,"name":"Experiencias","item":"https:\/\/castelloncycling.com\/en\/experiencia\/"},{"@type":"ListItem","position":3,"name":"EuroVelo 8 &#8211; Sierra de Irta"}]},{"@type":"WebSite","@id":"https:\/\/castelloncycling.com\/en\/#website","url":"https:\/\/castelloncycling.com\/en\/","name":"Cicloturismo Castell\u00f3n","description":"","publisher":{"@id":"https:\/\/castelloncycling.com\/en\/#organization"},"potentialAction":[{"@type":"SearchAction","target":{"@type":"EntryPoint","urlTemplate":"https:\/\/castelloncycling.com\/en\/?s={search_term_string}"},"query-input":{"@type":"PropertyValueSpecification","valueRequired":true,"valueName":"search_term_string"}}],"inLanguage":"en-US"},{"@type":"Organization","@id":"https:\/\/castelloncycling.com\/en\/#organization","name":"Cicloturismo Castell\u00f3n","url":"https:\/\/castelloncycling.com\/en\/","logo":{"@type":"ImageObject","inLanguage":"en-US","@id":"https:\/\/castelloncycling.com\/en\/#\/schema\/logo\/image\/","url":"https:\/\/castelloncycling.com\/wp-content\/uploads\/2025\/02\/Logo-Diputacion-y-Castellon-Cycling-scaled.png","contentUrl":"https:\/\/castelloncycling.com\/wp-content\/uploads\/2025\/02\/Logo-Diputacion-y-Castellon-Cycling-scaled.png","width":2560,"height":285,"caption":"Cicloturismo Castell\u00f3n"},"image":{"@id":"https:\/\/castelloncycling.com\/en\/#\/schema\/logo\/image\/"},"sameAs":["https:\/\/www.facebook.com\/turismodecastellon","https:\/\/x.com\/turcastellon","https:\/\/www.flickr.com\/photos\/turismodecastellon","https:\/\/www.youtube.com\/user\/turismodecastellon","https:\/\/www.instagram.com\/turismodecastellon\/"]}]}},"_links":{"self":[{"href":"https:\/\/castelloncycling.com\/en\/wp-json\/wp\/v2\/experiencia\/12273","targetHints":{"allow":["GET"]}}],"collection":[{"href":"https:\/\/castelloncycling.com\/en\/wp-json\/wp\/v2\/experiencia"}],"about":[{"href":"https:\/\/castelloncycling.com\/en\/wp-json\/wp\/v2\/types\/experiencia"}],"version-history":[{"count":3,"href":"https:\/\/castelloncycling.com\/en\/wp-json\/wp\/v2\/experiencia\/12273\/revisions"}],"predecessor-version":[{"id":12280,"href":"https:\/\/castelloncycling.com\/en\/wp-json\/wp\/v2\/experiencia\/12273\/revisions\/12280"}],"wp:featuredmedia":[{"embeddable":true,"href":"https:\/\/castelloncycling.com\/en\/wp-json\/wp\/v2\/media\/12254"}],"wp:attachment":[{"href":"https:\/\/castelloncycling.com\/en\/wp-json\/wp\/v2\/media?parent=12273"}],"wp:term":[{"taxonomy":"categoria-experiencia","embeddable":true,"href":"https:\/\/castelloncycling.com\/en\/wp-json\/wp\/v2\/categoria-experiencia?post=12273"},{"taxonomy":"comarca","embeddable":true,"href":"https:\/\/castelloncycling.com\/en\/wp-json\/wp\/v2\/comarca?post=12273"}],"curies":[{"name":"wp","href":"https:\/\/api.w.org\/{rel}","templated":true}]}}