{"id":8084,"date":"2024-11-25T12:35:25","date_gmt":"2024-11-25T12:35:25","guid":{"rendered":"https:\/\/cicloturismo.serinza.com\/companies\/"},"modified":"2024-12-05T16:53:24","modified_gmt":"2024-12-05T16:53:24","slug":"companies","status":"publish","type":"page","link":"https:\/\/castelloncycling.com\/en\/companies\/","title":{"rendered":"Companies"},"content":{"rendered":"\t\t<div data-elementor-type=\"wp-page\" data-elementor-id=\"8084\" class=\"elementor elementor-8084 elementor-6493\" data-elementor-post-type=\"page\">\n\t\t\t\t<div class=\"elementor-element elementor-element-7a4a0bde e-flex e-con-boxed e-con e-parent\" data-id=\"7a4a0bde\" data-element_type=\"container\">\n\t\t\t\t\t<div class=\"e-con-inner\">\n\t\t\t\t<div class=\"elementor-element elementor-element-f4ec21d elementor-widget elementor-widget-shortcode\" data-id=\"f4ec21d\" data-element_type=\"widget\" data-widget_type=\"shortcode.default\">\n\t\t\t\t<div class=\"elementor-widget-container\">\n\t\t\t\t\t<div class=\"elementor-shortcode\"><div id=\"entidades_adheridasbuscador\" class=\"exopite-multifilter-container\" data-ajax='{&quot;post_type&quot;:&quot;entidades_adheridas&quot;,&quot;post_status&quot;:&quot;publish&quot;,&quot;posts_per_page&quot;:&quot;15&quot;,&quot;posts_per_row&quot;:&quot;3&quot;,&quot;display_title&quot;:&quot;true&quot;,&quot;display_filter&quot;:true,&quot;display_filter_title&quot;:true,&quot;blog_layout&quot;:&quot;top&quot;,&quot;no-gap&quot;:false,&quot;except_lenght&quot;:&quot;0&quot;,&quot;except_more&quot;:&quot;text&quot;,&quot;pagination&quot;:&quot;pagination&quot;,&quot;multi_selectable&quot;:true,&quot;thumbnail-size-single-row&quot;:&quot;full&quot;,&quot;thumbnail-size-multi-row&quot;:&quot;large&quot;,&quot;include_taxonomies&quot;:{&quot;tipo_de_empresa&quot;:&quot;&quot;,&quot;comarca&quot;:&quot;&quot;},&quot;taxonomies_terms&quot;:&quot;&quot;,&quot;taxonomy_terms__in&quot;:{&quot;&quot;:&quot;&quot;},&quot;update_paged&quot;:false,&quot;display_page_number&quot;:false,&quot;paged&quot;:&quot;&quot;,&quot;calculate_sticky&quot;:false,&quot;effect&quot;:&quot;none&quot;,&quot;search&quot;:&quot;&quot;,&quot;store_session&quot;:false,&quot;load_from_url&quot;:false,&quot;in_all_taxnomies&quot;:&quot;false&quot;,&quot;random&quot;:false,&quot;display_metas&quot;:&quot;&quot;,&quot;display_metas_taxonomies&quot;:&quot;&quot;,&quot;container_id&quot;:&quot;entidades_adheridasbuscador&quot;,&quot;container_classes&quot;:&quot;&quot;,&quot;style&quot;:&quot;equal-height&quot;,&quot;col_min_width&quot;:340,&quot;gallery_mode&quot;:false,&quot;archive_mode&quot;:false,&quot;ajax_mode&quot;:true,&quot;target_override&quot;:false,&quot;post_in&quot;:&quot;&quot;,&quot;post_not_in&quot;:&quot;&quot;,&quot;date_from&quot;:&quot;&quot;,&quot;date_to&quot;:&quot;&quot;,&quot;order&quot;:&quot;DESC&quot;,&quot;orderby&quot;:&quot;&quot;,&quot;autoplay&quot;:true,&quot;arrows&quot;:true,&quot;autoplay_speed&quot;:3000,&quot;infinite&quot;:true,&quot;speed&quot;:1000,&quot;pause_on_hover&quot;:true,&quot;dots&quot;:true,&quot;adaptive_height&quot;:false,&quot;mobile_first&quot;:false,&quot;slides_per_row&quot;:1,&quot;slides_to_show&quot;:1,&quot;slides_to_scroll&quot;:1,&quot;use_transform&quot;:true,&quot;video&quot;:&quot;&quot;,&quot;video-args&quot;:&quot;controls muted&quot;,&quot;oembed&quot;:&quot;&quot;,&quot;meta_key&quot;:&quot;&quot;,&quot;meta_value&quot;:&quot;&quot;,&quot;timeline-sub-date&quot;:&quot;&quot;,&quot;timeline-date-format&quot;:&quot;j. F Y&quot;,&quot;timeline-sticky&quot;:true,&quot;page_id&quot;:8084,&quot;ajax_nonce&quot;:&quot;04f1e57a9c&quot;}'><div class=\"exopite-multifilter-filter-wrapper\"><div class=\"exopite-multifilter-filter-reset-search text-right\"><span class=\"exopite-multifilter-filter-reset\">Reset all<\/span><form role=\"search\" method=\"get\" class=\"exopite-multifilter-search\" action=\"https:\/\/castelloncycling.com\/en\/\"><div class=\"form-group\"><input type=\"text\" class=\"form-group\" placeholder=\"Search\u2026\" name=\"s\" id=\"\" value=\"\" \/><span class=\"form-group-btn\"><button class=\"btn btn-default\" type=\"submit\" id=\"\" value=\"Search\"><i class=\"fa fa-search\" aria-hidden=\"true\"><\/i><\/button><\/span><\/div><!-- \/input-group --><\/form><\/div><div class=\"exopite-multifilter-filter-taxonomy exopite-multifilter-filter-taxonomy-tipo_de_empresa\" data-post-type=\"entidades_adheridas\" data-multiselect=\"1\" data-taxonomy=\"tipo_de_empresa\"><span class=\"exopite-multifilter-filter-item exopite-multifilter-filter-item-tipo_de_empresa\">tipo_de_empresa<\/span><span class=\"exopite-multifilter-filter-item exopite-multifilter-filter-item-agencia-de-viajes-en\" data-term=\"agencia-de-viajes-en\">Agencia de viajes<\/span><span class=\"exopite-multifilter-filter-item exopite-multifilter-filter-item-alojamiento-en\" data-term=\"alojamiento-en\">Alojamiento<\/span><span class=\"exopite-multifilter-filter-item exopite-multifilter-filter-item-alquiler-de-bicicletas-en\" data-term=\"alquiler-de-bicicletas-en\">Alquiler de bicicletas<\/span><span class=\"exopite-multifilter-filter-item exopite-multifilter-filter-item-centro-btt-en\" data-term=\"centro-btt-en\">Centro BTT<\/span><span class=\"exopite-multifilter-filter-item exopite-multifilter-filter-item-club-ciclista-en\" data-term=\"club-ciclista-en\">Club ciclista<\/span><span class=\"exopite-multifilter-filter-item exopite-multifilter-filter-item-destino-en\" data-term=\"destino-en\">Destino<\/span><span class=\"exopite-multifilter-filter-item exopite-multifilter-filter-item-empresa-de-eventos-en\" data-term=\"empresa-de-eventos-en\">Empresa de eventos<\/span><span class=\"exopite-multifilter-filter-item exopite-multifilter-filter-item-eventos-en\" data-term=\"eventos-en\">Eventos<\/span><span class=\"exopite-multifilter-filter-item exopite-multifilter-filter-item-otros-en\" data-term=\"otros-en\">Otros<\/span><span class=\"exopite-multifilter-filter-item exopite-multifilter-filter-item-restaurante-en\" data-term=\"restaurante-en\">Restaurante<\/span><span class=\"exopite-multifilter-filter-item exopite-multifilter-filter-item-servicios-complementarios-en\" data-term=\"servicios-complementarios-en\">Servicios complementarios<\/span><span class=\"exopite-multifilter-filter-item exopite-multifilter-filter-item-taller-y-venta-en\" data-term=\"taller-y-venta-en\">Taller y venta<\/span><span class=\"exopite-multifilter-filter-item exopite-multifilter-filter-item-turismo-activo-en\" data-term=\"turismo-activo-en\">Turismo Activo<\/span><\/div><div class=\"exopite-multifilter-filter-taxonomy exopite-multifilter-filter-taxonomy-comarca\" data-post-type=\"entidades_adheridas\" data-multiselect=\"1\" data-taxonomy=\"comarca\"><span class=\"exopite-multifilter-filter-item exopite-multifilter-filter-item-comarca\">comarca<\/span><span class=\"exopite-multifilter-filter-item exopite-multifilter-filter-item-alto-mijares-en\" data-term=\"alto-mijares-en\">Alto Mijares<\/span><span class=\"exopite-multifilter-filter-item exopite-multifilter-filter-item-alto-palancia-en\" data-term=\"alto-palancia-en\">Alto Palancia<\/span><span class=\"exopite-multifilter-filter-item exopite-multifilter-filter-item-el-baix-maestrat-en\" data-term=\"el-baix-maestrat-en\">El Baix Maestrat<\/span><span class=\"exopite-multifilter-filter-item exopite-multifilter-filter-item-els-ports-en\" data-term=\"els-ports-en\">Els ports<\/span><span class=\"exopite-multifilter-filter-item exopite-multifilter-filter-item-fuera-de-castellon-en\" data-term=\"fuera-de-castellon-en\">Fuera de Castell\u00f3n<\/span><span class=\"exopite-multifilter-filter-item exopite-multifilter-filter-item-lalcalaten-en\" data-term=\"lalcalaten-en\">L&#8217;Alcalat\u00e9n<\/span><span class=\"exopite-multifilter-filter-item exopite-multifilter-filter-item-lalt-maestrat-en\" data-term=\"lalt-maestrat-en\">l&#8217;Alt Maestrat<\/span><span class=\"exopite-multifilter-filter-item exopite-multifilter-filter-item-la-plana-alta-en\" data-term=\"la-plana-alta-en\">La Plana Alta<\/span><span class=\"exopite-multifilter-filter-item exopite-multifilter-filter-item-la-plana-baixa-en\" data-term=\"la-plana-baixa-en\">La Plana Baixa<\/span><\/div><\/div><div class=\"row exopite-multifilter-items \" data-page=\"https:\/\/castelloncycling.com\/en\/companies\/\"><article class=\"multi-column col-12 col-sm-6 col-md-6 col-lg-4 has-post-thumbnail\"><div class=\"article-container equal-height\"><div class=\"entry-thumbnail-container clearfix image-top\"><a href=\"https:\/\/castelloncycling.com\/en\/entidades_adheridas\/vilafames-city-council\/\"><figure class=\"effect-multifilter entry-thumbnail\"><img decoding=\"async\" src=\"https:\/\/castelloncycling.com\/wp-content\/uploads\/2024\/11\/IMG_7105-1024x682-1.jpg\" alt=\"thumbnail\"><figcaption><div class=\"figure-caption animation\"><\/div><\/figcaption><\/figure><\/a><\/div><div class=\"entry-content-container\"><header class=\"entry-header\"><h2 class=\"entry-title\"><a href=\"https:\/\/castelloncycling.com\/en\/entidades_adheridas\/vilafames-city-council\/\">Vilafam\u00e9s City Council<\/a><\/h2><\/header><\/div><\/div><\/article><article class=\"multi-column col-12 col-sm-6 col-md-6 col-lg-4 has-post-thumbnail\"><div class=\"article-container equal-height\"><div class=\"entry-thumbnail-container clearfix image-top\"><a href=\"https:\/\/castelloncycling.com\/en\/entidades_adheridas\/torreblanca-city-hall\/\"><figure class=\"effect-multifilter entry-thumbnail\"><img decoding=\"async\" src=\"https:\/\/castelloncycling.com\/wp-content\/uploads\/2024\/11\/ayuntamientotorreblanca.jpg\" alt=\"thumbnail\"><figcaption><div class=\"figure-caption animation\"><\/div><\/figcaption><\/figure><\/a><\/div><div class=\"entry-content-container\"><header class=\"entry-header\"><h2 class=\"entry-title\"><a href=\"https:\/\/castelloncycling.com\/en\/entidades_adheridas\/torreblanca-city-hall\/\">Torreblanca City Hall<\/a><\/h2><\/header><\/div><\/div><\/article><article class=\"multi-column col-12 col-sm-6 col-md-6 col-lg-4 has-post-thumbnail\"><div class=\"article-container equal-height\"><div class=\"entry-thumbnail-container clearfix image-top\"><a href=\"https:\/\/castelloncycling.com\/en\/entidades_adheridas\/onda-city-council\/\"><figure class=\"effect-multifilter entry-thumbnail\"><img decoding=\"async\" src=\"https:\/\/castelloncycling.com\/wp-content\/uploads\/2024\/11\/ayuntamiento_de_onda_-_exterior-1024x683.jpg\" alt=\"thumbnail\"><figcaption><div class=\"figure-caption animation\"><\/div><\/figcaption><\/figure><\/a><\/div><div class=\"entry-content-container\"><header class=\"entry-header\"><h2 class=\"entry-title\"><a href=\"https:\/\/castelloncycling.com\/en\/entidades_adheridas\/onda-city-council\/\">Onda City Council<\/a><\/h2><\/header><\/div><\/div><\/article><article class=\"multi-column col-12 col-sm-6 col-md-6 col-lg-4 has-post-thumbnail\"><div class=\"article-container equal-height\"><div class=\"entry-thumbnail-container clearfix image-top\"><a href=\"https:\/\/castelloncycling.com\/en\/entidades_adheridas\/castellon-de-la-plana-city-council\/\"><figure class=\"effect-multifilter entry-thumbnail\"><img decoding=\"async\" src=\"https:\/\/castelloncycling.com\/wp-content\/uploads\/2024\/11\/2021-05-24.jpg\" alt=\"thumbnail\"><figcaption><div class=\"figure-caption animation\"><\/div><\/figcaption><\/figure><\/a><\/div><div class=\"entry-content-container\"><header class=\"entry-header\"><h2 class=\"entry-title\"><a href=\"https:\/\/castelloncycling.com\/en\/entidades_adheridas\/castellon-de-la-plana-city-council\/\">Castell\u00f3n de la Plana City Council<\/a><\/h2><\/header><\/div><\/div><\/article><article class=\"multi-column col-12 col-sm-6 col-md-6 col-lg-4 has-post-thumbnail\"><div class=\"article-container equal-height\"><div class=\"entry-thumbnail-container clearfix image-top\"><a href=\"https:\/\/castelloncycling.com\/en\/entidades_adheridas\/vilafranca-del-cid-city-council\/\"><figure class=\"effect-multifilter entry-thumbnail\"><img decoding=\"async\" src=\"https:\/\/castelloncycling.com\/wp-content\/uploads\/2024\/11\/CV-Villafranca_del_Cid-1920x1080-1-1024x576.jpg\" alt=\"thumbnail\"><figcaption><div class=\"figure-caption animation\"><\/div><\/figcaption><\/figure><\/a><\/div><div class=\"entry-content-container\"><header class=\"entry-header\"><h2 class=\"entry-title\"><a href=\"https:\/\/castelloncycling.com\/en\/entidades_adheridas\/vilafranca-del-cid-city-council\/\">Vilafranca del Cid City Council<\/a><\/h2><\/header><\/div><\/div><\/article><article class=\"multi-column col-12 col-sm-6 col-md-6 col-lg-4 has-post-thumbnail\"><div class=\"article-container equal-height\"><div class=\"entry-thumbnail-container clearfix image-top\"><a href=\"https:\/\/castelloncycling.com\/en\/entidades_adheridas\/olocau-del-rey-city-council\/\"><figure class=\"effect-multifilter entry-thumbnail\"><img decoding=\"async\" src=\"https:\/\/castelloncycling.com\/wp-content\/uploads\/2024\/11\/0000-1-1024x768.jpg\" alt=\"thumbnail\"><figcaption><div class=\"figure-caption animation\"><\/div><\/figcaption><\/figure><\/a><\/div><div class=\"entry-content-container\"><header class=\"entry-header\"><h2 class=\"entry-title\"><a href=\"https:\/\/castelloncycling.com\/en\/entidades_adheridas\/olocau-del-rey-city-council\/\">Olocau del Rey City Council<\/a><\/h2><\/header><\/div><\/div><\/article><article class=\"multi-column col-12 col-sm-6 col-md-6 col-lg-4 has-post-thumbnail\"><div class=\"article-container equal-height\"><div class=\"entry-thumbnail-container clearfix image-top\"><a href=\"https:\/\/castelloncycling.com\/en\/entidades_adheridas\/montan-city-council\/\"><figure class=\"effect-multifilter entry-thumbnail\"><img decoding=\"async\" src=\"https:\/\/castelloncycling.com\/wp-content\/uploads\/2024\/11\/MONTAN_VISTA_DE_DRON-1024x576.jpg\" alt=\"thumbnail\"><figcaption><div class=\"figure-caption animation\"><\/div><\/figcaption><\/figure><\/a><\/div><div class=\"entry-content-container\"><header class=\"entry-header\"><h2 class=\"entry-title\"><a href=\"https:\/\/castelloncycling.com\/en\/entidades_adheridas\/montan-city-council\/\">Mont\u00e1n City Council<\/a><\/h2><\/header><\/div><\/div><\/article><article class=\"multi-column col-12 col-sm-6 col-md-6 col-lg-4 has-post-thumbnail\"><div class=\"article-container equal-height\"><div class=\"entry-thumbnail-container clearfix image-top\"><a href=\"https:\/\/castelloncycling.com\/en\/entidades_adheridas\/castello-sud-plana-baixa\/\"><figure class=\"effect-multifilter entry-thumbnail\"><img decoding=\"async\" src=\"https:\/\/castelloncycling.com\/wp-content\/uploads\/2024\/11\/logo-Consorci.png\" alt=\"thumbnail\"><figcaption><div class=\"figure-caption animation\"><\/div><\/figcaption><\/figure><\/a><\/div><div class=\"entry-content-container\"><header class=\"entry-header\"><h2 class=\"entry-title\"><a href=\"https:\/\/castelloncycling.com\/en\/entidades_adheridas\/castello-sud-plana-baixa\/\">Castell\u00f3 Sud &#8211; Plana Baixa<\/a><\/h2><\/header><\/div><\/div><\/article><article class=\"multi-column col-12 col-sm-6 col-md-6 col-lg-4 has-post-thumbnail\"><div class=\"article-container equal-height\"><div class=\"entry-thumbnail-container clearfix image-top\"><a href=\"https:\/\/castelloncycling.com\/en\/entidades_adheridas\/mancomunitat-els-ports\/\"><figure class=\"effect-multifilter entry-thumbnail\"><img decoding=\"async\" src=\"https:\/\/castelloncycling.com\/wp-content\/uploads\/2024\/11\/logo-CALITAT.png\" alt=\"thumbnail\"><figcaption><div class=\"figure-caption animation\"><\/div><\/figcaption><\/figure><\/a><\/div><div class=\"entry-content-container\"><header class=\"entry-header\"><h2 class=\"entry-title\"><a href=\"https:\/\/castelloncycling.com\/en\/entidades_adheridas\/mancomunitat-els-ports\/\">Mancomunitat Els Ports<\/a><\/h2><\/header><\/div><\/div><\/article><article class=\"multi-column col-12 col-sm-6 col-md-6 col-lg-4 has-post-thumbnail\"><div class=\"article-container equal-height\"><div class=\"entry-thumbnail-container clearfix image-top\"><a href=\"https:\/\/castelloncycling.com\/en\/entidades_adheridas\/maestrat-anima-interior\/\"><figure class=\"effect-multifilter entry-thumbnail\"><img decoding=\"async\" src=\"https:\/\/castelloncycling.com\/wp-content\/uploads\/2024\/11\/logo-snims-interior.jpg\" alt=\"thumbnail\"><figcaption><div class=\"figure-caption animation\"><\/div><\/figcaption><\/figure><\/a><\/div><div class=\"entry-content-container\"><header class=\"entry-header\"><h2 class=\"entry-title\"><a href=\"https:\/\/castelloncycling.com\/en\/entidades_adheridas\/maestrat-anima-interior\/\">Maestrat \u00c0nima Interior<\/a><\/h2><\/header><\/div><\/div><\/article><article class=\"multi-column col-12 col-sm-6 col-md-6 col-lg-4 has-post-thumbnail\"><div class=\"article-container equal-height\"><div class=\"entry-thumbnail-container clearfix image-top\"><a href=\"https:\/\/castelloncycling.com\/en\/entidades_adheridas\/plana-de-larc\/\"><figure class=\"effect-multifilter entry-thumbnail\"><img decoding=\"async\" src=\"https:\/\/castelloncycling.com\/wp-content\/uploads\/2024\/11\/Patrimonio-Arco-Romano-Cabanes-2-2-3-2-1024x683.jpg\" alt=\"thumbnail\"><figcaption><div class=\"figure-caption animation\"><\/div><\/figcaption><\/figure><\/a><\/div><div class=\"entry-content-container\"><header class=\"entry-header\"><h2 class=\"entry-title\"><a href=\"https:\/\/castelloncycling.com\/en\/entidades_adheridas\/plana-de-larc\/\">Plana de l&#8217;Arc<\/a><\/h2><\/header><\/div><\/div><\/article><article class=\"multi-column col-12 col-sm-6 col-md-6 col-lg-4 has-post-thumbnail\"><div class=\"article-container equal-height\"><div class=\"entry-thumbnail-container clearfix image-top\"><a href=\"https:\/\/castelloncycling.com\/en\/entidades_adheridas\/cabanes-city-council\/\"><figure class=\"effect-multifilter entry-thumbnail\"><img decoding=\"async\" src=\"https:\/\/castelloncycling.com\/wp-content\/uploads\/2024\/11\/ayuntamiento-1024x576.png\" alt=\"thumbnail\"><figcaption><div class=\"figure-caption animation\"><\/div><\/figcaption><\/figure><\/a><\/div><div class=\"entry-content-container\"><header class=\"entry-header\"><h2 class=\"entry-title\"><a href=\"https:\/\/castelloncycling.com\/en\/entidades_adheridas\/cabanes-city-council\/\">Cabanes City Council<\/a><\/h2><\/header><\/div><\/div><\/article><article class=\"multi-column col-12 col-sm-6 col-md-6 col-lg-4 has-post-thumbnail\"><div class=\"article-container equal-height\"><div class=\"entry-thumbnail-container clearfix image-top\"><a href=\"https:\/\/castelloncycling.com\/en\/entidades_adheridas\/burriana-city-council\/\"><figure class=\"effect-multifilter entry-thumbnail\"><img decoding=\"async\" src=\"https:\/\/castelloncycling.com\/wp-content\/uploads\/2024\/11\/Fachada_Ayuntamiento_Burriana_6.jpg\" alt=\"thumbnail\"><figcaption><div class=\"figure-caption animation\"><\/div><\/figcaption><\/figure><\/a><\/div><div class=\"entry-content-container\"><header class=\"entry-header\"><h2 class=\"entry-title\"><a href=\"https:\/\/castelloncycling.com\/en\/entidades_adheridas\/burriana-city-council\/\">Burriana City Council<\/a><\/h2><\/header><\/div><\/div><\/article><article class=\"multi-column col-12 col-sm-6 col-md-6 col-lg-4 has-post-thumbnail\"><div class=\"article-container equal-height\"><div class=\"entry-thumbnail-container clearfix image-top\"><a href=\"https:\/\/castelloncycling.com\/en\/entidades_adheridas\/montanejos-city-council\/\"><figure class=\"effect-multifilter entry-thumbnail\"><img decoding=\"async\" src=\"https:\/\/castelloncycling.com\/wp-content\/uploads\/2024\/11\/AYUNTAMIENTO-DE-MONTANEJOS-1-1024x682.jpeg\" alt=\"thumbnail\"><figcaption><div class=\"figure-caption animation\"><\/div><\/figcaption><\/figure><\/a><\/div><div class=\"entry-content-container\"><header class=\"entry-header\"><h2 class=\"entry-title\"><a href=\"https:\/\/castelloncycling.com\/en\/entidades_adheridas\/montanejos-city-council\/\">Montanejos City Council<\/a><\/h2><\/header><\/div><\/div><\/article><\/div><div class=\"row exopite-multifilter-paginations text-right\"><div class=\"col-12\"><span aria-current=\"page\" class=\"page-numbers current\">1<\/span><a class=\"page-numbers\" href=\"https:\/\/castelloncycling.com\/en\/companies\/page\/2\/\">2<\/a><a class=\"page-numbers\" href=\"https:\/\/castelloncycling.com\/en\/companies\/page\/3\/\">3<\/a><span class=\"page-numbers dots\">&hellip;<\/span><a class=\"page-numbers\" href=\"https:\/\/castelloncycling.com\/en\/companies\/page\/8\/\">8<\/a><a class=\"next page-numbers\" href=\"https:\/\/castelloncycling.com\/en\/companies\/page\/2\/\">&rsaquo;<\/a><\/div><\/div><div class=\"exopite-multifilter-now-loading\"><div class=\"uil-ripple-css\"><div><\/div><div><\/div><\/div><\/div><\/div><\/div>\n\t\t\t\t<\/div>\n\t\t\t\t<\/div>\n\t\t\t\t<div class=\"elementor-element elementor-element-6af07bd elementor-widget elementor-widget-html\" data-id=\"6af07bd\" data-element_type=\"widget\" data-widget_type=\"html.default\">\n\t\t\t\t<div class=\"elementor-widget-container\">\n\t\t\t<div id=\"entidades_adheridasbuscador\"><\/div>\n\t\t<\/div>\n\t\t\t\t<\/div>\n\t\t\t\t\t<\/div>\n\t\t\t\t<\/div>\n\t\t<div class=\"elementor-element elementor-element-4c135a9 e-flex e-con-boxed e-con e-parent\" data-id=\"4c135a9\" data-element_type=\"container\">\n\t\t\t\t\t<div class=\"e-con-inner\">\n\t\t\t\t<div class=\"elementor-element elementor-element-96336cc elementor-widget elementor-widget-shortcode\" data-id=\"96336cc\" data-element_type=\"widget\" data-widget_type=\"shortcode.default\">\n\t\t\t\t<div class=\"elementor-widget-container\">\n\t\t\t\t\t<div class=\"elementor-shortcode\">    <div id=\"entidades-adheridas-map\" style=\"width: 100%; height: 500px;\"><\/div>\r\n    <script>\r\n        var markers = [];\r\n        var map;\r\n\r\n\r\n\r\n        function initMap() {\r\n            map = new google.maps.Map(document.getElementById('entidades-adheridas-map'), {\r\n                zoom: 8,\r\n                center: {lat: 39.9929000, lng: -0.0576800},\r\n                styles: null            });\r\n\r\n            var locations = [{\"title\":\"Vilafam\\u00e9s City Council\",\"lat\":40.1144706,\"lng\":-0.0542916,\"info\":\"<strong>Vilafam\\u00e9s City Council<\\\/strong><br>Ayuntamiento de Vilafam\\u00e9s, Pla\\u00e7a Ajuntament, Villafam\\u00e9s, Espa\\u00f1a<br>(<em> Destino<\\\/em>)\",\"type\":\"destino-en\"},{\"title\":\"Torreblanca City Hall\",\"lat\":40.22050610000001,\"lng\":0.1950399,\"info\":\"<strong>Torreblanca City Hall<\\\/strong><br>Ayuntamiento de Torreblanca, Calle San Antonio, Torreblanca, Espa\\u00f1a<br>(<em> Destino<\\\/em>)\",\"type\":\"destino-en\"},{\"title\":\"Onda City Council\",\"lat\":39.9626828,\"lng\":-0.2641909,\"info\":\"<strong>Onda City Council<\\\/strong><br>Pla\\u00e7a el Pla, 1, 12200 Onda, Valenciana, Spain<br>(<em> Destino<\\\/em>)\",\"type\":\"destino-en\"},{\"title\":\"Castell\\u00f3n de la Plana City Council\",\"lat\":39.9860687,\"lng\":-0.0379693,\"info\":\"<strong>Castell\\u00f3n de la Plana City Council<\\\/strong><br>Ayuntamiento de Castell\\u00f3n de la Plana<br>(<em> Destino<\\\/em>)\",\"type\":\"destino-en\"},{\"title\":\"Vilafranca del Cid City Council\",\"lat\":40.4297868,\"lng\":-0.2576419,\"info\":\"<strong>Vilafranca del Cid City Council<\\\/strong><br>Ayuntamiento de Vilafranca del Cid<br>(<em> Destino<\\\/em>)\",\"type\":\"destino-en\"},{\"title\":\"Olocau del Rey City Council\",\"lat\":40.637637,\"lng\":-0.3396871999999999,\"info\":\"<strong>Olocau del Rey City Council<\\\/strong><br>Ayuntamiento de Olocau del Rey, Olocau del Rey, Espa\\u00f1a<br>(<em> Destino<\\\/em>)\",\"type\":\"destino-en\"},{\"title\":\"Mont\\u00e1n City Council\",\"lat\":40.035247,\"lng\":-0.5543636,\"info\":\"<strong>Mont\\u00e1n City Council<\\\/strong><br>Pl. Ayuntamiento, 1, 12447 Mont\\u00e1n, Castell\\u00f3n, Espa\\u00f1a<br>(<em> Destino<\\\/em>)\",\"type\":\"destino-en\"},{\"title\":\"Castell\\u00f3 Sud &#8211; Plana Baixa\",\"lat\":39.82387225456613,\"lng\":-0.23246169090270996,\"info\":\"<strong>Castell\\u00f3 Sud &#8211; Plana Baixa<\\\/strong><br>Pla\\u00e7a del Centro, 1, 12600 La Vall d&#039;Uix\\u00f3, Castell\\u00f3, Espa\\u00f1a<br>(<em> Destino<\\\/em>)\",\"type\":\"destino-en\"},{\"title\":\"Mancomunitat Els Ports\",\"lat\":40.42630756363486,\"lng\":-0.25599271059036255,\"info\":\"<strong>Mancomunitat Els Ports<\\\/strong><br>Carrer la Bassa, 10, 12150 Vilafranca, Castell\\u00f3, Espa\\u00f1a<br>(<em> Destino<\\\/em>)\",\"type\":\"destino-en\"},{\"title\":\"Maestrat \\u00c0nima Interior\",\"lat\":40.52445340000001,\"lng\":0.2898328,\"info\":\"<strong>Maestrat \\u00c0nima Interior<\\\/strong><br>Carrer Major, 17, 12330 Traiguera, Castell\\u00f3n, Espa\\u00f1a<br>(<em> Destino<\\\/em>)\",\"type\":\"destino-en\"},{\"title\":\"Plana de l&#8217;Arc\",\"lat\":40.156065909967595,\"lng\":0.045454055070877075,\"info\":\"<strong>Plana de l&#8217;Arc<\\\/strong><br>Pla\\u00e7a Esgl\\u00e9sia, 5, 12180 Cabanes, Castell\\u00f3, Espa\\u00f1a<br>(<em> Destino<\\\/em>)\",\"type\":\"destino-en\"},{\"title\":\"Cabanes City Council\",\"lat\":40.156065909967595,\"lng\":0.045454055070877075,\"info\":\"<strong>Cabanes City Council<\\\/strong><br>Pla\\u00e7a Esgl\\u00e9sia, 5, 12180 Cabanes, Castell\\u00f3, Espa\\u00f1a<br>(<em> Destino<\\\/em>)\",\"type\":\"destino-en\"},{\"title\":\"Burriana City Council\",\"lat\":39.88996377827068,\"lng\":-0.08364468812942505,\"info\":\"<strong>Burriana City Council<\\\/strong><br>El Raval, 5, 12530 Borriana, Castell\\u00f3, Espa\\u00f1a<br>(<em> Destino<\\\/em>)\",\"type\":\"destino-en\"},{\"title\":\"Montanejos City Council\",\"lat\":40.068321087594946,\"lng\":-0.5229100584983826,\"info\":\"<strong>Montanejos City Council<\\\/strong><br>Pl. Espa\\u00f1a, 1, 12448 Montanejos, Castell\\u00f3n, Espa\\u00f1a<br>(<em> Destino<\\\/em>)\",\"type\":\"destino-en\"},{\"title\":\"Cinctorres City Council\",\"lat\":40.58172136503888,\"lng\":-0.2160090208053589,\"info\":\"<strong>Cinctorres City Council<\\\/strong><br>Calle Pl., 6, 12318 Cinctorres, Castell\\u00f3n, Espa\\u00f1a<br>(<em> Destino<\\\/em>)\",\"type\":\"destino-en\"},{\"title\":\"Borriol City Council\",\"lat\":40.04237419999999,\"lng\":-0.0715197,\"info\":\"<strong>Borriol City Council<\\\/strong><br>Plaza de la Fuente, 17, 12190 Borriol, Castell\\u00f3n, Espa\\u00f1a<br>(<em> Destino<\\\/em>)\",\"type\":\"destino-en\"},{\"title\":\"Vinar\\u00f2s City Council\",\"lat\":40.470657,\"lng\":0.4746953,\"info\":\"<strong>Vinar\\u00f2s City Council<\\\/strong><br>Ayuntamiento de Vinar\\u00f2s, Pla\\u00e7a Parroquial, 12, 12500 Vinar\\u00f2s, Espa\\u00f1a<br>(<em> Destino<\\\/em>)\",\"type\":\"destino-en\"},{\"title\":\"Traiguera City Council\",\"lat\":40.5243325,\"lng\":0.2897722,\"info\":\"<strong>Traiguera City Council<\\\/strong><br>Carrer Major, 15, 12330 Traiguera, Castell\\u00f3n, Espa\\u00f1a<br>(<em> Destino<\\\/em>)\",\"type\":\"destino-en\"},{\"title\":\"T\\u00edrig Town Hall\",\"lat\":40.42327745452451,\"lng\":0.0764322280883789,\"info\":\"<strong>T\\u00edrig Town Hall<\\\/strong><br>Avinguda Gabriel Puig Roda, 34, 12179 T\\u00edrig, Castell\\u00f3, Espa\\u00f1a<br>(<em> Destino<\\\/em>)\",\"type\":\"destino-en\"},{\"title\":\"Pe\\u00f1iscola City Council\",\"lat\":40.3584314,\"lng\":0.4066003999999999,\"info\":\"<strong>Pe\\u00f1iscola City Council<\\\/strong><br>Ayuntamiento de Pe\\u00f1\\u00edscola, Pl. Ayuntamiento, 1, 12598 Pe\\u00f1\\u00edscola, Espa\\u00f1a<br>(<em> Destino<\\\/em>)\",\"type\":\"destino-en\"},{\"title\":\"Oropesa del Mar City Council\",\"lat\":40.0944985,\"lng\":0.134714,\"info\":\"<strong>Oropesa del Mar City Council<\\\/strong><br>C\\\/ de Laura de Cervell\\u00f3n, 5A, 12594 Oropesa del Mar, Espa\\u00f1a<br>(<em> Destino<\\\/em>)\",\"type\":\"destino-en\"},{\"title\":\"Morella City Council\",\"lat\":40.6213493,\"lng\":-0.0990416,\"info\":\"<strong>Morella City Council<\\\/strong><br>Tourist Info Morella\\\/Oficina de Turismo Morella, Plaza San Miguel, 12300 Morella, Espa\\u00f1a<br>(<em> Destino<\\\/em>)\",\"type\":\"destino-en\"},{\"title\":\"Altura City Hall\",\"lat\":39.8513933,\"lng\":-0.5106385,\"info\":\"<strong>Altura City Hall<\\\/strong><br>Altura, C. San Vicente, 2, 12410 Altura, Espa\\u00f1a<br>(<em> Destino<\\\/em>)\",\"type\":\"destino-en\"},{\"title\":\"Alcal\\u00e0 de Xivert City Council\",\"lat\":40.2450838,\"lng\":0.2791528999999999,\"info\":\"<strong>Alcal\\u00e0 de Xivert City Council<\\\/strong><br>Plaza Vista Alegre, Passeig de Vista Alegre, Alcoc\\u00e9ber, Espa\\u00f1a<br>(<em> Destino<\\\/em>)\",\"type\":\"destino-en\"},{\"title\":\"Mancomunidad Rio Mijares\",\"lat\":40.055200414036676,\"lng\":-0.46238869428634644,\"info\":\"<strong>Mancomunidad Rio Mijares<\\\/strong><br>Pl. Mayor, 18, 12231 Cirat, Castell\\u00f3n, Espa\\u00f1a<br>(<em> Destino<\\\/em>)\",\"type\":\"destino-en\"},{\"title\":\"Mancomunidad Alto Palancia\",\"lat\":39.81233749999999,\"lng\":-0.4302957,\"info\":\"<strong>Mancomunidad Alto Palancia<\\\/strong><br>Calle del Alto Palancia, 4, 12480 Soneja, Espa\\u00f1a<br>(<em> Destino<\\\/em>)\",\"type\":\"destino-en\"},{\"title\":\"La Vall d&#8217;Uix\\u00f3 City Council\",\"lat\":39.82387225456613,\"lng\":-0.23246169090270996,\"info\":\"<strong>La Vall d&#8217;Uix\\u00f3 City Council<\\\/strong><br>Pla\\u00e7a del Centro, 1, 12600 La Vall d&#039;Uix\\u00f3, Castell\\u00f3, Espa\\u00f1a<br>(<em> Destino<\\\/em>)\",\"type\":\"destino-en\"},{\"title\":\"Costa Azahar Mountain Bike Center\",\"lat\":40.1992142,\"lng\":0.2180613,\"info\":\"<strong>Costa Azahar Mountain Bike Center<\\\/strong><br>Camping Torrenostra, Carretera Torrenostra, Torreblanca, Espa\\u00f1a<br>(<em> Centro BTT<\\\/em>)\",\"type\":\"centro-btt-en\"},{\"title\":\"Stone Giant\",\"lat\":40.07559250000001,\"lng\":-0.2136863,\"info\":\"<strong>Stone Giant<\\\/strong><br>Carrer Moliners, 3, Alcora, Espa\\u00f1a<br>(<em> Empresa de eventos<\\\/em>)\",\"type\":\"empresa-de-eventos-en\"},{\"title\":\"Treasures of the Palancia\",\"lat\":39.91006109999999,\"lng\":-0.7074618999999999,\"info\":\"<strong>Treasures of the Palancia<\\\/strong><br>C. Virgen Loreto, 7, Bej\\u00eds, Espa\\u00f1a<br>(<em> Alquiler de bicicletas<\\\/em>)\",\"type\":\"alquiler-de-bicicletas-en\"},{\"title\":\"CC Picaio\",\"lat\":40.4297868,\"lng\":-0.2576419,\"info\":\"<strong>CC Picaio<\\\/strong><br>Villafranca del Cid, Espa\\u00f1a<br>(<em> Club ciclista<\\\/em>)\",\"type\":\"club-ciclista-en\"},{\"title\":\"CC Cudol lo Roig\",\"lat\":40.1138985,\"lng\":-0.05190819999999999,\"info\":\"<strong>CC Cudol lo Roig<\\\/strong><br>Vilafam\\u00e9s, Espa\\u00f1a<br>(<em> Club ciclista<\\\/em>)\",\"type\":\"club-ciclista-en\"},{\"title\":\"Ebike Enjoy\",\"lat\":39.9855905,\"lng\":-0.0496388,\"info\":\"<strong>Ebike Enjoy<\\\/strong><br>Castell\\u00f3n de la Plana, Espa\\u00f1a<br>(<em> Alquiler de bicicletas<\\\/em>)\",\"type\":\"alquiler-de-bicicletas-en\"},{\"title\":\"Cicloclinic Cycling Club\",\"lat\":39.887987,\"lng\":-0.08052899999999998,\"info\":\"<strong>Cicloclinic Cycling Club<\\\/strong><br>Carrer de Ausi\\u00e0s March, 33, Burriana, Espa\\u00f1a<br>(<em> Club ciclista<\\\/em>)\",\"type\":\"club-ciclista-en\"},{\"title\":\"CC Montanejos\",\"lat\":40.0685999,\"lng\":-0.5234009,\"info\":\"<strong>CC Montanejos<\\\/strong><br>Av. Fuente Ba\\u00f1os, 10, Montanejos, Espa\\u00f1a<br>(<em> Club ciclista<\\\/em>)\",\"type\":\"club-ciclista-en\"},{\"title\":\"HyJCrono\",\"lat\":40.41095809999999,\"lng\":0.4235503999999999,\"info\":\"<strong>HyJCrono<\\\/strong><br>Carrer del Doctor Severo Ochoa, 40, Benicarl\\u00f3, Espa\\u00f1a<br>(<em> Eventos<\\\/em>)\",\"type\":\"eventos-en\"},{\"title\":\"Saulbrand\",\"lat\":39.9813576,\"lng\":-0.03586719999999999,\"info\":\"<strong>Saulbrand<\\\/strong><br>Carrer del Mestre Vives, 4, Castell\\u00f3n de la Plana, Espa\\u00f1a<br>(<em> Servicios complementarios<\\\/em>)\",\"type\":\"servicios-complementarios-en\"},{\"title\":\"Cycling Metric\",\"lat\":39.9975512,\"lng\":-0.0355615,\"info\":\"<strong>Cycling Metric<\\\/strong><br>Carrer Santa Maria Rosa Molas, 40, 1 b7, Castell\\u00f3n de la Plana, Espa\\u00f1a<br>(<em> Servicios complementarios<\\\/em>)\",\"type\":\"servicios-complementarios-en\"},{\"title\":\"Dynamo Sport\",\"lat\":39.9857071,\"lng\":-0.0350589,\"info\":\"<strong>Dynamo Sport<\\\/strong><br>Pla\\u00e7a Cardona Vives, 8, Castell\\u00f3n de la Plana, Espa\\u00f1a<br>(<em> Servicios complementarios<\\\/em>)\",\"type\":\"servicios-complementarios-en\"},{\"title\":\"Peris Sports\",\"lat\":39.8904568,\"lng\":-0.08855769999999999,\"info\":\"<strong>Peris Sports<\\\/strong><br>C. Pintor Sorolla, 21, Burriana, Espa\\u00f1a<br>(<em> Empresa de eventos<\\\/em>)\",\"type\":\"empresa-de-eventos-en\"},{\"title\":\"Cycloclinic\",\"lat\":39.888000419465186,\"lng\":-0.08054271340370178,\"info\":\"<strong>Cycloclinic<\\\/strong><br>Carrer de Ausi\\u00e0s March, 33, 12530 Borriana, Castell\\u00f3, Espa\\u00f1a<br>(<em> Destino<\\\/em>)\",\"type\":\"destino-en\"},{\"title\":\"SMS Electrics\",\"lat\":39.961036916166904,\"lng\":-0.06879329681396484,\"info\":\"<strong>SMS Electrics<\\\/strong><br>Av. de Val\\u00e8ncia, 189, 12005 Castell\\u00f3 de la Plana, Castell\\u00f3, Espa\\u00f1a<br>(<em> Taller y venta<\\\/em>)\",\"type\":\"taller-y-venta-en\"},{\"title\":\"Chiva Vilareal Bikes with BikePacking Gathering\",\"lat\":39.945290274577424,\"lng\":-0.09552083909511566,\"info\":\"<strong>Chiva Vilareal Bikes with BikePacking Gathering<\\\/strong><br>Avinguda Castell\\u00f3, 9, 12540 Vila-real, Castell\\u00f3, Espa\\u00f1a<br>(<em> Taller y venta<\\\/em>)\",\"type\":\"taller-y-venta-en\"},{\"title\":\"Relay\",\"lat\":39.93410399999999,\"lng\":-0.09876269999999998,\"info\":\"<strong>Relay<\\\/strong><br>Carrer Borriana, 21, Villarreal, Espa\\u00f1a<br>(<em> Taller y venta<\\\/em>)\",\"type\":\"taller-y-venta-en\"},{\"title\":\"Emebikes\",\"lat\":39.9838681,\"lng\":-0.05580869999999999,\"info\":\"<strong>Emebikes<\\\/strong><br>Av. Enrique Gimeno, 25, 12006 Castell\\u00f3n de la Plana, Castell\\u00f3n, Espa\\u00f1a<br>(<em> Taller y venta<\\\/em>)\",\"type\":\"taller-y-venta-en\"},{\"title\":\"AB-Alcora Cycles\",\"lat\":40.07328417577708,\"lng\":-0.21003440022468567,\"info\":\"<strong>AB-Alcora Cycles<\\\/strong><br>C. J\\u00facar, 1, 12110 Alcora, Castell\\u00f3n, Espa\\u00f1a<br>(<em> Alquiler de bicicletas<\\\/em>)\",\"type\":\"alquiler-de-bicicletas-en\"},{\"title\":\"AB-Trek Cycles\",\"lat\":39.99258918963873,\"lng\":-0.04841119050979614,\"info\":\"<strong>AB-Trek Cycles<\\\/strong><br>Carrer de la Vall d&#039;Uix\\u00f3, 41, 12004 Castell\\u00f3 de la Plana, Castell\\u00f3, Espa\\u00f1a<br>(<em> Alquiler de bicicletas<\\\/em>)\",\"type\":\"alquiler-de-bicicletas-en\"},{\"title\":\"AB Cycles (Casa\\u00f1)\",\"lat\":39.98881318025279,\"lng\":-0.03638550639152527,\"info\":\"<strong>AB Cycles (Casa\\u00f1)<\\\/strong><br>Carrer del Comte Pestagua, 11, 12004 Castell\\u00f3 de la Plana, Castell\\u00f3, Espa\\u00f1a<br>(<em> Alquiler de bicicletas<\\\/em>)\",\"type\":\"alquiler-de-bicicletas-en\"},{\"title\":\"Trip Nature\",\"lat\":40.0553841,\"lng\":0.06404549999999999,\"info\":\"<strong>Trip Nature<\\\/strong><br>Benic\\u00e0ssim, Espa\\u00f1a<br>(<em> Agencia de viajes<\\\/em>)\",\"type\":\"agencia-de-viajes-en\"},{\"title\":\"Alto Mijares Mountain Bike Center\",\"lat\":40.06876700000001,\"lng\":-0.5236054,\"info\":\"<strong>Alto Mijares Mountain Bike Center<\\\/strong><br>Centro Btt Alto Mijares - Campuebla Apartamentos &amp; Spa, Avenida Fuente Ba\\u00f1os, Montanejos, Espa\\u00f1a<br>(<em> Otros<\\\/em>)\",\"type\":\"default\"},{\"title\":\"Viu Experiencies AAVV\",\"lat\":40.2207504,\"lng\":0.1946705,\"info\":\"<strong>Viu Experiencies AAVV<\\\/strong><br>Viu Experi\\u00e8ncies Travel, Carrer Sant Cristofol, Torreblanca, Espa\\u00f1a<br>(<em> Agencia de viajes<\\\/em>)\",\"type\":\"agencia-de-viajes-en\"},{\"title\":\"Tracks Maestrat-Alternative traveler\",\"lat\":40.51976135911103,\"lng\":0.15815377235412598,\"info\":\"<strong>Tracks Maestrat-Alternative traveler<\\\/strong><br>TRACKS MAESTRAT, Carrer de Val\\u00e8ncia, 36, 12360 Xert, Castell\\u00f3, Espa\\u00f1a<br>(<em> Agencia de viajes<\\\/em>)\",\"type\":\"agencia-de-viajes-en\"},{\"title\":\"Carles&#8217; Orchard\",\"lat\":39.8743522,\"lng\":-0.5075274,\"info\":\"<strong>Carles&#8217; Orchard<\\\/strong><br>1893 Hotel Boutique, Calle de la Esperanza, Navajas, Castell\\u00f3n, Espa\\u00f1a<br>(<em> Restaurante<\\\/em>)\",\"type\":\"restaurante-en\"},{\"title\":\"Perito House\",\"lat\":40.2109846,\"lng\":0.0242679,\"info\":\"<strong>Perito House<\\\/strong><br>Casa Perito, Calle Santos M\\u00e1rtires, Benlloch, Espa\\u00f1a<br>(<em> Restaurante<\\\/em>)\",\"type\":\"restaurante-en\"},{\"title\":\"Desierto de las Palmas Restaurant\",\"lat\":40.07457019999999,\"lng\":0.03094609999999999,\"info\":\"<strong>Desierto de las Palmas Restaurant<\\\/strong><br>Restaurante Desierto de las Palmas, Desierto de las Palmas, Espa\\u00f1a<br>(<em> Restaurante<\\\/em>)\",\"type\":\"restaurante-en\"},{\"title\":\"Infinitri Sports\",\"lat\":39.99510799999999,\"lng\":-0.0251598,\"info\":\"<strong>Infinitri Sports<\\\/strong><br>Calle Calder\\u00f3n de la Barca, 26, Castell\\u00f3n de la Plana, Espa\\u00f1a<br>(<em> Empresa de eventos<\\\/em>)\",\"type\":\"empresa-de-eventos-en\"},{\"title\":\"Turesport\",\"lat\":39.9546633,\"lng\":-0.1122369,\"info\":\"<strong>Turesport<\\\/strong><br>Calle de la Ermita, 300, Vila-real, Espa\\u00f1a<br>(<em> Otros<\\\/em>)\",\"type\":\"otros-en\"},{\"title\":\"Publicom Sports Group\",\"lat\":40.0349818,\"lng\":0.0394631,\"info\":\"<strong>Publicom Sports Group<\\\/strong><br>Carrer la Vilanova d&#039;Alcolea, 17, Benicasim, Espa\\u00f1a<br>(<em> Empresa de eventos<\\\/em>)\",\"type\":\"empresa-de-eventos-en\"},{\"title\":\"City of Cycling\",\"lat\":40.44929845762177,\"lng\":0.2827262878417969,\"info\":\"<strong>City of Cycling<\\\/strong><br>C7XM+P3 Cervera del Maestre, Espa\\u00f1a<br>(<em> Turismo Activo<\\\/em>)\",\"type\":\"turismo-activo-en\"},{\"title\":\"Blobikes\",\"lat\":40.41596706073716,\"lng\":0.4322916269302368,\"info\":\"<strong>Blobikes<\\\/strong><br>Av. de M\\u00e9ndez N\\u00fa\\u00f1ez, 109, 12580 Benicarl\\u00f3, Castell\\u00f3, Espa\\u00f1a<br>(<em> Taller y venta<\\\/em>)\",\"type\":\"taller-y-venta-en\"},{\"title\":\"Bici Escape\",\"lat\":39.990310251669165,\"lng\":-0.05263566970825195,\"info\":\"<strong>Bici Escape<\\\/strong><br>Passeig de Morella, 86, 12006 Castell\\u00f3 de la Plana, Castell\\u00f3, Espa\\u00f1a<br>(<em> Taller y venta<\\\/em>)\",\"type\":\"taller-y-venta-en\"},{\"title\":\"Fandos Cycles\",\"lat\":40.475313470232436,\"lng\":0.47846317291259766,\"info\":\"<strong>Fandos Cycles<\\\/strong><br>Av. de Tarragona, 21A, 12500 Vinar\\u00f2s, Castell\\u00f3, Espa\\u00f1a<br>(<em> Taller y venta<\\\/em>)\",\"type\":\"taller-y-venta-en\"},{\"title\":\"Rural Bicycle\",\"lat\":40.113592270020646,\"lng\":-0.051482319831848145,\"info\":\"<strong>Rural Bicycle<\\\/strong><br>Carrer Sant Antoni, 5, 12192 Vilafam\\u00e9s, Castell\\u00f3, Espa\\u00f1a<br>(<em> Alquiler de bicicletas<\\\/em>)\",\"type\":\"alquiler-de-bicicletas-en\"},{\"title\":\"Breathe Natura\",\"lat\":40.5830073,\"lng\":-0.2162993,\"info\":\"<strong>Breathe Natura<\\\/strong><br>Calle San Crist\\u00f3bal, 1, 12318 Cinctorres, Castell\\u00f3n, Espa\\u00f1a<br>(<em> Turismo Activo<\\\/em>)\",\"type\":\"turismo-activo-en\"},{\"title\":\"Explora Maestrat \\\/ Vive Pe\\u00f1\\u00edscola\",\"lat\":40.35792081191974,\"lng\":0.4072478413581848,\"info\":\"<strong>Explora Maestrat \\\/ Vive Pe\\u00f1\\u00edscola<\\\/strong><br>C. Mayor, 18, 12598 Pe\\u00f1\\u00edscola, Castell\\u00f3n, Espa\\u00f1a<br>(<em> Turismo Activo<\\\/em>)\",\"type\":\"turismo-activo-en\"},{\"title\":\"Hardacho Nature Activities\",\"lat\":39.91281404310903,\"lng\":-0.5691647529602051,\"info\":\"<strong>Hardacho Nature Activities<\\\/strong><br>Cam. Arenachos, 14, 12450 J\\u00e9rica, Castell\\u00f3n, Espa\\u00f1a<br>(<em> Turismo Activo<\\\/em>)\",\"type\":\"turismo-activo-en\"},{\"title\":\"Benicarl\\u00f3 City Council\",\"lat\":40.4169692,\"lng\":0.4245382,\"info\":\"<strong>Benicarl\\u00f3 City Council<\\\/strong><br>Pla\\u00e7a Constituci\\u00f3, s\\\/n, 12580 Benicarl\\u00f3, Espa\\u00f1a<br>(<em> Destino<\\\/em>)\",\"type\":\"destino-en\"},{\"title\":\"Segorbe City Council\",\"lat\":39.85092770000001,\"lng\":-0.4891661,\"info\":\"<strong>Segorbe City Council<\\\/strong><br>Plaza del Alto Palancia, 3, 12400 Segorbe, Espa\\u00f1a<br>(<em> Destino<\\\/em>)\",\"type\":\"destino-en\"},{\"title\":\"EXPERIENCES Turisme i Viv\\u00e8ncies\",\"lat\":40.2201804,\"lng\":0.1951319,\"info\":\"<strong>EXPERIENCES Turisme i Viv\\u00e8ncies<\\\/strong><br>Torreblanca, Espa\\u00f1a<br>(<em> Turismo Activo<\\\/em>)\",\"type\":\"turismo-activo-en\"},{\"title\":\"CE Xafa-Roques Forcall\",\"lat\":40.645808,\"lng\":-0.1994184,\"info\":\"<strong>CE Xafa-Roques Forcall<\\\/strong><br>Plaza Mayor, 13, Forcall, Espa\\u00f1a<br>(<em> Club ciclista<\\\/em>)\",\"type\":\"club-ciclista-en\"},{\"title\":\"Alto Palancia Mountain Bike Center\",\"lat\":39.87475499999999,\"lng\":-0.5107389,\"info\":\"<strong>Alto Palancia Mountain Bike Center<\\\/strong><br>Centro BTT Alto Palancia, Navajas, Espa\\u00f1a<br>(<em> Centro BTT<\\\/em>)\",\"type\":\"centro-btt-en\"},{\"title\":\"Maesports\",\"lat\":40.4199121,\"lng\":0.4240459,\"info\":\"<strong>Maesports<\\\/strong><br>Maesports Turismo Deportivo, Correos, Benicarl\\u00f3, Espa\\u00f1a<br>(<em> Agencia de viajes<\\\/em>)\",\"type\":\"agencia-de-viajes-en\"},{\"title\":\"Spainish travel agency\",\"lat\":39.4684304,\"lng\":-0.3464131,\"info\":\"<strong>Spainish travel agency<\\\/strong><br>Calle de Borriol, 9, puerta 30, Valencia, Espa\\u00f1a<br>(<em> Agencia de viajes<\\\/em>)\",\"type\":\"agencia-de-viajes-en\"},{\"title\":\"Intursports\",\"lat\":40.0303549,\"lng\":0.04494959999999999,\"info\":\"<strong>Intursports<\\\/strong><br>Intursports Travel Service, Avenida Ferrandis Salvador, Benicasim, Espa\\u00f1a<br>(<em> Agencia de viajes<\\\/em>)\",\"type\":\"agencia-de-viajes-en\"},{\"title\":\"Moli de l&#8217;Abad &#8211; Restaurant II\",\"lat\":40.6711139,\"lng\":0.232529,\"info\":\"<strong>Moli de l&#8217;Abad &#8211; Restaurant II<\\\/strong><br>Mol\\u00ed l\\u2019Abad 2, CV-105, Puebla de Benifasar, Espa\\u00f1a<br>(<em> Restaurante<\\\/em>)\",\"type\":\"restaurante-en\"},{\"title\":\"Moli de l&#8217;Abad &#8211; Restaurant I\",\"lat\":40.66914859999999,\"lng\":0.2526134,\"info\":\"<strong>Moli de l&#8217;Abad &#8211; Restaurant I<\\\/strong><br>Mol\\u00ed l\\u2019Abad 1, CV-105, Puebla de Benifasar, Espa\\u00f1a<br>(<em> Restaurante<\\\/em>)\",\"type\":\"restaurante-en\"},{\"title\":\"Cardinal Ram Restaurant\",\"lat\":40.61810419999999,\"lng\":-0.1014928,\"info\":\"<strong>Cardinal Ram Restaurant<\\\/strong><br>Hotel Restaurante Cardenal Ram, Morella, Espa\\u00f1a<br>(<em> Restaurante<\\\/em>)\",\"type\":\"restaurante-en\"},{\"title\":\"Abrasador Altomira Restaurant\",\"lat\":39.874345,\"lng\":-0.510961,\"info\":\"<strong>Abrasador Altomira Restaurant<\\\/strong><br>Restaurante Altomira, CV-213, Navajas, Espa\\u00f1a<br>(<em> Restaurante<\\\/em>)\",\"type\":\"restaurante-en\"},{\"title\":\"Restaurant El Faixero\",\"lat\":40.5838361,\"lng\":-0.2169028,\"info\":\"<strong>Restaurant El Faixero<\\\/strong><br>El Faixero - Hotel Tradicional - Hotel Evoluci\\u00f3n - Restaurante - C\\u00e1tering, Carretera Iglesuela, Cinctorres, Espa\\u00f1a<br>(<em> Restaurante<\\\/em>)\",\"type\":\"restaurante-en\"},{\"title\":\"Hotel Civis Hoteles &#8211; Hotel Luz Castell\\u00f3n\",\"lat\":39.98898310000001,\"lng\":-0.0509137,\"info\":\"<strong>Hotel Civis Hoteles &#8211; Hotel Luz Castell\\u00f3n<\\\/strong><br>Hotel Luz Castell\\u00f3n - Cuatro Estrellas Superior, Carrer del Pintor Oliet, 3, 12006 Castell\\u00f3 de la Plana, Espa\\u00f1a<br>(<em> Alojamiento<\\\/em>)\",\"type\":\"alojamiento-en\"},{\"title\":\"Camping Torrenostra\",\"lat\":40.1992142,\"lng\":0.2180613,\"info\":\"<strong>Camping Torrenostra<\\\/strong><br>Camping Torrenostra, Carretera Torrenostra, Torreblanca, Espa\\u00f1a<br>(<em> Alojamiento<\\\/em>)\",\"type\":\"alojamiento-en\"},{\"title\":\"Moli de l&#8217;Abad &#8211; Camping\",\"lat\":40.66914859999999,\"lng\":0.2526134,\"info\":\"<strong>Moli de l&#8217;Abad &#8211; Camping<\\\/strong><br>Mol\\u00ed l\\u2019Abad 1, CV-105, Puebla de Benifasar, Espa\\u00f1a<br>(<em> Alojamiento<\\\/em>)\",\"type\":\"alojamiento-en\"},{\"title\":\"Moli de l&#8217;Abad &#8211; Rural Hotel\",\"lat\":40.66914859999999,\"lng\":0.2526134,\"info\":\"<strong>Moli de l&#8217;Abad &#8211; Rural Hotel<\\\/strong><br>Mol\\u00ed l\\u2019Abad 1, CV-105, Puebla de Benifasar, Espa\\u00f1a<br>(<em> Alojamiento<\\\/em>)\",\"type\":\"alojamiento-en\"},{\"title\":\"Moli de l&#8217;Abad &#8211; Hotel Muntanya\",\"lat\":40.66914859999999,\"lng\":0.2526134,\"info\":\"<strong>Moli de l&#8217;Abad &#8211; Hotel Muntanya<\\\/strong><br>Mol\\u00ed l\\u2019Abad 1, CV-105, Puebla de Benifasar, Espa\\u00f1a<br>(<em> Alojamiento<\\\/em>)\",\"type\":\"alojamiento-en\"},{\"title\":\"Camping Riberamar\",\"lat\":40.1254066,\"lng\":0.1559473,\"info\":\"<strong>Camping Riberamar<\\\/strong><br>Camping Riberamar, Avinguda la Ratlla, Venta de San Antonio-Estaci\\u00f3n, Espa\\u00f1a<br>(<em> Alojamiento<\\\/em>)\",\"type\":\"alojamiento-en\"},{\"title\":\"Antic Palau de Vilafam\\u00e9s\",\"lat\":40.1134613,\"lng\":-0.0545827,\"info\":\"<strong>Antic Palau de Vilafam\\u00e9s<\\\/strong><br>Apartamentos Vilafam\\u00e9s Antic Palau, Calle Diputaci\\u00f3 Provincial, Villafam\\u00e9s, Espa\\u00f1a<br>(<em> Alojamiento<\\\/em>)\",\"type\":\"alojamiento-en\"},{\"title\":\"Rural house El Forn del Sitjar\",\"lat\":40.1555812,\"lng\":0.046304,\"info\":\"<strong>Rural house El Forn del Sitjar<\\\/strong><br>CASA RURAL 4 ESTRELLAS, Carrer del Carmen, Cabanes, Espa\\u00f1a<br>(<em> Alojamiento<\\\/em>)\",\"type\":\"alojamiento-en\"},{\"title\":\"Rural House el Planet de Maella\",\"lat\":40.5205114,\"lng\":0.1570508,\"info\":\"<strong>Rural House el Planet de Maella<\\\/strong><br>Casa Rural El Planet de Maella, Xert. Castell\\u00f3n. Jacuzzi, Terraza, Chimenea de le\\u00f1a, Calefacci\\u00f3n radiante., Calle del Horno, Chert, Espa\\u00f1a<br>(<em> Alojamiento<\\\/em>)\",\"type\":\"alojamiento-en\"},{\"title\":\"Hotel RH Silene\",\"lat\":39.9919851,\"lng\":0.0251885,\"info\":\"<strong>Hotel RH Silene<\\\/strong><br>RH Silene Hotel &amp; Spa, Avenida del Golf, Grao de Castell\\u00f3n, Espa\\u00f1a<br>(<em> Alojamiento<\\\/em>)\",\"type\":\"alojamiento-en\"},{\"title\":\"Los Olivos Rural House\",\"lat\":40.5273698,\"lng\":0.316974,\"info\":\"<strong>Los Olivos Rural House<\\\/strong><br>Casa de Olivos, Partida la Serra, Traiguera, Espa\\u00f1a<br>(<em> Alojamiento<\\\/em>)\",\"type\":\"alojamiento-en\"},{\"title\":\"Casa de Olivos\",\"lat\":40.5273698,\"lng\":0.316974,\"info\":\"<strong>Casa de Olivos<\\\/strong><br>Casa de Olivos, Partida la Serra, Traiguera, Espa\\u00f1a<br>(<em> Alojamiento<\\\/em>)\",\"type\":\"alojamiento-en\"},{\"title\":\"1893 Boutique Hotel\",\"lat\":39.8743522,\"lng\":-0.5075274,\"info\":\"<strong>1893 Boutique Hotel<\\\/strong><br>1893 Hotel Boutique, Calle de la Esperanza, Navajas, Espa\\u00f1a<br>(<em> Alojamiento<\\\/em>)\",\"type\":\"alojamiento-en\"},{\"title\":\"EuroHotel\",\"lat\":39.9887157,\"lng\":-0.05120540000000001,\"info\":\"<strong>EuroHotel<\\\/strong><br>EuroHotel Castell\\u00f3 Estaci\\u00f3 -, Calle Pintor Oliet, Castell\\u00f3n de la Plana, Espa\\u00f1a<br>(<em> Alojamiento<\\\/em>)\",\"type\":\"alojamiento-en\"},{\"title\":\"Caudiel between mountain ranges\",\"lat\":39.948251,\"lng\":-0.5684609999999999,\"info\":\"<strong>Caudiel between mountain ranges<\\\/strong><br>Caudiel entre Sierras, Avenida Montan, Caudiel, Espa\\u00f1a<br>(<em> Alojamiento<\\\/em>)\",\"type\":\"alojamiento-en\"},{\"title\":\"Campuebla Apartments\",\"lat\":40.068918,\"lng\":-0.523509,\"info\":\"<strong>Campuebla Apartments<\\\/strong><br>Apartamentos Campuebla, Carretera de Tales, Montanejos, Espa\\u00f1a<br>(<em> Alojamiento<\\\/em>)\",\"type\":\"alojamiento-en\"},{\"title\":\"Natur Sport \\\/ La B\\u00f3veda Country House\",\"lat\":40.509847169487465,\"lng\":0.3334575891494751,\"info\":\"<strong>Natur Sport \\\/ La B\\u00f3veda Country House<\\\/strong><br>Carrer Sant Josep, 27, 12320 Sant Jordi, Castell\\u00f3, Espa\\u00f1a<br>(<em> Alojamiento<\\\/em>)\",\"type\":\"alojamiento-en\"},{\"title\":\"Benicarl\\u00f3 Parador\",\"lat\":40.4115903,\"lng\":0.4281779000000001,\"info\":\"<strong>Benicarl\\u00f3 Parador<\\\/strong><br>Parador de Benicarl\\u00f3, Avenida Papa Luna, Benicarl\\u00f3, Espa\\u00f1a<br>(<em> Alojamiento<\\\/em>)\",\"type\":\"alojamiento-en\"},{\"title\":\"Azahar Beach Apartments\",\"lat\":40.2480888,\"lng\":0.2832626,\"info\":\"<strong>Azahar Beach Apartments<\\\/strong><br>Azahar Beach Apartments, Carrer dels Murs, Alcoc\\u00e9ber, Espa\\u00f1a<br>(<em> Alojamiento<\\\/em>)\",\"type\":\"alojamiento-en\"},{\"title\":\"Rural House la C\\u00e8nia\",\"lat\":40.4569292,\"lng\":0.2740379,\"info\":\"<strong>Rural House la C\\u00e8nia<\\\/strong><br>Casa La C\\u00e8nia - Habitour, Carrer Doctor Jos\\u00e9 Molt\\u00f3, Cervera del Maestrat, Espa\\u00f1a<br>(<em> Alojamiento<\\\/em>)\",\"type\":\"alojamiento-en\"},{\"title\":\"Palmira Rural House\",\"lat\":40.4561972,\"lng\":0.2734920000000001,\"info\":\"<strong>Palmira Rural House<\\\/strong><br>Casa Palmira - Habitour, Carrer Santa Genoveva, Cervera del Maestre, Espa\\u00f1a<br>(<em> Alojamiento<\\\/em>)\",\"type\":\"alojamiento-en\"},{\"title\":\"Hotel RH Casablanca\",\"lat\":40.38888889999999,\"lng\":0.4111111,\"info\":\"<strong>Hotel RH Casablanca<\\\/strong><br>Hotel RH Casablanca Suites, Avenida Papa Luna, Pe\\u00f1\\u00edscola, Espa\\u00f1a<br>(<em> Alojamiento<\\\/em>)\",\"type\":\"alojamiento-en\"},{\"title\":\"Rural house Turimaestrat\",\"lat\":40.46663951784814,\"lng\":0.17895430326461792,\"info\":\"<strong>Rural house Turimaestrat<\\\/strong><br>Carrer de l&#039;Historiador M. Bet\\u00ed Bonfill, 37a, 12170 Sant Mateu, Castell\\u00f3, Espa\\u00f1a<br>(<em> Alojamiento<\\\/em>)\",\"type\":\"alojamiento-en\"},{\"title\":\"Camping Altomira\",\"lat\":39.874834,\"lng\":-0.510467,\"info\":\"<strong>Camping Altomira<\\\/strong><br>Camping - Bungalows Altomira, CV-213, Navajas, Espa\\u00f1a<br>(<em> Alojamiento<\\\/em>)\",\"type\":\"alojamiento-en\"},{\"title\":\"Hotel El Faixero\",\"lat\":40.5838361,\"lng\":-0.2169028,\"info\":\"<strong>Hotel El Faixero<\\\/strong><br>El Faixero - Hotel Tradicional - Hotel Evoluci\\u00f3n - Restaurante - C\\u00e1tering, Carretera Iglesuela, Cinctorres, Espa\\u00f1a<br>(<em> Alojamiento<\\\/em>)\",\"type\":\"alojamiento-en\"},{\"title\":\"Rural house Casa Pepo\",\"lat\":40.72082311046714,\"lng\":-0.005128383636474609,\"info\":\"<strong>Rural house Casa Pepo<\\\/strong><br>C. Arrabal, 2, 12317 Herb\\u00e9s, Castell\\u00f3n, Espa\\u00f1a<br>(<em> Alojamiento<\\\/em>)\",\"type\":\"alojamiento-en\"},{\"title\":\"Rural house Casa Julian\",\"lat\":40.6186447,\"lng\":-0.1331792,\"info\":\"<strong>Rural house Casa Julian<\\\/strong><br>Casa Juli\\u00e1n de Morella, CV-14, Morella, Espa\\u00f1a<br>(<em> Alojamiento<\\\/em>)\",\"type\":\"alojamiento-en\"},{\"title\":\"Magic Games Hotel 4*.\",\"lat\":40.1076413,\"lng\":0.1515154,\"info\":\"<strong>Magic Games Hotel 4*.<\\\/strong><br>Hotel Magic Games 4*, Carrer l&#039;Antina, Espa\\u00f1a<br>(<em> Alojamiento<\\\/em>)\",\"type\":\"alojamiento-en\"},{\"title\":\"G\\u00eete Un moment, les coves\",\"lat\":40.3102014,\"lng\":0.1230208,\"info\":\"<strong>G\\u00eete Un moment, les coves<\\\/strong><br>Casa Rural Un moment****, Calle de los Desamparados, Les Coves de Vinrom\\u00e0, Espa\\u00f1a<br>(<em> Alojamiento<\\\/em>)\",\"type\":\"alojamiento-en\"},{\"title\":\"Hotel Xauen\",\"lat\":40.069365,\"lng\":-0.5240971999999998,\"info\":\"<strong>Hotel Xauen<\\\/strong><br>Hotel Xauen, Avenida Fuente Ba\\u00f1os, Montanejos, Espa\\u00f1a<br>(<em> Alojamiento<\\\/em>)\",\"type\":\"alojamiento-en\"},{\"title\":\"Hotel El Cid\",\"lat\":40.6177253,\"lng\":-0.09879289999999999,\"info\":\"<strong>Hotel El Cid<\\\/strong><br>Hotel el Cid, Portal de Sant Mateu, Morella, Espa\\u00f1a<br>(<em> Alojamiento<\\\/em>)\",\"type\":\"alojamiento-en\"},{\"title\":\"Hotel Intelier Orange\",\"lat\":40.0409625,\"lng\":0.0502618,\"info\":\"<strong>Hotel Intelier Orange<\\\/strong><br>Intelier Orange, Avenida Gimeno Tom\\u00e1s, Benicasim, Espa\\u00f1a<br>(<em> Alojamiento<\\\/em>)\",\"type\":\"alojamiento-en\"},{\"title\":\"Hotel Intelier Bonaire\",\"lat\":40.03917469999999,\"lng\":0.0508431,\"info\":\"<strong>Hotel Intelier Bonaire<\\\/strong><br>Intelier Bonaire, Avenida Gimeno Tom\\u00e1s, Benicasim, Espa\\u00f1a<br>(<em> Alojamiento<\\\/em>)\",\"type\":\"alojamiento-en\"},{\"title\":\"T\\u00edrig Mountain Bike Center\",\"lat\":40.42315902430776,\"lng\":0.07691770792007446,\"info\":\"<strong>T\\u00edrig Mountain Bike Center<\\\/strong><br>Carrer Enric Puig Mart\\u00ed, 13, 12179 T\\u00edrig, Castell\\u00f3, Espa\\u00f1a<br>(<em> Centro BTT<\\\/em>)\",\"type\":\"centro-btt-en\"},{\"title\":\"Mediterranean Bike Tours\",\"lat\":39.74452699999999,\"lng\":-0.359238,\"info\":\"<strong>Mediterranean Bike Tours<\\\/strong><br>Mediterranean Bike Tours, Carrer Major, Torres Torres, Espa\\u00f1a<br>(<em> Agencia de viajes<\\\/em>)\",\"type\":\"agencia-de-viajes-en\"},{\"title\":\"Sierra d&#8217;Irta Restaurant\",\"lat\":40.2510595,\"lng\":0.2726086,\"info\":\"<strong>Sierra d&#8217;Irta Restaurant<\\\/strong><br>Restaurante Serra d&#039;Irta, Carretera de les Fonts, Alcoc\\u00e9ber, Espa\\u00f1a<br>(<em> Restaurante<\\\/em>)\",\"type\":\"restaurante-en\"},{\"title\":\"Pe\\u00f1iscola Grand Hotel\",\"lat\":40.3920386,\"lng\":0.4129217,\"info\":\"<strong>Pe\\u00f1iscola Grand Hotel<\\\/strong><br>Gran Hotel Pe\\u00f1\\u00edscola ****, Avenida Papa Luna, Pe\\u00f1\\u00edscola, Espa\\u00f1a<br>(<em> Alojamiento<\\\/em>)\",\"type\":\"alojamiento-en\"}];\r\n            var icons = {\r\n    'agencia-de-viajes': {\r\n        url: 'https:\/\/cdn-icons-png.flaticon.com\/512\/201\/201623.png', \/\/ \u00cdcono de avi\u00f3n para agencias de viaje\r\n        scaledSize: new google.maps.Size(32, 32)\r\n    },\r\n    'alojamiento': {\r\n        url: 'https:\/\/cdn-icons-png.flaticon.com\/512\/711\/711769.png', \/\/ \u00cdcono de cama para alojamiento\r\n        scaledSize: new google.maps.Size(32, 32)\r\n    },\r\n    'alquiler-de-bicicletas': {\r\n        url: 'https:\/\/cdn-icons-png.flaticon.com\/512\/252\/252025.png', \/\/ \u00cdcono de bicicleta para alquiler\r\n        scaledSize: new google.maps.Size(32, 32)\r\n    },\r\n    'centro-btt': {\r\n        url: 'https:\/\/cdn-icons-png.flaticon.com\/512\/2917\/2917242.png', \/\/ \u00cdcono de engranajes para centros t\u00e9cnicos\r\n        scaledSize: new google.maps.Size(32, 32)\r\n    },\r\n    'club-ciclista': {\r\n        url: 'https:\/\/cdn-icons-png.flaticon.com\/512\/4359\/4359767.png', \/\/ \u00cdcono de un ciclista\r\n        scaledSize: new google.maps.Size(32, 32)\r\n    },\r\n    'destino': {\r\n        url: 'https:\/\/cdn-icons-png.flaticon.com\/512\/684\/684908.png', \/\/ \u00cdcono de marcador de ubicaci\u00f3n\r\n        scaledSize: new google.maps.Size(32, 32)\r\n    },\r\n    'empresa-de-eventos': {\r\n        url: 'https:\/\/cdn-icons-png.flaticon.com\/512\/3875\/3875580.png', \/\/ \u00cdcono de calendario para eventos\r\n        scaledSize: new google.maps.Size(32, 32)\r\n    },\r\n    'eventos': {\r\n        url: 'https:\/\/cdn-icons-png.flaticon.com\/512\/3793\/3793488.png', \/\/ \u00cdcono de escenario para eventos\r\n        scaledSize: new google.maps.Size(32, 32)\r\n    },\r\n    'otros': {\r\n        url: 'https:\/\/cdn-icons-png.flaticon.com\/512\/847\/847969.png', \/\/ \u00cdcono gen\u00e9rico de informaci\u00f3n\r\n        scaledSize: new google.maps.Size(32, 32)\r\n    },\r\n    'restaurante': {\r\n        url: 'https:\/\/cdn-icons-png.flaticon.com\/512\/3075\/3075977.png', \/\/ \u00cdcono de cubiertos para restaurante\r\n        scaledSize: new google.maps.Size(32, 32)\r\n    },\r\n    'servicios-complementarios': {\r\n        url: 'https:\/\/cdn-icons-png.flaticon.com\/512\/3135\/3135695.png', \/\/ \u00cdcono de herramientas cruzadas\r\n        scaledSize: new google.maps.Size(32, 32)\r\n    },\r\n    'taller-y-venta': {\r\n        url: 'https:\/\/cdn-icons-png.flaticon.com\/512\/3344\/3344744.png', \/\/ \u00cdcono de herramientas para talleres\r\n        scaledSize: new google.maps.Size(32, 32)\r\n    },\r\n    'turismo-activo': {\r\n        url: 'https:\/\/cdn-icons-png.flaticon.com\/512\/854\/854869.png', \/\/ \u00cdcono de monta\u00f1ista para turismo activo\r\n        scaledSize: new google.maps.Size(32, 32)\r\n    },\r\n    'default': {\r\n        url: 'https:\/\/cdn-icons-png.flaticon.com\/512\/684\/684831.png', \/\/ \u00cdcono de marcador gen\u00e9rico\r\n        scaledSize: new google.maps.Size(32, 32)\r\n    }\r\n};\r\n\r\n\r\n       locations.forEach(function(location) {\r\n                var icon = icons[location.type] || icons['default'];\r\n                var marker = new google.maps.Marker({\r\n                    position: {lat: location.lat, lng: location.lng},\r\n                    map: map,\r\n                    title: location.title,\r\n                    icon: icon\r\n                });\r\n\r\n                var infowindow = new google.maps.InfoWindow({\r\n                    content: location.info\r\n                });\r\n\r\n                marker.addListener('click', function() {\r\n                    infowindow.open(map, marker);\r\n                });\r\n\r\n                markers.push(marker);\r\n            });\r\n        }\r\n    <\/script>\r\n\r\n    <script>\r\njQuery(document).on('click', '.exopite-multifilter-filter-item', function () {\r\n    var filtros = {};\r\n\r\n    \/\/ Recoger filtros activos\r\n    jQuery('.exopite-multifilter-filter-item.active').each(function () {\r\n        var taxonomy = jQuery(this).closest('.exopite-multifilter-filter-taxonomy').data('taxonomy');\r\n        var term = jQuery(this).data('term');\r\n\r\n        if (taxonomy && term) {\r\n            if (!filtros[taxonomy]) {\r\n                filtros[taxonomy] = [];\r\n            }\r\n            filtros[taxonomy].push(term);\r\n        }\r\n    });\r\n\r\n    actualizarMapaConFiltros(filtros);\r\n});\r\n\r\nfunction actualizarMapaConFiltros(filtros) {\r\nvar icons = {\r\n    'agencia-de-viajes': {\r\n        url: 'https:\/\/cdn-icons-png.flaticon.com\/512\/201\/201623.png', \/\/ \u00cdcono de avi\u00f3n para agencias de viaje\r\n        scaledSize: new google.maps.Size(32, 32)\r\n    },\r\n    'alojamiento': {\r\n        url: 'https:\/\/cdn-icons-png.flaticon.com\/512\/711\/711769.png', \/\/ \u00cdcono de cama para alojamiento\r\n        scaledSize: new google.maps.Size(32, 32)\r\n    },\r\n    'alquiler-de-bicicletas': {\r\n        url: 'https:\/\/cdn-icons-png.flaticon.com\/512\/252\/252025.png', \/\/ \u00cdcono de bicicleta para alquiler\r\n        scaledSize: new google.maps.Size(32, 32)\r\n    },\r\n    'centro-btt': {\r\n        url: 'https:\/\/cdn-icons-png.flaticon.com\/512\/2917\/2917242.png', \/\/ \u00cdcono de engranajes para centros t\u00e9cnicos\r\n        scaledSize: new google.maps.Size(32, 32)\r\n    },\r\n    'club-ciclista': {\r\n        url: 'https:\/\/cdn-icons-png.flaticon.com\/512\/4359\/4359767.png', \/\/ \u00cdcono de un ciclista\r\n        scaledSize: new google.maps.Size(32, 32)\r\n    },\r\n    'destino': {\r\n        url: 'https:\/\/cdn-icons-png.flaticon.com\/512\/684\/684908.png', \/\/ \u00cdcono de marcador de ubicaci\u00f3n\r\n        scaledSize: new google.maps.Size(32, 32)\r\n    },\r\n    'empresa-de-eventos': {\r\n        url: 'https:\/\/cdn-icons-png.flaticon.com\/512\/3875\/3875580.png', \/\/ \u00cdcono de calendario para eventos\r\n        scaledSize: new google.maps.Size(32, 32)\r\n    },\r\n    'eventos': {\r\n        url: 'https:\/\/cdn-icons-png.flaticon.com\/512\/3793\/3793488.png', \/\/ \u00cdcono de escenario para eventos\r\n        scaledSize: new google.maps.Size(32, 32)\r\n    },\r\n    'otros': {\r\n        url: 'https:\/\/cdn-icons-png.flaticon.com\/512\/847\/847969.png', \/\/ \u00cdcono gen\u00e9rico de informaci\u00f3n\r\n        scaledSize: new google.maps.Size(32, 32)\r\n    },\r\n    'restaurante': {\r\n        url: 'https:\/\/cdn-icons-png.flaticon.com\/512\/3075\/3075977.png', \/\/ \u00cdcono de cubiertos para restaurante\r\n        scaledSize: new google.maps.Size(32, 32)\r\n    },\r\n    'servicios-complementarios': {\r\n        url: 'https:\/\/cdn-icons-png.flaticon.com\/512\/3135\/3135695.png', \/\/ \u00cdcono de herramientas cruzadas\r\n        scaledSize: new google.maps.Size(32, 32)\r\n    },\r\n    'taller-y-venta': {\r\n        url: 'https:\/\/cdn-icons-png.flaticon.com\/512\/3344\/3344744.png', \/\/ \u00cdcono de herramientas para talleres\r\n        scaledSize: new google.maps.Size(32, 32)\r\n    },\r\n    'turismo-activo': {\r\n        url: 'https:\/\/cdn-icons-png.flaticon.com\/512\/854\/854869.png', \/\/ \u00cdcono de monta\u00f1ista para turismo activo\r\n        scaledSize: new google.maps.Size(32, 32)\r\n    },\r\n    'default': {\r\n        url: 'https:\/\/cdn-icons-png.flaticon.com\/512\/684\/684831.png', \/\/ \u00cdcono de marcador gen\u00e9rico\r\n        scaledSize: new google.maps.Size(32, 32)\r\n    }\r\n};\r\n\r\n\r\n    jQuery.ajax({\r\n        url: ajax_object.ajax_url,\r\n        type: 'POST',\r\n        data: {\r\n            action: 'filtrar_entidades_mapa',\r\n            filtros: filtros\r\n        },\r\n        success: function (response) {\r\n            if (response.success) {\r\n                var locations = response.data.locations;\r\n\r\n                \/\/ Limpiar marcadores existentes\r\n                markers.forEach(function (marker) {\r\n                    marker.setMap(null);\r\n                });\r\n                markers = [];\r\n\r\n                \/\/ A\u00f1adir nuevos marcadores\r\n                locations.forEach(function (location) {\r\n                    var icon = icons[location.type] || icons['default'];\r\n                    var marker = new google.maps.Marker({\r\n                        position: { lat: location.lat, lng: location.lng },\r\n                        map: map,\r\n                        title: location.title,\r\n                        icon: icon\r\n                    });\r\n\r\n                    var infowindow = new google.maps.InfoWindow({\r\n                        content: location.info\r\n                    });\r\n\r\n                    marker.addListener('click', function () {\r\n                        infowindow.open(map, marker);\r\n                    });\r\n\r\n                    markers.push(marker);\r\n                });\r\n            }\r\n        },\r\n        error: function (xhr, status, error) {\r\n            console.error('Error al actualizar el mapa:', error);\r\n        }\r\n    });\r\n}\r\n\r\n \r\n<\/script>\r\n    <script src=\"https:\/\/maps.googleapis.com\/maps\/api\/js?key=AIzaSyAY6au_8NrUSdbs6eoXF-2zlYEElRzyPGw&callback=initMap\" async defer><\/script>\r\n    <\/div>\n\t\t\t\t<\/div>\n\t\t\t\t<\/div>\n\t\t\t\t<div class=\"elementor-element elementor-element-7c8ab23 elementor-widget elementor-widget-html\" data-id=\"7c8ab23\" data-element_type=\"widget\" data-widget_type=\"html.default\">\n\t\t\t\t<div class=\"elementor-widget-container\">\n\t\t\t\n\t\t<\/div>\n\t\t\t\t<\/div>\n\t\t\t\t\t<\/div>\n\t\t\t\t<\/div>\n\t\t\t\t<\/div>\n\t\t","protected":false},"excerpt":{"rendered":"<div class=\"entry-excerpt\"><\/div>\n","protected":false},"author":1,"featured_media":0,"parent":0,"menu_order":0,"comment_status":"closed","ping_status":"closed","template":"","meta":{"_acf_changed":false,"site-sidebar-layout":"default","site-content-layout":"","ast-site-content-layout":"","site-content-style":"default","site-sidebar-style":"default","ast-global-header-display":"","ast-banner-title-visibility":"","ast-main-header-display":"","ast-hfb-above-header-display":"","ast-hfb-below-header-display":"","ast-hfb-mobile-header-display":"","site-post-title":"","ast-breadcrumbs-content":"","ast-featured-img":"","footer-sml-layout":"","theme-transparent-header-meta":"","adv-header-id-meta":"","stick-header-meta":"","header-above-stick-meta":"","header-main-stick-meta":"","header-below-stick-meta":"","astra-migrate-meta-layouts":"default","ast-page-background-enabled":"default","ast-page-background-meta":{"desktop":{"background-color":"var(--ast-global-color-4)","background-image":"","background-repeat":"repeat","background-position":"center center","background-size":"auto","background-attachment":"scroll","background-type":"","background-media":"","overlay-type":"","overlay-color":"","overlay-opacity":"","overlay-gradient":""},"tablet":{"background-color":"","background-image":"","background-repeat":"repeat","background-position":"center center","background-size":"auto","background-attachment":"scroll","background-type":"","background-media":"","overlay-type":"","overlay-color":"","overlay-opacity":"","overlay-gradient":""},"mobile":{"background-color":"","background-image":"","background-repeat":"repeat","background-position":"center center","background-size":"auto","background-attachment":"scroll","background-type":"","background-media":"","overlay-type":"","overlay-color":"","overlay-opacity":"","overlay-gradient":""}},"ast-content-background-meta":{"desktop":{"background-color":"var(--ast-global-color-5)","background-image":"","background-repeat":"repeat","background-position":"center center","background-size":"auto","background-attachment":"scroll","background-type":"","background-media":"","overlay-type":"","overlay-color":"","overlay-opacity":"","overlay-gradient":""},"tablet":{"background-color":"var(--ast-global-color-5)","background-image":"","background-repeat":"repeat","background-position":"center center","background-size":"auto","background-attachment":"scroll","background-type":"","background-media":"","overlay-type":"","overlay-color":"","overlay-opacity":"","overlay-gradient":""},"mobile":{"background-color":"var(--ast-global-color-5)","background-image":"","background-repeat":"repeat","background-position":"center center","background-size":"auto","background-attachment":"scroll","background-type":"","background-media":"","overlay-type":"","overlay-color":"","overlay-opacity":"","overlay-gradient":""}},"footnotes":""},"class_list":["post-8084","page","type-page","status-publish","hentry"],"acf":[],"yoast_head":"<!-- This site is optimized with the Yoast SEO plugin v26.9 - https:\/\/yoast.com\/product\/yoast-seo-wordpress\/ -->\n<title>Companies - Cicloturismo Castell\u00f3n<\/title>\n<meta name=\"description\" content=\"Companies - Cicloturismo Castell\u00f3n - Castell\u00f3n se ha convertido en un referente para ciclistas de \u00e9lite de todo el mundo.\" \/>\n<meta name=\"robots\" content=\"index, follow, max-snippet:-1, max-image-preview:large, max-video-preview:-1\" \/>\n<link rel=\"canonical\" href=\"https:\/\/castelloncycling.com\/en\/companies\/\" \/>\n<meta property=\"og:locale\" content=\"en_US\" \/>\n<meta property=\"og:type\" content=\"article\" \/>\n<meta property=\"og:title\" content=\"Companies - Cicloturismo Castell\u00f3n\" \/>\n<meta property=\"og:description\" content=\"Companies - Cicloturismo Castell\u00f3n - Castell\u00f3n se ha convertido en un referente para ciclistas de \u00e9lite de todo el mundo.\" \/>\n<meta property=\"og:url\" content=\"https:\/\/castelloncycling.com\/en\/companies\/\" \/>\n<meta property=\"og:site_name\" content=\"Cicloturismo Castell\u00f3n\" \/>\n<meta property=\"article:publisher\" content=\"https:\/\/www.facebook.com\/turismodecastellon\" \/>\n<meta property=\"article:modified_time\" content=\"2024-12-05T16:53:24+00:00\" \/>\n<meta name=\"twitter:card\" content=\"summary_large_image\" \/>\n<meta name=\"twitter:site\" content=\"@turcastellon\" \/>\n<script type=\"application\/ld+json\" class=\"yoast-schema-graph\">{\"@context\":\"https:\/\/schema.org\",\"@graph\":[{\"@type\":\"WebPage\",\"@id\":\"https:\/\/castelloncycling.com\/en\/companies\/\",\"url\":\"https:\/\/castelloncycling.com\/en\/companies\/\",\"name\":\"Companies - Cicloturismo Castell\u00f3n\",\"isPartOf\":{\"@id\":\"https:\/\/castelloncycling.com\/en\/#website\"},\"datePublished\":\"2024-11-25T12:35:25+00:00\",\"dateModified\":\"2024-12-05T16:53:24+00:00\",\"description\":\"Companies - Cicloturismo Castell\u00f3n - Castell\u00f3n se ha convertido en un referente para ciclistas de \u00e9lite de todo el mundo.\",\"breadcrumb\":{\"@id\":\"https:\/\/castelloncycling.com\/en\/companies\/#breadcrumb\"},\"inLanguage\":\"en-US\",\"potentialAction\":[{\"@type\":\"ReadAction\",\"target\":[\"https:\/\/castelloncycling.com\/en\/companies\/\"]}]},{\"@type\":\"BreadcrumbList\",\"@id\":\"https:\/\/castelloncycling.com\/en\/companies\/#breadcrumb\",\"itemListElement\":[{\"@type\":\"ListItem\",\"position\":1,\"name\":\"Inicio\",\"item\":\"https:\/\/castelloncycling.com\/en\/home\/\"},{\"@type\":\"ListItem\",\"position\":2,\"name\":\"Companies\"}]},{\"@type\":\"WebSite\",\"@id\":\"https:\/\/castelloncycling.com\/en\/#website\",\"url\":\"https:\/\/castelloncycling.com\/en\/\",\"name\":\"Cicloturismo Castell\u00f3n\",\"description\":\"\",\"publisher\":{\"@id\":\"https:\/\/castelloncycling.com\/en\/#organization\"},\"potentialAction\":[{\"@type\":\"SearchAction\",\"target\":{\"@type\":\"EntryPoint\",\"urlTemplate\":\"https:\/\/castelloncycling.com\/en\/?s={search_term_string}\"},\"query-input\":{\"@type\":\"PropertyValueSpecification\",\"valueRequired\":true,\"valueName\":\"search_term_string\"}}],\"inLanguage\":\"en-US\"},{\"@type\":\"Organization\",\"@id\":\"https:\/\/castelloncycling.com\/en\/#organization\",\"name\":\"Cicloturismo Castell\u00f3n\",\"url\":\"https:\/\/castelloncycling.com\/en\/\",\"logo\":{\"@type\":\"ImageObject\",\"inLanguage\":\"en-US\",\"@id\":\"https:\/\/castelloncycling.com\/en\/#\/schema\/logo\/image\/\",\"url\":\"https:\/\/castelloncycling.com\/wp-content\/uploads\/2025\/02\/Logo-Diputacion-y-Castellon-Cycling-scaled.png\",\"contentUrl\":\"https:\/\/castelloncycling.com\/wp-content\/uploads\/2025\/02\/Logo-Diputacion-y-Castellon-Cycling-scaled.png\",\"width\":2560,\"height\":285,\"caption\":\"Cicloturismo Castell\u00f3n\"},\"image\":{\"@id\":\"https:\/\/castelloncycling.com\/en\/#\/schema\/logo\/image\/\"},\"sameAs\":[\"https:\/\/www.facebook.com\/turismodecastellon\",\"https:\/\/x.com\/turcastellon\",\"https:\/\/www.flickr.com\/photos\/turismodecastellon\",\"https:\/\/www.youtube.com\/user\/turismodecastellon\",\"https:\/\/www.instagram.com\/turismodecastellon\/\"]}]}<\/script>\n<!-- \/ Yoast SEO plugin. -->","yoast_head_json":{"title":"Companies - Cicloturismo Castell\u00f3n","description":"Companies - Cicloturismo Castell\u00f3n - Castell\u00f3n se ha convertido en un referente para ciclistas de \u00e9lite de todo el mundo.","robots":{"index":"index","follow":"follow","max-snippet":"max-snippet:-1","max-image-preview":"max-image-preview:large","max-video-preview":"max-video-preview:-1"},"canonical":"https:\/\/castelloncycling.com\/en\/companies\/","og_locale":"en_US","og_type":"article","og_title":"Companies - Cicloturismo Castell\u00f3n","og_description":"Companies - Cicloturismo Castell\u00f3n - Castell\u00f3n se ha convertido en un referente para ciclistas de \u00e9lite de todo el mundo.","og_url":"https:\/\/castelloncycling.com\/en\/companies\/","og_site_name":"Cicloturismo Castell\u00f3n","article_publisher":"https:\/\/www.facebook.com\/turismodecastellon","article_modified_time":"2024-12-05T16:53:24+00:00","twitter_card":"summary_large_image","twitter_site":"@turcastellon","schema":{"@context":"https:\/\/schema.org","@graph":[{"@type":"WebPage","@id":"https:\/\/castelloncycling.com\/en\/companies\/","url":"https:\/\/castelloncycling.com\/en\/companies\/","name":"Companies - Cicloturismo Castell\u00f3n","isPartOf":{"@id":"https:\/\/castelloncycling.com\/en\/#website"},"datePublished":"2024-11-25T12:35:25+00:00","dateModified":"2024-12-05T16:53:24+00:00","description":"Companies - Cicloturismo Castell\u00f3n - Castell\u00f3n se ha convertido en un referente para ciclistas de \u00e9lite de todo el mundo.","breadcrumb":{"@id":"https:\/\/castelloncycling.com\/en\/companies\/#breadcrumb"},"inLanguage":"en-US","potentialAction":[{"@type":"ReadAction","target":["https:\/\/castelloncycling.com\/en\/companies\/"]}]},{"@type":"BreadcrumbList","@id":"https:\/\/castelloncycling.com\/en\/companies\/#breadcrumb","itemListElement":[{"@type":"ListItem","position":1,"name":"Inicio","item":"https:\/\/castelloncycling.com\/en\/home\/"},{"@type":"ListItem","position":2,"name":"Companies"}]},{"@type":"WebSite","@id":"https:\/\/castelloncycling.com\/en\/#website","url":"https:\/\/castelloncycling.com\/en\/","name":"Cicloturismo Castell\u00f3n","description":"","publisher":{"@id":"https:\/\/castelloncycling.com\/en\/#organization"},"potentialAction":[{"@type":"SearchAction","target":{"@type":"EntryPoint","urlTemplate":"https:\/\/castelloncycling.com\/en\/?s={search_term_string}"},"query-input":{"@type":"PropertyValueSpecification","valueRequired":true,"valueName":"search_term_string"}}],"inLanguage":"en-US"},{"@type":"Organization","@id":"https:\/\/castelloncycling.com\/en\/#organization","name":"Cicloturismo Castell\u00f3n","url":"https:\/\/castelloncycling.com\/en\/","logo":{"@type":"ImageObject","inLanguage":"en-US","@id":"https:\/\/castelloncycling.com\/en\/#\/schema\/logo\/image\/","url":"https:\/\/castelloncycling.com\/wp-content\/uploads\/2025\/02\/Logo-Diputacion-y-Castellon-Cycling-scaled.png","contentUrl":"https:\/\/castelloncycling.com\/wp-content\/uploads\/2025\/02\/Logo-Diputacion-y-Castellon-Cycling-scaled.png","width":2560,"height":285,"caption":"Cicloturismo Castell\u00f3n"},"image":{"@id":"https:\/\/castelloncycling.com\/en\/#\/schema\/logo\/image\/"},"sameAs":["https:\/\/www.facebook.com\/turismodecastellon","https:\/\/x.com\/turcastellon","https:\/\/www.flickr.com\/photos\/turismodecastellon","https:\/\/www.youtube.com\/user\/turismodecastellon","https:\/\/www.instagram.com\/turismodecastellon\/"]}]}},"_links":{"self":[{"href":"https:\/\/castelloncycling.com\/en\/wp-json\/wp\/v2\/pages\/8084","targetHints":{"allow":["GET"]}}],"collection":[{"href":"https:\/\/castelloncycling.com\/en\/wp-json\/wp\/v2\/pages"}],"about":[{"href":"https:\/\/castelloncycling.com\/en\/wp-json\/wp\/v2\/types\/page"}],"author":[{"embeddable":true,"href":"https:\/\/castelloncycling.com\/en\/wp-json\/wp\/v2\/users\/1"}],"replies":[{"embeddable":true,"href":"https:\/\/castelloncycling.com\/en\/wp-json\/wp\/v2\/comments?post=8084"}],"version-history":[{"count":2,"href":"https:\/\/castelloncycling.com\/en\/wp-json\/wp\/v2\/pages\/8084\/revisions"}],"predecessor-version":[{"id":9676,"href":"https:\/\/castelloncycling.com\/en\/wp-json\/wp\/v2\/pages\/8084\/revisions\/9676"}],"wp:attachment":[{"href":"https:\/\/castelloncycling.com\/en\/wp-json\/wp\/v2\/media?parent=8084"}],"curies":[{"name":"wp","href":"https:\/\/api.w.org\/{rel}","templated":true}]}}