{"id":8254,"date":"2024-11-18T09:01:58","date_gmt":"2024-11-18T09:01:58","guid":{"rendered":"https:\/\/cicloturismo.serinza.com\/eventos\/gran-fondo-de-lepopee-mediterraneenne\/"},"modified":"2024-12-05T22:07:45","modified_gmt":"2024-12-05T22:07:45","slug":"gran-fondo-de-lepopee-mediterraneenne","status":"publish","type":"eventos","link":"https:\/\/castelloncycling.com\/fr\/eventos\/gran-fondo-de-lepopee-mediterraneenne\/","title":{"rendered":"Gran Fondo de l&#8217;\u00e9pop\u00e9e m\u00e9diterran\u00e9enne"},"content":{"rendered":"\n<p>Le <strong>Mediterranean Epic Gran Fondo<\/strong> est un d\u00e9fi cycliste annuel organis\u00e9 \u00e0 Oropesa del Mar, Castell\u00f3n. En 2024, il comprendra trois distances : le gran fondo de <strong>216 km<\/strong> avec <strong>3 600 m de<\/strong> d\u00e9nivel\u00e9, un parcours de <strong>160 km<\/strong> avec <strong>2 600 m de<\/strong> d\u00e9nivel\u00e9 et une version plus courte de <strong>112 km<\/strong> avec <strong>1 700 m de<\/strong> d\u00e9nivel\u00e9. Les participants traverseront de magnifiques paysages c\u00f4tiers et des mont\u00e9es difficiles dans un \u00e9v\u00e9nement qui commence et se termine \u00e0 Oropesa del Mar. Cet \u00e9v\u00e9nement a lieu depuis 2022 et s&#8217;est impos\u00e9 comme l&#8217;une des comp\u00e9titions les plus remarquables de la r\u00e9gion, la troisi\u00e8me marche d&#8217;Espagne avec la plus forte participation, consid\u00e9r\u00e9e comme l&#8217;une des mieux organis\u00e9es par les supporters (3 200 cyclistes) et dont l&#8217;ambassadeur est Perico Delgado.   <\/p>\n","protected":false},"excerpt":{"rendered":"<p>Le Mediterranean Epic Gran Fondo est un d\u00e9fi cycliste annuel organis\u00e9 \u00e0 Oropesa del Mar, Castell\u00f3n. En 2024, il comprendra [&hellip;]<\/p>\n","protected":false},"featured_media":6056,"parent":0,"template":"","meta":{"_acf_changed":false,"site-sidebar-layout":"default","site-content-layout":"","ast-site-content-layout":"","site-content-style":"default","site-sidebar-style":"default","ast-global-header-display":"","ast-banner-title-visibility":"","ast-main-header-display":"","ast-hfb-above-header-display":"","ast-hfb-below-header-display":"","ast-hfb-mobile-header-display":"","site-post-title":"","ast-breadcrumbs-content":"","ast-featured-img":"","footer-sml-layout":"","theme-transparent-header-meta":"","adv-header-id-meta":"","stick-header-meta":"","header-above-stick-meta":"","header-main-stick-meta":"","header-below-stick-meta":"","astra-migrate-meta-layouts":"default","ast-page-background-enabled":"default","ast-page-background-meta":{"desktop":{"background-color":"var(--ast-global-color-4)","background-image":"","background-repeat":"repeat","background-position":"center center","background-size":"auto","background-attachment":"scroll","background-type":"","background-media":"","overlay-type":"","overlay-color":"","overlay-opacity":"","overlay-gradient":""},"tablet":{"background-color":"","background-image":"","background-repeat":"repeat","background-position":"center center","background-size":"auto","background-attachment":"scroll","background-type":"","background-media":"","overlay-type":"","overlay-color":"","overlay-opacity":"","overlay-gradient":""},"mobile":{"background-color":"","background-image":"","background-repeat":"repeat","background-position":"center center","background-size":"auto","background-attachment":"scroll","background-type":"","background-media":"","overlay-type":"","overlay-color":"","overlay-opacity":"","overlay-gradient":""}},"ast-content-background-meta":{"desktop":{"background-color":"var(--ast-global-color-5)","background-image":"","background-repeat":"repeat","background-position":"center center","background-size":"auto","background-attachment":"scroll","background-type":"","background-media":"","overlay-type":"","overlay-color":"","overlay-opacity":"","overlay-gradient":""},"tablet":{"background-color":"var(--ast-global-color-5)","background-image":"","background-repeat":"repeat","background-position":"center center","background-size":"auto","background-attachment":"scroll","background-type":"","background-media":"","overlay-type":"","overlay-color":"","overlay-opacity":"","overlay-gradient":""},"mobile":{"background-color":"var(--ast-global-color-5)","background-image":"","background-repeat":"repeat","background-position":"center center","background-size":"auto","background-attachment":"scroll","background-type":"","background-media":"","overlay-type":"","overlay-color":"","overlay-opacity":"","overlay-gradient":""}}},"categoria-evento":[494],"class_list":["post-8254","eventos","type-eventos","status-publish","has-post-thumbnail","hentry","categoria-evento-la-plana-alta-fr"],"acf":[],"yoast_head":"<!-- This site is optimized with the Yoast SEO plugin v26.9 - https:\/\/yoast.com\/product\/yoast-seo-wordpress\/ -->\n<title>Gran Fondo de l&#039;\u00e9pop\u00e9e m\u00e9diterran\u00e9enne - Cicloturismo Castell\u00f3n<\/title>\n<meta name=\"description\" content=\"3\u00e8me marche en Espagne avec la plus forte participation. 3 200 cyclistes en 2024. Consid\u00e9r\u00e9e comme l&#039;une des meilleures organis\u00e9es par...\" \/>\n<meta name=\"robots\" content=\"index, follow, max-snippet:-1, max-image-preview:large, max-video-preview:-1\" \/>\n<link rel=\"canonical\" href=\"https:\/\/castelloncycling.com\/fr\/eventos\/gran-fondo-de-lepopee-mediterraneenne\/\" \/>\n<meta property=\"og:locale\" content=\"fr_FR\" \/>\n<meta property=\"og:type\" content=\"article\" \/>\n<meta property=\"og:title\" content=\"Gran Fondo de l&#039;\u00e9pop\u00e9e m\u00e9diterran\u00e9enne - Cicloturismo Castell\u00f3n\" \/>\n<meta property=\"og:description\" content=\"3\u00e8me marche en Espagne avec la plus forte participation. 3 200 cyclistes en 2024. Consid\u00e9r\u00e9e comme l&#039;une des meilleures organis\u00e9es par...\" \/>\n<meta property=\"og:url\" content=\"https:\/\/castelloncycling.com\/fr\/eventos\/gran-fondo-de-lepopee-mediterraneenne\/\" \/>\n<meta property=\"og:site_name\" content=\"Cicloturismo Castell\u00f3n\" \/>\n<meta property=\"article:publisher\" content=\"https:\/\/www.facebook.com\/turismodecastellon\" \/>\n<meta property=\"article:modified_time\" content=\"2024-12-05T22:07:45+00:00\" \/>\n<meta property=\"og:image\" content=\"https:\/\/castelloncycling.com\/wp-content\/uploads\/2024\/11\/e14dde96-fa43-4f53-be4d-d095487717dc-e1732194297438.jpg\" \/>\n\t<meta property=\"og:image:width\" content=\"332\" \/>\n\t<meta property=\"og:image:height\" content=\"480\" \/>\n\t<meta property=\"og:image:type\" content=\"image\/jpeg\" \/>\n<meta name=\"twitter:card\" content=\"summary_large_image\" \/>\n<meta name=\"twitter:site\" content=\"@turcastellon\" \/>\n<meta name=\"twitter:label1\" content=\"Dur\u00e9e de lecture estim\u00e9e\" \/>\n\t<meta name=\"twitter:data1\" content=\"1 minute\" \/>\n<script type=\"application\/ld+json\" class=\"yoast-schema-graph\">{\"@context\":\"https:\/\/schema.org\",\"@graph\":[{\"@type\":\"WebPage\",\"@id\":\"https:\/\/castelloncycling.com\/fr\/eventos\/gran-fondo-de-lepopee-mediterraneenne\/\",\"url\":\"https:\/\/castelloncycling.com\/fr\/eventos\/gran-fondo-de-lepopee-mediterraneenne\/\",\"name\":\"Gran Fondo de l'\u00e9pop\u00e9e m\u00e9diterran\u00e9enne - Cicloturismo Castell\u00f3n\",\"isPartOf\":{\"@id\":\"https:\/\/castelloncycling.com\/fr\/#website\"},\"primaryImageOfPage\":{\"@id\":\"https:\/\/castelloncycling.com\/fr\/eventos\/gran-fondo-de-lepopee-mediterraneenne\/#primaryimage\"},\"image\":{\"@id\":\"https:\/\/castelloncycling.com\/fr\/eventos\/gran-fondo-de-lepopee-mediterraneenne\/#primaryimage\"},\"thumbnailUrl\":\"https:\/\/castelloncycling.com\/wp-content\/uploads\/2024\/11\/e14dde96-fa43-4f53-be4d-d095487717dc-e1732194297438.jpg\",\"datePublished\":\"2024-11-18T09:01:58+00:00\",\"dateModified\":\"2024-12-05T22:07:45+00:00\",\"description\":\"3\u00e8me marche en Espagne avec la plus forte participation. 3 200 cyclistes en 2024. Consid\u00e9r\u00e9e comme l'une des meilleures organis\u00e9es par...\",\"breadcrumb\":{\"@id\":\"https:\/\/castelloncycling.com\/fr\/eventos\/gran-fondo-de-lepopee-mediterraneenne\/#breadcrumb\"},\"inLanguage\":\"fr-FR\",\"potentialAction\":[{\"@type\":\"ReadAction\",\"target\":[\"https:\/\/castelloncycling.com\/fr\/eventos\/gran-fondo-de-lepopee-mediterraneenne\/\"]}]},{\"@type\":\"ImageObject\",\"inLanguage\":\"fr-FR\",\"@id\":\"https:\/\/castelloncycling.com\/fr\/eventos\/gran-fondo-de-lepopee-mediterraneenne\/#primaryimage\",\"url\":\"https:\/\/castelloncycling.com\/wp-content\/uploads\/2024\/11\/e14dde96-fa43-4f53-be4d-d095487717dc-e1732194297438.jpg\",\"contentUrl\":\"https:\/\/castelloncycling.com\/wp-content\/uploads\/2024\/11\/e14dde96-fa43-4f53-be4d-d095487717dc-e1732194297438.jpg\",\"width\":332,\"height\":480,\"caption\":\"Ciclismo\"},{\"@type\":\"BreadcrumbList\",\"@id\":\"https:\/\/castelloncycling.com\/fr\/eventos\/gran-fondo-de-lepopee-mediterraneenne\/#breadcrumb\",\"itemListElement\":[{\"@type\":\"ListItem\",\"position\":1,\"name\":\"Inicio\",\"item\":\"https:\/\/castelloncycling.com\/fr\/accueil\/\"},{\"@type\":\"ListItem\",\"position\":2,\"name\":\"Eventos\",\"item\":\"https:\/\/castelloncycling.com\/fr\/eventos\/\"},{\"@type\":\"ListItem\",\"position\":3,\"name\":\"Gran Fondo de l&#8217;\u00e9pop\u00e9e m\u00e9diterran\u00e9enne\"}]},{\"@type\":\"WebSite\",\"@id\":\"https:\/\/castelloncycling.com\/fr\/#website\",\"url\":\"https:\/\/castelloncycling.com\/fr\/\",\"name\":\"Cicloturismo Castell\u00f3n\",\"description\":\"\",\"publisher\":{\"@id\":\"https:\/\/castelloncycling.com\/fr\/#organization\"},\"potentialAction\":[{\"@type\":\"SearchAction\",\"target\":{\"@type\":\"EntryPoint\",\"urlTemplate\":\"https:\/\/castelloncycling.com\/fr\/?s={search_term_string}\"},\"query-input\":{\"@type\":\"PropertyValueSpecification\",\"valueRequired\":true,\"valueName\":\"search_term_string\"}}],\"inLanguage\":\"fr-FR\"},{\"@type\":\"Organization\",\"@id\":\"https:\/\/castelloncycling.com\/fr\/#organization\",\"name\":\"Cicloturismo Castell\u00f3n\",\"url\":\"https:\/\/castelloncycling.com\/fr\/\",\"logo\":{\"@type\":\"ImageObject\",\"inLanguage\":\"fr-FR\",\"@id\":\"https:\/\/castelloncycling.com\/fr\/#\/schema\/logo\/image\/\",\"url\":\"https:\/\/castelloncycling.com\/wp-content\/uploads\/2025\/02\/Logo-Diputacion-y-Castellon-Cycling-scaled.png\",\"contentUrl\":\"https:\/\/castelloncycling.com\/wp-content\/uploads\/2025\/02\/Logo-Diputacion-y-Castellon-Cycling-scaled.png\",\"width\":2560,\"height\":285,\"caption\":\"Cicloturismo Castell\u00f3n\"},\"image\":{\"@id\":\"https:\/\/castelloncycling.com\/fr\/#\/schema\/logo\/image\/\"},\"sameAs\":[\"https:\/\/www.facebook.com\/turismodecastellon\",\"https:\/\/x.com\/turcastellon\",\"https:\/\/www.flickr.com\/photos\/turismodecastellon\",\"https:\/\/www.youtube.com\/user\/turismodecastellon\",\"https:\/\/www.instagram.com\/turismodecastellon\/\"]}]}<\/script>\n<!-- \/ Yoast SEO plugin. -->","yoast_head_json":{"title":"Gran Fondo de l'\u00e9pop\u00e9e m\u00e9diterran\u00e9enne - Cicloturismo Castell\u00f3n","description":"3\u00e8me marche en Espagne avec la plus forte participation. 3 200 cyclistes en 2024. Consid\u00e9r\u00e9e comme l'une des meilleures organis\u00e9es par...","robots":{"index":"index","follow":"follow","max-snippet":"max-snippet:-1","max-image-preview":"max-image-preview:large","max-video-preview":"max-video-preview:-1"},"canonical":"https:\/\/castelloncycling.com\/fr\/eventos\/gran-fondo-de-lepopee-mediterraneenne\/","og_locale":"fr_FR","og_type":"article","og_title":"Gran Fondo de l'\u00e9pop\u00e9e m\u00e9diterran\u00e9enne - Cicloturismo Castell\u00f3n","og_description":"3\u00e8me marche en Espagne avec la plus forte participation. 3 200 cyclistes en 2024. Consid\u00e9r\u00e9e comme l'une des meilleures organis\u00e9es par...","og_url":"https:\/\/castelloncycling.com\/fr\/eventos\/gran-fondo-de-lepopee-mediterraneenne\/","og_site_name":"Cicloturismo Castell\u00f3n","article_publisher":"https:\/\/www.facebook.com\/turismodecastellon","article_modified_time":"2024-12-05T22:07:45+00:00","og_image":[{"width":332,"height":480,"url":"https:\/\/castelloncycling.com\/wp-content\/uploads\/2024\/11\/e14dde96-fa43-4f53-be4d-d095487717dc-e1732194297438.jpg","type":"image\/jpeg"}],"twitter_card":"summary_large_image","twitter_site":"@turcastellon","twitter_misc":{"Dur\u00e9e de lecture estim\u00e9e":"1 minute"},"schema":{"@context":"https:\/\/schema.org","@graph":[{"@type":"WebPage","@id":"https:\/\/castelloncycling.com\/fr\/eventos\/gran-fondo-de-lepopee-mediterraneenne\/","url":"https:\/\/castelloncycling.com\/fr\/eventos\/gran-fondo-de-lepopee-mediterraneenne\/","name":"Gran Fondo de l'\u00e9pop\u00e9e m\u00e9diterran\u00e9enne - Cicloturismo Castell\u00f3n","isPartOf":{"@id":"https:\/\/castelloncycling.com\/fr\/#website"},"primaryImageOfPage":{"@id":"https:\/\/castelloncycling.com\/fr\/eventos\/gran-fondo-de-lepopee-mediterraneenne\/#primaryimage"},"image":{"@id":"https:\/\/castelloncycling.com\/fr\/eventos\/gran-fondo-de-lepopee-mediterraneenne\/#primaryimage"},"thumbnailUrl":"https:\/\/castelloncycling.com\/wp-content\/uploads\/2024\/11\/e14dde96-fa43-4f53-be4d-d095487717dc-e1732194297438.jpg","datePublished":"2024-11-18T09:01:58+00:00","dateModified":"2024-12-05T22:07:45+00:00","description":"3\u00e8me marche en Espagne avec la plus forte participation. 3 200 cyclistes en 2024. Consid\u00e9r\u00e9e comme l'une des meilleures organis\u00e9es par...","breadcrumb":{"@id":"https:\/\/castelloncycling.com\/fr\/eventos\/gran-fondo-de-lepopee-mediterraneenne\/#breadcrumb"},"inLanguage":"fr-FR","potentialAction":[{"@type":"ReadAction","target":["https:\/\/castelloncycling.com\/fr\/eventos\/gran-fondo-de-lepopee-mediterraneenne\/"]}]},{"@type":"ImageObject","inLanguage":"fr-FR","@id":"https:\/\/castelloncycling.com\/fr\/eventos\/gran-fondo-de-lepopee-mediterraneenne\/#primaryimage","url":"https:\/\/castelloncycling.com\/wp-content\/uploads\/2024\/11\/e14dde96-fa43-4f53-be4d-d095487717dc-e1732194297438.jpg","contentUrl":"https:\/\/castelloncycling.com\/wp-content\/uploads\/2024\/11\/e14dde96-fa43-4f53-be4d-d095487717dc-e1732194297438.jpg","width":332,"height":480,"caption":"Ciclismo"},{"@type":"BreadcrumbList","@id":"https:\/\/castelloncycling.com\/fr\/eventos\/gran-fondo-de-lepopee-mediterraneenne\/#breadcrumb","itemListElement":[{"@type":"ListItem","position":1,"name":"Inicio","item":"https:\/\/castelloncycling.com\/fr\/accueil\/"},{"@type":"ListItem","position":2,"name":"Eventos","item":"https:\/\/castelloncycling.com\/fr\/eventos\/"},{"@type":"ListItem","position":3,"name":"Gran Fondo de l&#8217;\u00e9pop\u00e9e m\u00e9diterran\u00e9enne"}]},{"@type":"WebSite","@id":"https:\/\/castelloncycling.com\/fr\/#website","url":"https:\/\/castelloncycling.com\/fr\/","name":"Cicloturismo Castell\u00f3n","description":"","publisher":{"@id":"https:\/\/castelloncycling.com\/fr\/#organization"},"potentialAction":[{"@type":"SearchAction","target":{"@type":"EntryPoint","urlTemplate":"https:\/\/castelloncycling.com\/fr\/?s={search_term_string}"},"query-input":{"@type":"PropertyValueSpecification","valueRequired":true,"valueName":"search_term_string"}}],"inLanguage":"fr-FR"},{"@type":"Organization","@id":"https:\/\/castelloncycling.com\/fr\/#organization","name":"Cicloturismo Castell\u00f3n","url":"https:\/\/castelloncycling.com\/fr\/","logo":{"@type":"ImageObject","inLanguage":"fr-FR","@id":"https:\/\/castelloncycling.com\/fr\/#\/schema\/logo\/image\/","url":"https:\/\/castelloncycling.com\/wp-content\/uploads\/2025\/02\/Logo-Diputacion-y-Castellon-Cycling-scaled.png","contentUrl":"https:\/\/castelloncycling.com\/wp-content\/uploads\/2025\/02\/Logo-Diputacion-y-Castellon-Cycling-scaled.png","width":2560,"height":285,"caption":"Cicloturismo Castell\u00f3n"},"image":{"@id":"https:\/\/castelloncycling.com\/fr\/#\/schema\/logo\/image\/"},"sameAs":["https:\/\/www.facebook.com\/turismodecastellon","https:\/\/x.com\/turcastellon","https:\/\/www.flickr.com\/photos\/turismodecastellon","https:\/\/www.youtube.com\/user\/turismodecastellon","https:\/\/www.instagram.com\/turismodecastellon\/"]}]}},"_links":{"self":[{"href":"https:\/\/castelloncycling.com\/fr\/wp-json\/wp\/v2\/eventos\/8254","targetHints":{"allow":["GET"]}}],"collection":[{"href":"https:\/\/castelloncycling.com\/fr\/wp-json\/wp\/v2\/eventos"}],"about":[{"href":"https:\/\/castelloncycling.com\/fr\/wp-json\/wp\/v2\/types\/eventos"}],"version-history":[{"count":1,"href":"https:\/\/castelloncycling.com\/fr\/wp-json\/wp\/v2\/eventos\/8254\/revisions"}],"predecessor-version":[{"id":8255,"href":"https:\/\/castelloncycling.com\/fr\/wp-json\/wp\/v2\/eventos\/8254\/revisions\/8255"}],"wp:featuredmedia":[{"embeddable":true,"href":"https:\/\/castelloncycling.com\/fr\/wp-json\/wp\/v2\/media\/6056"}],"wp:attachment":[{"href":"https:\/\/castelloncycling.com\/fr\/wp-json\/wp\/v2\/media?parent=8254"}],"wp:term":[{"taxonomy":"categoria-evento","embeddable":true,"href":"https:\/\/castelloncycling.com\/fr\/wp-json\/wp\/v2\/categoria-evento?post=8254"}],"curies":[{"name":"wp","href":"https:\/\/api.w.org\/{rel}","templated":true}]}}