{"id":12172,"date":"2025-12-10T11:23:33","date_gmt":"2025-12-10T10:23:33","guid":{"rendered":"https:\/\/castelloncycling.com\/?post_type=experiencia&#038;p=12172"},"modified":"2025-12-10T11:23:37","modified_gmt":"2025-12-10T10:23:37","slug":"velos-geants-et-chaises-de-la-plana-de-larc","status":"publish","type":"experiencia","link":"https:\/\/castelloncycling.com\/fr\/experiencia\/velos-geants-et-chaises-de-la-plana-de-larc\/","title":{"rendered":"V\u00e9los g\u00e9ants et chaises de la Plana de L&#8217;arc"},"content":{"rendered":"\t\t<div data-elementor-type=\"wp-post\" data-elementor-id=\"12172\" class=\"elementor elementor-12172 elementor-12154\" data-elementor-post-type=\"experiencia\">\n\t\t\t\t<div class=\"elementor-element elementor-element-10e52610 e-flex e-con-boxed e-con e-parent\" data-id=\"10e52610\" data-element_type=\"container\">\n\t\t\t\t\t<div class=\"e-con-inner\">\n\t\t\t\t<div class=\"elementor-element elementor-element-499f9e20 elementor-widget elementor-widget-text-editor\" data-id=\"499f9e20\" data-element_type=\"widget\" data-widget_type=\"text-editor.default\">\n\t\t\t\t<div class=\"elementor-widget-container\">\n\t\t\t\t\t\t\t\n<p><span data-contrast=\"none\">Vous voulez marcher le long d&#8217;anciennes voies romaines, vous sentir \u00e0 la fois p\u00e8lerin et Gulliver sur le m\u00eame parcours ? Alors vous \u00eates au bon endroit, la Plana de l&#8217;Arc. <\/span><span data-ccp-props=\"{\"134233117\":false,\"134233118\":false,\"201341983\":0,\"335551550\":6,\"335551620\":6,\"335559685\":0,\"335559737\":0,\"335559738\":0,\"335559739\":160,\"335559740\":279}\"> <\/span><\/p>\n<p><span data-contrast=\"none\">L&#8217;itin\u00e9raire commence \u00e0 <\/span><a href=\"https:\/\/bicirural.es\/\"><span data-contrast=\"none\">BiciRural<\/span><\/a><span data-contrast=\"none\">dans la municipalit\u00e9 de Vilafam\u00e9s.<\/span><span data-ccp-props=\"{\"134233117\":false,\"134233118\":false,\"201341983\":0,\"335551550\":6,\"335551620\":6,\"335559685\":0,\"335559737\":0,\"335559738\":0,\"335559739\":160,\"335559740\":279}\"> <\/span><\/p>\n<p><span data-contrast=\"none\">\u00c0 quelques m\u00e8tres de l\u00e0, vous trouverez une chaise g\u00e9ante offrant des vues panoramiques spectaculaires.  <\/span><span data-ccp-props=\"{\"134233117\":false,\"134233118\":false,\"201341983\":0,\"335551550\":6,\"335551620\":6,\"335559685\":0,\"335559737\":0,\"335559738\":0,\"335559739\":160,\"335559740\":279}\"> <\/span><\/p>\n<p><span data-contrast=\"none\">Puis, \u00e0 quelques kilom\u00e8tres de l\u00e0, vous trouverez la premi\u00e8re sculpture g\u00e9ante de bicyclette. Chacune des sept bicyclettes de cette zone est d\u00e9di\u00e9e \u00e0 certaines valeurs, dans ce cas, la jaune, aux &#8220;villes et communaut\u00e9s durables&#8221;. <\/span><span data-ccp-props=\"{\"134233117\":false,\"134233118\":false,\"201341983\":0,\"335551550\":6,\"335551620\":6,\"335559685\":0,\"335559737\":0,\"335559738\":0,\"335559739\":160,\"335559740\":279}\"> <\/span><\/p>\n<p><span data-contrast=\"none\">Vous poursuivrez votre route sur des chemins ruraux en direction de Cabanes, en passant par son arc romain, construit au IIe si\u00e8cle apr\u00e8s J.-C. Si vous avez l&#8217;\u00e2me d&#8217;un p\u00e8lerin, vous pouvez \u00e9galement suivre le Camino de Santiago.<\/span><span data-ccp-props=\"{\"134233117\":false,\"134233118\":false,\"201341983\":0,\"335551550\":6,\"335551620\":6,\"335559685\":0,\"335559737\":0,\"335559738\":0,\"335559739\":160,\"335559740\":279}\"> <\/span><\/p>\n<p><span data-contrast=\"none\">Dans cette commune, vous trouverez \u00e0 la fois le v\u00e9lo vert, en hommage \u00e0 la &#8220;sant\u00e9 et au bien-\u00eatre&#8221;, et une autre chaise orange g\u00e9ante.<\/span><span data-ccp-props=\"{\"134233117\":false,\"134233118\":false,\"201341983\":0,\"335551550\":6,\"335551620\":6,\"335559685\":0,\"335559737\":0,\"335559738\":0,\"335559739\":160,\"335559740\":279}\"> <\/span><\/p>\n<p><span data-contrast=\"none\">En fonction de vos forces restantes et\/ou de la batterie de votre v\u00e9lo \u00e9lectrique, vous pouvez vous rendre \u00e0 Vall d&#8217;Alba pour une courte ascension et trouver un autre v\u00e9lo jaune g\u00e9ant en l&#8217;honneur de &#8220;l&#8217;\u00e9nergie abordable et non polluante&#8221;.<\/span><span data-ccp-props=\"{\"134233117\":false,\"134233118\":false,\"201341983\":0,\"335551550\":6,\"335551620\":6,\"335559685\":0,\"335559737\":0,\"335559738\":0,\"335559739\":160,\"335559740\":279}\"> <\/span><\/p>\n<p><span data-contrast=\"none\">Terminez votre parcours d&#8217;environ 35 kilom\u00e8tres et d&#8217;un peu plus de 400 kilom\u00e8tres en visitant le ch\u00e2teau de Vilafam\u00e9s et en revenant par ses rues \u00e9troites \u00e0 BiciRural.<\/span><span data-ccp-props=\"{\"134233117\":false,\"134233118\":false,\"201341983\":0,\"335551550\":6,\"335551620\":6,\"335559685\":0,\"335559737\":0,\"335559738\":0,\"335559739\":160,\"335559740\":279}\"> <\/span><\/p>\n\t\t\t\t\t\t<\/div>\n\t\t\t\t<\/div>\n\t\t\t\t\t<\/div>\n\t\t\t\t<\/div>\n\t\t\t\t<\/div>\n\t\t","protected":false},"excerpt":{"rendered":"<p>Vous voulez marcher le long d&#8217;anciennes voies romaines, vous sentir \u00e0 la fois p\u00e8lerin et Gulliver sur le m\u00eame parcours [&hellip;]<\/p>\n","protected":false},"featured_media":12225,"template":"","meta":{"_acf_changed":false,"site-sidebar-layout":"default","site-content-layout":"","ast-site-content-layout":"","site-content-style":"default","site-sidebar-style":"default","ast-global-header-display":"","ast-banner-title-visibility":"","ast-main-header-display":"","ast-hfb-above-header-display":"","ast-hfb-below-header-display":"","ast-hfb-mobile-header-display":"","site-post-title":"","ast-breadcrumbs-content":"","ast-featured-img":"","footer-sml-layout":"","theme-transparent-header-meta":"","adv-header-id-meta":"","stick-header-meta":"","header-above-stick-meta":"","header-main-stick-meta":"","header-below-stick-meta":"","astra-migrate-meta-layouts":"default","ast-page-background-enabled":"default","ast-page-background-meta":{"desktop":{"background-color":"var(--ast-global-color-4)","background-image":"","background-repeat":"repeat","background-position":"center center","background-size":"auto","background-attachment":"scroll","background-type":"","background-media":"","overlay-type":"","overlay-color":"","overlay-opacity":"","overlay-gradient":""},"tablet":{"background-color":"","background-image":"","background-repeat":"repeat","background-position":"center center","background-size":"auto","background-attachment":"scroll","background-type":"","background-media":"","overlay-type":"","overlay-color":"","overlay-opacity":"","overlay-gradient":""},"mobile":{"background-color":"","background-image":"","background-repeat":"repeat","background-position":"center center","background-size":"auto","background-attachment":"scroll","background-type":"","background-media":"","overlay-type":"","overlay-color":"","overlay-opacity":"","overlay-gradient":""}},"ast-content-background-meta":{"desktop":{"background-color":"var(--ast-global-color-5)","background-image":"","background-repeat":"repeat","background-position":"center center","background-size":"auto","background-attachment":"scroll","background-type":"","background-media":"","overlay-type":"","overlay-color":"","overlay-opacity":"","overlay-gradient":""},"tablet":{"background-color":"var(--ast-global-color-5)","background-image":"","background-repeat":"repeat","background-position":"center center","background-size":"auto","background-attachment":"scroll","background-type":"","background-media":"","overlay-type":"","overlay-color":"","overlay-opacity":"","overlay-gradient":""},"mobile":{"background-color":"var(--ast-global-color-5)","background-image":"","background-repeat":"repeat","background-position":"center center","background-size":"auto","background-attachment":"scroll","background-type":"","background-media":"","overlay-type":"","overlay-color":"","overlay-opacity":"","overlay-gradient":""}}},"categoria-experiencia":[],"comarca":[],"class_list":["post-12172","experiencia","type-experiencia","status-publish","has-post-thumbnail","hentry"],"acf":[],"yoast_head":"<!-- This site is optimized with the Yoast SEO plugin v26.9 - https:\/\/yoast.com\/product\/yoast-seo-wordpress\/ -->\n<title>V\u00e9los g\u00e9ants et chaises de la Plana de L&#039;arc - Cicloturismo Castell\u00f3n<\/title>\n<meta name=\"description\" content=\"V\u00e9los g\u00e9ants et chaises de la Plana de L&#039;arc - Cicloturismo Castell\u00f3n Castell\u00f3n se ha convertido en un referente para ciclistas de \u00e9lite de todo el mundo.\" \/>\n<meta name=\"robots\" content=\"index, follow, max-snippet:-1, max-image-preview:large, max-video-preview:-1\" \/>\n<link rel=\"canonical\" href=\"https:\/\/castelloncycling.com\/fr\/experiencia\/velos-geants-et-chaises-de-la-plana-de-larc\/\" \/>\n<meta property=\"og:locale\" content=\"fr_FR\" \/>\n<meta property=\"og:type\" content=\"article\" \/>\n<meta property=\"og:title\" content=\"V\u00e9los g\u00e9ants et chaises de la Plana de L&#039;arc - Cicloturismo Castell\u00f3n\" \/>\n<meta property=\"og:description\" content=\"V\u00e9los g\u00e9ants et chaises de la Plana de L&#039;arc - Cicloturismo Castell\u00f3n Castell\u00f3n se ha convertido en un referente para ciclistas de \u00e9lite de todo el mundo.\" \/>\n<meta property=\"og:url\" content=\"https:\/\/castelloncycling.com\/fr\/experiencia\/velos-geants-et-chaises-de-la-plana-de-larc\/\" \/>\n<meta property=\"og:site_name\" content=\"Cicloturismo Castell\u00f3n\" \/>\n<meta property=\"article:publisher\" content=\"https:\/\/www.facebook.com\/turismodecastellon\" \/>\n<meta property=\"article:modified_time\" content=\"2025-12-10T10:23:37+00:00\" \/>\n<meta property=\"og:image\" content=\"https:\/\/castelloncycling.com\/wp-content\/uploads\/2025\/12\/Bici-Amarilla.jpeg\" \/>\n\t<meta property=\"og:image:width\" content=\"1600\" \/>\n\t<meta property=\"og:image:height\" content=\"1200\" \/>\n\t<meta property=\"og:image:type\" content=\"image\/jpeg\" \/>\n<meta name=\"twitter:card\" content=\"summary_large_image\" \/>\n<meta name=\"twitter:site\" content=\"@turcastellon\" \/>\n<meta name=\"twitter:label1\" content=\"Dur\u00e9e de lecture estim\u00e9e\" \/>\n\t<meta name=\"twitter:data1\" content=\"1 minute\" \/>\n<script type=\"application\/ld+json\" class=\"yoast-schema-graph\">{\"@context\":\"https:\/\/schema.org\",\"@graph\":[{\"@type\":\"WebPage\",\"@id\":\"https:\/\/castelloncycling.com\/fr\/experiencia\/velos-geants-et-chaises-de-la-plana-de-larc\/\",\"url\":\"https:\/\/castelloncycling.com\/fr\/experiencia\/velos-geants-et-chaises-de-la-plana-de-larc\/\",\"name\":\"V\u00e9los g\u00e9ants et chaises de la Plana de L'arc - Cicloturismo Castell\u00f3n\",\"isPartOf\":{\"@id\":\"https:\/\/castelloncycling.com\/fr\/#website\"},\"primaryImageOfPage\":{\"@id\":\"https:\/\/castelloncycling.com\/fr\/experiencia\/velos-geants-et-chaises-de-la-plana-de-larc\/#primaryimage\"},\"image\":{\"@id\":\"https:\/\/castelloncycling.com\/fr\/experiencia\/velos-geants-et-chaises-de-la-plana-de-larc\/#primaryimage\"},\"thumbnailUrl\":\"https:\/\/castelloncycling.com\/wp-content\/uploads\/2025\/12\/Bici-Amarilla.jpeg\",\"datePublished\":\"2025-12-10T10:23:33+00:00\",\"dateModified\":\"2025-12-10T10:23:37+00:00\",\"description\":\"V\u00e9los g\u00e9ants et chaises de la Plana de L'arc - Cicloturismo Castell\u00f3n Castell\u00f3n se ha convertido en un referente para ciclistas de \u00e9lite de todo el mundo.\",\"breadcrumb\":{\"@id\":\"https:\/\/castelloncycling.com\/fr\/experiencia\/velos-geants-et-chaises-de-la-plana-de-larc\/#breadcrumb\"},\"inLanguage\":\"fr-FR\",\"potentialAction\":[{\"@type\":\"ReadAction\",\"target\":[\"https:\/\/castelloncycling.com\/fr\/experiencia\/velos-geants-et-chaises-de-la-plana-de-larc\/\"]}]},{\"@type\":\"ImageObject\",\"inLanguage\":\"fr-FR\",\"@id\":\"https:\/\/castelloncycling.com\/fr\/experiencia\/velos-geants-et-chaises-de-la-plana-de-larc\/#primaryimage\",\"url\":\"https:\/\/castelloncycling.com\/wp-content\/uploads\/2025\/12\/Bici-Amarilla.jpeg\",\"contentUrl\":\"https:\/\/castelloncycling.com\/wp-content\/uploads\/2025\/12\/Bici-Amarilla.jpeg\",\"width\":1600,\"height\":1200},{\"@type\":\"BreadcrumbList\",\"@id\":\"https:\/\/castelloncycling.com\/fr\/experiencia\/velos-geants-et-chaises-de-la-plana-de-larc\/#breadcrumb\",\"itemListElement\":[{\"@type\":\"ListItem\",\"position\":1,\"name\":\"Inicio\",\"item\":\"https:\/\/castelloncycling.com\/fr\/accueil\/\"},{\"@type\":\"ListItem\",\"position\":2,\"name\":\"Experiencias\",\"item\":\"https:\/\/castelloncycling.com\/fr\/experiencia\/\"},{\"@type\":\"ListItem\",\"position\":3,\"name\":\"V\u00e9los g\u00e9ants et chaises de la Plana de L&#8217;arc\"}]},{\"@type\":\"WebSite\",\"@id\":\"https:\/\/castelloncycling.com\/fr\/#website\",\"url\":\"https:\/\/castelloncycling.com\/fr\/\",\"name\":\"Cicloturismo Castell\u00f3n\",\"description\":\"\",\"publisher\":{\"@id\":\"https:\/\/castelloncycling.com\/fr\/#organization\"},\"potentialAction\":[{\"@type\":\"SearchAction\",\"target\":{\"@type\":\"EntryPoint\",\"urlTemplate\":\"https:\/\/castelloncycling.com\/fr\/?s={search_term_string}\"},\"query-input\":{\"@type\":\"PropertyValueSpecification\",\"valueRequired\":true,\"valueName\":\"search_term_string\"}}],\"inLanguage\":\"fr-FR\"},{\"@type\":\"Organization\",\"@id\":\"https:\/\/castelloncycling.com\/fr\/#organization\",\"name\":\"Cicloturismo Castell\u00f3n\",\"url\":\"https:\/\/castelloncycling.com\/fr\/\",\"logo\":{\"@type\":\"ImageObject\",\"inLanguage\":\"fr-FR\",\"@id\":\"https:\/\/castelloncycling.com\/fr\/#\/schema\/logo\/image\/\",\"url\":\"https:\/\/castelloncycling.com\/wp-content\/uploads\/2025\/02\/Logo-Diputacion-y-Castellon-Cycling-scaled.png\",\"contentUrl\":\"https:\/\/castelloncycling.com\/wp-content\/uploads\/2025\/02\/Logo-Diputacion-y-Castellon-Cycling-scaled.png\",\"width\":2560,\"height\":285,\"caption\":\"Cicloturismo Castell\u00f3n\"},\"image\":{\"@id\":\"https:\/\/castelloncycling.com\/fr\/#\/schema\/logo\/image\/\"},\"sameAs\":[\"https:\/\/www.facebook.com\/turismodecastellon\",\"https:\/\/x.com\/turcastellon\",\"https:\/\/www.flickr.com\/photos\/turismodecastellon\",\"https:\/\/www.youtube.com\/user\/turismodecastellon\",\"https:\/\/www.instagram.com\/turismodecastellon\/\"]}]}<\/script>\n<!-- \/ Yoast SEO plugin. -->","yoast_head_json":{"title":"V\u00e9los g\u00e9ants et chaises de la Plana de L'arc - Cicloturismo Castell\u00f3n","description":"V\u00e9los g\u00e9ants et chaises de la Plana de L'arc - Cicloturismo Castell\u00f3n Castell\u00f3n se ha convertido en un referente para ciclistas de \u00e9lite de todo el mundo.","robots":{"index":"index","follow":"follow","max-snippet":"max-snippet:-1","max-image-preview":"max-image-preview:large","max-video-preview":"max-video-preview:-1"},"canonical":"https:\/\/castelloncycling.com\/fr\/experiencia\/velos-geants-et-chaises-de-la-plana-de-larc\/","og_locale":"fr_FR","og_type":"article","og_title":"V\u00e9los g\u00e9ants et chaises de la Plana de L'arc - Cicloturismo Castell\u00f3n","og_description":"V\u00e9los g\u00e9ants et chaises de la Plana de L'arc - Cicloturismo Castell\u00f3n Castell\u00f3n se ha convertido en un referente para ciclistas de \u00e9lite de todo el mundo.","og_url":"https:\/\/castelloncycling.com\/fr\/experiencia\/velos-geants-et-chaises-de-la-plana-de-larc\/","og_site_name":"Cicloturismo Castell\u00f3n","article_publisher":"https:\/\/www.facebook.com\/turismodecastellon","article_modified_time":"2025-12-10T10:23:37+00:00","og_image":[{"width":1600,"height":1200,"url":"https:\/\/castelloncycling.com\/wp-content\/uploads\/2025\/12\/Bici-Amarilla.jpeg","type":"image\/jpeg"}],"twitter_card":"summary_large_image","twitter_site":"@turcastellon","twitter_misc":{"Dur\u00e9e de lecture estim\u00e9e":"1 minute"},"schema":{"@context":"https:\/\/schema.org","@graph":[{"@type":"WebPage","@id":"https:\/\/castelloncycling.com\/fr\/experiencia\/velos-geants-et-chaises-de-la-plana-de-larc\/","url":"https:\/\/castelloncycling.com\/fr\/experiencia\/velos-geants-et-chaises-de-la-plana-de-larc\/","name":"V\u00e9los g\u00e9ants et chaises de la Plana de L'arc - Cicloturismo Castell\u00f3n","isPartOf":{"@id":"https:\/\/castelloncycling.com\/fr\/#website"},"primaryImageOfPage":{"@id":"https:\/\/castelloncycling.com\/fr\/experiencia\/velos-geants-et-chaises-de-la-plana-de-larc\/#primaryimage"},"image":{"@id":"https:\/\/castelloncycling.com\/fr\/experiencia\/velos-geants-et-chaises-de-la-plana-de-larc\/#primaryimage"},"thumbnailUrl":"https:\/\/castelloncycling.com\/wp-content\/uploads\/2025\/12\/Bici-Amarilla.jpeg","datePublished":"2025-12-10T10:23:33+00:00","dateModified":"2025-12-10T10:23:37+00:00","description":"V\u00e9los g\u00e9ants et chaises de la Plana de L'arc - Cicloturismo Castell\u00f3n Castell\u00f3n se ha convertido en un referente para ciclistas de \u00e9lite de todo el mundo.","breadcrumb":{"@id":"https:\/\/castelloncycling.com\/fr\/experiencia\/velos-geants-et-chaises-de-la-plana-de-larc\/#breadcrumb"},"inLanguage":"fr-FR","potentialAction":[{"@type":"ReadAction","target":["https:\/\/castelloncycling.com\/fr\/experiencia\/velos-geants-et-chaises-de-la-plana-de-larc\/"]}]},{"@type":"ImageObject","inLanguage":"fr-FR","@id":"https:\/\/castelloncycling.com\/fr\/experiencia\/velos-geants-et-chaises-de-la-plana-de-larc\/#primaryimage","url":"https:\/\/castelloncycling.com\/wp-content\/uploads\/2025\/12\/Bici-Amarilla.jpeg","contentUrl":"https:\/\/castelloncycling.com\/wp-content\/uploads\/2025\/12\/Bici-Amarilla.jpeg","width":1600,"height":1200},{"@type":"BreadcrumbList","@id":"https:\/\/castelloncycling.com\/fr\/experiencia\/velos-geants-et-chaises-de-la-plana-de-larc\/#breadcrumb","itemListElement":[{"@type":"ListItem","position":1,"name":"Inicio","item":"https:\/\/castelloncycling.com\/fr\/accueil\/"},{"@type":"ListItem","position":2,"name":"Experiencias","item":"https:\/\/castelloncycling.com\/fr\/experiencia\/"},{"@type":"ListItem","position":3,"name":"V\u00e9los g\u00e9ants et chaises de la Plana de L&#8217;arc"}]},{"@type":"WebSite","@id":"https:\/\/castelloncycling.com\/fr\/#website","url":"https:\/\/castelloncycling.com\/fr\/","name":"Cicloturismo Castell\u00f3n","description":"","publisher":{"@id":"https:\/\/castelloncycling.com\/fr\/#organization"},"potentialAction":[{"@type":"SearchAction","target":{"@type":"EntryPoint","urlTemplate":"https:\/\/castelloncycling.com\/fr\/?s={search_term_string}"},"query-input":{"@type":"PropertyValueSpecification","valueRequired":true,"valueName":"search_term_string"}}],"inLanguage":"fr-FR"},{"@type":"Organization","@id":"https:\/\/castelloncycling.com\/fr\/#organization","name":"Cicloturismo Castell\u00f3n","url":"https:\/\/castelloncycling.com\/fr\/","logo":{"@type":"ImageObject","inLanguage":"fr-FR","@id":"https:\/\/castelloncycling.com\/fr\/#\/schema\/logo\/image\/","url":"https:\/\/castelloncycling.com\/wp-content\/uploads\/2025\/02\/Logo-Diputacion-y-Castellon-Cycling-scaled.png","contentUrl":"https:\/\/castelloncycling.com\/wp-content\/uploads\/2025\/02\/Logo-Diputacion-y-Castellon-Cycling-scaled.png","width":2560,"height":285,"caption":"Cicloturismo Castell\u00f3n"},"image":{"@id":"https:\/\/castelloncycling.com\/fr\/#\/schema\/logo\/image\/"},"sameAs":["https:\/\/www.facebook.com\/turismodecastellon","https:\/\/x.com\/turcastellon","https:\/\/www.flickr.com\/photos\/turismodecastellon","https:\/\/www.youtube.com\/user\/turismodecastellon","https:\/\/www.instagram.com\/turismodecastellon\/"]}]}},"_links":{"self":[{"href":"https:\/\/castelloncycling.com\/fr\/wp-json\/wp\/v2\/experiencia\/12172","targetHints":{"allow":["GET"]}}],"collection":[{"href":"https:\/\/castelloncycling.com\/fr\/wp-json\/wp\/v2\/experiencia"}],"about":[{"href":"https:\/\/castelloncycling.com\/fr\/wp-json\/wp\/v2\/types\/experiencia"}],"version-history":[{"count":5,"href":"https:\/\/castelloncycling.com\/fr\/wp-json\/wp\/v2\/experiencia\/12172\/revisions"}],"predecessor-version":[{"id":12213,"href":"https:\/\/castelloncycling.com\/fr\/wp-json\/wp\/v2\/experiencia\/12172\/revisions\/12213"}],"wp:featuredmedia":[{"embeddable":true,"href":"https:\/\/castelloncycling.com\/fr\/wp-json\/wp\/v2\/media\/12225"}],"wp:attachment":[{"href":"https:\/\/castelloncycling.com\/fr\/wp-json\/wp\/v2\/media?parent=12172"}],"wp:term":[{"taxonomy":"categoria-experiencia","embeddable":true,"href":"https:\/\/castelloncycling.com\/fr\/wp-json\/wp\/v2\/categoria-experiencia?post=12172"},{"taxonomy":"comarca","embeddable":true,"href":"https:\/\/castelloncycling.com\/fr\/wp-json\/wp\/v2\/comarca?post=12172"}],"curies":[{"name":"wp","href":"https:\/\/api.w.org\/{rel}","templated":true}]}}