{"id":12180,"date":"2025-12-10T09:40:08","date_gmt":"2025-12-10T08:40:08","guid":{"rendered":"https:\/\/castelloncycling.com\/?post_type=experiencia&#038;p=12180"},"modified":"2025-12-10T10:30:28","modified_gmt":"2025-12-10T09:30:28","slug":"camino-del-cid-et-fuente-de-los-banos","status":"publish","type":"experiencia","link":"https:\/\/castelloncycling.com\/fr\/experiencia\/camino-del-cid-et-fuente-de-los-banos\/","title":{"rendered":"Camino del Cid et Fuente de los Ba\u00f1os"},"content":{"rendered":"\t\t<div data-elementor-type=\"wp-post\" data-elementor-id=\"12180\" class=\"elementor elementor-12180 elementor-12163\" data-elementor-post-type=\"experiencia\">\n\t\t\t\t<div class=\"elementor-element elementor-element-10e52610 e-flex e-con-boxed e-con e-parent\" data-id=\"10e52610\" data-element_type=\"container\">\n\t\t\t\t\t<div class=\"e-con-inner\">\n\t\t\t\t<div class=\"elementor-element elementor-element-499f9e20 elementor-widget elementor-widget-text-editor\" data-id=\"499f9e20\" data-element_type=\"widget\" data-widget_type=\"text-editor.default\">\n\t\t\t\t<div class=\"elementor-widget-container\">\n\t\t\t\t\t\t\t<p><span data-contrast=\"none\">Le Chemin du Cid est un grand itin\u00e9raire touristique et culturel inspir\u00e9 des aventures de Rodrigo D\u00edaz de Vivar, le Campeador du Cid, consign\u00e9es dans le &#8220;Cantar de m\u00edo Cid&#8221; (Chant du Cid).  <\/span><span data-ccp-props=\"{\"134233117\":false,\"134233118\":false,\"201341983\":0,\"335551550\":6,\"335551620\":6,\"335559685\":0,\"335559737\":0,\"335559738\":0,\"335559739\":160,\"335559740\":279}\"> <\/span><\/p><p><span data-contrast=\"none\">Il ne s&#8217;agit pas d&#8217;un itin\u00e9raire historique strict, car le po\u00e8me m\u00eale des \u00e9v\u00e9nements r\u00e9els \u00e0 des \u00e9l\u00e9ments litt\u00e9raires, mais d&#8217;un itin\u00e9raire qui suit les principaux sc\u00e9narios li\u00e9s au personnage, qu&#8217;ils soient document\u00e9s ou l\u00e9gendaires.<\/span><span data-ccp-props=\"{\"134233117\":false,\"134233118\":false,\"201341983\":0,\"335551550\":6,\"335551620\":6,\"335559685\":0,\"335559737\":0,\"335559738\":0,\"335559739\":160,\"335559740\":279}\"> <\/span><\/p><p><span data-contrast=\"none\">Il s&#8217;agit d&#8217;un itin\u00e9raire de plus de 1 500 km qui traverse huit provinces (de Burgos \u00e0 Valence et Alicante).<\/span><span data-ccp-props=\"{\"134233117\":false,\"134233118\":false,\"201341983\":0,\"335551550\":6,\"335551620\":6,\"335559685\":0,\"335559737\":0,\"335559738\":0,\"335559739\":160,\"335559740\":279}\"> <\/span><\/p><p><span data-contrast=\"none\">Montanejos, dans l&#8217;Alto Mijares, fait partie du tron\u00e7on connu sous le nom de &#8220;Conqu\u00eate de Valence&#8221;, lorsque le Cid avan\u00e7a \u00e0 travers les terres levantines dans sa campagne vers la ville. Une partie de cette exp\u00e9rience passe \u00e9galement par l&#8217;Anillo del Maestrazgo, mentionn\u00e9 dans les sources m\u00e9di\u00e9vales relatives au Cid. <\/span><span data-ccp-props=\"{\"134233117\":false,\"134233118\":false,\"201341983\":0,\"335551550\":6,\"335551620\":6,\"335559685\":0,\"335559737\":0,\"335559738\":0,\"335559739\":160,\"335559740\":279}\"> <\/span><\/p><p><span data-contrast=\"none\">Dans cette commune, on trouve \u00e9galement le <\/span><a href=\"https:\/\/www.campuebla.es\/centro-btt-alto-mijares\/\"><span data-contrast=\"none\">Centre de VTT Alto Mijares<\/span><\/a><span data-contrast=\"none\">o\u00f9 vous pouvez louer des v\u00e9los de montagne. <\/span> <span data-ccp-props=\"{\"134233117\":false,\"134233118\":false,\"201341983\":0,\"335551550\":6,\"335551620\":6,\"335559685\":0,\"335559737\":0,\"335559738\":0,\"335559739\":160,\"335559740\":279}\"> <\/span><\/p><p><span data-contrast=\"none\">C&#8217;est le d\u00e9but de cette exp\u00e9rience exclusive pour les personnes les mieux pr\u00e9par\u00e9es physiquement et techniquement.<\/span><span data-ccp-props=\"{\"134233117\":false,\"134233118\":false,\"201341983\":0,\"335551550\":6,\"335551620\":6,\"335559685\":0,\"335559737\":0,\"335559738\":0,\"335559739\":160,\"335559740\":279}\"> <\/span><\/p><p><span data-contrast=\"none\">Du pur VTT qui vous conduira tout d&#8217;abord sur la piste qui contourne la Pe\u00f1a del Cinglo, mais pas avant d&#8217;avoir visit\u00e9 l&#8217;\u00e9glise et la tour arabe de Montanejos, en traversant le pont avec vue sur l&#8217;aqueduc de San Jos\u00e9.<\/span><span data-ccp-props=\"{\"134233117\":false,\"134233118\":false,\"201341983\":0,\"335551550\":6,\"335551620\":6,\"335559685\":0,\"335559737\":0,\"335559738\":0,\"335559739\":160,\"335559740\":279}\"> <\/span><\/p><p><span data-contrast=\"none\">En arrivant \u00e0 Mont\u00e1n, vous passerez devant l&#8217;ermitage de Santa B\u00e1rbara, et vous visiterez \u00e9galement le couvent des P\u00e8res Servites de cette ville avant de remonter le Camino de Pina vers l&#8217;Alto Rosada, l&#8217;une des parties les plus exigeantes de cet itin\u00e9raire, avec 9 kilom\u00e8tres de mont\u00e9e presque constante.<\/span><span data-ccp-props=\"{\"134233117\":false,\"134233118\":false,\"201341983\":0,\"335551550\":6,\"335551620\":6,\"335559685\":0,\"335559737\":0,\"335559738\":0,\"335559739\":160,\"335559740\":279}\"> <\/span><\/p><p><span data-contrast=\"none\">Vous descendrez jusqu&#8217;au col du ravin de Barranco de la Maimona et, de l\u00e0, en option, nous vous recommandons de monter jusqu&#8217;au Morr\u00f3n de Campos.<\/span><span data-ccp-props=\"{\"134233117\":false,\"134233118\":false,\"201341983\":0,\"335551550\":6,\"335551620\":6,\"335559685\":0,\"335559737\":0,\"335559738\":0,\"335559739\":160,\"335559740\":279}\"> <\/span><\/p><p><span data-contrast=\"none\">Les vues seront incroyables apr\u00e8s avoir franchi un col de 6,5 kilom\u00e8tres \u00e0 5,6 %. Le dernier tron\u00e7on, l&#8217;aller-retour vers le Morr\u00f3n, fait un kilom\u00e8tre et demi dans chaque sens. Vous pouvez d\u00e9cider de le sauter si vous \u00eates trop fatigu\u00e9 ou si vous n&#8217;avez pas le temps, mais nous vous recommandons vivement de vivre cette exp\u00e9rience. <\/span><span data-ccp-props=\"{\"134233117\":false,\"134233118\":false,\"201341983\":0,\"335551550\":6,\"335551620\":6,\"335559685\":0,\"335559737\":0,\"335559738\":0,\"335559739\":160,\"335559740\":279}\"> <\/span><\/p><p><span data-contrast=\"none\">Ensuite, la quasi-totalit\u00e9 de l&#8217;itin\u00e9raire sera en descente, en direction de Los Calpes, le long de la piste qui m\u00e8ne \u00e0 Montanejos. Vous trouverez un mirador d&#8217;o\u00f9 vous pourrez voir toute l&#8217;immensit\u00e9 du barrage d&#8217;Arenoso, ainsi que le ch\u00e2teau de Vi\u00f1aza. <\/span><span data-ccp-props=\"{\"134233117\":false,\"134233118\":false,\"201341983\":0,\"335551550\":6,\"335551620\":6,\"335559685\":0,\"335559737\":0,\"335559738\":0,\"335559739\":160,\"335559740\":279}\"> <\/span><\/p><p><span data-contrast=\"none\">Vous rejoindrez la route parall\u00e8le au r\u00e9servoir, sur le tron\u00e7on de l&#8217;Anillo del Maestrazgo, en direction de Puebla de Arenoso.<\/span><span data-ccp-props=\"{\"134233117\":false,\"134233118\":false,\"201341983\":0,\"335551550\":6,\"335551620\":6,\"335559685\":0,\"335559737\":0,\"335559738\":0,\"335559739\":160,\"335559740\":279}\"> <\/span><\/p><p><span data-contrast=\"none\">En chemin, vous passerez par le ravin Barranco la Vi\u00f1aza et vous pourrez faire un d\u00e9tour par le mirador el Morr\u00f3n.<\/span><span data-ccp-props=\"{\"134233117\":false,\"134233118\":false,\"201341983\":0,\"335551550\":6,\"335551620\":6,\"335559685\":0,\"335559737\":0,\"335559738\":0,\"335559739\":160,\"335559740\":279}\"> <\/span><\/p><p><span data-contrast=\"none\">Il est temps de reprendre des forces \u00e0 Puebla de Arenoso, o\u00f9 vous trouverez divers restaurants, dont certains avec vue sur le r\u00e9servoir, et visiterez la place de la mairie avec l&#8217;\u00e9glise de Nuestra Se\u00f1ora de los \u00c1ngeles.<\/span><span data-ccp-props=\"{\"134233117\":false,\"134233118\":false,\"201341983\":0,\"335551550\":6,\"335551620\":6,\"335559685\":0,\"335559737\":0,\"335559738\":0,\"335559739\":160,\"335559740\":279}\"> <\/span><\/p><p><span data-contrast=\"none\">Lorsque vous reprendrez la route, vous reviendrez par le m\u00eame chemin, cette fois-ci en direction de Montanejos, en passant par le mirador Estrecho de Chillap\u00e1jaros, et en descendant vers la Fuente de los Ba\u00f1os. Il s&#8217;agit d&#8217;une source thermale d&#8217;eaux min\u00e9rales et m\u00e9dicinales qui jaillit de la rivi\u00e8re Mijares, avec des temp\u00e9ratures de l&#8217;ordre de 25 \u00e0 40 \u00b0C selon le d\u00e9bit et la saison. Ses eaux, riches en min\u00e9raux tels que le calcium, le magn\u00e9sium et les bicarbonates, sont appr\u00e9ci\u00e9es depuis l&#8217;Antiquit\u00e9 pour leurs propri\u00e9t\u00e9s relaxantes et th\u00e9rapeutiques, notamment pour les probl\u00e8mes musculaires, rhumatismaux et cutan\u00e9s.    <\/span><span data-ccp-props=\"{\"134233117\":false,\"134233118\":false,\"201341983\":0,\"335551550\":6,\"335551620\":6,\"335559685\":0,\"335559737\":0,\"335559738\":0,\"335559739\":160,\"335559740\":279}\"> <\/span><\/p><p><span data-contrast=\"none\">L&#8217;environnement, entour\u00e9 de montagnes et de canyons, fait de la fontaine un point de rep\u00e8re naturel, o\u00f9 les visiteurs peuvent se baigner en plein air, entour\u00e9s du paysage m\u00e9diterran\u00e9en caract\u00e9ristique de la r\u00e9gion de l&#8217;Alto Mijares.<\/span><span data-ccp-props=\"{\"134233117\":false,\"134233118\":false,\"201341983\":0,\"335551550\":6,\"335551620\":6,\"335559685\":0,\"335559737\":0,\"335559738\":0,\"335559739\":160,\"335559740\":279}\"> <\/span><\/p><p><span data-contrast=\"none\">Le chemin parall\u00e8le \u00e0 la rivi\u00e8re vous m\u00e8nera au point de d\u00e9part de l&#8217;itin\u00e9raire, le centre de VTT Alto Mijares.<\/span><span data-ccp-props=\"{\"134233117\":false,\"134233118\":false,\"201341983\":0,\"335551550\":6,\"335551620\":6,\"335559685\":0,\"335559737\":0,\"335559738\":0,\"335559739\":160,\"335559740\":279}\"> <\/span><\/p><p><span data-contrast=\"none\">Vous pouvez compl\u00e9ter l&#8217;exp\u00e9rience par un circuit dans la station thermale Balneario de Montanejos ou, si vous devez passer la nuit, r\u00e9server dans le complexe touristique <\/span><a href=\"https:\/\/www.campuebla.es\/\"><span data-contrast=\"none\">Campuebla Apartments &amp; Spa<\/span><\/a><span data-contrast=\"none\">dans le m\u00eame centre BTT.<\/span><span data-ccp-props=\"{\"134233117\":false,\"134233118\":false,\"201341983\":0,\"335551550\":6,\"335551620\":6,\"335559685\":0,\"335559737\":0,\"335559738\":0,\"335559739\":160,\"335559740\":279}\"> <\/span><\/p><p><span data-contrast=\"none\">Une fin relaxante pour une exp\u00e9rience inoubliable en montagne.<\/span><span data-ccp-props=\"{\"134233117\":false,\"134233118\":false,\"201341983\":0,\"335551550\":6,\"335551620\":6,\"335559685\":0,\"335559737\":0,\"335559738\":0,\"335559739\":160,\"335559740\":279}\"> <\/span><\/p>\t\t\t\t\t\t<\/div>\n\t\t\t\t<\/div>\n\t\t\t\t\t<\/div>\n\t\t\t\t<\/div>\n\t\t\t\t<\/div>\n\t\t","protected":false},"excerpt":{"rendered":"<p>Le Chemin du Cid est un grand itin\u00e9raire touristique et culturel inspir\u00e9 des aventures de Rodrigo D\u00edaz de Vivar, le [&hellip;]<\/p>\n","protected":false},"featured_media":12185,"template":"","meta":{"_acf_changed":false,"site-sidebar-layout":"default","site-content-layout":"","ast-site-content-layout":"","site-content-style":"default","site-sidebar-style":"default","ast-global-header-display":"","ast-banner-title-visibility":"","ast-main-header-display":"","ast-hfb-above-header-display":"","ast-hfb-below-header-display":"","ast-hfb-mobile-header-display":"","site-post-title":"","ast-breadcrumbs-content":"","ast-featured-img":"","footer-sml-layout":"","theme-transparent-header-meta":"","adv-header-id-meta":"","stick-header-meta":"","header-above-stick-meta":"","header-main-stick-meta":"","header-below-stick-meta":"","astra-migrate-meta-layouts":"default","ast-page-background-enabled":"default","ast-page-background-meta":{"desktop":{"background-color":"var(--ast-global-color-4)","background-image":"","background-repeat":"repeat","background-position":"center center","background-size":"auto","background-attachment":"scroll","background-type":"","background-media":"","overlay-type":"","overlay-color":"","overlay-opacity":"","overlay-gradient":""},"tablet":{"background-color":"","background-image":"","background-repeat":"repeat","background-position":"center center","background-size":"auto","background-attachment":"scroll","background-type":"","background-media":"","overlay-type":"","overlay-color":"","overlay-opacity":"","overlay-gradient":""},"mobile":{"background-color":"","background-image":"","background-repeat":"repeat","background-position":"center center","background-size":"auto","background-attachment":"scroll","background-type":"","background-media":"","overlay-type":"","overlay-color":"","overlay-opacity":"","overlay-gradient":""}},"ast-content-background-meta":{"desktop":{"background-color":"var(--ast-global-color-5)","background-image":"","background-repeat":"repeat","background-position":"center center","background-size":"auto","background-attachment":"scroll","background-type":"","background-media":"","overlay-type":"","overlay-color":"","overlay-opacity":"","overlay-gradient":""},"tablet":{"background-color":"var(--ast-global-color-5)","background-image":"","background-repeat":"repeat","background-position":"center center","background-size":"auto","background-attachment":"scroll","background-type":"","background-media":"","overlay-type":"","overlay-color":"","overlay-opacity":"","overlay-gradient":""},"mobile":{"background-color":"var(--ast-global-color-5)","background-image":"","background-repeat":"repeat","background-position":"center center","background-size":"auto","background-attachment":"scroll","background-type":"","background-media":"","overlay-type":"","overlay-color":"","overlay-opacity":"","overlay-gradient":""}}},"categoria-experiencia":[],"comarca":[],"class_list":["post-12180","experiencia","type-experiencia","status-publish","has-post-thumbnail","hentry"],"acf":[],"yoast_head":"<!-- This site is optimized with the Yoast SEO plugin v26.9 - https:\/\/yoast.com\/product\/yoast-seo-wordpress\/ -->\n<title>Camino del Cid et Fuente de los Ba\u00f1os - Cicloturismo Castell\u00f3n<\/title>\n<meta name=\"description\" content=\"Camino del Cid et Fuente de los Ba\u00f1os - Cicloturismo Castell\u00f3n Castell\u00f3n se ha convertido en un referente para ciclistas de \u00e9lite de todo el mundo.\" \/>\n<meta name=\"robots\" content=\"index, follow, max-snippet:-1, max-image-preview:large, max-video-preview:-1\" \/>\n<link rel=\"canonical\" href=\"https:\/\/castelloncycling.com\/fr\/experiencia\/camino-del-cid-et-fuente-de-los-banos\/\" \/>\n<meta property=\"og:locale\" content=\"fr_FR\" \/>\n<meta property=\"og:type\" content=\"article\" \/>\n<meta property=\"og:title\" content=\"Camino del Cid et Fuente de los Ba\u00f1os - Cicloturismo Castell\u00f3n\" \/>\n<meta property=\"og:description\" content=\"Camino del Cid et Fuente de los Ba\u00f1os - Cicloturismo Castell\u00f3n Castell\u00f3n se ha convertido en un referente para ciclistas de \u00e9lite de todo el mundo.\" \/>\n<meta property=\"og:url\" content=\"https:\/\/castelloncycling.com\/fr\/experiencia\/camino-del-cid-et-fuente-de-los-banos\/\" \/>\n<meta property=\"og:site_name\" content=\"Cicloturismo Castell\u00f3n\" \/>\n<meta property=\"article:publisher\" content=\"https:\/\/www.facebook.com\/turismodecastellon\" \/>\n<meta property=\"article:modified_time\" content=\"2025-12-10T09:30:28+00:00\" \/>\n<meta property=\"og:image\" content=\"https:\/\/castelloncycling.com\/wp-content\/uploads\/2025\/12\/Campuebla-R8-Morron-de-Campos-Bici-DSC_0319-scaled.jpg\" \/>\n\t<meta property=\"og:image:width\" content=\"2560\" \/>\n\t<meta property=\"og:image:height\" content=\"1696\" \/>\n\t<meta property=\"og:image:type\" content=\"image\/jpeg\" \/>\n<meta name=\"twitter:card\" content=\"summary_large_image\" \/>\n<meta name=\"twitter:site\" content=\"@turcastellon\" \/>\n<meta name=\"twitter:label1\" content=\"Dur\u00e9e de lecture estim\u00e9e\" \/>\n\t<meta name=\"twitter:data1\" content=\"4 minutes\" \/>\n<script type=\"application\/ld+json\" class=\"yoast-schema-graph\">{\"@context\":\"https:\/\/schema.org\",\"@graph\":[{\"@type\":\"WebPage\",\"@id\":\"https:\/\/castelloncycling.com\/fr\/experiencia\/camino-del-cid-et-fuente-de-los-banos\/\",\"url\":\"https:\/\/castelloncycling.com\/fr\/experiencia\/camino-del-cid-et-fuente-de-los-banos\/\",\"name\":\"Camino del Cid et Fuente de los Ba\u00f1os - Cicloturismo Castell\u00f3n\",\"isPartOf\":{\"@id\":\"https:\/\/castelloncycling.com\/fr\/#website\"},\"primaryImageOfPage\":{\"@id\":\"https:\/\/castelloncycling.com\/fr\/experiencia\/camino-del-cid-et-fuente-de-los-banos\/#primaryimage\"},\"image\":{\"@id\":\"https:\/\/castelloncycling.com\/fr\/experiencia\/camino-del-cid-et-fuente-de-los-banos\/#primaryimage\"},\"thumbnailUrl\":\"https:\/\/castelloncycling.com\/wp-content\/uploads\/2025\/12\/Campuebla-R8-Morron-de-Campos-Bici-DSC_0319-scaled.jpg\",\"datePublished\":\"2025-12-10T08:40:08+00:00\",\"dateModified\":\"2025-12-10T09:30:28+00:00\",\"description\":\"Camino del Cid et Fuente de los Ba\u00f1os - Cicloturismo Castell\u00f3n Castell\u00f3n se ha convertido en un referente para ciclistas de \u00e9lite de todo el mundo.\",\"breadcrumb\":{\"@id\":\"https:\/\/castelloncycling.com\/fr\/experiencia\/camino-del-cid-et-fuente-de-los-banos\/#breadcrumb\"},\"inLanguage\":\"fr-FR\",\"potentialAction\":[{\"@type\":\"ReadAction\",\"target\":[\"https:\/\/castelloncycling.com\/fr\/experiencia\/camino-del-cid-et-fuente-de-los-banos\/\"]}]},{\"@type\":\"ImageObject\",\"inLanguage\":\"fr-FR\",\"@id\":\"https:\/\/castelloncycling.com\/fr\/experiencia\/camino-del-cid-et-fuente-de-los-banos\/#primaryimage\",\"url\":\"https:\/\/castelloncycling.com\/wp-content\/uploads\/2025\/12\/Campuebla-R8-Morron-de-Campos-Bici-DSC_0319-scaled.jpg\",\"contentUrl\":\"https:\/\/castelloncycling.com\/wp-content\/uploads\/2025\/12\/Campuebla-R8-Morron-de-Campos-Bici-DSC_0319-scaled.jpg\",\"width\":2560,\"height\":1696},{\"@type\":\"BreadcrumbList\",\"@id\":\"https:\/\/castelloncycling.com\/fr\/experiencia\/camino-del-cid-et-fuente-de-los-banos\/#breadcrumb\",\"itemListElement\":[{\"@type\":\"ListItem\",\"position\":1,\"name\":\"Inicio\",\"item\":\"https:\/\/castelloncycling.com\/fr\/accueil\/\"},{\"@type\":\"ListItem\",\"position\":2,\"name\":\"Experiencias\",\"item\":\"https:\/\/castelloncycling.com\/fr\/experiencia\/\"},{\"@type\":\"ListItem\",\"position\":3,\"name\":\"Camino del Cid et Fuente de los Ba\u00f1os\"}]},{\"@type\":\"WebSite\",\"@id\":\"https:\/\/castelloncycling.com\/fr\/#website\",\"url\":\"https:\/\/castelloncycling.com\/fr\/\",\"name\":\"Cicloturismo Castell\u00f3n\",\"description\":\"\",\"publisher\":{\"@id\":\"https:\/\/castelloncycling.com\/fr\/#organization\"},\"potentialAction\":[{\"@type\":\"SearchAction\",\"target\":{\"@type\":\"EntryPoint\",\"urlTemplate\":\"https:\/\/castelloncycling.com\/fr\/?s={search_term_string}\"},\"query-input\":{\"@type\":\"PropertyValueSpecification\",\"valueRequired\":true,\"valueName\":\"search_term_string\"}}],\"inLanguage\":\"fr-FR\"},{\"@type\":\"Organization\",\"@id\":\"https:\/\/castelloncycling.com\/fr\/#organization\",\"name\":\"Cicloturismo Castell\u00f3n\",\"url\":\"https:\/\/castelloncycling.com\/fr\/\",\"logo\":{\"@type\":\"ImageObject\",\"inLanguage\":\"fr-FR\",\"@id\":\"https:\/\/castelloncycling.com\/fr\/#\/schema\/logo\/image\/\",\"url\":\"https:\/\/castelloncycling.com\/wp-content\/uploads\/2025\/02\/Logo-Diputacion-y-Castellon-Cycling-scaled.png\",\"contentUrl\":\"https:\/\/castelloncycling.com\/wp-content\/uploads\/2025\/02\/Logo-Diputacion-y-Castellon-Cycling-scaled.png\",\"width\":2560,\"height\":285,\"caption\":\"Cicloturismo Castell\u00f3n\"},\"image\":{\"@id\":\"https:\/\/castelloncycling.com\/fr\/#\/schema\/logo\/image\/\"},\"sameAs\":[\"https:\/\/www.facebook.com\/turismodecastellon\",\"https:\/\/x.com\/turcastellon\",\"https:\/\/www.flickr.com\/photos\/turismodecastellon\",\"https:\/\/www.youtube.com\/user\/turismodecastellon\",\"https:\/\/www.instagram.com\/turismodecastellon\/\"]}]}<\/script>\n<!-- \/ Yoast SEO plugin. -->","yoast_head_json":{"title":"Camino del Cid et Fuente de los Ba\u00f1os - Cicloturismo Castell\u00f3n","description":"Camino del Cid et Fuente de los Ba\u00f1os - Cicloturismo Castell\u00f3n Castell\u00f3n se ha convertido en un referente para ciclistas de \u00e9lite de todo el mundo.","robots":{"index":"index","follow":"follow","max-snippet":"max-snippet:-1","max-image-preview":"max-image-preview:large","max-video-preview":"max-video-preview:-1"},"canonical":"https:\/\/castelloncycling.com\/fr\/experiencia\/camino-del-cid-et-fuente-de-los-banos\/","og_locale":"fr_FR","og_type":"article","og_title":"Camino del Cid et Fuente de los Ba\u00f1os - Cicloturismo Castell\u00f3n","og_description":"Camino del Cid et Fuente de los Ba\u00f1os - Cicloturismo Castell\u00f3n Castell\u00f3n se ha convertido en un referente para ciclistas de \u00e9lite de todo el mundo.","og_url":"https:\/\/castelloncycling.com\/fr\/experiencia\/camino-del-cid-et-fuente-de-los-banos\/","og_site_name":"Cicloturismo Castell\u00f3n","article_publisher":"https:\/\/www.facebook.com\/turismodecastellon","article_modified_time":"2025-12-10T09:30:28+00:00","og_image":[{"width":2560,"height":1696,"url":"https:\/\/castelloncycling.com\/wp-content\/uploads\/2025\/12\/Campuebla-R8-Morron-de-Campos-Bici-DSC_0319-scaled.jpg","type":"image\/jpeg"}],"twitter_card":"summary_large_image","twitter_site":"@turcastellon","twitter_misc":{"Dur\u00e9e de lecture estim\u00e9e":"4 minutes"},"schema":{"@context":"https:\/\/schema.org","@graph":[{"@type":"WebPage","@id":"https:\/\/castelloncycling.com\/fr\/experiencia\/camino-del-cid-et-fuente-de-los-banos\/","url":"https:\/\/castelloncycling.com\/fr\/experiencia\/camino-del-cid-et-fuente-de-los-banos\/","name":"Camino del Cid et Fuente de los Ba\u00f1os - Cicloturismo Castell\u00f3n","isPartOf":{"@id":"https:\/\/castelloncycling.com\/fr\/#website"},"primaryImageOfPage":{"@id":"https:\/\/castelloncycling.com\/fr\/experiencia\/camino-del-cid-et-fuente-de-los-banos\/#primaryimage"},"image":{"@id":"https:\/\/castelloncycling.com\/fr\/experiencia\/camino-del-cid-et-fuente-de-los-banos\/#primaryimage"},"thumbnailUrl":"https:\/\/castelloncycling.com\/wp-content\/uploads\/2025\/12\/Campuebla-R8-Morron-de-Campos-Bici-DSC_0319-scaled.jpg","datePublished":"2025-12-10T08:40:08+00:00","dateModified":"2025-12-10T09:30:28+00:00","description":"Camino del Cid et Fuente de los Ba\u00f1os - Cicloturismo Castell\u00f3n Castell\u00f3n se ha convertido en un referente para ciclistas de \u00e9lite de todo el mundo.","breadcrumb":{"@id":"https:\/\/castelloncycling.com\/fr\/experiencia\/camino-del-cid-et-fuente-de-los-banos\/#breadcrumb"},"inLanguage":"fr-FR","potentialAction":[{"@type":"ReadAction","target":["https:\/\/castelloncycling.com\/fr\/experiencia\/camino-del-cid-et-fuente-de-los-banos\/"]}]},{"@type":"ImageObject","inLanguage":"fr-FR","@id":"https:\/\/castelloncycling.com\/fr\/experiencia\/camino-del-cid-et-fuente-de-los-banos\/#primaryimage","url":"https:\/\/castelloncycling.com\/wp-content\/uploads\/2025\/12\/Campuebla-R8-Morron-de-Campos-Bici-DSC_0319-scaled.jpg","contentUrl":"https:\/\/castelloncycling.com\/wp-content\/uploads\/2025\/12\/Campuebla-R8-Morron-de-Campos-Bici-DSC_0319-scaled.jpg","width":2560,"height":1696},{"@type":"BreadcrumbList","@id":"https:\/\/castelloncycling.com\/fr\/experiencia\/camino-del-cid-et-fuente-de-los-banos\/#breadcrumb","itemListElement":[{"@type":"ListItem","position":1,"name":"Inicio","item":"https:\/\/castelloncycling.com\/fr\/accueil\/"},{"@type":"ListItem","position":2,"name":"Experiencias","item":"https:\/\/castelloncycling.com\/fr\/experiencia\/"},{"@type":"ListItem","position":3,"name":"Camino del Cid et Fuente de los Ba\u00f1os"}]},{"@type":"WebSite","@id":"https:\/\/castelloncycling.com\/fr\/#website","url":"https:\/\/castelloncycling.com\/fr\/","name":"Cicloturismo Castell\u00f3n","description":"","publisher":{"@id":"https:\/\/castelloncycling.com\/fr\/#organization"},"potentialAction":[{"@type":"SearchAction","target":{"@type":"EntryPoint","urlTemplate":"https:\/\/castelloncycling.com\/fr\/?s={search_term_string}"},"query-input":{"@type":"PropertyValueSpecification","valueRequired":true,"valueName":"search_term_string"}}],"inLanguage":"fr-FR"},{"@type":"Organization","@id":"https:\/\/castelloncycling.com\/fr\/#organization","name":"Cicloturismo Castell\u00f3n","url":"https:\/\/castelloncycling.com\/fr\/","logo":{"@type":"ImageObject","inLanguage":"fr-FR","@id":"https:\/\/castelloncycling.com\/fr\/#\/schema\/logo\/image\/","url":"https:\/\/castelloncycling.com\/wp-content\/uploads\/2025\/02\/Logo-Diputacion-y-Castellon-Cycling-scaled.png","contentUrl":"https:\/\/castelloncycling.com\/wp-content\/uploads\/2025\/02\/Logo-Diputacion-y-Castellon-Cycling-scaled.png","width":2560,"height":285,"caption":"Cicloturismo Castell\u00f3n"},"image":{"@id":"https:\/\/castelloncycling.com\/fr\/#\/schema\/logo\/image\/"},"sameAs":["https:\/\/www.facebook.com\/turismodecastellon","https:\/\/x.com\/turcastellon","https:\/\/www.flickr.com\/photos\/turismodecastellon","https:\/\/www.youtube.com\/user\/turismodecastellon","https:\/\/www.instagram.com\/turismodecastellon\/"]}]}},"_links":{"self":[{"href":"https:\/\/castelloncycling.com\/fr\/wp-json\/wp\/v2\/experiencia\/12180","targetHints":{"allow":["GET"]}}],"collection":[{"href":"https:\/\/castelloncycling.com\/fr\/wp-json\/wp\/v2\/experiencia"}],"about":[{"href":"https:\/\/castelloncycling.com\/fr\/wp-json\/wp\/v2\/types\/experiencia"}],"version-history":[{"count":1,"href":"https:\/\/castelloncycling.com\/fr\/wp-json\/wp\/v2\/experiencia\/12180\/revisions"}],"predecessor-version":[{"id":12181,"href":"https:\/\/castelloncycling.com\/fr\/wp-json\/wp\/v2\/experiencia\/12180\/revisions\/12181"}],"wp:featuredmedia":[{"embeddable":true,"href":"https:\/\/castelloncycling.com\/fr\/wp-json\/wp\/v2\/media\/12185"}],"wp:attachment":[{"href":"https:\/\/castelloncycling.com\/fr\/wp-json\/wp\/v2\/media?parent=12180"}],"wp:term":[{"taxonomy":"categoria-experiencia","embeddable":true,"href":"https:\/\/castelloncycling.com\/fr\/wp-json\/wp\/v2\/categoria-experiencia?post=12180"},{"taxonomy":"comarca","embeddable":true,"href":"https:\/\/castelloncycling.com\/fr\/wp-json\/wp\/v2\/comarca?post=12180"}],"curies":[{"name":"wp","href":"https:\/\/api.w.org\/{rel}","templated":true}]}}