{"id":12456,"date":"2025-12-10T13:07:15","date_gmt":"2025-12-10T12:07:15","guid":{"rendered":"https:\/\/castelloncycling.com\/experiencia\/sierra-de-irta-et-chateau-de-xivert\/"},"modified":"2025-12-10T13:33:38","modified_gmt":"2025-12-10T12:33:38","slug":"sierra-de-irta-et-chateau-de-xivert","status":"publish","type":"experiencia","link":"https:\/\/castelloncycling.com\/fr\/experiencia\/sierra-de-irta-et-chateau-de-xivert\/","title":{"rendered":"Sierra de Irta et ch\u00e2teau de Xivert"},"content":{"rendered":"\t\t<div data-elementor-type=\"wp-post\" data-elementor-id=\"12456\" class=\"elementor elementor-12456 elementor-12375\" data-elementor-post-type=\"experiencia\">\n\t\t\t\t<div class=\"elementor-element elementor-element-10e52610 e-flex e-con-boxed e-con e-parent\" data-id=\"10e52610\" data-element_type=\"container\">\n\t\t\t\t\t<div class=\"e-con-inner\">\n\t\t\t\t<div class=\"elementor-element elementor-element-499f9e20 elementor-widget elementor-widget-text-editor\" data-id=\"499f9e20\" data-element_type=\"widget\" data-widget_type=\"text-editor.default\">\n\t\t\t\t<div class=\"elementor-widget-container\">\n\t\t\t\t\t\t\t<p><span data-contrast=\"none\">La Sierra de Irta est un parc naturel prot\u00e9g\u00e9 situ\u00e9 dans la province de Castell\u00f3n, entre Pe\u00f1\u00edscola et Alcossebre. Il se caract\u00e9rise par son relief montagneux, avec plus de 7 500 hectares qui combinent for\u00eats m\u00e9diterran\u00e9ennes, maquis et une riche biodiversit\u00e9, \u00e9tant un refuge pour les esp\u00e8ces autochtones.   <\/span><span data-ccp-props=\"{\"134233117\":false,\"134233118\":false,\"201341983\":0,\"335551550\":6,\"335551620\":6,\"335559685\":0,\"335559737\":0,\"335559738\":0,\"335559739\":160,\"335559740\":279}\"> <\/span><\/p><p><span data-contrast=\"none\">Elle abrite \u00e9galement des vestiges historiques tels que des tours de guet, des ermitages et un ch\u00e2teau, ce qui en fait un lieu id\u00e9al pour le cyclotourisme.<\/span><span data-ccp-props=\"{\"134233117\":false,\"134233118\":false,\"201341983\":0,\"335551550\":6,\"335551620\":6,\"335559685\":0,\"335559737\":0,\"335559738\":0,\"335559739\":160,\"335559740\":279}\"> <\/span><\/p><p><span data-contrast=\"none\">Dans cette exp\u00e9rience, notre destination sera un ch\u00e2teau, le ch\u00e2teau de Xivert.<\/span><span data-ccp-props=\"{\"134233117\":false,\"134233118\":false,\"201341983\":0,\"335551550\":6,\"335551620\":6,\"335559685\":0,\"335559737\":0,\"335559738\":0,\"335559739\":160,\"335559740\":279}\"> <\/span><\/p><p><span data-contrast=\"none\">Location de VTT au <\/span><a href=\"https:\/\/campingribamar.com\/\"><span data-contrast=\"none\">Camping Ribamar<\/span><\/a><span data-contrast=\"none\">\u00e0 Alcossebre, nous quitterons la ville par le Cam\u00ed de l&#8217;Estopet, une route secondaire asphalt\u00e9e tr\u00e8s peu fr\u00e9quent\u00e9e, pour entrer dans la Sierra de Irta.<\/span><span data-ccp-props=\"{\"134233117\":false,\"134233118\":false,\"201341983\":0,\"335551550\":6,\"335551620\":6,\"335559685\":0,\"335559737\":0,\"335559738\":0,\"335559739\":160,\"335559740\":279}\"> <\/span><\/p><p><span data-contrast=\"none\">Nous continuerons sur le chemin de terre qui nous m\u00e8ne presque au Coll de la Palma, mais nous tournerons avant vers le chemin du ch\u00e2teau.<\/span><span data-ccp-props=\"{\"134233117\":false,\"134233118\":false,\"201341983\":0,\"335551550\":6,\"335551620\":6,\"335559685\":0,\"335559737\":0,\"335559738\":0,\"335559739\":160,\"335559740\":279}\"> <\/span><\/p><p><span data-contrast=\"none\">Le ch\u00e2teau de Xivert est une forteresse d&#8217;origine arabe qui a \u00e9t\u00e9 agrandie par l&#8217;Ordre du Temple. Depuis le sentier au pied de ses ruines, vous pourrez profiter de vues spectaculaires sur le littoral et l&#8217;int\u00e9rieur montagneux. <\/span><span data-ccp-props=\"{\"134233117\":false,\"134233118\":false,\"201341983\":0,\"335551550\":6,\"335551620\":6,\"335559685\":0,\"335559737\":0,\"335559738\":0,\"335559739\":160,\"335559740\":279}\"> <\/span><\/p><p><span data-contrast=\"none\">Nous descendons ensuite par la m\u00eame route asphalt\u00e9e jusqu&#8217;\u00e0 Alcossebre, soit un peu plus de 38 kilom\u00e8tres et 570 m\u00e8tres de d\u00e9nivel\u00e9 positif.<\/span><span data-ccp-props=\"{\"134233117\":false,\"134233118\":false,\"201341983\":0,\"335551550\":6,\"335551620\":6,\"335559685\":0,\"335559737\":0,\"335559738\":0,\"335559739\":160,\"335559740\":279}\"> <\/span><\/p>\t\t\t\t\t\t<\/div>\n\t\t\t\t<\/div>\n\t\t\t\t\t<\/div>\n\t\t\t\t<\/div>\n\t\t\t\t<\/div>\n\t\t","protected":false},"excerpt":{"rendered":"<p>La Sierra de Irta est un parc naturel prot\u00e9g\u00e9 situ\u00e9 dans la province de Castell\u00f3n, entre Pe\u00f1\u00edscola et Alcossebre. Il [&hellip;]<\/p>\n","protected":false},"featured_media":12396,"template":"","meta":{"_acf_changed":false,"site-sidebar-layout":"default","site-content-layout":"","ast-site-content-layout":"","site-content-style":"default","site-sidebar-style":"default","ast-global-header-display":"","ast-banner-title-visibility":"","ast-main-header-display":"","ast-hfb-above-header-display":"","ast-hfb-below-header-display":"","ast-hfb-mobile-header-display":"","site-post-title":"","ast-breadcrumbs-content":"","ast-featured-img":"","footer-sml-layout":"","theme-transparent-header-meta":"","adv-header-id-meta":"","stick-header-meta":"","header-above-stick-meta":"","header-main-stick-meta":"","header-below-stick-meta":"","astra-migrate-meta-layouts":"default","ast-page-background-enabled":"default","ast-page-background-meta":{"desktop":{"background-color":"var(--ast-global-color-4)","background-image":"","background-repeat":"repeat","background-position":"center center","background-size":"auto","background-attachment":"scroll","background-type":"","background-media":"","overlay-type":"","overlay-color":"","overlay-opacity":"","overlay-gradient":""},"tablet":{"background-color":"","background-image":"","background-repeat":"repeat","background-position":"center center","background-size":"auto","background-attachment":"scroll","background-type":"","background-media":"","overlay-type":"","overlay-color":"","overlay-opacity":"","overlay-gradient":""},"mobile":{"background-color":"","background-image":"","background-repeat":"repeat","background-position":"center center","background-size":"auto","background-attachment":"scroll","background-type":"","background-media":"","overlay-type":"","overlay-color":"","overlay-opacity":"","overlay-gradient":""}},"ast-content-background-meta":{"desktop":{"background-color":"var(--ast-global-color-5)","background-image":"","background-repeat":"repeat","background-position":"center center","background-size":"auto","background-attachment":"scroll","background-type":"","background-media":"","overlay-type":"","overlay-color":"","overlay-opacity":"","overlay-gradient":""},"tablet":{"background-color":"var(--ast-global-color-5)","background-image":"","background-repeat":"repeat","background-position":"center center","background-size":"auto","background-attachment":"scroll","background-type":"","background-media":"","overlay-type":"","overlay-color":"","overlay-opacity":"","overlay-gradient":""},"mobile":{"background-color":"var(--ast-global-color-5)","background-image":"","background-repeat":"repeat","background-position":"center center","background-size":"auto","background-attachment":"scroll","background-type":"","background-media":"","overlay-type":"","overlay-color":"","overlay-opacity":"","overlay-gradient":""}}},"categoria-experiencia":[],"comarca":[],"class_list":["post-12456","experiencia","type-experiencia","status-publish","has-post-thumbnail","hentry"],"acf":[],"yoast_head":"<!-- This site is optimized with the Yoast SEO plugin v26.9 - https:\/\/yoast.com\/product\/yoast-seo-wordpress\/ -->\n<title>Sierra de Irta et ch\u00e2teau de Xivert - Cicloturismo Castell\u00f3n<\/title>\n<meta name=\"description\" content=\"Sierra de Irta et ch\u00e2teau de Xivert - Cicloturismo Castell\u00f3n Castell\u00f3n se ha convertido en un referente para ciclistas de \u00e9lite de todo el mundo.\" \/>\n<meta name=\"robots\" content=\"index, follow, max-snippet:-1, max-image-preview:large, max-video-preview:-1\" \/>\n<link rel=\"canonical\" href=\"https:\/\/castelloncycling.com\/fr\/experiencia\/sierra-de-irta-et-chateau-de-xivert\/\" \/>\n<meta property=\"og:locale\" content=\"fr_FR\" \/>\n<meta property=\"og:type\" content=\"article\" \/>\n<meta property=\"og:title\" content=\"Sierra de Irta et ch\u00e2teau de Xivert - Cicloturismo Castell\u00f3n\" \/>\n<meta property=\"og:description\" content=\"Sierra de Irta et ch\u00e2teau de Xivert - Cicloturismo Castell\u00f3n Castell\u00f3n se ha convertido en un referente para ciclistas de \u00e9lite de todo el mundo.\" \/>\n<meta property=\"og:url\" content=\"https:\/\/castelloncycling.com\/fr\/experiencia\/sierra-de-irta-et-chateau-de-xivert\/\" \/>\n<meta property=\"og:site_name\" content=\"Cicloturismo Castell\u00f3n\" \/>\n<meta property=\"article:publisher\" content=\"https:\/\/www.facebook.com\/turismodecastellon\" \/>\n<meta property=\"article:modified_time\" content=\"2025-12-10T12:33:38+00:00\" \/>\n<meta property=\"og:image\" content=\"https:\/\/castelloncycling.com\/wp-content\/uploads\/2025\/12\/Castillo-Alcala-Xivert-1600px.jpg\" \/>\n\t<meta property=\"og:image:width\" content=\"1600\" \/>\n\t<meta property=\"og:image:height\" content=\"1067\" \/>\n\t<meta property=\"og:image:type\" content=\"image\/jpeg\" \/>\n<meta name=\"twitter:card\" content=\"summary_large_image\" \/>\n<meta name=\"twitter:site\" content=\"@turcastellon\" \/>\n<meta name=\"twitter:label1\" content=\"Dur\u00e9e de lecture estim\u00e9e\" \/>\n\t<meta name=\"twitter:data1\" content=\"1 minute\" \/>\n<script type=\"application\/ld+json\" class=\"yoast-schema-graph\">{\"@context\":\"https:\/\/schema.org\",\"@graph\":[{\"@type\":\"WebPage\",\"@id\":\"https:\/\/castelloncycling.com\/fr\/experiencia\/sierra-de-irta-et-chateau-de-xivert\/\",\"url\":\"https:\/\/castelloncycling.com\/fr\/experiencia\/sierra-de-irta-et-chateau-de-xivert\/\",\"name\":\"Sierra de Irta et ch\u00e2teau de Xivert - Cicloturismo Castell\u00f3n\",\"isPartOf\":{\"@id\":\"https:\/\/castelloncycling.com\/fr\/#website\"},\"primaryImageOfPage\":{\"@id\":\"https:\/\/castelloncycling.com\/fr\/experiencia\/sierra-de-irta-et-chateau-de-xivert\/#primaryimage\"},\"image\":{\"@id\":\"https:\/\/castelloncycling.com\/fr\/experiencia\/sierra-de-irta-et-chateau-de-xivert\/#primaryimage\"},\"thumbnailUrl\":\"https:\/\/castelloncycling.com\/wp-content\/uploads\/2025\/12\/Castillo-Alcala-Xivert-1600px.jpg\",\"datePublished\":\"2025-12-10T12:07:15+00:00\",\"dateModified\":\"2025-12-10T12:33:38+00:00\",\"description\":\"Sierra de Irta et ch\u00e2teau de Xivert - Cicloturismo Castell\u00f3n Castell\u00f3n se ha convertido en un referente para ciclistas de \u00e9lite de todo el mundo.\",\"breadcrumb\":{\"@id\":\"https:\/\/castelloncycling.com\/fr\/experiencia\/sierra-de-irta-et-chateau-de-xivert\/#breadcrumb\"},\"inLanguage\":\"fr-FR\",\"potentialAction\":[{\"@type\":\"ReadAction\",\"target\":[\"https:\/\/castelloncycling.com\/fr\/experiencia\/sierra-de-irta-et-chateau-de-xivert\/\"]}]},{\"@type\":\"ImageObject\",\"inLanguage\":\"fr-FR\",\"@id\":\"https:\/\/castelloncycling.com\/fr\/experiencia\/sierra-de-irta-et-chateau-de-xivert\/#primaryimage\",\"url\":\"https:\/\/castelloncycling.com\/wp-content\/uploads\/2025\/12\/Castillo-Alcala-Xivert-1600px.jpg\",\"contentUrl\":\"https:\/\/castelloncycling.com\/wp-content\/uploads\/2025\/12\/Castillo-Alcala-Xivert-1600px.jpg\",\"width\":1600,\"height\":1067},{\"@type\":\"BreadcrumbList\",\"@id\":\"https:\/\/castelloncycling.com\/fr\/experiencia\/sierra-de-irta-et-chateau-de-xivert\/#breadcrumb\",\"itemListElement\":[{\"@type\":\"ListItem\",\"position\":1,\"name\":\"Inicio\",\"item\":\"https:\/\/castelloncycling.com\/fr\/accueil\/\"},{\"@type\":\"ListItem\",\"position\":2,\"name\":\"Experiencias\",\"item\":\"https:\/\/castelloncycling.com\/fr\/experiencia\/\"},{\"@type\":\"ListItem\",\"position\":3,\"name\":\"Sierra de Irta et ch\u00e2teau de Xivert\"}]},{\"@type\":\"WebSite\",\"@id\":\"https:\/\/castelloncycling.com\/fr\/#website\",\"url\":\"https:\/\/castelloncycling.com\/fr\/\",\"name\":\"Cicloturismo Castell\u00f3n\",\"description\":\"\",\"publisher\":{\"@id\":\"https:\/\/castelloncycling.com\/fr\/#organization\"},\"potentialAction\":[{\"@type\":\"SearchAction\",\"target\":{\"@type\":\"EntryPoint\",\"urlTemplate\":\"https:\/\/castelloncycling.com\/fr\/?s={search_term_string}\"},\"query-input\":{\"@type\":\"PropertyValueSpecification\",\"valueRequired\":true,\"valueName\":\"search_term_string\"}}],\"inLanguage\":\"fr-FR\"},{\"@type\":\"Organization\",\"@id\":\"https:\/\/castelloncycling.com\/fr\/#organization\",\"name\":\"Cicloturismo Castell\u00f3n\",\"url\":\"https:\/\/castelloncycling.com\/fr\/\",\"logo\":{\"@type\":\"ImageObject\",\"inLanguage\":\"fr-FR\",\"@id\":\"https:\/\/castelloncycling.com\/fr\/#\/schema\/logo\/image\/\",\"url\":\"https:\/\/castelloncycling.com\/wp-content\/uploads\/2025\/02\/Logo-Diputacion-y-Castellon-Cycling-scaled.png\",\"contentUrl\":\"https:\/\/castelloncycling.com\/wp-content\/uploads\/2025\/02\/Logo-Diputacion-y-Castellon-Cycling-scaled.png\",\"width\":2560,\"height\":285,\"caption\":\"Cicloturismo Castell\u00f3n\"},\"image\":{\"@id\":\"https:\/\/castelloncycling.com\/fr\/#\/schema\/logo\/image\/\"},\"sameAs\":[\"https:\/\/www.facebook.com\/turismodecastellon\",\"https:\/\/x.com\/turcastellon\",\"https:\/\/www.flickr.com\/photos\/turismodecastellon\",\"https:\/\/www.youtube.com\/user\/turismodecastellon\",\"https:\/\/www.instagram.com\/turismodecastellon\/\"]}]}<\/script>\n<!-- \/ Yoast SEO plugin. -->","yoast_head_json":{"title":"Sierra de Irta et ch\u00e2teau de Xivert - Cicloturismo Castell\u00f3n","description":"Sierra de Irta et ch\u00e2teau de Xivert - Cicloturismo Castell\u00f3n Castell\u00f3n se ha convertido en un referente para ciclistas de \u00e9lite de todo el mundo.","robots":{"index":"index","follow":"follow","max-snippet":"max-snippet:-1","max-image-preview":"max-image-preview:large","max-video-preview":"max-video-preview:-1"},"canonical":"https:\/\/castelloncycling.com\/fr\/experiencia\/sierra-de-irta-et-chateau-de-xivert\/","og_locale":"fr_FR","og_type":"article","og_title":"Sierra de Irta et ch\u00e2teau de Xivert - Cicloturismo Castell\u00f3n","og_description":"Sierra de Irta et ch\u00e2teau de Xivert - Cicloturismo Castell\u00f3n Castell\u00f3n se ha convertido en un referente para ciclistas de \u00e9lite de todo el mundo.","og_url":"https:\/\/castelloncycling.com\/fr\/experiencia\/sierra-de-irta-et-chateau-de-xivert\/","og_site_name":"Cicloturismo Castell\u00f3n","article_publisher":"https:\/\/www.facebook.com\/turismodecastellon","article_modified_time":"2025-12-10T12:33:38+00:00","og_image":[{"width":1600,"height":1067,"url":"https:\/\/castelloncycling.com\/wp-content\/uploads\/2025\/12\/Castillo-Alcala-Xivert-1600px.jpg","type":"image\/jpeg"}],"twitter_card":"summary_large_image","twitter_site":"@turcastellon","twitter_misc":{"Dur\u00e9e de lecture estim\u00e9e":"1 minute"},"schema":{"@context":"https:\/\/schema.org","@graph":[{"@type":"WebPage","@id":"https:\/\/castelloncycling.com\/fr\/experiencia\/sierra-de-irta-et-chateau-de-xivert\/","url":"https:\/\/castelloncycling.com\/fr\/experiencia\/sierra-de-irta-et-chateau-de-xivert\/","name":"Sierra de Irta et ch\u00e2teau de Xivert - Cicloturismo Castell\u00f3n","isPartOf":{"@id":"https:\/\/castelloncycling.com\/fr\/#website"},"primaryImageOfPage":{"@id":"https:\/\/castelloncycling.com\/fr\/experiencia\/sierra-de-irta-et-chateau-de-xivert\/#primaryimage"},"image":{"@id":"https:\/\/castelloncycling.com\/fr\/experiencia\/sierra-de-irta-et-chateau-de-xivert\/#primaryimage"},"thumbnailUrl":"https:\/\/castelloncycling.com\/wp-content\/uploads\/2025\/12\/Castillo-Alcala-Xivert-1600px.jpg","datePublished":"2025-12-10T12:07:15+00:00","dateModified":"2025-12-10T12:33:38+00:00","description":"Sierra de Irta et ch\u00e2teau de Xivert - Cicloturismo Castell\u00f3n Castell\u00f3n se ha convertido en un referente para ciclistas de \u00e9lite de todo el mundo.","breadcrumb":{"@id":"https:\/\/castelloncycling.com\/fr\/experiencia\/sierra-de-irta-et-chateau-de-xivert\/#breadcrumb"},"inLanguage":"fr-FR","potentialAction":[{"@type":"ReadAction","target":["https:\/\/castelloncycling.com\/fr\/experiencia\/sierra-de-irta-et-chateau-de-xivert\/"]}]},{"@type":"ImageObject","inLanguage":"fr-FR","@id":"https:\/\/castelloncycling.com\/fr\/experiencia\/sierra-de-irta-et-chateau-de-xivert\/#primaryimage","url":"https:\/\/castelloncycling.com\/wp-content\/uploads\/2025\/12\/Castillo-Alcala-Xivert-1600px.jpg","contentUrl":"https:\/\/castelloncycling.com\/wp-content\/uploads\/2025\/12\/Castillo-Alcala-Xivert-1600px.jpg","width":1600,"height":1067},{"@type":"BreadcrumbList","@id":"https:\/\/castelloncycling.com\/fr\/experiencia\/sierra-de-irta-et-chateau-de-xivert\/#breadcrumb","itemListElement":[{"@type":"ListItem","position":1,"name":"Inicio","item":"https:\/\/castelloncycling.com\/fr\/accueil\/"},{"@type":"ListItem","position":2,"name":"Experiencias","item":"https:\/\/castelloncycling.com\/fr\/experiencia\/"},{"@type":"ListItem","position":3,"name":"Sierra de Irta et ch\u00e2teau de Xivert"}]},{"@type":"WebSite","@id":"https:\/\/castelloncycling.com\/fr\/#website","url":"https:\/\/castelloncycling.com\/fr\/","name":"Cicloturismo Castell\u00f3n","description":"","publisher":{"@id":"https:\/\/castelloncycling.com\/fr\/#organization"},"potentialAction":[{"@type":"SearchAction","target":{"@type":"EntryPoint","urlTemplate":"https:\/\/castelloncycling.com\/fr\/?s={search_term_string}"},"query-input":{"@type":"PropertyValueSpecification","valueRequired":true,"valueName":"search_term_string"}}],"inLanguage":"fr-FR"},{"@type":"Organization","@id":"https:\/\/castelloncycling.com\/fr\/#organization","name":"Cicloturismo Castell\u00f3n","url":"https:\/\/castelloncycling.com\/fr\/","logo":{"@type":"ImageObject","inLanguage":"fr-FR","@id":"https:\/\/castelloncycling.com\/fr\/#\/schema\/logo\/image\/","url":"https:\/\/castelloncycling.com\/wp-content\/uploads\/2025\/02\/Logo-Diputacion-y-Castellon-Cycling-scaled.png","contentUrl":"https:\/\/castelloncycling.com\/wp-content\/uploads\/2025\/02\/Logo-Diputacion-y-Castellon-Cycling-scaled.png","width":2560,"height":285,"caption":"Cicloturismo Castell\u00f3n"},"image":{"@id":"https:\/\/castelloncycling.com\/fr\/#\/schema\/logo\/image\/"},"sameAs":["https:\/\/www.facebook.com\/turismodecastellon","https:\/\/x.com\/turcastellon","https:\/\/www.flickr.com\/photos\/turismodecastellon","https:\/\/www.youtube.com\/user\/turismodecastellon","https:\/\/www.instagram.com\/turismodecastellon\/"]}]}},"_links":{"self":[{"href":"https:\/\/castelloncycling.com\/fr\/wp-json\/wp\/v2\/experiencia\/12456","targetHints":{"allow":["GET"]}}],"collection":[{"href":"https:\/\/castelloncycling.com\/fr\/wp-json\/wp\/v2\/experiencia"}],"about":[{"href":"https:\/\/castelloncycling.com\/fr\/wp-json\/wp\/v2\/types\/experiencia"}],"version-history":[{"count":1,"href":"https:\/\/castelloncycling.com\/fr\/wp-json\/wp\/v2\/experiencia\/12456\/revisions"}],"predecessor-version":[{"id":12457,"href":"https:\/\/castelloncycling.com\/fr\/wp-json\/wp\/v2\/experiencia\/12456\/revisions\/12457"}],"wp:featuredmedia":[{"embeddable":true,"href":"https:\/\/castelloncycling.com\/fr\/wp-json\/wp\/v2\/media\/12396"}],"wp:attachment":[{"href":"https:\/\/castelloncycling.com\/fr\/wp-json\/wp\/v2\/media?parent=12456"}],"wp:term":[{"taxonomy":"categoria-experiencia","embeddable":true,"href":"https:\/\/castelloncycling.com\/fr\/wp-json\/wp\/v2\/categoria-experiencia?post=12456"},{"taxonomy":"comarca","embeddable":true,"href":"https:\/\/castelloncycling.com\/fr\/wp-json\/wp\/v2\/comarca?post=12456"}],"curies":[{"name":"wp","href":"https:\/\/api.w.org\/{rel}","templated":true}]}}