{"id":12460,"date":"2025-12-10T12:56:31","date_gmt":"2025-12-10T11:56:31","guid":{"rendered":"https:\/\/castelloncycling.com\/experiencia\/chemin-de-la-riviere-mijares\/"},"modified":"2025-12-10T13:39:25","modified_gmt":"2025-12-10T12:39:25","slug":"chemin-de-la-riviere-mijares","status":"publish","type":"experiencia","link":"https:\/\/castelloncycling.com\/fr\/experiencia\/chemin-de-la-riviere-mijares\/","title":{"rendered":"Chemin de la rivi\u00e8re Mijares"},"content":{"rendered":"\t\t<div data-elementor-type=\"wp-post\" data-elementor-id=\"12460\" class=\"elementor elementor-12460 elementor-12366\" data-elementor-post-type=\"experiencia\">\n\t\t\t\t<div class=\"elementor-element elementor-element-10e52610 e-flex e-con-boxed e-con e-parent\" data-id=\"10e52610\" data-element_type=\"container\">\n\t\t\t\t\t<div class=\"e-con-inner\">\n\t\t\t\t<div class=\"elementor-element elementor-element-499f9e20 elementor-widget elementor-widget-text-editor\" data-id=\"499f9e20\" data-element_type=\"widget\" data-widget_type=\"text-editor.default\">\n\t\t\t\t<div class=\"elementor-widget-container\">\n\t\t\t\t\t\t\t<p><span data-contrast=\"none\">Si vous s\u00e9journez \u00e0 Castell\u00f3n de la Plana, nous vous sugg\u00e9rons cette exp\u00e9rience d&#8217;une demi-journ\u00e9e avec une balade \u00e0 v\u00e9lo tranquille qui vous m\u00e8nera de la ville \u00e0 la mer, le long du sentier de la rivi\u00e8re Mijares.<\/span><span data-ccp-props=\"{\"134233117\":false,\"134233118\":false,\"201341983\":0,\"335551550\":6,\"335551620\":6,\"335559685\":0,\"335559737\":0,\"335559738\":0,\"335559739\":160,\"335559740\":279}\"> <\/span><\/p><p><span data-contrast=\"none\">Vous pouvez louer votre v\u00e9lo, muscl\u00e9 ou \u00e9lectrique, \u00e0 <\/span><a href=\"https:\/\/ciclesab.com\/content\/13-alquiler-de-bicicletas?srsltid=AfmBOoqYGLhVrQTlCyqByOuugga2QhvZqKeKDwwX2Ll6Tak8OPoxZwZN\"><span data-contrast=\"none\">AB Cycles<\/span><\/a><span data-contrast=\"none\">. Montagne, hybride ou gravier, ils conviendront tous parfaitement \u00e0 cet itin\u00e9raire.<\/span><span data-ccp-props=\"{\"134233117\":false,\"134233118\":false,\"201341983\":0,\"335551550\":6,\"335551620\":6,\"335559685\":0,\"335559737\":0,\"335559738\":0,\"335559739\":160,\"335559740\":279}\"> <\/span><\/p><p><span data-contrast=\"none\">Vous quitterez Castell\u00f3n par la piste cyclable qui vous m\u00e8nera \u00e0 Almassora.  <\/span><span data-ccp-props=\"{\"134233117\":false,\"134233118\":false,\"201341983\":0,\"335551550\":6,\"335551620\":6,\"335559685\":0,\"335559737\":0,\"335559738\":0,\"335559739\":160,\"335559740\":279}\"> <\/span><\/p><p><span data-contrast=\"none\">\u00c0 la sortie de cette commune, vous trouverez un sentier enti\u00e8rement balis\u00e9 pour les marcheurs et les cyclistes. Il s&#8217;agit d&#8217;un chemin tr\u00e8s plat, en terre compacte, sans difficult\u00e9 technique ni d\u00e9nivel\u00e9, id\u00e9al pour toute la famille. <\/span><span data-ccp-props=\"{\"134233117\":false,\"134233118\":false,\"201341983\":0,\"335551550\":6,\"335551620\":6,\"335559685\":0,\"335559737\":0,\"335559738\":0,\"335559739\":160,\"335559740\":279}\"> <\/span><\/p><p><span data-contrast=\"none\">D\u00e9clar\u00e9 ZEPA (zone de protection sp\u00e9ciale des oiseaux), LIC (site d&#8217;importance communautaire) et ZEC (zone sp\u00e9ciale de conservation), vous p\u00e9n\u00e9trerez dans un espace naturel o\u00f9 vous passerez par des observatoires d&#8217;oiseaux et atteindrez la plage du Pla de la Torre.<\/span><span data-ccp-props=\"{\"134233117\":false,\"134233118\":false,\"201341983\":0,\"335551550\":6,\"335551620\":6,\"335559685\":0,\"335559737\":0,\"335559738\":0,\"335559739\":160,\"335559740\":279}\"> <\/span><\/p><p><span data-contrast=\"none\">N&#8217;oubliez pas que vous vous trouvez dans un espace naturel prot\u00e9g\u00e9 et que vous devez respecter l&#8217;environnement et ne pas laisser de d\u00e9chets sur votre parcours.<\/span><span data-ccp-props=\"{\"134233117\":false,\"134233118\":false,\"201341983\":0,\"335551550\":6,\"335551620\":6,\"335559685\":0,\"335559737\":0,\"335559738\":0,\"335559739\":160,\"335559740\":279}\"> <\/span><\/p><p><span data-contrast=\"none\">Le retour vers Castell\u00f3n de la Plana pr\u00e9sente une l\u00e9g\u00e8re pente positive, mais tr\u00e8s faible, particuli\u00e8rement facile \u00e0 surmonter si vous avez d\u00e9cid\u00e9 de louer un v\u00e9lo \u00e9lectrique.<\/span><span data-ccp-props=\"{\"134233117\":false,\"134233118\":false,\"201341983\":0,\"335551550\":6,\"335551620\":6,\"335559685\":0,\"335559737\":0,\"335559738\":0,\"335559739\":160,\"335559740\":279}\"> <\/span><\/p>\t\t\t\t\t\t<\/div>\n\t\t\t\t<\/div>\n\t\t\t\t\t<\/div>\n\t\t\t\t<\/div>\n\t\t\t\t<\/div>\n\t\t","protected":false},"excerpt":{"rendered":"<p>Si vous s\u00e9journez \u00e0 Castell\u00f3n de la Plana, nous vous sugg\u00e9rons cette exp\u00e9rience d&#8217;une demi-journ\u00e9e avec une balade \u00e0 v\u00e9lo [&hellip;]<\/p>\n","protected":false},"featured_media":12371,"template":"","meta":{"_acf_changed":false,"site-sidebar-layout":"default","site-content-layout":"","ast-site-content-layout":"","site-content-style":"default","site-sidebar-style":"default","ast-global-header-display":"","ast-banner-title-visibility":"","ast-main-header-display":"","ast-hfb-above-header-display":"","ast-hfb-below-header-display":"","ast-hfb-mobile-header-display":"","site-post-title":"","ast-breadcrumbs-content":"","ast-featured-img":"","footer-sml-layout":"","theme-transparent-header-meta":"","adv-header-id-meta":"","stick-header-meta":"","header-above-stick-meta":"","header-main-stick-meta":"","header-below-stick-meta":"","astra-migrate-meta-layouts":"default","ast-page-background-enabled":"default","ast-page-background-meta":{"desktop":{"background-color":"var(--ast-global-color-4)","background-image":"","background-repeat":"repeat","background-position":"center center","background-size":"auto","background-attachment":"scroll","background-type":"","background-media":"","overlay-type":"","overlay-color":"","overlay-opacity":"","overlay-gradient":""},"tablet":{"background-color":"","background-image":"","background-repeat":"repeat","background-position":"center center","background-size":"auto","background-attachment":"scroll","background-type":"","background-media":"","overlay-type":"","overlay-color":"","overlay-opacity":"","overlay-gradient":""},"mobile":{"background-color":"","background-image":"","background-repeat":"repeat","background-position":"center center","background-size":"auto","background-attachment":"scroll","background-type":"","background-media":"","overlay-type":"","overlay-color":"","overlay-opacity":"","overlay-gradient":""}},"ast-content-background-meta":{"desktop":{"background-color":"var(--ast-global-color-5)","background-image":"","background-repeat":"repeat","background-position":"center center","background-size":"auto","background-attachment":"scroll","background-type":"","background-media":"","overlay-type":"","overlay-color":"","overlay-opacity":"","overlay-gradient":""},"tablet":{"background-color":"var(--ast-global-color-5)","background-image":"","background-repeat":"repeat","background-position":"center center","background-size":"auto","background-attachment":"scroll","background-type":"","background-media":"","overlay-type":"","overlay-color":"","overlay-opacity":"","overlay-gradient":""},"mobile":{"background-color":"var(--ast-global-color-5)","background-image":"","background-repeat":"repeat","background-position":"center center","background-size":"auto","background-attachment":"scroll","background-type":"","background-media":"","overlay-type":"","overlay-color":"","overlay-opacity":"","overlay-gradient":""}}},"categoria-experiencia":[],"comarca":[],"class_list":["post-12460","experiencia","type-experiencia","status-publish","has-post-thumbnail","hentry"],"acf":[],"yoast_head":"<!-- This site is optimized with the Yoast SEO plugin v26.9 - https:\/\/yoast.com\/product\/yoast-seo-wordpress\/ -->\n<title>Chemin de la rivi\u00e8re Mijares - Cicloturismo Castell\u00f3n<\/title>\n<meta name=\"description\" content=\"Chemin de la rivi\u00e8re Mijares - Cicloturismo Castell\u00f3n Castell\u00f3n se ha convertido en un referente para ciclistas de \u00e9lite de todo el mundo.\" \/>\n<meta name=\"robots\" content=\"index, follow, max-snippet:-1, max-image-preview:large, max-video-preview:-1\" \/>\n<link rel=\"canonical\" href=\"https:\/\/castelloncycling.com\/fr\/experiencia\/chemin-de-la-riviere-mijares\/\" \/>\n<meta property=\"og:locale\" content=\"fr_FR\" \/>\n<meta property=\"og:type\" content=\"article\" \/>\n<meta property=\"og:title\" content=\"Chemin de la rivi\u00e8re Mijares - Cicloturismo Castell\u00f3n\" \/>\n<meta property=\"og:description\" content=\"Chemin de la rivi\u00e8re Mijares - Cicloturismo Castell\u00f3n Castell\u00f3n se ha convertido en un referente para ciclistas de \u00e9lite de todo el mundo.\" \/>\n<meta property=\"og:url\" content=\"https:\/\/castelloncycling.com\/fr\/experiencia\/chemin-de-la-riviere-mijares\/\" \/>\n<meta property=\"og:site_name\" content=\"Cicloturismo Castell\u00f3n\" \/>\n<meta property=\"article:publisher\" content=\"https:\/\/www.facebook.com\/turismodecastellon\" \/>\n<meta property=\"article:modified_time\" content=\"2025-12-10T12:39:25+00:00\" \/>\n<meta property=\"og:image\" content=\"https:\/\/castelloncycling.com\/wp-content\/uploads\/2025\/12\/Captura-de-pantalla-2025-12-10-a-las-12.42.00.png\" \/>\n\t<meta property=\"og:image:width\" content=\"623\" \/>\n\t<meta property=\"og:image:height\" content=\"419\" \/>\n\t<meta property=\"og:image:type\" content=\"image\/png\" \/>\n<meta name=\"twitter:card\" content=\"summary_large_image\" \/>\n<meta name=\"twitter:site\" content=\"@turcastellon\" \/>\n<meta name=\"twitter:label1\" content=\"Dur\u00e9e de lecture estim\u00e9e\" \/>\n\t<meta name=\"twitter:data1\" content=\"1 minute\" \/>\n<script type=\"application\/ld+json\" class=\"yoast-schema-graph\">{\"@context\":\"https:\/\/schema.org\",\"@graph\":[{\"@type\":\"WebPage\",\"@id\":\"https:\/\/castelloncycling.com\/fr\/experiencia\/chemin-de-la-riviere-mijares\/\",\"url\":\"https:\/\/castelloncycling.com\/fr\/experiencia\/chemin-de-la-riviere-mijares\/\",\"name\":\"Chemin de la rivi\u00e8re Mijares - Cicloturismo Castell\u00f3n\",\"isPartOf\":{\"@id\":\"https:\/\/castelloncycling.com\/fr\/#website\"},\"primaryImageOfPage\":{\"@id\":\"https:\/\/castelloncycling.com\/fr\/experiencia\/chemin-de-la-riviere-mijares\/#primaryimage\"},\"image\":{\"@id\":\"https:\/\/castelloncycling.com\/fr\/experiencia\/chemin-de-la-riviere-mijares\/#primaryimage\"},\"thumbnailUrl\":\"https:\/\/castelloncycling.com\/wp-content\/uploads\/2025\/12\/Captura-de-pantalla-2025-12-10-a-las-12.42.00.png\",\"datePublished\":\"2025-12-10T11:56:31+00:00\",\"dateModified\":\"2025-12-10T12:39:25+00:00\",\"description\":\"Chemin de la rivi\u00e8re Mijares - Cicloturismo Castell\u00f3n Castell\u00f3n se ha convertido en un referente para ciclistas de \u00e9lite de todo el mundo.\",\"breadcrumb\":{\"@id\":\"https:\/\/castelloncycling.com\/fr\/experiencia\/chemin-de-la-riviere-mijares\/#breadcrumb\"},\"inLanguage\":\"fr-FR\",\"potentialAction\":[{\"@type\":\"ReadAction\",\"target\":[\"https:\/\/castelloncycling.com\/fr\/experiencia\/chemin-de-la-riviere-mijares\/\"]}]},{\"@type\":\"ImageObject\",\"inLanguage\":\"fr-FR\",\"@id\":\"https:\/\/castelloncycling.com\/fr\/experiencia\/chemin-de-la-riviere-mijares\/#primaryimage\",\"url\":\"https:\/\/castelloncycling.com\/wp-content\/uploads\/2025\/12\/Captura-de-pantalla-2025-12-10-a-las-12.42.00.png\",\"contentUrl\":\"https:\/\/castelloncycling.com\/wp-content\/uploads\/2025\/12\/Captura-de-pantalla-2025-12-10-a-las-12.42.00.png\",\"width\":623,\"height\":419},{\"@type\":\"BreadcrumbList\",\"@id\":\"https:\/\/castelloncycling.com\/fr\/experiencia\/chemin-de-la-riviere-mijares\/#breadcrumb\",\"itemListElement\":[{\"@type\":\"ListItem\",\"position\":1,\"name\":\"Inicio\",\"item\":\"https:\/\/castelloncycling.com\/fr\/accueil\/\"},{\"@type\":\"ListItem\",\"position\":2,\"name\":\"Experiencias\",\"item\":\"https:\/\/castelloncycling.com\/fr\/experiencia\/\"},{\"@type\":\"ListItem\",\"position\":3,\"name\":\"Chemin de la rivi\u00e8re Mijares\"}]},{\"@type\":\"WebSite\",\"@id\":\"https:\/\/castelloncycling.com\/fr\/#website\",\"url\":\"https:\/\/castelloncycling.com\/fr\/\",\"name\":\"Cicloturismo Castell\u00f3n\",\"description\":\"\",\"publisher\":{\"@id\":\"https:\/\/castelloncycling.com\/fr\/#organization\"},\"potentialAction\":[{\"@type\":\"SearchAction\",\"target\":{\"@type\":\"EntryPoint\",\"urlTemplate\":\"https:\/\/castelloncycling.com\/fr\/?s={search_term_string}\"},\"query-input\":{\"@type\":\"PropertyValueSpecification\",\"valueRequired\":true,\"valueName\":\"search_term_string\"}}],\"inLanguage\":\"fr-FR\"},{\"@type\":\"Organization\",\"@id\":\"https:\/\/castelloncycling.com\/fr\/#organization\",\"name\":\"Cicloturismo Castell\u00f3n\",\"url\":\"https:\/\/castelloncycling.com\/fr\/\",\"logo\":{\"@type\":\"ImageObject\",\"inLanguage\":\"fr-FR\",\"@id\":\"https:\/\/castelloncycling.com\/fr\/#\/schema\/logo\/image\/\",\"url\":\"https:\/\/castelloncycling.com\/wp-content\/uploads\/2025\/02\/Logo-Diputacion-y-Castellon-Cycling-scaled.png\",\"contentUrl\":\"https:\/\/castelloncycling.com\/wp-content\/uploads\/2025\/02\/Logo-Diputacion-y-Castellon-Cycling-scaled.png\",\"width\":2560,\"height\":285,\"caption\":\"Cicloturismo Castell\u00f3n\"},\"image\":{\"@id\":\"https:\/\/castelloncycling.com\/fr\/#\/schema\/logo\/image\/\"},\"sameAs\":[\"https:\/\/www.facebook.com\/turismodecastellon\",\"https:\/\/x.com\/turcastellon\",\"https:\/\/www.flickr.com\/photos\/turismodecastellon\",\"https:\/\/www.youtube.com\/user\/turismodecastellon\",\"https:\/\/www.instagram.com\/turismodecastellon\/\"]}]}<\/script>\n<!-- \/ Yoast SEO plugin. -->","yoast_head_json":{"title":"Chemin de la rivi\u00e8re Mijares - Cicloturismo Castell\u00f3n","description":"Chemin de la rivi\u00e8re Mijares - Cicloturismo Castell\u00f3n Castell\u00f3n se ha convertido en un referente para ciclistas de \u00e9lite de todo el mundo.","robots":{"index":"index","follow":"follow","max-snippet":"max-snippet:-1","max-image-preview":"max-image-preview:large","max-video-preview":"max-video-preview:-1"},"canonical":"https:\/\/castelloncycling.com\/fr\/experiencia\/chemin-de-la-riviere-mijares\/","og_locale":"fr_FR","og_type":"article","og_title":"Chemin de la rivi\u00e8re Mijares - Cicloturismo Castell\u00f3n","og_description":"Chemin de la rivi\u00e8re Mijares - Cicloturismo Castell\u00f3n Castell\u00f3n se ha convertido en un referente para ciclistas de \u00e9lite de todo el mundo.","og_url":"https:\/\/castelloncycling.com\/fr\/experiencia\/chemin-de-la-riviere-mijares\/","og_site_name":"Cicloturismo Castell\u00f3n","article_publisher":"https:\/\/www.facebook.com\/turismodecastellon","article_modified_time":"2025-12-10T12:39:25+00:00","og_image":[{"width":623,"height":419,"url":"https:\/\/castelloncycling.com\/wp-content\/uploads\/2025\/12\/Captura-de-pantalla-2025-12-10-a-las-12.42.00.png","type":"image\/png"}],"twitter_card":"summary_large_image","twitter_site":"@turcastellon","twitter_misc":{"Dur\u00e9e de lecture estim\u00e9e":"1 minute"},"schema":{"@context":"https:\/\/schema.org","@graph":[{"@type":"WebPage","@id":"https:\/\/castelloncycling.com\/fr\/experiencia\/chemin-de-la-riviere-mijares\/","url":"https:\/\/castelloncycling.com\/fr\/experiencia\/chemin-de-la-riviere-mijares\/","name":"Chemin de la rivi\u00e8re Mijares - Cicloturismo Castell\u00f3n","isPartOf":{"@id":"https:\/\/castelloncycling.com\/fr\/#website"},"primaryImageOfPage":{"@id":"https:\/\/castelloncycling.com\/fr\/experiencia\/chemin-de-la-riviere-mijares\/#primaryimage"},"image":{"@id":"https:\/\/castelloncycling.com\/fr\/experiencia\/chemin-de-la-riviere-mijares\/#primaryimage"},"thumbnailUrl":"https:\/\/castelloncycling.com\/wp-content\/uploads\/2025\/12\/Captura-de-pantalla-2025-12-10-a-las-12.42.00.png","datePublished":"2025-12-10T11:56:31+00:00","dateModified":"2025-12-10T12:39:25+00:00","description":"Chemin de la rivi\u00e8re Mijares - Cicloturismo Castell\u00f3n Castell\u00f3n se ha convertido en un referente para ciclistas de \u00e9lite de todo el mundo.","breadcrumb":{"@id":"https:\/\/castelloncycling.com\/fr\/experiencia\/chemin-de-la-riviere-mijares\/#breadcrumb"},"inLanguage":"fr-FR","potentialAction":[{"@type":"ReadAction","target":["https:\/\/castelloncycling.com\/fr\/experiencia\/chemin-de-la-riviere-mijares\/"]}]},{"@type":"ImageObject","inLanguage":"fr-FR","@id":"https:\/\/castelloncycling.com\/fr\/experiencia\/chemin-de-la-riviere-mijares\/#primaryimage","url":"https:\/\/castelloncycling.com\/wp-content\/uploads\/2025\/12\/Captura-de-pantalla-2025-12-10-a-las-12.42.00.png","contentUrl":"https:\/\/castelloncycling.com\/wp-content\/uploads\/2025\/12\/Captura-de-pantalla-2025-12-10-a-las-12.42.00.png","width":623,"height":419},{"@type":"BreadcrumbList","@id":"https:\/\/castelloncycling.com\/fr\/experiencia\/chemin-de-la-riviere-mijares\/#breadcrumb","itemListElement":[{"@type":"ListItem","position":1,"name":"Inicio","item":"https:\/\/castelloncycling.com\/fr\/accueil\/"},{"@type":"ListItem","position":2,"name":"Experiencias","item":"https:\/\/castelloncycling.com\/fr\/experiencia\/"},{"@type":"ListItem","position":3,"name":"Chemin de la rivi\u00e8re Mijares"}]},{"@type":"WebSite","@id":"https:\/\/castelloncycling.com\/fr\/#website","url":"https:\/\/castelloncycling.com\/fr\/","name":"Cicloturismo Castell\u00f3n","description":"","publisher":{"@id":"https:\/\/castelloncycling.com\/fr\/#organization"},"potentialAction":[{"@type":"SearchAction","target":{"@type":"EntryPoint","urlTemplate":"https:\/\/castelloncycling.com\/fr\/?s={search_term_string}"},"query-input":{"@type":"PropertyValueSpecification","valueRequired":true,"valueName":"search_term_string"}}],"inLanguage":"fr-FR"},{"@type":"Organization","@id":"https:\/\/castelloncycling.com\/fr\/#organization","name":"Cicloturismo Castell\u00f3n","url":"https:\/\/castelloncycling.com\/fr\/","logo":{"@type":"ImageObject","inLanguage":"fr-FR","@id":"https:\/\/castelloncycling.com\/fr\/#\/schema\/logo\/image\/","url":"https:\/\/castelloncycling.com\/wp-content\/uploads\/2025\/02\/Logo-Diputacion-y-Castellon-Cycling-scaled.png","contentUrl":"https:\/\/castelloncycling.com\/wp-content\/uploads\/2025\/02\/Logo-Diputacion-y-Castellon-Cycling-scaled.png","width":2560,"height":285,"caption":"Cicloturismo Castell\u00f3n"},"image":{"@id":"https:\/\/castelloncycling.com\/fr\/#\/schema\/logo\/image\/"},"sameAs":["https:\/\/www.facebook.com\/turismodecastellon","https:\/\/x.com\/turcastellon","https:\/\/www.flickr.com\/photos\/turismodecastellon","https:\/\/www.youtube.com\/user\/turismodecastellon","https:\/\/www.instagram.com\/turismodecastellon\/"]}]}},"_links":{"self":[{"href":"https:\/\/castelloncycling.com\/fr\/wp-json\/wp\/v2\/experiencia\/12460","targetHints":{"allow":["GET"]}}],"collection":[{"href":"https:\/\/castelloncycling.com\/fr\/wp-json\/wp\/v2\/experiencia"}],"about":[{"href":"https:\/\/castelloncycling.com\/fr\/wp-json\/wp\/v2\/types\/experiencia"}],"version-history":[{"count":1,"href":"https:\/\/castelloncycling.com\/fr\/wp-json\/wp\/v2\/experiencia\/12460\/revisions"}],"predecessor-version":[{"id":12461,"href":"https:\/\/castelloncycling.com\/fr\/wp-json\/wp\/v2\/experiencia\/12460\/revisions\/12461"}],"wp:featuredmedia":[{"embeddable":true,"href":"https:\/\/castelloncycling.com\/fr\/wp-json\/wp\/v2\/media\/12371"}],"wp:attachment":[{"href":"https:\/\/castelloncycling.com\/fr\/wp-json\/wp\/v2\/media?parent=12460"}],"wp:term":[{"taxonomy":"categoria-experiencia","embeddable":true,"href":"https:\/\/castelloncycling.com\/fr\/wp-json\/wp\/v2\/categoria-experiencia?post=12460"},{"taxonomy":"comarca","embeddable":true,"href":"https:\/\/castelloncycling.com\/fr\/wp-json\/wp\/v2\/comarca?post=12460"}],"curies":[{"name":"wp","href":"https:\/\/api.w.org\/{rel}","templated":true}]}}