{"id":12557,"date":"2025-12-15T13:09:27","date_gmt":"2025-12-15T12:09:27","guid":{"rendered":"https:\/\/castelloncycling.com\/experiencia\/desert-des-palmes-et-voie-verte-de-la-mer\/"},"modified":"2025-12-15T15:07:23","modified_gmt":"2025-12-15T14:07:23","slug":"desert-des-palmes-et-voie-verte-de-la-mer","status":"publish","type":"experiencia","link":"https:\/\/castelloncycling.com\/fr\/experiencia\/desert-des-palmes-et-voie-verte-de-la-mer\/","title":{"rendered":"D\u00c9SERT DES PALMES ET VOIE VERTE DE LA MER"},"content":{"rendered":"\t\t<div data-elementor-type=\"wp-post\" data-elementor-id=\"12557\" class=\"elementor elementor-12557 elementor-12468\" data-elementor-post-type=\"experiencia\">\n\t\t\t\t<div class=\"elementor-element elementor-element-10e52610 e-flex e-con-boxed e-con e-parent\" data-id=\"10e52610\" data-element_type=\"container\">\n\t\t\t\t\t<div class=\"e-con-inner\">\n\t\t\t\t<div class=\"elementor-element elementor-element-499f9e20 elementor-widget elementor-widget-text-editor\" data-id=\"499f9e20\" data-element_type=\"widget\" data-widget_type=\"text-editor.default\">\n\t\t\t\t<div class=\"elementor-widget-container\">\n\t\t\t\t\t\t\t<p>Si vous s\u00e9journez \u00e0 Castell\u00f3n de la Plana, nous vous proposons cette exp\u00e9rience pour<br>vivre une journ\u00e9e de pur cyclisme au c\u0153ur de la province et dans l&#8217;un<br>de ses lieux les plus symboliques pour le cyclotourisme.<br>Vous pouvez louer votre v\u00e9lo, muscl\u00e9 ou \u00e9lectrique, \u00e0 Emebikes.<br>Nous vous recommandons de porter des p\u00e9dales plates ou des baskets car vous combinerez<br>diff\u00e9rentes exp\u00e9riences touristiques qui vous obligeront \u00e9galement \u00e0 marcher.<br>Vous traverserez Castell\u00f3n de la Plana par sa piste cyclable, pour vous diriger vers le d\u00e9sert<br>de les Palmes.<br>Avant de commencer l&#8217;ascension, nous nous arr\u00eaterons au Centre d&#8217;Interpr\u00e9tation<br>Castell Vell. Vous pourrez y laisser vos v\u00e9los et visiter le ch\u00e2teau. <\/p><p>de Fadrell, ou l&#8217;Ermita de la Magdalena, en dehors du centre d&#8217;interpr\u00e9tation<br>.<br>L&#8217;itin\u00e9raire se poursuit par l&#8217;une des ascensions l\u00e9gendaires de la province, la mont\u00e9e vers le d\u00e9sert des Palmes (<br>), o\u00f9 vous trouverez des panneaux indiquant le site<br>qui vous attend \u00e0 chaque kilom\u00e8tre.<br>Vous pouvez faire une halte au restaurant Desierto de las Palmas que<br>vous trouverez au sommet de la colline, avec des infrastructures et des services pour les cyclistes.<br>En descendant vers Benic\u00e0ssim, nous nous dirigeons vers Oropesa del Mar en empruntant les routes secondaires sans circulation<br>, qui constituent un point de vue constant.<br>Si vous ne vous \u00eates pas encore arr\u00eat\u00e9 pour d\u00e9jeuner, vous pouvez consulter Castell\u00f3n Ruta<br>del Sabor et les options que vous trouverez \u00e0 Oropesa.<br>Le retour vers Castell\u00f3n de la Plana est beaucoup plus plat, en empruntant la V\u00eda<br>Verde del Mar.<br>Vous passerez devant la Torre de la Corda ou la Torre Colomera.<br>Entre Benic\u00e0ssim et Castell\u00f3n, vous trouverez des routes s\u00e9par\u00e9es qui<br>vous permettront d&#8217;atteindre votre destination, EmeBikes.<\/p>\t\t\t\t\t\t<\/div>\n\t\t\t\t<\/div>\n\t\t\t\t\t<\/div>\n\t\t\t\t<\/div>\n\t\t\t\t<\/div>\n\t\t","protected":false},"excerpt":{"rendered":"<p>Si vous s\u00e9journez \u00e0 Castell\u00f3n de la Plana, nous vous proposons cette exp\u00e9rience pourvivre une journ\u00e9e de pur cyclisme au [&hellip;]<\/p>\n","protected":false},"featured_media":12485,"template":"","meta":{"_acf_changed":false,"site-sidebar-layout":"default","site-content-layout":"","ast-site-content-layout":"","site-content-style":"default","site-sidebar-style":"default","ast-global-header-display":"","ast-banner-title-visibility":"","ast-main-header-display":"","ast-hfb-above-header-display":"","ast-hfb-below-header-display":"","ast-hfb-mobile-header-display":"","site-post-title":"","ast-breadcrumbs-content":"","ast-featured-img":"","footer-sml-layout":"","theme-transparent-header-meta":"","adv-header-id-meta":"","stick-header-meta":"","header-above-stick-meta":"","header-main-stick-meta":"","header-below-stick-meta":"","astra-migrate-meta-layouts":"default","ast-page-background-enabled":"default","ast-page-background-meta":{"desktop":{"background-color":"var(--ast-global-color-4)","background-image":"","background-repeat":"repeat","background-position":"center center","background-size":"auto","background-attachment":"scroll","background-type":"","background-media":"","overlay-type":"","overlay-color":"","overlay-opacity":"","overlay-gradient":""},"tablet":{"background-color":"","background-image":"","background-repeat":"repeat","background-position":"center center","background-size":"auto","background-attachment":"scroll","background-type":"","background-media":"","overlay-type":"","overlay-color":"","overlay-opacity":"","overlay-gradient":""},"mobile":{"background-color":"","background-image":"","background-repeat":"repeat","background-position":"center center","background-size":"auto","background-attachment":"scroll","background-type":"","background-media":"","overlay-type":"","overlay-color":"","overlay-opacity":"","overlay-gradient":""}},"ast-content-background-meta":{"desktop":{"background-color":"var(--ast-global-color-5)","background-image":"","background-repeat":"repeat","background-position":"center center","background-size":"auto","background-attachment":"scroll","background-type":"","background-media":"","overlay-type":"","overlay-color":"","overlay-opacity":"","overlay-gradient":""},"tablet":{"background-color":"var(--ast-global-color-5)","background-image":"","background-repeat":"repeat","background-position":"center center","background-size":"auto","background-attachment":"scroll","background-type":"","background-media":"","overlay-type":"","overlay-color":"","overlay-opacity":"","overlay-gradient":""},"mobile":{"background-color":"var(--ast-global-color-5)","background-image":"","background-repeat":"repeat","background-position":"center center","background-size":"auto","background-attachment":"scroll","background-type":"","background-media":"","overlay-type":"","overlay-color":"","overlay-opacity":"","overlay-gradient":""}}},"categoria-experiencia":[402,526,414,525],"comarca":[],"class_list":["post-12557","experiencia","type-experiencia","status-publish","has-post-thumbnail","hentry","categoria-experiencia-cycling-fr","categoria-experiencia-cyclisme-lent","categoria-experiencia-parejas-fr","categoria-experiencia-pour-les-grouplets"],"acf":[],"yoast_head":"<!-- This site is optimized with the Yoast SEO plugin v26.9 - https:\/\/yoast.com\/product\/yoast-seo-wordpress\/ -->\n<title>D\u00c9SERT DES PALMES ET VOIE VERTE DE LA MER - Cicloturismo Castell\u00f3n<\/title>\n<meta name=\"description\" content=\"D\u00c9SERT DES PALMES ET VOIE VERTE DE LA MER - Cicloturismo Castell\u00f3n Castell\u00f3n se ha convertido en un referente para ciclistas de \u00e9lite de todo el mundo.\" \/>\n<meta name=\"robots\" content=\"index, follow, max-snippet:-1, max-image-preview:large, max-video-preview:-1\" \/>\n<link rel=\"canonical\" href=\"https:\/\/castelloncycling.com\/fr\/experiencia\/desert-des-palmes-et-voie-verte-de-la-mer\/\" \/>\n<meta property=\"og:locale\" content=\"fr_FR\" \/>\n<meta property=\"og:type\" content=\"article\" \/>\n<meta property=\"og:title\" content=\"D\u00c9SERT DES PALMES ET VOIE VERTE DE LA MER - Cicloturismo Castell\u00f3n\" \/>\n<meta property=\"og:description\" content=\"D\u00c9SERT DES PALMES ET VOIE VERTE DE LA MER - Cicloturismo Castell\u00f3n Castell\u00f3n se ha convertido en un referente para ciclistas de \u00e9lite de todo el mundo.\" \/>\n<meta property=\"og:url\" content=\"https:\/\/castelloncycling.com\/fr\/experiencia\/desert-des-palmes-et-voie-verte-de-la-mer\/\" \/>\n<meta property=\"og:site_name\" content=\"Cicloturismo Castell\u00f3n\" \/>\n<meta property=\"article:publisher\" content=\"https:\/\/www.facebook.com\/turismodecastellon\" \/>\n<meta property=\"article:modified_time\" content=\"2025-12-15T14:07:23+00:00\" \/>\n<meta property=\"og:image\" content=\"https:\/\/castelloncycling.com\/wp-content\/uploads\/2025\/12\/WhatsApp-Image-2025-12-15-at-09.23.39.jpeg\" \/>\n\t<meta property=\"og:image:width\" content=\"1600\" \/>\n\t<meta property=\"og:image:height\" content=\"1200\" \/>\n\t<meta property=\"og:image:type\" content=\"image\/jpeg\" \/>\n<meta name=\"twitter:card\" content=\"summary_large_image\" \/>\n<meta name=\"twitter:site\" content=\"@turcastellon\" \/>\n<meta name=\"twitter:label1\" content=\"Dur\u00e9e de lecture estim\u00e9e\" \/>\n\t<meta name=\"twitter:data1\" content=\"1 minute\" \/>\n<script type=\"application\/ld+json\" class=\"yoast-schema-graph\">{\"@context\":\"https:\/\/schema.org\",\"@graph\":[{\"@type\":\"WebPage\",\"@id\":\"https:\/\/castelloncycling.com\/fr\/experiencia\/desert-des-palmes-et-voie-verte-de-la-mer\/\",\"url\":\"https:\/\/castelloncycling.com\/fr\/experiencia\/desert-des-palmes-et-voie-verte-de-la-mer\/\",\"name\":\"D\u00c9SERT DES PALMES ET VOIE VERTE DE LA MER - Cicloturismo Castell\u00f3n\",\"isPartOf\":{\"@id\":\"https:\/\/castelloncycling.com\/fr\/#website\"},\"primaryImageOfPage\":{\"@id\":\"https:\/\/castelloncycling.com\/fr\/experiencia\/desert-des-palmes-et-voie-verte-de-la-mer\/#primaryimage\"},\"image\":{\"@id\":\"https:\/\/castelloncycling.com\/fr\/experiencia\/desert-des-palmes-et-voie-verte-de-la-mer\/#primaryimage\"},\"thumbnailUrl\":\"https:\/\/castelloncycling.com\/wp-content\/uploads\/2025\/12\/WhatsApp-Image-2025-12-15-at-09.23.39.jpeg\",\"datePublished\":\"2025-12-15T12:09:27+00:00\",\"dateModified\":\"2025-12-15T14:07:23+00:00\",\"description\":\"D\u00c9SERT DES PALMES ET VOIE VERTE DE LA MER - Cicloturismo Castell\u00f3n Castell\u00f3n se ha convertido en un referente para ciclistas de \u00e9lite de todo el mundo.\",\"breadcrumb\":{\"@id\":\"https:\/\/castelloncycling.com\/fr\/experiencia\/desert-des-palmes-et-voie-verte-de-la-mer\/#breadcrumb\"},\"inLanguage\":\"fr-FR\",\"potentialAction\":[{\"@type\":\"ReadAction\",\"target\":[\"https:\/\/castelloncycling.com\/fr\/experiencia\/desert-des-palmes-et-voie-verte-de-la-mer\/\"]}]},{\"@type\":\"ImageObject\",\"inLanguage\":\"fr-FR\",\"@id\":\"https:\/\/castelloncycling.com\/fr\/experiencia\/desert-des-palmes-et-voie-verte-de-la-mer\/#primaryimage\",\"url\":\"https:\/\/castelloncycling.com\/wp-content\/uploads\/2025\/12\/WhatsApp-Image-2025-12-15-at-09.23.39.jpeg\",\"contentUrl\":\"https:\/\/castelloncycling.com\/wp-content\/uploads\/2025\/12\/WhatsApp-Image-2025-12-15-at-09.23.39.jpeg\",\"width\":1600,\"height\":1200},{\"@type\":\"BreadcrumbList\",\"@id\":\"https:\/\/castelloncycling.com\/fr\/experiencia\/desert-des-palmes-et-voie-verte-de-la-mer\/#breadcrumb\",\"itemListElement\":[{\"@type\":\"ListItem\",\"position\":1,\"name\":\"Inicio\",\"item\":\"https:\/\/castelloncycling.com\/fr\/accueil\/\"},{\"@type\":\"ListItem\",\"position\":2,\"name\":\"Experiencias\",\"item\":\"https:\/\/castelloncycling.com\/fr\/experiencia\/\"},{\"@type\":\"ListItem\",\"position\":3,\"name\":\"D\u00c9SERT DES PALMES ET VOIE VERTE DE LA MER\"}]},{\"@type\":\"WebSite\",\"@id\":\"https:\/\/castelloncycling.com\/fr\/#website\",\"url\":\"https:\/\/castelloncycling.com\/fr\/\",\"name\":\"Cicloturismo Castell\u00f3n\",\"description\":\"\",\"publisher\":{\"@id\":\"https:\/\/castelloncycling.com\/fr\/#organization\"},\"potentialAction\":[{\"@type\":\"SearchAction\",\"target\":{\"@type\":\"EntryPoint\",\"urlTemplate\":\"https:\/\/castelloncycling.com\/fr\/?s={search_term_string}\"},\"query-input\":{\"@type\":\"PropertyValueSpecification\",\"valueRequired\":true,\"valueName\":\"search_term_string\"}}],\"inLanguage\":\"fr-FR\"},{\"@type\":\"Organization\",\"@id\":\"https:\/\/castelloncycling.com\/fr\/#organization\",\"name\":\"Cicloturismo Castell\u00f3n\",\"url\":\"https:\/\/castelloncycling.com\/fr\/\",\"logo\":{\"@type\":\"ImageObject\",\"inLanguage\":\"fr-FR\",\"@id\":\"https:\/\/castelloncycling.com\/fr\/#\/schema\/logo\/image\/\",\"url\":\"https:\/\/castelloncycling.com\/wp-content\/uploads\/2025\/02\/Logo-Diputacion-y-Castellon-Cycling-scaled.png\",\"contentUrl\":\"https:\/\/castelloncycling.com\/wp-content\/uploads\/2025\/02\/Logo-Diputacion-y-Castellon-Cycling-scaled.png\",\"width\":2560,\"height\":285,\"caption\":\"Cicloturismo Castell\u00f3n\"},\"image\":{\"@id\":\"https:\/\/castelloncycling.com\/fr\/#\/schema\/logo\/image\/\"},\"sameAs\":[\"https:\/\/www.facebook.com\/turismodecastellon\",\"https:\/\/x.com\/turcastellon\",\"https:\/\/www.flickr.com\/photos\/turismodecastellon\",\"https:\/\/www.youtube.com\/user\/turismodecastellon\",\"https:\/\/www.instagram.com\/turismodecastellon\/\"]}]}<\/script>\n<!-- \/ Yoast SEO plugin. -->","yoast_head_json":{"title":"D\u00c9SERT DES PALMES ET VOIE VERTE DE LA MER - Cicloturismo Castell\u00f3n","description":"D\u00c9SERT DES PALMES ET VOIE VERTE DE LA MER - Cicloturismo Castell\u00f3n Castell\u00f3n se ha convertido en un referente para ciclistas de \u00e9lite de todo el mundo.","robots":{"index":"index","follow":"follow","max-snippet":"max-snippet:-1","max-image-preview":"max-image-preview:large","max-video-preview":"max-video-preview:-1"},"canonical":"https:\/\/castelloncycling.com\/fr\/experiencia\/desert-des-palmes-et-voie-verte-de-la-mer\/","og_locale":"fr_FR","og_type":"article","og_title":"D\u00c9SERT DES PALMES ET VOIE VERTE DE LA MER - Cicloturismo Castell\u00f3n","og_description":"D\u00c9SERT DES PALMES ET VOIE VERTE DE LA MER - Cicloturismo Castell\u00f3n Castell\u00f3n se ha convertido en un referente para ciclistas de \u00e9lite de todo el mundo.","og_url":"https:\/\/castelloncycling.com\/fr\/experiencia\/desert-des-palmes-et-voie-verte-de-la-mer\/","og_site_name":"Cicloturismo Castell\u00f3n","article_publisher":"https:\/\/www.facebook.com\/turismodecastellon","article_modified_time":"2025-12-15T14:07:23+00:00","og_image":[{"width":1600,"height":1200,"url":"https:\/\/castelloncycling.com\/wp-content\/uploads\/2025\/12\/WhatsApp-Image-2025-12-15-at-09.23.39.jpeg","type":"image\/jpeg"}],"twitter_card":"summary_large_image","twitter_site":"@turcastellon","twitter_misc":{"Dur\u00e9e de lecture estim\u00e9e":"1 minute"},"schema":{"@context":"https:\/\/schema.org","@graph":[{"@type":"WebPage","@id":"https:\/\/castelloncycling.com\/fr\/experiencia\/desert-des-palmes-et-voie-verte-de-la-mer\/","url":"https:\/\/castelloncycling.com\/fr\/experiencia\/desert-des-palmes-et-voie-verte-de-la-mer\/","name":"D\u00c9SERT DES PALMES ET VOIE VERTE DE LA MER - Cicloturismo Castell\u00f3n","isPartOf":{"@id":"https:\/\/castelloncycling.com\/fr\/#website"},"primaryImageOfPage":{"@id":"https:\/\/castelloncycling.com\/fr\/experiencia\/desert-des-palmes-et-voie-verte-de-la-mer\/#primaryimage"},"image":{"@id":"https:\/\/castelloncycling.com\/fr\/experiencia\/desert-des-palmes-et-voie-verte-de-la-mer\/#primaryimage"},"thumbnailUrl":"https:\/\/castelloncycling.com\/wp-content\/uploads\/2025\/12\/WhatsApp-Image-2025-12-15-at-09.23.39.jpeg","datePublished":"2025-12-15T12:09:27+00:00","dateModified":"2025-12-15T14:07:23+00:00","description":"D\u00c9SERT DES PALMES ET VOIE VERTE DE LA MER - Cicloturismo Castell\u00f3n Castell\u00f3n se ha convertido en un referente para ciclistas de \u00e9lite de todo el mundo.","breadcrumb":{"@id":"https:\/\/castelloncycling.com\/fr\/experiencia\/desert-des-palmes-et-voie-verte-de-la-mer\/#breadcrumb"},"inLanguage":"fr-FR","potentialAction":[{"@type":"ReadAction","target":["https:\/\/castelloncycling.com\/fr\/experiencia\/desert-des-palmes-et-voie-verte-de-la-mer\/"]}]},{"@type":"ImageObject","inLanguage":"fr-FR","@id":"https:\/\/castelloncycling.com\/fr\/experiencia\/desert-des-palmes-et-voie-verte-de-la-mer\/#primaryimage","url":"https:\/\/castelloncycling.com\/wp-content\/uploads\/2025\/12\/WhatsApp-Image-2025-12-15-at-09.23.39.jpeg","contentUrl":"https:\/\/castelloncycling.com\/wp-content\/uploads\/2025\/12\/WhatsApp-Image-2025-12-15-at-09.23.39.jpeg","width":1600,"height":1200},{"@type":"BreadcrumbList","@id":"https:\/\/castelloncycling.com\/fr\/experiencia\/desert-des-palmes-et-voie-verte-de-la-mer\/#breadcrumb","itemListElement":[{"@type":"ListItem","position":1,"name":"Inicio","item":"https:\/\/castelloncycling.com\/fr\/accueil\/"},{"@type":"ListItem","position":2,"name":"Experiencias","item":"https:\/\/castelloncycling.com\/fr\/experiencia\/"},{"@type":"ListItem","position":3,"name":"D\u00c9SERT DES PALMES ET VOIE VERTE DE LA MER"}]},{"@type":"WebSite","@id":"https:\/\/castelloncycling.com\/fr\/#website","url":"https:\/\/castelloncycling.com\/fr\/","name":"Cicloturismo Castell\u00f3n","description":"","publisher":{"@id":"https:\/\/castelloncycling.com\/fr\/#organization"},"potentialAction":[{"@type":"SearchAction","target":{"@type":"EntryPoint","urlTemplate":"https:\/\/castelloncycling.com\/fr\/?s={search_term_string}"},"query-input":{"@type":"PropertyValueSpecification","valueRequired":true,"valueName":"search_term_string"}}],"inLanguage":"fr-FR"},{"@type":"Organization","@id":"https:\/\/castelloncycling.com\/fr\/#organization","name":"Cicloturismo Castell\u00f3n","url":"https:\/\/castelloncycling.com\/fr\/","logo":{"@type":"ImageObject","inLanguage":"fr-FR","@id":"https:\/\/castelloncycling.com\/fr\/#\/schema\/logo\/image\/","url":"https:\/\/castelloncycling.com\/wp-content\/uploads\/2025\/02\/Logo-Diputacion-y-Castellon-Cycling-scaled.png","contentUrl":"https:\/\/castelloncycling.com\/wp-content\/uploads\/2025\/02\/Logo-Diputacion-y-Castellon-Cycling-scaled.png","width":2560,"height":285,"caption":"Cicloturismo Castell\u00f3n"},"image":{"@id":"https:\/\/castelloncycling.com\/fr\/#\/schema\/logo\/image\/"},"sameAs":["https:\/\/www.facebook.com\/turismodecastellon","https:\/\/x.com\/turcastellon","https:\/\/www.flickr.com\/photos\/turismodecastellon","https:\/\/www.youtube.com\/user\/turismodecastellon","https:\/\/www.instagram.com\/turismodecastellon\/"]}]}},"_links":{"self":[{"href":"https:\/\/castelloncycling.com\/fr\/wp-json\/wp\/v2\/experiencia\/12557","targetHints":{"allow":["GET"]}}],"collection":[{"href":"https:\/\/castelloncycling.com\/fr\/wp-json\/wp\/v2\/experiencia"}],"about":[{"href":"https:\/\/castelloncycling.com\/fr\/wp-json\/wp\/v2\/types\/experiencia"}],"version-history":[{"count":1,"href":"https:\/\/castelloncycling.com\/fr\/wp-json\/wp\/v2\/experiencia\/12557\/revisions"}],"predecessor-version":[{"id":12558,"href":"https:\/\/castelloncycling.com\/fr\/wp-json\/wp\/v2\/experiencia\/12557\/revisions\/12558"}],"wp:featuredmedia":[{"embeddable":true,"href":"https:\/\/castelloncycling.com\/fr\/wp-json\/wp\/v2\/media\/12485"}],"wp:attachment":[{"href":"https:\/\/castelloncycling.com\/fr\/wp-json\/wp\/v2\/media?parent=12557"}],"wp:term":[{"taxonomy":"categoria-experiencia","embeddable":true,"href":"https:\/\/castelloncycling.com\/fr\/wp-json\/wp\/v2\/categoria-experiencia?post=12557"},{"taxonomy":"comarca","embeddable":true,"href":"https:\/\/castelloncycling.com\/fr\/wp-json\/wp\/v2\/comarca?post=12557"}],"curies":[{"name":"wp","href":"https:\/\/api.w.org\/{rel}","templated":true}]}}