{"id":8660,"date":"2024-11-20T16:38:18","date_gmt":"2024-11-20T16:38:18","guid":{"rendered":"https:\/\/cicloturismo.serinza.com\/experiencia\/descente-via-verde-ojos-negros\/"},"modified":"2024-12-09T09:49:31","modified_gmt":"2024-12-09T08:49:31","slug":"descente-via-verde-ojos-negros","status":"publish","type":"experiencia","link":"https:\/\/castelloncycling.com\/fr\/experiencia\/descente-via-verde-ojos-negros\/","title":{"rendered":"Descente Via Verde Ojos Negros"},"content":{"rendered":"\n<p>Profitez du tron\u00e7on le plus amusant et le plus pittoresque de la plus longue voie verte d&#8217;Espagne. Neuf tunnels, cinq viaducs et plusieurs points de vue sur un itin\u00e9raire riche en ressources int\u00e9ressantes. <\/p>\n\n<p>VERSION FAMILIALE<\/p>\n\n<p>-D\u00e9parts tous les jours toutes les heures \u00e0 partir de 9h30.<\/p>\n\n<p>-Route du Toral 22 km.<\/p>\n\n<p>-D\u00e9nivel\u00e9 n\u00e9gatif : 380 m. 6 tunnels et 5 viaducs. <\/p>\n\n<p>VERSION LONGUE<\/p>\n\n<p>-D\u00e9part tous les jours \u00e0 9h30.<\/p>\n\n<p>-Distance totale de 42 km.<\/p>\n\n<p>-D\u00e9nivel\u00e9 n\u00e9gatif : 600 m. 9 tunnels et 6 viaducs. <\/p>\n","protected":false},"excerpt":{"rendered":"<p>Profitez du tron\u00e7on le plus amusant et le plus pittoresque de la plus longue voie verte d&#8217;Espagne. Neuf tunnels, cinq [&hellip;]<\/p>\n","protected":false},"featured_media":5893,"template":"","meta":{"_acf_changed":false,"site-sidebar-layout":"default","site-content-layout":"","ast-site-content-layout":"","site-content-style":"default","site-sidebar-style":"default","ast-global-header-display":"","ast-banner-title-visibility":"","ast-main-header-display":"","ast-hfb-above-header-display":"","ast-hfb-below-header-display":"","ast-hfb-mobile-header-display":"","site-post-title":"","ast-breadcrumbs-content":"","ast-featured-img":"","footer-sml-layout":"","theme-transparent-header-meta":"","adv-header-id-meta":"","stick-header-meta":"","header-above-stick-meta":"","header-main-stick-meta":"","header-below-stick-meta":"","astra-migrate-meta-layouts":"default","ast-page-background-enabled":"default","ast-page-background-meta":{"desktop":{"background-color":"var(--ast-global-color-4)","background-image":"","background-repeat":"repeat","background-position":"center center","background-size":"auto","background-attachment":"scroll","background-type":"","background-media":"","overlay-type":"","overlay-color":"","overlay-opacity":"","overlay-gradient":""},"tablet":{"background-color":"","background-image":"","background-repeat":"repeat","background-position":"center center","background-size":"auto","background-attachment":"scroll","background-type":"","background-media":"","overlay-type":"","overlay-color":"","overlay-opacity":"","overlay-gradient":""},"mobile":{"background-color":"","background-image":"","background-repeat":"repeat","background-position":"center center","background-size":"auto","background-attachment":"scroll","background-type":"","background-media":"","overlay-type":"","overlay-color":"","overlay-opacity":"","overlay-gradient":""}},"ast-content-background-meta":{"desktop":{"background-color":"var(--ast-global-color-5)","background-image":"","background-repeat":"repeat","background-position":"center center","background-size":"auto","background-attachment":"scroll","background-type":"","background-media":"","overlay-type":"","overlay-color":"","overlay-opacity":"","overlay-gradient":""},"tablet":{"background-color":"var(--ast-global-color-5)","background-image":"","background-repeat":"repeat","background-position":"center center","background-size":"auto","background-attachment":"scroll","background-type":"","background-media":"","overlay-type":"","overlay-color":"","overlay-opacity":"","overlay-gradient":""},"mobile":{"background-color":"var(--ast-global-color-5)","background-image":"","background-repeat":"repeat","background-position":"center center","background-size":"auto","background-attachment":"scroll","background-type":"","background-media":"","overlay-type":"","overlay-color":"","overlay-opacity":"","overlay-gradient":""}}},"categoria-experiencia":[402],"comarca":[458],"class_list":["post-8660","experiencia","type-experiencia","status-publish","has-post-thumbnail","hentry","categoria-experiencia-cycling-fr","comarca-alto-palancia-fr"],"acf":[],"yoast_head":"<!-- This site is optimized with the Yoast SEO plugin v26.9 - https:\/\/yoast.com\/product\/yoast-seo-wordpress\/ -->\n<title>Descente Via Verde Ojos Negros - Cicloturismo Castell\u00f3n<\/title>\n<meta name=\"description\" content=\"Descente Via Verde Ojos Negros - Cicloturismo Castell\u00f3n Castell\u00f3n se ha convertido en un referente para ciclistas de \u00e9lite de todo el mundo.\" \/>\n<meta name=\"robots\" content=\"index, follow, max-snippet:-1, max-image-preview:large, max-video-preview:-1\" \/>\n<link rel=\"canonical\" href=\"https:\/\/castelloncycling.com\/fr\/experiencia\/descente-via-verde-ojos-negros\/\" \/>\n<meta property=\"og:locale\" content=\"fr_FR\" \/>\n<meta property=\"og:type\" content=\"article\" \/>\n<meta property=\"og:title\" content=\"Descente Via Verde Ojos Negros - Cicloturismo Castell\u00f3n\" \/>\n<meta property=\"og:description\" content=\"Descente Via Verde Ojos Negros - Cicloturismo Castell\u00f3n Castell\u00f3n se ha convertido en un referente para ciclistas de \u00e9lite de todo el mundo.\" \/>\n<meta property=\"og:url\" content=\"https:\/\/castelloncycling.com\/fr\/experiencia\/descente-via-verde-ojos-negros\/\" \/>\n<meta property=\"og:site_name\" content=\"Cicloturismo Castell\u00f3n\" \/>\n<meta property=\"article:publisher\" content=\"https:\/\/www.facebook.com\/turismodecastellon\" \/>\n<meta property=\"article:modified_time\" content=\"2024-12-09T08:49:31+00:00\" \/>\n<meta property=\"og:image\" content=\"https:\/\/castelloncycling.com\/wp-content\/uploads\/2024\/11\/img3-e1732120647148.jpg\" \/>\n\t<meta property=\"og:image:width\" content=\"570\" \/>\n\t<meta property=\"og:image:height\" content=\"439\" \/>\n\t<meta property=\"og:image:type\" content=\"image\/jpeg\" \/>\n<meta name=\"twitter:card\" content=\"summary_large_image\" \/>\n<meta name=\"twitter:site\" content=\"@turcastellon\" \/>\n<script type=\"application\/ld+json\" class=\"yoast-schema-graph\">{\"@context\":\"https:\/\/schema.org\",\"@graph\":[{\"@type\":\"WebPage\",\"@id\":\"https:\/\/castelloncycling.com\/fr\/experiencia\/descente-via-verde-ojos-negros\/\",\"url\":\"https:\/\/castelloncycling.com\/fr\/experiencia\/descente-via-verde-ojos-negros\/\",\"name\":\"Descente Via Verde Ojos Negros - Cicloturismo Castell\u00f3n\",\"isPartOf\":{\"@id\":\"https:\/\/castelloncycling.com\/fr\/#website\"},\"primaryImageOfPage\":{\"@id\":\"https:\/\/castelloncycling.com\/fr\/experiencia\/descente-via-verde-ojos-negros\/#primaryimage\"},\"image\":{\"@id\":\"https:\/\/castelloncycling.com\/fr\/experiencia\/descente-via-verde-ojos-negros\/#primaryimage\"},\"thumbnailUrl\":\"https:\/\/castelloncycling.com\/wp-content\/uploads\/2024\/11\/img3-e1732120647148.jpg\",\"datePublished\":\"2024-11-20T16:38:18+00:00\",\"dateModified\":\"2024-12-09T08:49:31+00:00\",\"description\":\"Descente Via Verde Ojos Negros - Cicloturismo Castell\u00f3n Castell\u00f3n se ha convertido en un referente para ciclistas de \u00e9lite de todo el mundo.\",\"breadcrumb\":{\"@id\":\"https:\/\/castelloncycling.com\/fr\/experiencia\/descente-via-verde-ojos-negros\/#breadcrumb\"},\"inLanguage\":\"fr-FR\",\"potentialAction\":[{\"@type\":\"ReadAction\",\"target\":[\"https:\/\/castelloncycling.com\/fr\/experiencia\/descente-via-verde-ojos-negros\/\"]}]},{\"@type\":\"ImageObject\",\"inLanguage\":\"fr-FR\",\"@id\":\"https:\/\/castelloncycling.com\/fr\/experiencia\/descente-via-verde-ojos-negros\/#primaryimage\",\"url\":\"https:\/\/castelloncycling.com\/wp-content\/uploads\/2024\/11\/img3-e1732120647148.jpg\",\"contentUrl\":\"https:\/\/castelloncycling.com\/wp-content\/uploads\/2024\/11\/img3-e1732120647148.jpg\",\"width\":570,\"height\":439,\"caption\":\"Castell\u00f3n Cycling\"},{\"@type\":\"BreadcrumbList\",\"@id\":\"https:\/\/castelloncycling.com\/fr\/experiencia\/descente-via-verde-ojos-negros\/#breadcrumb\",\"itemListElement\":[{\"@type\":\"ListItem\",\"position\":1,\"name\":\"Inicio\",\"item\":\"https:\/\/castelloncycling.com\/fr\/accueil\/\"},{\"@type\":\"ListItem\",\"position\":2,\"name\":\"Experiencias\",\"item\":\"https:\/\/castelloncycling.com\/fr\/experiencia\/\"},{\"@type\":\"ListItem\",\"position\":3,\"name\":\"Descente Via Verde Ojos Negros\"}]},{\"@type\":\"WebSite\",\"@id\":\"https:\/\/castelloncycling.com\/fr\/#website\",\"url\":\"https:\/\/castelloncycling.com\/fr\/\",\"name\":\"Cicloturismo Castell\u00f3n\",\"description\":\"\",\"publisher\":{\"@id\":\"https:\/\/castelloncycling.com\/fr\/#organization\"},\"potentialAction\":[{\"@type\":\"SearchAction\",\"target\":{\"@type\":\"EntryPoint\",\"urlTemplate\":\"https:\/\/castelloncycling.com\/fr\/?s={search_term_string}\"},\"query-input\":{\"@type\":\"PropertyValueSpecification\",\"valueRequired\":true,\"valueName\":\"search_term_string\"}}],\"inLanguage\":\"fr-FR\"},{\"@type\":\"Organization\",\"@id\":\"https:\/\/castelloncycling.com\/fr\/#organization\",\"name\":\"Cicloturismo Castell\u00f3n\",\"url\":\"https:\/\/castelloncycling.com\/fr\/\",\"logo\":{\"@type\":\"ImageObject\",\"inLanguage\":\"fr-FR\",\"@id\":\"https:\/\/castelloncycling.com\/fr\/#\/schema\/logo\/image\/\",\"url\":\"https:\/\/castelloncycling.com\/wp-content\/uploads\/2025\/02\/Logo-Diputacion-y-Castellon-Cycling-scaled.png\",\"contentUrl\":\"https:\/\/castelloncycling.com\/wp-content\/uploads\/2025\/02\/Logo-Diputacion-y-Castellon-Cycling-scaled.png\",\"width\":2560,\"height\":285,\"caption\":\"Cicloturismo Castell\u00f3n\"},\"image\":{\"@id\":\"https:\/\/castelloncycling.com\/fr\/#\/schema\/logo\/image\/\"},\"sameAs\":[\"https:\/\/www.facebook.com\/turismodecastellon\",\"https:\/\/x.com\/turcastellon\",\"https:\/\/www.flickr.com\/photos\/turismodecastellon\",\"https:\/\/www.youtube.com\/user\/turismodecastellon\",\"https:\/\/www.instagram.com\/turismodecastellon\/\"]}]}<\/script>\n<!-- \/ Yoast SEO plugin. -->","yoast_head_json":{"title":"Descente Via Verde Ojos Negros - Cicloturismo Castell\u00f3n","description":"Descente Via Verde Ojos Negros - Cicloturismo Castell\u00f3n Castell\u00f3n se ha convertido en un referente para ciclistas de \u00e9lite de todo el mundo.","robots":{"index":"index","follow":"follow","max-snippet":"max-snippet:-1","max-image-preview":"max-image-preview:large","max-video-preview":"max-video-preview:-1"},"canonical":"https:\/\/castelloncycling.com\/fr\/experiencia\/descente-via-verde-ojos-negros\/","og_locale":"fr_FR","og_type":"article","og_title":"Descente Via Verde Ojos Negros - Cicloturismo Castell\u00f3n","og_description":"Descente Via Verde Ojos Negros - Cicloturismo Castell\u00f3n Castell\u00f3n se ha convertido en un referente para ciclistas de \u00e9lite de todo el mundo.","og_url":"https:\/\/castelloncycling.com\/fr\/experiencia\/descente-via-verde-ojos-negros\/","og_site_name":"Cicloturismo Castell\u00f3n","article_publisher":"https:\/\/www.facebook.com\/turismodecastellon","article_modified_time":"2024-12-09T08:49:31+00:00","og_image":[{"width":570,"height":439,"url":"https:\/\/castelloncycling.com\/wp-content\/uploads\/2024\/11\/img3-e1732120647148.jpg","type":"image\/jpeg"}],"twitter_card":"summary_large_image","twitter_site":"@turcastellon","schema":{"@context":"https:\/\/schema.org","@graph":[{"@type":"WebPage","@id":"https:\/\/castelloncycling.com\/fr\/experiencia\/descente-via-verde-ojos-negros\/","url":"https:\/\/castelloncycling.com\/fr\/experiencia\/descente-via-verde-ojos-negros\/","name":"Descente Via Verde Ojos Negros - Cicloturismo Castell\u00f3n","isPartOf":{"@id":"https:\/\/castelloncycling.com\/fr\/#website"},"primaryImageOfPage":{"@id":"https:\/\/castelloncycling.com\/fr\/experiencia\/descente-via-verde-ojos-negros\/#primaryimage"},"image":{"@id":"https:\/\/castelloncycling.com\/fr\/experiencia\/descente-via-verde-ojos-negros\/#primaryimage"},"thumbnailUrl":"https:\/\/castelloncycling.com\/wp-content\/uploads\/2024\/11\/img3-e1732120647148.jpg","datePublished":"2024-11-20T16:38:18+00:00","dateModified":"2024-12-09T08:49:31+00:00","description":"Descente Via Verde Ojos Negros - Cicloturismo Castell\u00f3n Castell\u00f3n se ha convertido en un referente para ciclistas de \u00e9lite de todo el mundo.","breadcrumb":{"@id":"https:\/\/castelloncycling.com\/fr\/experiencia\/descente-via-verde-ojos-negros\/#breadcrumb"},"inLanguage":"fr-FR","potentialAction":[{"@type":"ReadAction","target":["https:\/\/castelloncycling.com\/fr\/experiencia\/descente-via-verde-ojos-negros\/"]}]},{"@type":"ImageObject","inLanguage":"fr-FR","@id":"https:\/\/castelloncycling.com\/fr\/experiencia\/descente-via-verde-ojos-negros\/#primaryimage","url":"https:\/\/castelloncycling.com\/wp-content\/uploads\/2024\/11\/img3-e1732120647148.jpg","contentUrl":"https:\/\/castelloncycling.com\/wp-content\/uploads\/2024\/11\/img3-e1732120647148.jpg","width":570,"height":439,"caption":"Castell\u00f3n Cycling"},{"@type":"BreadcrumbList","@id":"https:\/\/castelloncycling.com\/fr\/experiencia\/descente-via-verde-ojos-negros\/#breadcrumb","itemListElement":[{"@type":"ListItem","position":1,"name":"Inicio","item":"https:\/\/castelloncycling.com\/fr\/accueil\/"},{"@type":"ListItem","position":2,"name":"Experiencias","item":"https:\/\/castelloncycling.com\/fr\/experiencia\/"},{"@type":"ListItem","position":3,"name":"Descente Via Verde Ojos Negros"}]},{"@type":"WebSite","@id":"https:\/\/castelloncycling.com\/fr\/#website","url":"https:\/\/castelloncycling.com\/fr\/","name":"Cicloturismo Castell\u00f3n","description":"","publisher":{"@id":"https:\/\/castelloncycling.com\/fr\/#organization"},"potentialAction":[{"@type":"SearchAction","target":{"@type":"EntryPoint","urlTemplate":"https:\/\/castelloncycling.com\/fr\/?s={search_term_string}"},"query-input":{"@type":"PropertyValueSpecification","valueRequired":true,"valueName":"search_term_string"}}],"inLanguage":"fr-FR"},{"@type":"Organization","@id":"https:\/\/castelloncycling.com\/fr\/#organization","name":"Cicloturismo Castell\u00f3n","url":"https:\/\/castelloncycling.com\/fr\/","logo":{"@type":"ImageObject","inLanguage":"fr-FR","@id":"https:\/\/castelloncycling.com\/fr\/#\/schema\/logo\/image\/","url":"https:\/\/castelloncycling.com\/wp-content\/uploads\/2025\/02\/Logo-Diputacion-y-Castellon-Cycling-scaled.png","contentUrl":"https:\/\/castelloncycling.com\/wp-content\/uploads\/2025\/02\/Logo-Diputacion-y-Castellon-Cycling-scaled.png","width":2560,"height":285,"caption":"Cicloturismo Castell\u00f3n"},"image":{"@id":"https:\/\/castelloncycling.com\/fr\/#\/schema\/logo\/image\/"},"sameAs":["https:\/\/www.facebook.com\/turismodecastellon","https:\/\/x.com\/turcastellon","https:\/\/www.flickr.com\/photos\/turismodecastellon","https:\/\/www.youtube.com\/user\/turismodecastellon","https:\/\/www.instagram.com\/turismodecastellon\/"]}]}},"_links":{"self":[{"href":"https:\/\/castelloncycling.com\/fr\/wp-json\/wp\/v2\/experiencia\/8660","targetHints":{"allow":["GET"]}}],"collection":[{"href":"https:\/\/castelloncycling.com\/fr\/wp-json\/wp\/v2\/experiencia"}],"about":[{"href":"https:\/\/castelloncycling.com\/fr\/wp-json\/wp\/v2\/types\/experiencia"}],"version-history":[{"count":0,"href":"https:\/\/castelloncycling.com\/fr\/wp-json\/wp\/v2\/experiencia\/8660\/revisions"}],"wp:featuredmedia":[{"embeddable":true,"href":"https:\/\/castelloncycling.com\/fr\/wp-json\/wp\/v2\/media\/5893"}],"wp:attachment":[{"href":"https:\/\/castelloncycling.com\/fr\/wp-json\/wp\/v2\/media?parent=8660"}],"wp:term":[{"taxonomy":"categoria-experiencia","embeddable":true,"href":"https:\/\/castelloncycling.com\/fr\/wp-json\/wp\/v2\/categoria-experiencia?post=8660"},{"taxonomy":"comarca","embeddable":true,"href":"https:\/\/castelloncycling.com\/fr\/wp-json\/wp\/v2\/comarca?post=8660"}],"curies":[{"name":"wp","href":"https:\/\/api.w.org\/{rel}","templated":true}]}}